{"id":3259,"date":"2025-10-13T10:23:06","date_gmt":"2025-10-13T10:23:06","guid":{"rendered":"https:\/\/hello-nurse.de\/?page_id=3259"},"modified":"2025-12-18T12:59:31","modified_gmt":"2025-12-18T12:59:31","slug":"datenschutz","status":"publish","type":"page","link":"https:\/\/hello-nurse.de\/en\/datenschutz\/","title":{"rendered":"Data protection"},"content":{"rendered":"<p><\/p>\n\n\n \n<section data-block=\"gutenkit\/container\" data-image-scroll=\"{&quot;isImageScrollingEffect&quot;:true,&quot;verticalImageScroll&quot;:{&quot;direction&quot;:&quot;down&quot;,&quot;hasValue&quot;:true,&quot;speed&quot;:{&quot;size&quot;:1}},&quot;horizontalImageScroll&quot;:[],&quot;transperencyImageScroll&quot;:[],&quot;blurImageScroll&quot;:[],&quot;scaleImageScroll&quot;:[],&quot;imageScrollDesktopDisable&quot;:false,&quot;imageScrollTabletDisable&quot;:false,&quot;imageScrollMobileDisable&quot;:false,&quot;imageScrollTabletLandscapeDisable&quot;:false,&quot;imageScrollMobileLandscapeDisable&quot;:false,&quot;imageScrollLaptopDisable&quot;:false,&quot;imageScrollWideScreenDisable&quot;:false}\" data-post-id=\"3259\" id=\"block-815ecf63-5cde-4801-870b-274b71c1240c\" class=\"wp-block-gutenkit-container alignfull gkitc1240c gutenkit-block\"><div class=\"gkit-container-overlay\"><\/div><div class=\"gkit-image-scroll-container\"><div class=\"gkit-image-scroll-layer\"><\/div><\/div><div class=\"gkit-block__inner\"> \n<div data-block=\"gutenkit\/heading\" data-post-id=\"3259\" class=\"wp-block-gutenkit-heading gkit-heading-border-position-start gkita6fd24 gutenkit-block\" id=\"block-241cfa17-6360-449a-9e79-410d7e05a30f\"><h1 class=\"gkit-heading-title\">Data protection<\/h1><\/div>\n \n\n <div data-post-id=\"3259\" id=\"block-0cd8f08c-342d-40dd-9ec6-da4a7d7955df\" role=\"document\" aria-label=\"Block: Breadcrumb\" data-block=\"0cd8f08c-342d-40dd-9ec6-da4a7d7955df\" data-type=\"gutenkit-pro\/breadcrumb\" data-title=\"Breadcrumb\" class=\"wp-block-gutenkit-pro-breadcrumb gkit7955df gutenkit-block\">\n    <ul class=\"gutenkit-breadcrumb\">\n        <li class=\"gutenkit-breadcrumb-item is-home\">\n            <a href=\"https:\/\/hello-nurse.de\/en\/\">\n                                <span class=\"gutenkit-breadcrumb-label\">Hallo<\/span>\n            <\/a>\n        <\/li>\n            <\/ul>\n<\/div>\n <\/div><\/section>\n \n\n \n<section data-block=\"gutenkit\/container\" data-post-id=\"3259\" id=\"block-1ada5ec7-10ba-47cb-b8f6-cc8ad34d3326\" class=\"wp-block-gutenkit-container alignfull gkit4d3326 gutenkit-block\"><div class=\"gkit-block__inner\"> \n<div data-block=\"gutenkit\/container\" data-post-id=\"3259\" id=\"block-e015d922-dfaa-4a71-a1fb-9c20b9fa530a\" class=\"wp-block-gutenkit-container alignfull gkitfa530a gutenkit-block\"><div class=\"gkit-block__inner\">\n<hr class=\"wp-block-separator has-alpha-channel-opacity\"\/>\n\n\n\n<p class=\"has-open-sans-font-family has-custom-font has-custom-weight has-arial-font-family has-custom-font\" style=\"font-family:Arial;font-size:22px\"><strong><strong><strong><strong>Pr\u00e4ambel<\/strong><\/strong><\/strong><\/strong><\/p>\n\n\n\n<p class=\"has-open-sans-font-family has-custom-font has-custom-weight has-text-color has-link-color has-arial-font-family wp-elements-b286bde3d146170b406e697b259e75c7\" style=\"color:#1a2a2e;font-family:Arial;font-size:18px\">Mit der folgenden Datenschutzerkl\u00e4rung m\u00f6chten wir Sie dar\u00fcber aufkl\u00e4ren, welche Arten Ihrer personenbezogenen Daten (nachfolgend auch kurz als \u201eDaten\u201c bezeichnet) wir zu welchen Zwecken und in welchem Umfang verarbeiten. Die Datenschutzerkl\u00e4rung gilt f\u00fcr alle von uns durchgef\u00fchrten Verarbeitungen personenbezogener Daten, sowohl im Rahmen der Erbringung unserer Leistungen als auch insbesondere auf unseren Webseiten, in mobilen Applikationen sowie innerhalb externer Onlinepr\u00e4senzen, wie z.&nbsp;B. unserer Social-Media-Profile (nachfolgend zusammenfassend bezeichnet als \u201eOnlineangebot\u201c).<\/p>\n\n\n\n<p class=\"has-open-sans-font-family has-custom-font has-custom-weight has-text-color has-link-color has-arial-font-family wp-elements-8a63d83ec480c386815ba862616fb72d\" style=\"color:#1a2a2e;font-family:Arial;font-size:18px\">Die verwendeten Begriffe sind nicht geschlechtsspezifisch.<\/p>\n\n\n\n<p class=\"has-open-sans-font-family has-custom-font has-custom-weight has-text-color has-link-color has-arial-font-family wp-elements-ef1caf76c29dcf3f065c2ec06a567c1c\" style=\"color:#1a2a2e;font-family:Arial;font-size:18px\"><strong>Stand: 24. M\u00e4rz 2025<\/strong><\/p>\n\n\n\n<p class=\"has-open-sans-font-family has-custom-font has-custom-weight has-arial-font-family has-custom-font\" style=\"font-family:Arial;font-size:22px\"><strong>Inhalts\u00fcbersicht<\/strong><\/p>\n\n\n\n<div class=\"wp-block-uagb-icon-list uagb-block-dd2a490d is-style-icon-right-dark\"><div class=\"uagb-icon-list__wrap\">\n<div class=\"wp-block-uagb-icon-list-child uagb-block-132f353e\"><span class=\"uagb-icon-list__source-wrap\"><svg xmlns=\"https:\/\/www.w3.org\/2000\/svg\" viewbox=\"0 0 256 512\"><path d=\"M64 448c-8.188 0-16.38-3.125-22.62-9.375c-12.5-12.5-12.5-32.75 0-45.25L178.8 256L41.38 118.6c-12.5-12.5-12.5-32.75 0-45.25s32.75-12.5 45.25 0l160 160c12.5 12.5 12.5 32.75 0 45.25l-160 160C80.38 444.9 72.19 448 64 448z\"><\/path><\/svg><\/span><span class=\"uagb-icon-list__label\">Pr\u00e4ambel<\/span><\/div>\n\n\n\n<div class=\"wp-block-uagb-icon-list-child uagb-block-8e2e841b\"><span class=\"uagb-icon-list__source-wrap\"><svg xmlns=\"https:\/\/www.w3.org\/2000\/svg\" viewbox=\"0 0 256 512\"><path d=\"M64 448c-8.188 0-16.38-3.125-22.62-9.375c-12.5-12.5-12.5-32.75 0-45.25L178.8 256L41.38 118.6c-12.5-12.5-12.5-32.75 0-45.25s32.75-12.5 45.25 0l160 160c12.5 12.5 12.5 32.75 0 45.25l-160 160C80.38 444.9 72.19 448 64 448z\"><\/path><\/svg><\/span><span class=\"uagb-icon-list__label\">Verantwortlicher<\/span><\/div>\n\n\n\n<div class=\"wp-block-uagb-icon-list-child uagb-block-7d88d257\"><span class=\"uagb-icon-list__source-wrap\"><svg xmlns=\"https:\/\/www.w3.org\/2000\/svg\" viewbox=\"0 0 256 512\"><path d=\"M64 448c-8.188 0-16.38-3.125-22.62-9.375c-12.5-12.5-12.5-32.75 0-45.25L178.8 256L41.38 118.6c-12.5-12.5-12.5-32.75 0-45.25s32.75-12.5 45.25 0l160 160c12.5 12.5 12.5 32.75 0 45.25l-160 160C80.38 444.9 72.19 448 64 448z\"><\/path><\/svg><\/span><span class=\"uagb-icon-list__label\">Kontakt Datenschutzbeauftragter<\/span><\/div>\n\n\n\n<div class=\"wp-block-uagb-icon-list-child uagb-block-0b5a29ce\"><span class=\"uagb-icon-list__source-wrap\"><svg xmlns=\"https:\/\/www.w3.org\/2000\/svg\" viewbox=\"0 0 256 512\"><path d=\"M64 448c-8.188 0-16.38-3.125-22.62-9.375c-12.5-12.5-12.5-32.75 0-45.25L178.8 256L41.38 118.6c-12.5-12.5-12.5-32.75 0-45.25s32.75-12.5 45.25 0l160 160c12.5 12.5 12.5 32.75 0 45.25l-160 160C80.38 444.9 72.19 448 64 448z\"><\/path><\/svg><\/span><span class=\"uagb-icon-list__label\">\u00dcbersicht der Verarbeitungen<\/span><\/div>\n\n\n\n<div class=\"wp-block-uagb-icon-list-child uagb-block-82289520\"><span class=\"uagb-icon-list__source-wrap\"><svg xmlns=\"https:\/\/www.w3.org\/2000\/svg\" viewbox=\"0 0 256 512\"><path d=\"M64 448c-8.188 0-16.38-3.125-22.62-9.375c-12.5-12.5-12.5-32.75 0-45.25L178.8 256L41.38 118.6c-12.5-12.5-12.5-32.75 0-45.25s32.75-12.5 45.25 0l160 160c12.5 12.5 12.5 32.75 0 45.25l-160 160C80.38 444.9 72.19 448 64 448z\"><\/path><\/svg><\/span><span class=\"uagb-icon-list__label\">Sicherheitsma\u00dfnahmen<\/span><\/div>\n\n\n\n<div class=\"wp-block-uagb-icon-list-child uagb-block-143752af\"><span class=\"uagb-icon-list__source-wrap\"><svg xmlns=\"https:\/\/www.w3.org\/2000\/svg\" viewbox=\"0 0 256 512\"><path d=\"M64 448c-8.188 0-16.38-3.125-22.62-9.375c-12.5-12.5-12.5-32.75 0-45.25L178.8 256L41.38 118.6c-12.5-12.5-12.5-32.75 0-45.25s32.75-12.5 45.25 0l160 160c12.5 12.5 12.5 32.75 0 45.25l-160 160C80.38 444.9 72.19 448 64 448z\"><\/path><\/svg><\/span><span class=\"uagb-icon-list__label\">\u00dcbermittlung von personenbezogenen Daten<\/span><\/div>\n\n\n\n<div class=\"wp-block-uagb-icon-list-child uagb-block-54eff119\"><span class=\"uagb-icon-list__source-wrap\"><svg xmlns=\"https:\/\/www.w3.org\/2000\/svg\" viewbox=\"0 0 256 512\"><path d=\"M64 448c-8.188 0-16.38-3.125-22.62-9.375c-12.5-12.5-12.5-32.75 0-45.25L178.8 256L41.38 118.6c-12.5-12.5-12.5-32.75 0-45.25s32.75-12.5 45.25 0l160 160c12.5 12.5 12.5 32.75 0 45.25l-160 160C80.38 444.9 72.19 448 64 448z\"><\/path><\/svg><\/span><span class=\"uagb-icon-list__label\">Internationale Datentransfers<\/span><\/div>\n\n\n\n<div class=\"wp-block-uagb-icon-list-child uagb-block-1d958fc9\"><span class=\"uagb-icon-list__source-wrap\"><svg xmlns=\"https:\/\/www.w3.org\/2000\/svg\" viewbox=\"0 0 256 512\"><path d=\"M64 448c-8.188 0-16.38-3.125-22.62-9.375c-12.5-12.5-12.5-32.75 0-45.25L178.8 256L41.38 118.6c-12.5-12.5-12.5-32.75 0-45.25s32.75-12.5 45.25 0l160 160c12.5 12.5 12.5 32.75 0 45.25l-160 160C80.38 444.9 72.19 448 64 448z\"><\/path><\/svg><\/span><span class=\"uagb-icon-list__label\">Allgemeine Informationen zur Datenspeicherung und L\u00f6schung<\/span><\/div>\n\n\n\n<div class=\"wp-block-uagb-icon-list-child uagb-block-4caaf698\"><span class=\"uagb-icon-list__source-wrap\"><svg xmlns=\"https:\/\/www.w3.org\/2000\/svg\" viewbox=\"0 0 256 512\"><path d=\"M64 448c-8.188 0-16.38-3.125-22.62-9.375c-12.5-12.5-12.5-32.75 0-45.25L178.8 256L41.38 118.6c-12.5-12.5-12.5-32.75 0-45.25s32.75-12.5 45.25 0l160 160c12.5 12.5 12.5 32.75 0 45.25l-160 160C80.38 444.9 72.19 448 64 448z\"><\/path><\/svg><\/span><span class=\"uagb-icon-list__label\">Rechte der betroffenen Personen<\/span><\/div>\n\n\n\n<div class=\"wp-block-uagb-icon-list-child uagb-block-af0956f8\"><span class=\"uagb-icon-list__source-wrap\"><svg xmlns=\"https:\/\/www.w3.org\/2000\/svg\" viewbox=\"0 0 256 512\"><path d=\"M64 448c-8.188 0-16.38-3.125-22.62-9.375c-12.5-12.5-12.5-32.75 0-45.25L178.8 256L41.38 118.6c-12.5-12.5-12.5-32.75 0-45.25s32.75-12.5 45.25 0l160 160c12.5 12.5 12.5 32.75 0 45.25l-160 160C80.38 444.9 72.19 448 64 448z\"><\/path><\/svg><\/span><span class=\"uagb-icon-list__label\">Gesch\u00e4ftliche Leistungen<\/span><\/div>\n\n\n\n<div class=\"wp-block-uagb-icon-list-child uagb-block-360a0790\"><span class=\"uagb-icon-list__source-wrap\"><svg xmlns=\"https:\/\/www.w3.org\/2000\/svg\" viewbox=\"0 0 256 512\"><path d=\"M64 448c-8.188 0-16.38-3.125-22.62-9.375c-12.5-12.5-12.5-32.75 0-45.25L178.8 256L41.38 118.6c-12.5-12.5-12.5-32.75 0-45.25s32.75-12.5 45.25 0l160 160c12.5 12.5 12.5 32.75 0 45.25l-160 160C80.38 444.9 72.19 448 64 448z\"><\/path><\/svg><\/span><span class=\"uagb-icon-list__label\">Gesch\u00e4ftsprozesse und -verfahren<\/span><\/div>\n\n\n\n<div class=\"wp-block-uagb-icon-list-child uagb-block-42f8e271\"><span class=\"uagb-icon-list__source-wrap\"><svg xmlns=\"https:\/\/www.w3.org\/2000\/svg\" viewbox=\"0 0 256 512\"><path d=\"M64 448c-8.188 0-16.38-3.125-22.62-9.375c-12.5-12.5-12.5-32.75 0-45.25L178.8 256L41.38 118.6c-12.5-12.5-12.5-32.75 0-45.25s32.75-12.5 45.25 0l160 160c12.5 12.5 12.5 32.75 0 45.25l-160 160C80.38 444.9 72.19 448 64 448z\"><\/path><\/svg><\/span><span class=\"uagb-icon-list__label\">Im Rahmen der Gesch\u00e4ftst\u00e4tigkeit eingesetzte Anbieter und Services<\/span><\/div>\n\n\n\n<div class=\"wp-block-uagb-icon-list-child uagb-block-7fffee5e\"><span class=\"uagb-icon-list__source-wrap\"><svg xmlns=\"https:\/\/www.w3.org\/2000\/svg\" viewbox=\"0 0 256 512\"><path d=\"M64 448c-8.188 0-16.38-3.125-22.62-9.375c-12.5-12.5-12.5-32.75 0-45.25L178.8 256L41.38 118.6c-12.5-12.5-12.5-32.75 0-45.25s32.75-12.5 45.25 0l160 160c12.5 12.5 12.5 32.75 0 45.25l-160 160C80.38 444.9 72.19 448 64 448z\"><\/path><\/svg><\/span><span class=\"uagb-icon-list__label\">Bonit\u00e4tspr\u00fcfung<\/span><\/div>\n\n\n\n<div class=\"wp-block-uagb-icon-list-child uagb-block-945d0711\"><span class=\"uagb-icon-list__source-wrap\"><svg xmlns=\"https:\/\/www.w3.org\/2000\/svg\" viewbox=\"0 0 256 512\"><path d=\"M64 448c-8.188 0-16.38-3.125-22.62-9.375c-12.5-12.5-12.5-32.75 0-45.25L178.8 256L41.38 118.6c-12.5-12.5-12.5-32.75 0-45.25s32.75-12.5 45.25 0l160 160c12.5 12.5 12.5 32.75 0 45.25l-160 160C80.38 444.9 72.19 448 64 448z\"><\/path><\/svg><\/span><span class=\"uagb-icon-list__label\">Bereitstellung des Onlineangebots und Webhosting<\/span><\/div>\n\n\n\n<div class=\"wp-block-uagb-icon-list-child uagb-block-33fe03a1\"><span class=\"uagb-icon-list__source-wrap\"><svg xmlns=\"https:\/\/www.w3.org\/2000\/svg\" viewbox=\"0 0 256 512\"><path d=\"M64 448c-8.188 0-16.38-3.125-22.62-9.375c-12.5-12.5-12.5-32.75 0-45.25L178.8 256L41.38 118.6c-12.5-12.5-12.5-32.75 0-45.25s32.75-12.5 45.25 0l160 160c12.5 12.5 12.5 32.75 0 45.25l-160 160C80.38 444.9 72.19 448 64 448z\"><\/path><\/svg><\/span><span class=\"uagb-icon-list__label\">Einsatz von Cookies<\/span><\/div>\n\n\n\n<div class=\"wp-block-uagb-icon-list-child uagb-block-4cb90fdf\"><span class=\"uagb-icon-list__source-wrap\"><svg xmlns=\"https:\/\/www.w3.org\/2000\/svg\" viewbox=\"0 0 256 512\"><path d=\"M64 448c-8.188 0-16.38-3.125-22.62-9.375c-12.5-12.5-12.5-32.75 0-45.25L178.8 256L41.38 118.6c-12.5-12.5-12.5-32.75 0-45.25s32.75-12.5 45.25 0l160 160c12.5 12.5 12.5 32.75 0 45.25l-160 160C80.38 444.9 72.19 448 64 448z\"><\/path><\/svg><\/span><span class=\"uagb-icon-list__label\">Registrierung, Anmeldung und Nutzerkonto<\/span><\/div>\n\n\n\n<div class=\"wp-block-uagb-icon-list-child uagb-block-e9ebda4e\"><span class=\"uagb-icon-list__source-wrap\"><svg xmlns=\"https:\/\/www.w3.org\/2000\/svg\" viewbox=\"0 0 256 512\"><path d=\"M64 448c-8.188 0-16.38-3.125-22.62-9.375c-12.5-12.5-12.5-32.75 0-45.25L178.8 256L41.38 118.6c-12.5-12.5-12.5-32.75 0-45.25s32.75-12.5 45.25 0l160 160c12.5 12.5 12.5 32.75 0 45.25l-160 160C80.38 444.9 72.19 448 64 448z\"><\/path><\/svg><\/span><span class=\"uagb-icon-list__label\">Single-Sign-On-Anmeldung<\/span><\/div>\n\n\n\n<div class=\"wp-block-uagb-icon-list-child uagb-block-78fcd908\"><span class=\"uagb-icon-list__source-wrap\"><svg xmlns=\"https:\/\/www.w3.org\/2000\/svg\" viewbox=\"0 0 256 512\"><path d=\"M64 448c-8.188 0-16.38-3.125-22.62-9.375c-12.5-12.5-12.5-32.75 0-45.25L178.8 256L41.38 118.6c-12.5-12.5-12.5-32.75 0-45.25s32.75-12.5 45.25 0l160 160c12.5 12.5 12.5 32.75 0 45.25l-160 160C80.38 444.9 72.19 448 64 448z\"><\/path><\/svg><\/span><span class=\"uagb-icon-list__label\">Kontakt- und Anfrageverwaltung<\/span><\/div>\n\n\n\n<div class=\"wp-block-uagb-icon-list-child uagb-block-2c5a5225\"><span class=\"uagb-icon-list__source-wrap\"><svg xmlns=\"https:\/\/www.w3.org\/2000\/svg\" viewbox=\"0 0 256 512\"><path d=\"M64 448c-8.188 0-16.38-3.125-22.62-9.375c-12.5-12.5-12.5-32.75 0-45.25L178.8 256L41.38 118.6c-12.5-12.5-12.5-32.75 0-45.25s32.75-12.5 45.25 0l160 160c12.5 12.5 12.5 32.75 0 45.25l-160 160C80.38 444.9 72.19 448 64 448z\"><\/path><\/svg><\/span><span class=\"uagb-icon-list__label\">K\u00fcnstliche Intelligenz (KI)<\/span><\/div>\n\n\n\n<div class=\"wp-block-uagb-icon-list-child uagb-block-16bb8520\"><span class=\"uagb-icon-list__source-wrap\"><svg xmlns=\"https:\/\/www.w3.org\/2000\/svg\" viewbox=\"0 0 256 512\"><path d=\"M64 448c-8.188 0-16.38-3.125-22.62-9.375c-12.5-12.5-12.5-32.75 0-45.25L178.8 256L41.38 118.6c-12.5-12.5-12.5-32.75 0-45.25s32.75-12.5 45.25 0l160 160c12.5 12.5 12.5 32.75 0 45.25l-160 160C80.38 444.9 72.19 448 64 448z\"><\/path><\/svg><\/span><span class=\"uagb-icon-list__label\">Videokonferenzen, Onlinemeetings, Webinare und Bildschirm-Sharing<\/span><\/div>\n\n\n\n<div class=\"wp-block-uagb-icon-list-child uagb-block-97a24c62\"><span class=\"uagb-icon-list__source-wrap\"><svg xmlns=\"https:\/\/www.w3.org\/2000\/svg\" viewbox=\"0 0 256 512\"><path d=\"M64 448c-8.188 0-16.38-3.125-22.62-9.375c-12.5-12.5-12.5-32.75 0-45.25L178.8 256L41.38 118.6c-12.5-12.5-12.5-32.75 0-45.25s32.75-12.5 45.25 0l160 160c12.5 12.5 12.5 32.75 0 45.25l-160 160C80.38 444.9 72.19 448 64 448z\"><\/path><\/svg><\/span><span class=\"uagb-icon-list__label\">Cloud-Dienste<\/span><\/div>\n\n\n\n<div class=\"wp-block-uagb-icon-list-child uagb-block-b0cd09e9\"><span class=\"uagb-icon-list__source-wrap\"><svg xmlns=\"https:\/\/www.w3.org\/2000\/svg\" viewbox=\"0 0 256 512\"><path d=\"M64 448c-8.188 0-16.38-3.125-22.62-9.375c-12.5-12.5-12.5-32.75 0-45.25L178.8 256L41.38 118.6c-12.5-12.5-12.5-32.75 0-45.25s32.75-12.5 45.25 0l160 160c12.5 12.5 12.5 32.75 0 45.25l-160 160C80.38 444.9 72.19 448 64 448z\"><\/path><\/svg><\/span><span class=\"uagb-icon-list__label\">Newsletter und elektronische Benachrichtigungen<\/span><\/div>\n\n\n\n<div class=\"wp-block-uagb-icon-list-child uagb-block-5a7e40af\"><span class=\"uagb-icon-list__source-wrap\"><svg xmlns=\"https:\/\/www.w3.org\/2000\/svg\" viewbox=\"0 0 256 512\"><path d=\"M64 448c-8.188 0-16.38-3.125-22.62-9.375c-12.5-12.5-12.5-32.75 0-45.25L178.8 256L41.38 118.6c-12.5-12.5-12.5-32.75 0-45.25s32.75-12.5 45.25 0l160 160c12.5 12.5 12.5 32.75 0 45.25l-160 160C80.38 444.9 72.19 448 64 448z\"><\/path><\/svg><\/span><span class=\"uagb-icon-list__label\">Werbliche Kommunikation via E-Mail, Post, Fax oder Telefon<\/span><\/div>\n\n\n\n<div class=\"wp-block-uagb-icon-list-child uagb-block-09c186ad\"><span class=\"uagb-icon-list__source-wrap\"><svg xmlns=\"https:\/\/www.w3.org\/2000\/svg\" viewbox=\"0 0 256 512\"><path d=\"M64 448c-8.188 0-16.38-3.125-22.62-9.375c-12.5-12.5-12.5-32.75 0-45.25L178.8 256L41.38 118.6c-12.5-12.5-12.5-32.75 0-45.25s32.75-12.5 45.25 0l160 160c12.5 12.5 12.5 32.75 0 45.25l-160 160C80.38 444.9 72.19 448 64 448z\"><\/path><\/svg><\/span><span class=\"uagb-icon-list__label\">Umfragen und Befragungen<\/span><\/div>\n\n\n\n<div class=\"wp-block-uagb-icon-list-child uagb-block-bf5bc6de\"><span class=\"uagb-icon-list__source-wrap\"><svg xmlns=\"https:\/\/www.w3.org\/2000\/svg\" viewbox=\"0 0 256 512\"><path d=\"M64 448c-8.188 0-16.38-3.125-22.62-9.375c-12.5-12.5-12.5-32.75 0-45.25L178.8 256L41.38 118.6c-12.5-12.5-12.5-32.75 0-45.25s32.75-12.5 45.25 0l160 160c12.5 12.5 12.5 32.75 0 45.25l-160 160C80.38 444.9 72.19 448 64 448z\"><\/path><\/svg><\/span><span class=\"uagb-icon-list__label\">Webanalyse, Monitoring und Optimierung<\/span><\/div>\n\n\n\n<div class=\"wp-block-uagb-icon-list-child uagb-block-f5acb758\"><span class=\"uagb-icon-list__source-wrap\"><svg xmlns=\"https:\/\/www.w3.org\/2000\/svg\" viewbox=\"0 0 256 512\"><path d=\"M64 448c-8.188 0-16.38-3.125-22.62-9.375c-12.5-12.5-12.5-32.75 0-45.25L178.8 256L41.38 118.6c-12.5-12.5-12.5-32.75 0-45.25s32.75-12.5 45.25 0l160 160c12.5 12.5 12.5 32.75 0 45.25l-160 160C80.38 444.9 72.19 448 64 448z\"><\/path><\/svg><\/span><span class=\"uagb-icon-list__label\">Onlinemarketing<\/span><\/div>\n\n\n\n<div class=\"wp-block-uagb-icon-list-child uagb-block-4428e7d3\"><span class=\"uagb-icon-list__source-wrap\"><svg xmlns=\"https:\/\/www.w3.org\/2000\/svg\" viewbox=\"0 0 256 512\"><path d=\"M64 448c-8.188 0-16.38-3.125-22.62-9.375c-12.5-12.5-12.5-32.75 0-45.25L178.8 256L41.38 118.6c-12.5-12.5-12.5-32.75 0-45.25s32.75-12.5 45.25 0l160 160c12.5 12.5 12.5 32.75 0 45.25l-160 160C80.38 444.9 72.19 448 64 448z\"><\/path><\/svg><\/span><span class=\"uagb-icon-list__label\">Pr\u00e4senzen in sozialen Netzwerken (Social Media)<\/span><\/div>\n\n\n\n<div class=\"wp-block-uagb-icon-list-child uagb-block-f012ca8a\"><span class=\"uagb-icon-list__source-wrap\"><svg xmlns=\"https:\/\/www.w3.org\/2000\/svg\" viewbox=\"0 0 256 512\"><path d=\"M64 448c-8.188 0-16.38-3.125-22.62-9.375c-12.5-12.5-12.5-32.75 0-45.25L178.8 256L41.38 118.6c-12.5-12.5-12.5-32.75 0-45.25s32.75-12.5 45.25 0l160 160c12.5 12.5 12.5 32.75 0 45.25l-160 160C80.38 444.9 72.19 448 64 448z\"><\/path><\/svg><\/span><span class=\"uagb-icon-list__label\">Plug-ins und eingebettete Funktionen sowie Inhalte<\/span><\/div>\n\n\n\n<div class=\"wp-block-uagb-icon-list-child uagb-block-219b2b8b\"><span class=\"uagb-icon-list__source-wrap\"><svg xmlns=\"https:\/\/www.w3.org\/2000\/svg\" viewbox=\"0 0 256 512\"><path d=\"M64 448c-8.188 0-16.38-3.125-22.62-9.375c-12.5-12.5-12.5-32.75 0-45.25L178.8 256L41.38 118.6c-12.5-12.5-12.5-32.75 0-45.25s32.75-12.5 45.25 0l160 160c12.5 12.5 12.5 32.75 0 45.25l-160 160C80.38 444.9 72.19 448 64 448z\"><\/path><\/svg><\/span><span class=\"uagb-icon-list__label\">Management, Organisation und Hilfswerkzeuge<\/span><\/div>\n\n\n\n<div class=\"wp-block-uagb-icon-list-child uagb-block-a81d29a5\"><span class=\"uagb-icon-list__source-wrap\"><svg xmlns=\"https:\/\/www.w3.org\/2000\/svg\" viewbox=\"0 0 256 512\"><path d=\"M64 448c-8.188 0-16.38-3.125-22.62-9.375c-12.5-12.5-12.5-32.75 0-45.25L178.8 256L41.38 118.6c-12.5-12.5-12.5-32.75 0-45.25s32.75-12.5 45.25 0l160 160c12.5 12.5 12.5 32.75 0 45.25l-160 160C80.38 444.9 72.19 448 64 448z\"><\/path><\/svg><\/span><span class=\"uagb-icon-list__label\">Verarbeitung von Daten im Rahmen von Besch\u00e4ftigungsverh\u00e4ltnissen<\/span><\/div>\n\n\n\n<div class=\"wp-block-uagb-icon-list-child uagb-block-09e1fc17\"><span class=\"uagb-icon-list__source-wrap\"><svg xmlns=\"https:\/\/www.w3.org\/2000\/svg\" viewbox=\"0 0 256 512\"><path d=\"M64 448c-8.188 0-16.38-3.125-22.62-9.375c-12.5-12.5-12.5-32.75 0-45.25L178.8 256L41.38 118.6c-12.5-12.5-12.5-32.75 0-45.25s32.75-12.5 45.25 0l160 160c12.5 12.5 12.5 32.75 0 45.25l-160 160C80.38 444.9 72.19 448 64 448z\"><\/path><\/svg><\/span><span class=\"uagb-icon-list__label\">Bewerbungsverfahren<\/span><\/div>\n\n\n\n<div class=\"wp-block-uagb-icon-list-child uagb-block-6f9f2706\"><span class=\"uagb-icon-list__source-wrap\"><svg xmlns=\"https:\/\/www.w3.org\/2000\/svg\" viewbox=\"0 0 256 512\"><path d=\"M64 448c-8.188 0-16.38-3.125-22.62-9.375c-12.5-12.5-12.5-32.75 0-45.25L178.8 256L41.38 118.6c-12.5-12.5-12.5-32.75 0-45.25s32.75-12.5 45.25 0l160 160c12.5 12.5 12.5 32.75 0 45.25l-160 160C80.38 444.9 72.19 448 64 448z\"><\/path><\/svg><\/span><span class=\"uagb-icon-list__label\">\u00c4nderung und Aktualisierung<\/span><\/div>\n\n\n\n<div class=\"wp-block-uagb-icon-list-child uagb-block-bd6708fb\"><span class=\"uagb-icon-list__source-wrap\"><svg xmlns=\"https:\/\/www.w3.org\/2000\/svg\" viewbox=\"0 0 256 512\"><path d=\"M64 448c-8.188 0-16.38-3.125-22.62-9.375c-12.5-12.5-12.5-32.75 0-45.25L178.8 256L41.38 118.6c-12.5-12.5-12.5-32.75 0-45.25s32.75-12.5 45.25 0l160 160c12.5 12.5 12.5 32.75 0 45.25l-160 160C80.38 444.9 72.19 448 64 448z\"><\/path><\/svg><\/span><span class=\"uagb-icon-list__label\">Begriffsdefinitionen<\/span><\/div>\n<\/div><\/div>\n<\/div><\/div>\n \n\n \n<div data-block=\"gutenkit\/container\" data-post-id=\"3259\" id=\"block-e015d922-dfaa-4a71-a1fb-9c20b9fa530a\" class=\"wp-block-gutenkit-container alignfull gkitfa530a gutenkit-block\"><div class=\"gkit-block__inner\">\n<hr class=\"wp-block-separator has-alpha-channel-opacity\"\/>\n\n\n\n<p class=\"has-open-sans-font-family has-custom-font has-custom-weight has-arial-font-family has-custom-font\" style=\"font-family:Arial;font-size:22px\"><strong><strong><strong><strong>Verantwortlicher<\/strong><\/strong><\/strong><\/strong><\/p>\n\n\n\n<p class=\"has-open-sans-font-family has-custom-font has-custom-weight has-text-color has-link-color has-arial-font-family wp-elements-981ef9ec11e29f5acc6646f3c3bc70f0\" style=\"color:#1a2a2e;font-family:Arial;font-size:18px\">Eggert Kleffmann &amp; Partner GmbH<\/p>\n\n\n\n<p class=\"has-open-sans-font-family has-custom-font has-custom-weight has-text-color has-link-color has-arial-font-family wp-elements-9a194429e222db98c7ddcc6131d2f79a\" style=\"color:#1a2a2e;font-family:Arial;font-size:18px\">Heckener Strasse 2A<br>53578 Windhagen<\/p>\n\n\n\n<p class=\"has-open-sans-font-family has-custom-font has-custom-weight has-text-color has-link-color has-arial-font-family wp-elements-22b9e5e28fad4a7183abbd672de9a91e\" style=\"color:#1a2a2e;font-family:Arial;font-size:18px\">Vertretungsberechtigte Personen: Frank Eggert, Birgit Alexandra Kleffmann<br><a href=\"mailto:info\"><\/a>E-Mail-Adresse: frank.eggert@ekpartner.deTelefon: +491701207755<br>Telefon: +491701207755<\/p>\n\n\n\n<p class=\"has-open-sans-font-family has-custom-font has-custom-weight has-text-color has-link-color has-arial-font-family wp-elements-3e139654aa3b3941f1cce078ba24c2b6\" style=\"color:#1a2a2e;font-family:Arial;font-size:18px\">Impressum:\u00a0<a href=\"https:\/\/hello-nurse\/impressum\/\">https:\/\/hello-nurse\/impressum\/<\/a><\/p>\n\n\n\n<p class=\"has-open-sans-font-family has-custom-font has-custom-weight has-arial-font-family has-custom-font\" style=\"font-family:Arial;font-size:22px\"><strong>Kontakt Datenschutzbeauftragter<\/strong><\/p>\n\n\n\n<p class=\"has-open-sans-font-family has-custom-font has-custom-weight has-text-color has-link-color has-arial-font-family wp-elements-4eae3bf9da24458d242acadedb700e61\" style=\"color:#1a2a2e;font-family:Arial;font-size:18px\">Kompass Datenschutz GmbH<br>Jan Besold<br><a href=\"\/en\/besold@kompass-datenschutz.de\/\" data-type=\"link\" data-id=\"besold@kompass-datenschutz.de\">besold@kompass-datenschutz.de<br><\/a>02233 \/ 6290596<\/p>\n\n\n\n<p class=\"has-open-sans-font-family has-custom-font has-custom-weight has-arial-font-family has-custom-font\" style=\"font-family:Arial;font-size:22px\"><strong>\u00dcbersicht der Verarbeitungen<\/strong><\/p>\n\n\n\n<p class=\"has-open-sans-font-family has-custom-font has-custom-weight has-text-color has-link-color has-arial-font-family wp-elements-dd155843ee93e36c0bd988d63aa103df\" style=\"color:#1a2a2e;font-family:Arial;font-size:18px\">Die nachfolgende \u00dcbersicht fasst die Arten der verarbeiteten Daten und die Zwecke ihrer Verarbeitung zusammen und verweist auf die betroffenen Personen.<\/p>\n\n\n\n<p class=\"has-open-sans-font-family has-custom-font has-custom-weight has-arial-font-family has-custom-font\" style=\"font-family:Arial;font-size:22px\"><strong>Arten der verarbeiteten Daten<\/strong><\/p>\n\n\n\n<div class=\"wp-block-uagb-icon-list uagb-block-a754fe68 is-style-icon-right-dark\"><div class=\"uagb-icon-list__wrap\">\n<div class=\"wp-block-uagb-icon-list-child uagb-block-1327a0cb\"><span class=\"uagb-icon-list__source-wrap\"><svg xmlns=\"https:\/\/www.w3.org\/2000\/svg\" viewbox=\"0 0 256 512\"><path d=\"M64 448c-8.188 0-16.38-3.125-22.62-9.375c-12.5-12.5-12.5-32.75 0-45.25L178.8 256L41.38 118.6c-12.5-12.5-12.5-32.75 0-45.25s32.75-12.5 45.25 0l160 160c12.5 12.5 12.5 32.75 0 45.25l-160 160C80.38 444.9 72.19 448 64 448z\"><\/path><\/svg><\/span><span class=\"uagb-icon-list__label\">Bestandsdaten<\/span><\/div>\n\n\n\n<div class=\"wp-block-uagb-icon-list-child uagb-block-bf0d110f\"><span class=\"uagb-icon-list__source-wrap\"><svg xmlns=\"https:\/\/www.w3.org\/2000\/svg\" viewbox=\"0 0 256 512\"><path d=\"M64 448c-8.188 0-16.38-3.125-22.62-9.375c-12.5-12.5-12.5-32.75 0-45.25L178.8 256L41.38 118.6c-12.5-12.5-12.5-32.75 0-45.25s32.75-12.5 45.25 0l160 160c12.5 12.5 12.5 32.75 0 45.25l-160 160C80.38 444.9 72.19 448 64 448z\"><\/path><\/svg><\/span><span class=\"uagb-icon-list__label\">Besch\u00e4ftigtendaten<\/span><\/div>\n\n\n\n<div class=\"wp-block-uagb-icon-list-child uagb-block-c6e5ce61\"><span class=\"uagb-icon-list__source-wrap\"><svg xmlns=\"https:\/\/www.w3.org\/2000\/svg\" viewbox=\"0 0 256 512\"><path d=\"M64 448c-8.188 0-16.38-3.125-22.62-9.375c-12.5-12.5-12.5-32.75 0-45.25L178.8 256L41.38 118.6c-12.5-12.5-12.5-32.75 0-45.25s32.75-12.5 45.25 0l160 160c12.5 12.5 12.5 32.75 0 45.25l-160 160C80.38 444.9 72.19 448 64 448z\"><\/path><\/svg><\/span><span class=\"uagb-icon-list__label\">Zahlungsdaten<\/span><\/div>\n\n\n\n<div class=\"wp-block-uagb-icon-list-child uagb-block-d0e938fc\"><span class=\"uagb-icon-list__source-wrap\"><svg xmlns=\"https:\/\/www.w3.org\/2000\/svg\" viewbox=\"0 0 256 512\"><path d=\"M64 448c-8.188 0-16.38-3.125-22.62-9.375c-12.5-12.5-12.5-32.75 0-45.25L178.8 256L41.38 118.6c-12.5-12.5-12.5-32.75 0-45.25s32.75-12.5 45.25 0l160 160c12.5 12.5 12.5 32.75 0 45.25l-160 160C80.38 444.9 72.19 448 64 448z\"><\/path><\/svg><\/span><span class=\"uagb-icon-list__label\">Kontaktdaten<\/span><\/div>\n\n\n\n<div class=\"wp-block-uagb-icon-list-child uagb-block-5240b181\"><span class=\"uagb-icon-list__source-wrap\"><svg xmlns=\"https:\/\/www.w3.org\/2000\/svg\" viewbox=\"0 0 256 512\"><path d=\"M64 448c-8.188 0-16.38-3.125-22.62-9.375c-12.5-12.5-12.5-32.75 0-45.25L178.8 256L41.38 118.6c-12.5-12.5-12.5-32.75 0-45.25s32.75-12.5 45.25 0l160 160c12.5 12.5 12.5 32.75 0 45.25l-160 160C80.38 444.9 72.19 448 64 448z\"><\/path><\/svg><\/span><span class=\"uagb-icon-list__label\">Inhaltsdaten<\/span><\/div>\n\n\n\n<div class=\"wp-block-uagb-icon-list-child uagb-block-9d62c1a9\"><span class=\"uagb-icon-list__source-wrap\"><svg xmlns=\"https:\/\/www.w3.org\/2000\/svg\" viewbox=\"0 0 256 512\"><path d=\"M64 448c-8.188 0-16.38-3.125-22.62-9.375c-12.5-12.5-12.5-32.75 0-45.25L178.8 256L41.38 118.6c-12.5-12.5-12.5-32.75 0-45.25s32.75-12.5 45.25 0l160 160c12.5 12.5 12.5 32.75 0 45.25l-160 160C80.38 444.9 72.19 448 64 448z\"><\/path><\/svg><\/span><span class=\"uagb-icon-list__label\">Vertragsdaten<\/span><\/div>\n\n\n\n<div class=\"wp-block-uagb-icon-list-child uagb-block-a59269a1\"><span class=\"uagb-icon-list__source-wrap\"><svg xmlns=\"https:\/\/www.w3.org\/2000\/svg\" viewbox=\"0 0 256 512\"><path d=\"M64 448c-8.188 0-16.38-3.125-22.62-9.375c-12.5-12.5-12.5-32.75 0-45.25L178.8 256L41.38 118.6c-12.5-12.5-12.5-32.75 0-45.25s32.75-12.5 45.25 0l160 160c12.5 12.5 12.5 32.75 0 45.25l-160 160C80.38 444.9 72.19 448 64 448z\"><\/path><\/svg><\/span><span class=\"uagb-icon-list__label\">Nutzungsdaten<\/span><\/div>\n\n\n\n<div class=\"wp-block-uagb-icon-list-child uagb-block-aec2965c\"><span class=\"uagb-icon-list__source-wrap\"><svg xmlns=\"https:\/\/www.w3.org\/2000\/svg\" viewbox=\"0 0 256 512\"><path d=\"M64 448c-8.188 0-16.38-3.125-22.62-9.375c-12.5-12.5-12.5-32.75 0-45.25L178.8 256L41.38 118.6c-12.5-12.5-12.5-32.75 0-45.25s32.75-12.5 45.25 0l160 160c12.5 12.5 12.5 32.75 0 45.25l-160 160C80.38 444.9 72.19 448 64 448z\"><\/path><\/svg><\/span><span class=\"uagb-icon-list__label\">Meta-, Kommunikations- und Verfahrensdaten.<\/span><\/div>\n\n\n\n<div class=\"wp-block-uagb-icon-list-child uagb-block-d239777a\"><span class=\"uagb-icon-list__source-wrap\"><svg xmlns=\"https:\/\/www.w3.org\/2000\/svg\" viewbox=\"0 0 256 512\"><path d=\"M64 448c-8.188 0-16.38-3.125-22.62-9.375c-12.5-12.5-12.5-32.75 0-45.25L178.8 256L41.38 118.6c-12.5-12.5-12.5-32.75 0-45.25s32.75-12.5 45.25 0l160 160c12.5 12.5 12.5 32.75 0 45.25l-160 160C80.38 444.9 72.19 448 64 448z\"><\/path><\/svg><\/span><span class=\"uagb-icon-list__label\">Sozialdaten<\/span><\/div>\n\n\n\n<div class=\"wp-block-uagb-icon-list-child uagb-block-e2bae3fc\"><span class=\"uagb-icon-list__source-wrap\"><svg xmlns=\"https:\/\/www.w3.org\/2000\/svg\" viewbox=\"0 0 256 512\"><path d=\"M64 448c-8.188 0-16.38-3.125-22.62-9.375c-12.5-12.5-12.5-32.75 0-45.25L178.8 256L41.38 118.6c-12.5-12.5-12.5-32.75 0-45.25s32.75-12.5 45.25 0l160 160c12.5 12.5 12.5 32.75 0 45.25l-160 160C80.38 444.9 72.19 448 64 448z\"><\/path><\/svg><\/span><span class=\"uagb-icon-list__label\">Bewerberdaten<\/span><\/div>\n\n\n\n<div class=\"wp-block-uagb-icon-list-child uagb-block-c2867e10\"><span class=\"uagb-icon-list__source-wrap\"><svg xmlns=\"https:\/\/www.w3.org\/2000\/svg\" viewbox=\"0 0 256 512\"><path d=\"M64 448c-8.188 0-16.38-3.125-22.62-9.375c-12.5-12.5-12.5-32.75 0-45.25L178.8 256L41.38 118.6c-12.5-12.5-12.5-32.75 0-45.25s32.75-12.5 45.25 0l160 160c12.5 12.5 12.5 32.75 0 45.25l-160 160C80.38 444.9 72.19 448 64 448z\"><\/path><\/svg><\/span><span class=\"uagb-icon-list__label\">Bild- und\/ oder Videoaufnahmen<\/span><\/div>\n\n\n\n<div class=\"wp-block-uagb-icon-list-child uagb-block-081f0dba\"><span class=\"uagb-icon-list__source-wrap\"><svg xmlns=\"https:\/\/www.w3.org\/2000\/svg\" viewbox=\"0 0 256 512\"><path d=\"M64 448c-8.188 0-16.38-3.125-22.62-9.375c-12.5-12.5-12.5-32.75 0-45.25L178.8 256L41.38 118.6c-12.5-12.5-12.5-32.75 0-45.25s32.75-12.5 45.25 0l160 160c12.5 12.5 12.5 32.75 0 45.25l-160 160C80.38 444.9 72.19 448 64 448z\"><\/path><\/svg><\/span><span class=\"uagb-icon-list__label\">Tonaufnahmen<\/span><\/div>\n\n\n\n<div class=\"wp-block-uagb-icon-list-child uagb-block-926c461f\"><span class=\"uagb-icon-list__source-wrap\"><svg xmlns=\"https:\/\/www.w3.org\/2000\/svg\" viewbox=\"0 0 256 512\"><path d=\"M64 448c-8.188 0-16.38-3.125-22.62-9.375c-12.5-12.5-12.5-32.75 0-45.25L178.8 256L41.38 118.6c-12.5-12.5-12.5-32.75 0-45.25s32.75-12.5 45.25 0l160 160c12.5 12.5 12.5 32.75 0 45.25l-160 160C80.38 444.9 72.19 448 64 448z\"><\/path><\/svg><\/span><span class=\"uagb-icon-list__label\">Event-Daten (Facebook)<\/span><\/div>\n\n\n\n<div class=\"wp-block-uagb-icon-list-child uagb-block-c4a64018\"><span class=\"uagb-icon-list__source-wrap\"><svg xmlns=\"https:\/\/www.w3.org\/2000\/svg\" viewbox=\"0 0 256 512\"><path d=\"M64 448c-8.188 0-16.38-3.125-22.62-9.375c-12.5-12.5-12.5-32.75 0-45.25L178.8 256L41.38 118.6c-12.5-12.5-12.5-32.75 0-45.25s32.75-12.5 45.25 0l160 160c12.5 12.5 12.5 32.75 0 45.25l-160 160C80.38 444.9 72.19 448 64 448z\"><\/path><\/svg><\/span><span class=\"uagb-icon-list__label\">Protokolldaten<\/span><\/div>\n\n\n\n<div class=\"wp-block-uagb-icon-list-child uagb-block-2bd0f651\"><span class=\"uagb-icon-list__source-wrap\"><svg xmlns=\"https:\/\/www.w3.org\/2000\/svg\" viewbox=\"0 0 256 512\"><path d=\"M64 448c-8.188 0-16.38-3.125-22.62-9.375c-12.5-12.5-12.5-32.75 0-45.25L178.8 256L41.38 118.6c-12.5-12.5-12.5-32.75 0-45.25s32.75-12.5 45.25 0l160 160c12.5 12.5 12.5 32.75 0 45.25l-160 160C80.38 444.9 72.19 448 64 448z\"><\/path><\/svg><\/span><span class=\"uagb-icon-list__label\">Leistung- und Verhaltensdaten<\/span><\/div>\n\n\n\n<div class=\"wp-block-uagb-icon-list-child uagb-block-b07f0072\"><span class=\"uagb-icon-list__source-wrap\"><svg xmlns=\"https:\/\/www.w3.org\/2000\/svg\" viewbox=\"0 0 256 512\"><path d=\"M64 448c-8.188 0-16.38-3.125-22.62-9.375c-12.5-12.5-12.5-32.75 0-45.25L178.8 256L41.38 118.6c-12.5-12.5-12.5-32.75 0-45.25s32.75-12.5 45.25 0l160 160c12.5 12.5 12.5 32.75 0 45.25l-160 160C80.38 444.9 72.19 448 64 448z\"><\/path><\/svg><\/span><span class=\"uagb-icon-list__label\">Arbeitszeitdaten<\/span><\/div>\n\n\n\n<div class=\"wp-block-uagb-icon-list-child uagb-block-8e450df0\"><span class=\"uagb-icon-list__source-wrap\"><svg xmlns=\"https:\/\/www.w3.org\/2000\/svg\" viewbox=\"0 0 256 512\"><path d=\"M64 448c-8.188 0-16.38-3.125-22.62-9.375c-12.5-12.5-12.5-32.75 0-45.25L178.8 256L41.38 118.6c-12.5-12.5-12.5-32.75 0-45.25s32.75-12.5 45.25 0l160 160c12.5 12.5 12.5 32.75 0 45.25l-160 160C80.38 444.9 72.19 448 64 448z\"><\/path><\/svg><\/span><span class=\"uagb-icon-list__label\">Bonit\u00e4tsdaten<\/span><\/div>\n\n\n\n<div class=\"wp-block-uagb-icon-list-child uagb-block-edfbb4c0\"><span class=\"uagb-icon-list__source-wrap\"><svg xmlns=\"https:\/\/www.w3.org\/2000\/svg\" viewbox=\"0 0 256 512\"><path d=\"M64 448c-8.188 0-16.38-3.125-22.62-9.375c-12.5-12.5-12.5-32.75 0-45.25L178.8 256L41.38 118.6c-12.5-12.5-12.5-32.75 0-45.25s32.75-12.5 45.25 0l160 160c12.5 12.5 12.5 32.75 0 45.25l-160 160C80.38 444.9 72.19 448 64 448z\"><\/path><\/svg><\/span><span class=\"uagb-icon-list__label\">Gehaltsdaten<\/span><\/div>\n<\/div><\/div>\n\n\n\n<p class=\"has-open-sans-font-family has-custom-font has-custom-weight has-arial-font-family has-custom-font\" style=\"font-family:Arial;font-size:22px\"><strong>Besondere Kategorien von Daten<\/strong><\/p>\n\n\n\n<div class=\"wp-block-uagb-icon-list uagb-block-8c762a29 is-style-icon-right-dark\"><div class=\"uagb-icon-list__wrap\">\n<div class=\"wp-block-uagb-icon-list-child uagb-block-c67d3317\"><span class=\"uagb-icon-list__source-wrap\"><svg xmlns=\"https:\/\/www.w3.org\/2000\/svg\" viewbox=\"0 0 256 512\"><path d=\"M64 448c-8.188 0-16.38-3.125-22.62-9.375c-12.5-12.5-12.5-32.75 0-45.25L178.8 256L41.38 118.6c-12.5-12.5-12.5-32.75 0-45.25s32.75-12.5 45.25 0l160 160c12.5 12.5 12.5 32.75 0 45.25l-160 160C80.38 444.9 72.19 448 64 448z\"><\/path><\/svg><\/span><span class=\"uagb-icon-list__label\">Gesundheitsdaten<\/span><\/div>\n\n\n\n<div class=\"wp-block-uagb-icon-list-child uagb-block-cb4650ef\"><span class=\"uagb-icon-list__source-wrap\"><svg xmlns=\"https:\/\/www.w3.org\/2000\/svg\" viewbox=\"0 0 256 512\"><path d=\"M64 448c-8.188 0-16.38-3.125-22.62-9.375c-12.5-12.5-12.5-32.75 0-45.25L178.8 256L41.38 118.6c-12.5-12.5-12.5-32.75 0-45.25s32.75-12.5 45.25 0l160 160c12.5 12.5 12.5 32.75 0 45.25l-160 160C80.38 444.9 72.19 448 64 448z\"><\/path><\/svg><\/span><span class=\"uagb-icon-list__label\">Religi\u00f6se oder weltanschauliche \u00dcberzeugungen<\/span><\/div>\n\n\n\n<div class=\"wp-block-uagb-icon-list-child uagb-block-ce4bf5ce\"><span class=\"uagb-icon-list__source-wrap\"><svg xmlns=\"https:\/\/www.w3.org\/2000\/svg\" viewbox=\"0 0 256 512\"><path d=\"M64 448c-8.188 0-16.38-3.125-22.62-9.375c-12.5-12.5-12.5-32.75 0-45.25L178.8 256L41.38 118.6c-12.5-12.5-12.5-32.75 0-45.25s32.75-12.5 45.25 0l160 160c12.5 12.5 12.5 32.75 0 45.25l-160 160C80.38 444.9 72.19 448 64 448z\"><\/path><\/svg><\/span><span class=\"uagb-icon-list__label\">Gewerkschaftszugeh\u00f6rigkeit<\/span><\/div>\n<\/div><\/div>\n\n\n\n<p class=\"has-open-sans-font-family has-custom-font has-custom-weight has-arial-font-family has-custom-font\" style=\"font-family:Arial;font-size:22px\"><strong>Kategorien betroffener Personen<\/strong><\/p>\n\n\n\n<div class=\"wp-block-uagb-icon-list uagb-block-b7825b6d is-style-icon-right-dark\"><div class=\"uagb-icon-list__wrap\">\n<div class=\"wp-block-uagb-icon-list-child uagb-block-ead93da6\"><span class=\"uagb-icon-list__source-wrap\"><svg xmlns=\"https:\/\/www.w3.org\/2000\/svg\" viewbox=\"0 0 256 512\"><path d=\"M64 448c-8.188 0-16.38-3.125-22.62-9.375c-12.5-12.5-12.5-32.75 0-45.25L178.8 256L41.38 118.6c-12.5-12.5-12.5-32.75 0-45.25s32.75-12.5 45.25 0l160 160c12.5 12.5 12.5 32.75 0 45.25l-160 160C80.38 444.9 72.19 448 64 448z\"><\/path><\/svg><\/span><span class=\"uagb-icon-list__label\">Leistungsempf\u00e4nger und Auftraggeber.<\/span><\/div>\n\n\n\n<div class=\"wp-block-uagb-icon-list-child uagb-block-63b0337d\"><span class=\"uagb-icon-list__source-wrap\"><svg xmlns=\"https:\/\/www.w3.org\/2000\/svg\" viewbox=\"0 0 256 512\"><path d=\"M64 448c-8.188 0-16.38-3.125-22.62-9.375c-12.5-12.5-12.5-32.75 0-45.25L178.8 256L41.38 118.6c-12.5-12.5-12.5-32.75 0-45.25s32.75-12.5 45.25 0l160 160c12.5 12.5 12.5 32.75 0 45.25l-160 160C80.38 444.9 72.19 448 64 448z\"><\/path><\/svg><\/span><span class=\"uagb-icon-list__label\">Besch\u00e4ftigte<\/span><\/div>\n\n\n\n<div class=\"wp-block-uagb-icon-list-child uagb-block-05f495bb\"><span class=\"uagb-icon-list__source-wrap\"><svg xmlns=\"https:\/\/www.w3.org\/2000\/svg\" viewbox=\"0 0 256 512\"><path d=\"M64 448c-8.188 0-16.38-3.125-22.62-9.375c-12.5-12.5-12.5-32.75 0-45.25L178.8 256L41.38 118.6c-12.5-12.5-12.5-32.75 0-45.25s32.75-12.5 45.25 0l160 160c12.5 12.5 12.5 32.75 0 45.25l-160 160C80.38 444.9 72.19 448 64 448z\"><\/path><\/svg><\/span><span class=\"uagb-icon-list__label\">Interessenten<\/span><\/div>\n\n\n\n<div class=\"wp-block-uagb-icon-list-child uagb-block-380ebc02\"><span class=\"uagb-icon-list__source-wrap\"><svg xmlns=\"https:\/\/www.w3.org\/2000\/svg\" viewbox=\"0 0 256 512\"><path d=\"M64 448c-8.188 0-16.38-3.125-22.62-9.375c-12.5-12.5-12.5-32.75 0-45.25L178.8 256L41.38 118.6c-12.5-12.5-12.5-32.75 0-45.25s32.75-12.5 45.25 0l160 160c12.5 12.5 12.5 32.75 0 45.25l-160 160C80.38 444.9 72.19 448 64 448z\"><\/path><\/svg><\/span><span class=\"uagb-icon-list__label\">Kommunikationspartner<\/span><\/div>\n\n\n\n<div class=\"wp-block-uagb-icon-list-child uagb-block-fa1cad60\"><span class=\"uagb-icon-list__source-wrap\"><svg xmlns=\"https:\/\/www.w3.org\/2000\/svg\" viewbox=\"0 0 256 512\"><path d=\"M64 448c-8.188 0-16.38-3.125-22.62-9.375c-12.5-12.5-12.5-32.75 0-45.25L178.8 256L41.38 118.6c-12.5-12.5-12.5-32.75 0-45.25s32.75-12.5 45.25 0l160 160c12.5 12.5 12.5 32.75 0 45.25l-160 160C80.38 444.9 72.19 448 64 448z\"><\/path><\/svg><\/span><span class=\"uagb-icon-list__label\">Nutzer<\/span><\/div>\n\n\n\n<div class=\"wp-block-uagb-icon-list-child uagb-block-3353d459\"><span class=\"uagb-icon-list__source-wrap\"><svg xmlns=\"https:\/\/www.w3.org\/2000\/svg\" viewbox=\"0 0 256 512\"><path d=\"M64 448c-8.188 0-16.38-3.125-22.62-9.375c-12.5-12.5-12.5-32.75 0-45.25L178.8 256L41.38 118.6c-12.5-12.5-12.5-32.75 0-45.25s32.75-12.5 45.25 0l160 160c12.5 12.5 12.5 32.75 0 45.25l-160 160C80.38 444.9 72.19 448 64 448z\"><\/path><\/svg><\/span><span class=\"uagb-icon-list__label\">Bewerber<\/span><\/div>\n\n\n\n<div class=\"wp-block-uagb-icon-list-child uagb-block-b8987834\"><span class=\"uagb-icon-list__source-wrap\"><svg xmlns=\"https:\/\/www.w3.org\/2000\/svg\" viewbox=\"0 0 256 512\"><path d=\"M64 448c-8.188 0-16.38-3.125-22.62-9.375c-12.5-12.5-12.5-32.75 0-45.25L178.8 256L41.38 118.6c-12.5-12.5-12.5-32.75 0-45.25s32.75-12.5 45.25 0l160 160c12.5 12.5 12.5 32.75 0 45.25l-160 160C80.38 444.9 72.19 448 64 448z\"><\/path><\/svg><\/span><span class=\"uagb-icon-list__label\">Gesch\u00e4fts- und Vertragspartner<\/span><\/div>\n\n\n\n<div class=\"wp-block-uagb-icon-list-child uagb-block-35193065\"><span class=\"uagb-icon-list__source-wrap\"><svg xmlns=\"https:\/\/www.w3.org\/2000\/svg\" viewbox=\"0 0 256 512\"><path d=\"M64 448c-8.188 0-16.38-3.125-22.62-9.375c-12.5-12.5-12.5-32.75 0-45.25L178.8 256L41.38 118.6c-12.5-12.5-12.5-32.75 0-45.25s32.75-12.5 45.25 0l160 160c12.5 12.5 12.5 32.75 0 45.25l-160 160C80.38 444.9 72.19 448 64 448z\"><\/path><\/svg><\/span><span class=\"uagb-icon-list__label\">Bildungs- und Kursteilnehmer<\/span><\/div>\n\n\n\n<div class=\"wp-block-uagb-icon-list-child uagb-block-ce8d393a\"><span class=\"uagb-icon-list__source-wrap\"><svg xmlns=\"https:\/\/www.w3.org\/2000\/svg\" viewbox=\"0 0 256 512\"><path d=\"M64 448c-8.188 0-16.38-3.125-22.62-9.375c-12.5-12.5-12.5-32.75 0-45.25L178.8 256L41.38 118.6c-12.5-12.5-12.5-32.75 0-45.25s32.75-12.5 45.25 0l160 160c12.5 12.5 12.5 32.75 0 45.25l-160 160C80.38 444.9 72.19 448 64 448z\"><\/path><\/svg><\/span><span class=\"uagb-icon-list__label\">Teilnehmer<\/span><\/div>\n\n\n\n<div class=\"wp-block-uagb-icon-list-child uagb-block-eb0dfdf8\"><span class=\"uagb-icon-list__source-wrap\"><svg xmlns=\"https:\/\/www.w3.org\/2000\/svg\" viewbox=\"0 0 256 512\"><path d=\"M64 448c-8.188 0-16.38-3.125-22.62-9.375c-12.5-12.5-12.5-32.75 0-45.25L178.8 256L41.38 118.6c-12.5-12.5-12.5-32.75 0-45.25s32.75-12.5 45.25 0l160 160c12.5 12.5 12.5 32.75 0 45.25l-160 160C80.38 444.9 72.19 448 64 448z\"><\/path><\/svg><\/span><span class=\"uagb-icon-list__label\">Abgebildete Personen<\/span><\/div>\n\n\n\n<div class=\"wp-block-uagb-icon-list-child uagb-block-efaab137\"><span class=\"uagb-icon-list__source-wrap\"><svg xmlns=\"https:\/\/www.w3.org\/2000\/svg\" viewbox=\"0 0 256 512\"><path d=\"M64 448c-8.188 0-16.38-3.125-22.62-9.375c-12.5-12.5-12.5-32.75 0-45.25L178.8 256L41.38 118.6c-12.5-12.5-12.5-32.75 0-45.25s32.75-12.5 45.25 0l160 160c12.5 12.5 12.5 32.75 0 45.25l-160 160C80.38 444.9 72.19 448 64 448z\"><\/path><\/svg><\/span><span class=\"uagb-icon-list__label\">Dritte Personen<\/span><\/div>\n\n\n\n<div class=\"wp-block-uagb-icon-list-child uagb-block-8eb4f85d\"><span class=\"uagb-icon-list__source-wrap\"><svg xmlns=\"https:\/\/www.w3.org\/2000\/svg\" viewbox=\"0 0 256 512\"><path d=\"M64 448c-8.188 0-16.38-3.125-22.62-9.375c-12.5-12.5-12.5-32.75 0-45.25L178.8 256L41.38 118.6c-12.5-12.5-12.5-32.75 0-45.25s32.75-12.5 45.25 0l160 160c12.5 12.5 12.5 32.75 0 45.25l-160 160C80.38 444.9 72.19 448 64 448z\"><\/path><\/svg><\/span><span class=\"uagb-icon-list__label\">Kunden<\/span><\/div>\n<\/div><\/div>\n\n\n\n<p class=\"has-open-sans-font-family has-custom-font has-custom-weight has-arial-font-family has-custom-font\" style=\"font-family:Arial;font-size:22px\"><strong>Zwecke der Verarbeitung<\/strong><\/p>\n\n\n\n<div class=\"wp-block-uagb-icon-list uagb-block-3331bc08 is-style-icon-right-dark\"><div class=\"uagb-icon-list__wrap\">\n<div class=\"wp-block-uagb-icon-list-child uagb-block-ed6a8750\"><span class=\"uagb-icon-list__source-wrap\"><svg xmlns=\"https:\/\/www.w3.org\/2000\/svg\" viewbox=\"0 0 256 512\"><path d=\"M64 448c-8.188 0-16.38-3.125-22.62-9.375c-12.5-12.5-12.5-32.75 0-45.25L178.8 256L41.38 118.6c-12.5-12.5-12.5-32.75 0-45.25s32.75-12.5 45.25 0l160 160c12.5 12.5 12.5 32.75 0 45.25l-160 160C80.38 444.9 72.19 448 64 448z\"><\/path><\/svg><\/span><span class=\"uagb-icon-list__label\">Erbringung vertraglicher Leistungen und Erf\u00fcllung vertraglicher Pflichten.<\/span><\/div>\n\n\n\n<div class=\"wp-block-uagb-icon-list-child uagb-block-a2a88a04\"><span class=\"uagb-icon-list__source-wrap\"><svg xmlns=\"https:\/\/www.w3.org\/2000\/svg\" viewbox=\"0 0 256 512\"><path d=\"M64 448c-8.188 0-16.38-3.125-22.62-9.375c-12.5-12.5-12.5-32.75 0-45.25L178.8 256L41.38 118.6c-12.5-12.5-12.5-32.75 0-45.25s32.75-12.5 45.25 0l160 160c12.5 12.5 12.5 32.75 0 45.25l-160 160C80.38 444.9 72.19 448 64 448z\"><\/path><\/svg><\/span><span class=\"uagb-icon-list__label\">Kommunikation<\/span><\/div>\n\n\n\n<div class=\"wp-block-uagb-icon-list-child uagb-block-e7ed5708\"><span class=\"uagb-icon-list__source-wrap\"><svg xmlns=\"https:\/\/www.w3.org\/2000\/svg\" viewbox=\"0 0 256 512\"><path d=\"M64 448c-8.188 0-16.38-3.125-22.62-9.375c-12.5-12.5-12.5-32.75 0-45.25L178.8 256L41.38 118.6c-12.5-12.5-12.5-32.75 0-45.25s32.75-12.5 45.25 0l160 160c12.5 12.5 12.5 32.75 0 45.25l-160 160C80.38 444.9 72.19 448 64 448z\"><\/path><\/svg><\/span><span class=\"uagb-icon-list__label\">Sicherheitsma\u00dfnahmen<\/span><\/div>\n\n\n\n<div class=\"wp-block-uagb-icon-list-child uagb-block-d7cc26d8\"><span class=\"uagb-icon-list__source-wrap\"><svg xmlns=\"https:\/\/www.w3.org\/2000\/svg\" viewbox=\"0 0 256 512\"><path d=\"M64 448c-8.188 0-16.38-3.125-22.62-9.375c-12.5-12.5-12.5-32.75 0-45.25L178.8 256L41.38 118.6c-12.5-12.5-12.5-32.75 0-45.25s32.75-12.5 45.25 0l160 160c12.5 12.5 12.5 32.75 0 45.25l-160 160C80.38 444.9 72.19 448 64 448z\"><\/path><\/svg><\/span><span class=\"uagb-icon-list__label\">Direktmarketing<\/span><\/div>\n\n\n\n<div class=\"wp-block-uagb-icon-list-child uagb-block-34ff2e64\"><span class=\"uagb-icon-list__source-wrap\"><svg xmlns=\"https:\/\/www.w3.org\/2000\/svg\" viewbox=\"0 0 256 512\"><path d=\"M64 448c-8.188 0-16.38-3.125-22.62-9.375c-12.5-12.5-12.5-32.75 0-45.25L178.8 256L41.38 118.6c-12.5-12.5-12.5-32.75 0-45.25s32.75-12.5 45.25 0l160 160c12.5 12.5 12.5 32.75 0 45.25l-160 160C80.38 444.9 72.19 448 64 448z\"><\/path><\/svg><\/span><span class=\"uagb-icon-list__label\">Reichweitenmessung.<\/span><\/div>\n\n\n\n<div class=\"wp-block-uagb-icon-list-child uagb-block-bc0f47b4\"><span class=\"uagb-icon-list__source-wrap\"><svg xmlns=\"https:\/\/www.w3.org\/2000\/svg\" viewbox=\"0 0 256 512\"><path d=\"M64 448c-8.188 0-16.38-3.125-22.62-9.375c-12.5-12.5-12.5-32.75 0-45.25L178.8 256L41.38 118.6c-12.5-12.5-12.5-32.75 0-45.25s32.75-12.5 45.25 0l160 160c12.5 12.5 12.5 32.75 0 45.25l-160 160C80.38 444.9 72.19 448 64 448z\"><\/path><\/svg><\/span><span class=\"uagb-icon-list__label\">Tracking<\/span><\/div>\n\n\n\n<div class=\"wp-block-uagb-icon-list-child uagb-block-81e26c19\"><span class=\"uagb-icon-list__source-wrap\"><svg xmlns=\"https:\/\/www.w3.org\/2000\/svg\" viewbox=\"0 0 256 512\"><path d=\"M64 448c-8.188 0-16.38-3.125-22.62-9.375c-12.5-12.5-12.5-32.75 0-45.25L178.8 256L41.38 118.6c-12.5-12.5-12.5-32.75 0-45.25s32.75-12.5 45.25 0l160 160c12.5 12.5 12.5 32.75 0 45.25l-160 160C80.38 444.9 72.19 448 64 448z\"><\/path><\/svg><\/span><span class=\"uagb-icon-list__label\">B\u00fcro- und Organisationsverfahren<\/span><\/div>\n\n\n\n<div class=\"wp-block-uagb-icon-list-child uagb-block-f9e9af98\"><span class=\"uagb-icon-list__source-wrap\"><svg xmlns=\"https:\/\/www.w3.org\/2000\/svg\" viewbox=\"0 0 256 512\"><path d=\"M64 448c-8.188 0-16.38-3.125-22.62-9.375c-12.5-12.5-12.5-32.75 0-45.25L178.8 256L41.38 118.6c-12.5-12.5-12.5-32.75 0-45.25s32.75-12.5 45.25 0l160 160c12.5 12.5 12.5 32.75 0 45.25l-160 160C80.38 444.9 72.19 448 64 448z\"><\/path><\/svg><\/span><span class=\"uagb-icon-list__label\">Konversionsmessung<\/span><\/div>\n\n\n\n<div class=\"wp-block-uagb-icon-list-child uagb-block-1b6df70d\"><span class=\"uagb-icon-list__source-wrap\"><svg xmlns=\"https:\/\/www.w3.org\/2000\/svg\" viewbox=\"0 0 256 512\"><path d=\"M64 448c-8.188 0-16.38-3.125-22.62-9.375c-12.5-12.5-12.5-32.75 0-45.25L178.8 256L41.38 118.6c-12.5-12.5-12.5-32.75 0-45.25s32.75-12.5 45.25 0l160 160c12.5 12.5 12.5 32.75 0 45.25l-160 160C80.38 444.9 72.19 448 64 448z\"><\/path><\/svg><\/span><span class=\"uagb-icon-list__label\">Zielgruppenbildung<\/span><\/div>\n\n\n\n<div class=\"wp-block-uagb-icon-list-child uagb-block-3a0148df\"><span class=\"uagb-icon-list__source-wrap\"><svg xmlns=\"https:\/\/www.w3.org\/2000\/svg\" viewbox=\"0 0 256 512\"><path d=\"M64 448c-8.188 0-16.38-3.125-22.62-9.375c-12.5-12.5-12.5-32.75 0-45.25L178.8 256L41.38 118.6c-12.5-12.5-12.5-32.75 0-45.25s32.75-12.5 45.25 0l160 160c12.5 12.5 12.5 32.75 0 45.25l-160 160C80.38 444.9 72.19 448 64 448z\"><\/path><\/svg><\/span><span class=\"uagb-icon-list__label\">Organisations- und Verwaltungsverfahren<\/span><\/div>\n\n\n\n<div class=\"wp-block-uagb-icon-list-child uagb-block-77dfb2f4\"><span class=\"uagb-icon-list__source-wrap\"><svg xmlns=\"https:\/\/www.w3.org\/2000\/svg\" viewbox=\"0 0 256 512\"><path d=\"M64 448c-8.188 0-16.38-3.125-22.62-9.375c-12.5-12.5-12.5-32.75 0-45.25L178.8 256L41.38 118.6c-12.5-12.5-12.5-32.75 0-45.25s32.75-12.5 45.25 0l160 160c12.5 12.5 12.5 32.75 0 45.25l-160 160C80.38 444.9 72.19 448 64 448z\"><\/path><\/svg><\/span><span class=\"uagb-icon-list__label\">Bewerbungsverfahren<\/span><\/div>\n\n\n\n<div class=\"wp-block-uagb-icon-list-child uagb-block-9d8b212e\"><span class=\"uagb-icon-list__source-wrap\"><svg xmlns=\"https:\/\/www.w3.org\/2000\/svg\" viewbox=\"0 0 256 512\"><path d=\"M64 448c-8.188 0-16.38-3.125-22.62-9.375c-12.5-12.5-12.5-32.75 0-45.25L178.8 256L41.38 118.6c-12.5-12.5-12.5-32.75 0-45.25s32.75-12.5 45.25 0l160 160c12.5 12.5 12.5 32.75 0 45.25l-160 160C80.38 444.9 72.19 448 64 448z\"><\/path><\/svg><\/span><span class=\"uagb-icon-list__label\">Feedback<\/span><\/div>\n\n\n\n<div class=\"wp-block-uagb-icon-list-child uagb-block-fd5ce060\"><span class=\"uagb-icon-list__source-wrap\"><svg xmlns=\"https:\/\/www.w3.org\/2000\/svg\" viewbox=\"0 0 256 512\"><path d=\"M64 448c-8.188 0-16.38-3.125-22.62-9.375c-12.5-12.5-12.5-32.75 0-45.25L178.8 256L41.38 118.6c-12.5-12.5-12.5-32.75 0-45.25s32.75-12.5 45.25 0l160 160c12.5 12.5 12.5 32.75 0 45.25l-160 160C80.38 444.9 72.19 448 64 448z\"><\/path><\/svg><\/span><span class=\"uagb-icon-list__label\">Umfragen und Frageb\u00f6gen<\/span><\/div>\n\n\n\n<div class=\"wp-block-uagb-icon-list-child uagb-block-16baa294\"><span class=\"uagb-icon-list__source-wrap\"><svg xmlns=\"https:\/\/www.w3.org\/2000\/svg\" viewbox=\"0 0 256 512\"><path d=\"M64 448c-8.188 0-16.38-3.125-22.62-9.375c-12.5-12.5-12.5-32.75 0-45.25L178.8 256L41.38 118.6c-12.5-12.5-12.5-32.75 0-45.25s32.75-12.5 45.25 0l160 160c12.5 12.5 12.5 32.75 0 45.25l-160 160C80.38 444.9 72.19 448 64 448z\"><\/path><\/svg><\/span><span class=\"uagb-icon-list__label\">Marketing<\/span><\/div>\n\n\n\n<div class=\"wp-block-uagb-icon-list-child uagb-block-eec5cdc0\"><span class=\"uagb-icon-list__source-wrap\"><svg xmlns=\"https:\/\/www.w3.org\/2000\/svg\" viewbox=\"0 0 256 512\"><path d=\"M64 448c-8.188 0-16.38-3.125-22.62-9.375c-12.5-12.5-12.5-32.75 0-45.25L178.8 256L41.38 118.6c-12.5-12.5-12.5-32.75 0-45.25s32.75-12.5 45.25 0l160 160c12.5 12.5 12.5 32.75 0 45.25l-160 160C80.38 444.9 72.19 448 64 448z\"><\/path><\/svg><\/span><span class=\"uagb-icon-list__label\">Profile mit nutzerbezogenen Informationen<\/span><\/div>\n\n\n\n<div class=\"wp-block-uagb-icon-list-child uagb-block-b3a95453\"><span class=\"uagb-icon-list__source-wrap\"><svg xmlns=\"https:\/\/www.w3.org\/2000\/svg\" viewbox=\"0 0 256 512\"><path d=\"M64 448c-8.188 0-16.38-3.125-22.62-9.375c-12.5-12.5-12.5-32.75 0-45.25L178.8 256L41.38 118.6c-12.5-12.5-12.5-32.75 0-45.25s32.75-12.5 45.25 0l160 160c12.5 12.5 12.5 32.75 0 45.25l-160 160C80.38 444.9 72.19 448 64 448z\"><\/path><\/svg><\/span><span class=\"uagb-icon-list__label\">Anmeldeverfahren<\/span><\/div>\n\n\n\n<div class=\"wp-block-uagb-icon-list-child uagb-block-6fd36f43\"><span class=\"uagb-icon-list__source-wrap\"><svg xmlns=\"https:\/\/www.w3.org\/2000\/svg\" viewbox=\"0 0 256 512\"><path d=\"M64 448c-8.188 0-16.38-3.125-22.62-9.375c-12.5-12.5-12.5-32.75 0-45.25L178.8 256L41.38 118.6c-12.5-12.5-12.5-32.75 0-45.25s32.75-12.5 45.25 0l160 160c12.5 12.5 12.5 32.75 0 45.25l-160 160C80.38 444.9 72.19 448 64 448z\"><\/path><\/svg><\/span><span class=\"uagb-icon-list__label\">Bereitstellung unseres Onlineangebotes und Nutzerfreundlichkeit<\/span><\/div>\n\n\n\n<div class=\"wp-block-uagb-icon-list-child uagb-block-9a8b8605\"><span class=\"uagb-icon-list__source-wrap\"><svg xmlns=\"https:\/\/www.w3.org\/2000\/svg\" viewbox=\"0 0 256 512\"><path d=\"M64 448c-8.188 0-16.38-3.125-22.62-9.375c-12.5-12.5-12.5-32.75 0-45.25L178.8 256L41.38 118.6c-12.5-12.5-12.5-32.75 0-45.25s32.75-12.5 45.25 0l160 160c12.5 12.5 12.5 32.75 0 45.25l-160 160C80.38 444.9 72.19 448 64 448z\"><\/path><\/svg><\/span><span class=\"uagb-icon-list__label\">Beurteilung der Bonit\u00e4t und Kreditw\u00fcrdigkeit<\/span><\/div>\n\n\n\n<div class=\"wp-block-uagb-icon-list-child uagb-block-6ebe048b\"><span class=\"uagb-icon-list__source-wrap\"><svg xmlns=\"https:\/\/www.w3.org\/2000\/svg\" viewbox=\"0 0 256 512\"><path d=\"M64 448c-8.188 0-16.38-3.125-22.62-9.375c-12.5-12.5-12.5-32.75 0-45.25L178.8 256L41.38 118.6c-12.5-12.5-12.5-32.75 0-45.25s32.75-12.5 45.25 0l160 160c12.5 12.5 12.5 32.75 0 45.25l-160 160C80.38 444.9 72.19 448 64 448z\"><\/path><\/svg><\/span><span class=\"uagb-icon-list__label\">Begr\u00fcndung und Durchf\u00fchrung von Besch\u00e4ftigungsverh\u00e4ltnissen<\/span><\/div>\n\n\n\n<div class=\"wp-block-uagb-icon-list-child uagb-block-6a58345c\"><span class=\"uagb-icon-list__source-wrap\"><svg xmlns=\"https:\/\/www.w3.org\/2000\/svg\" viewbox=\"0 0 256 512\"><path d=\"M64 448c-8.188 0-16.38-3.125-22.62-9.375c-12.5-12.5-12.5-32.75 0-45.25L178.8 256L41.38 118.6c-12.5-12.5-12.5-32.75 0-45.25s32.75-12.5 45.25 0l160 160c12.5 12.5 12.5 32.75 0 45.25l-160 160C80.38 444.9 72.19 448 64 448z\"><\/path><\/svg><\/span><span class=\"uagb-icon-list__label\">Informationstechnische Infrastruktur<\/span><\/div>\n\n\n\n<div class=\"wp-block-uagb-icon-list-child uagb-block-71c729a8\"><span class=\"uagb-icon-list__source-wrap\"><svg xmlns=\"https:\/\/www.w3.org\/2000\/svg\" viewbox=\"0 0 256 512\"><path d=\"M64 448c-8.188 0-16.38-3.125-22.62-9.375c-12.5-12.5-12.5-32.75 0-45.25L178.8 256L41.38 118.6c-12.5-12.5-12.5-32.75 0-45.25s32.75-12.5 45.25 0l160 160c12.5 12.5 12.5 32.75 0 45.25l-160 160C80.38 444.9 72.19 448 64 448z\"><\/path><\/svg><\/span><span class=\"uagb-icon-list__label\">Finanz- und Zahlungsmanagement<\/span><\/div>\n\n\n\n<div class=\"wp-block-uagb-icon-list-child uagb-block-85e07036\"><span class=\"uagb-icon-list__source-wrap\"><svg xmlns=\"https:\/\/www.w3.org\/2000\/svg\" viewbox=\"0 0 256 512\"><path d=\"M64 448c-8.188 0-16.38-3.125-22.62-9.375c-12.5-12.5-12.5-32.75 0-45.25L178.8 256L41.38 118.6c-12.5-12.5-12.5-32.75 0-45.25s32.75-12.5 45.25 0l160 160c12.5 12.5 12.5 32.75 0 45.25l-160 160C80.38 444.9 72.19 448 64 448z\"><\/path><\/svg><\/span><span class=\"uagb-icon-list__label\">\u00d6ffentlichkeitsarbeit<\/span><\/div>\n\n\n\n<div class=\"wp-block-uagb-icon-list-child uagb-block-4a30c1d4\"><span class=\"uagb-icon-list__source-wrap\"><svg xmlns=\"https:\/\/www.w3.org\/2000\/svg\" viewbox=\"0 0 256 512\"><path d=\"M64 448c-8.188 0-16.38-3.125-22.62-9.375c-12.5-12.5-12.5-32.75 0-45.25L178.8 256L41.38 118.6c-12.5-12.5-12.5-32.75 0-45.25s32.75-12.5 45.25 0l160 160c12.5 12.5 12.5 32.75 0 45.25l-160 160C80.38 444.9 72.19 448 64 448z\"><\/path><\/svg><\/span><span class=\"uagb-icon-list__label\">Absatzf\u00f6rderung<\/span><\/div>\n\n\n\n<div class=\"wp-block-uagb-icon-list-child uagb-block-c8239aeb\"><span class=\"uagb-icon-list__source-wrap\"><svg xmlns=\"https:\/\/www.w3.org\/2000\/svg\" viewbox=\"0 0 256 512\"><path d=\"M64 448c-8.188 0-16.38-3.125-22.62-9.375c-12.5-12.5-12.5-32.75 0-45.25L178.8 256L41.38 118.6c-12.5-12.5-12.5-32.75 0-45.25s32.75-12.5 45.25 0l160 160c12.5 12.5 12.5 32.75 0 45.25l-160 160C80.38 444.9 72.19 448 64 448z\"><\/path><\/svg><\/span><span class=\"uagb-icon-list__label\">Gesch\u00e4ftsprozesse und betriebswirtschaftliche Verfahren<\/span><\/div>\n\n\n\n<div class=\"wp-block-uagb-icon-list-child uagb-block-b30d81c4\"><span class=\"uagb-icon-list__source-wrap\"><svg xmlns=\"https:\/\/www.w3.org\/2000\/svg\" viewbox=\"0 0 256 512\"><path d=\"M64 448c-8.188 0-16.38-3.125-22.62-9.375c-12.5-12.5-12.5-32.75 0-45.25L178.8 256L41.38 118.6c-12.5-12.5-12.5-32.75 0-45.25s32.75-12.5 45.25 0l160 160c12.5 12.5 12.5 32.75 0 45.25l-160 160C80.38 444.9 72.19 448 64 448z\"><\/path><\/svg><\/span><span class=\"uagb-icon-list__label\">K\u00fcnstliche Intelligenz (KI)<\/span><\/div>\n<\/div><\/div>\n\n\n\n<p class=\"has-open-sans-font-family has-custom-font has-custom-weight has-arial-font-family has-custom-font\" style=\"font-family:Arial;font-size:22px\"><strong>Automatisierte Entscheidungen im Einzelfall<\/strong><\/p>\n\n\n\n<div class=\"wp-block-uagb-icon-list uagb-block-3058be6c is-style-icon-right-dark\"><div class=\"uagb-icon-list__wrap\">\n<div class=\"wp-block-uagb-icon-list-child uagb-block-0e35978a\"><span class=\"uagb-icon-list__source-wrap\"><svg xmlns=\"https:\/\/www.w3.org\/2000\/svg\" viewbox=\"0 0 256 512\"><path d=\"M64 448c-8.188 0-16.38-3.125-22.62-9.375c-12.5-12.5-12.5-32.75 0-45.25L178.8 256L41.38 118.6c-12.5-12.5-12.5-32.75 0-45.25s32.75-12.5 45.25 0l160 160c12.5 12.5 12.5 32.75 0 45.25l-160 160C80.38 444.9 72.19 448 64 448z\"><\/path><\/svg><\/span><span class=\"uagb-icon-list__label\">Gewerkschaftszugeh\u00f6rigkeit<\/span><\/div>\n<\/div><\/div>\n\n\n\n<p class=\"has-open-sans-font-family has-custom-font has-custom-weight has-arial-font-family has-custom-font\" style=\"font-family:Arial;font-size:22px\"><strong>Ma\u00dfgebliche Rechtsgrundlagen<\/strong><\/p>\n\n\n\n<p class=\"has-open-sans-font-family has-custom-font has-custom-weight has-text-color has-link-color has-arial-font-family wp-elements-d7766a7653376f5ee234d5cb67cb010f\" style=\"color:#1a2a2e;font-family:Arial;font-size:18px\">Ma\u00dfgebliche Rechtsgrundlagen nach der DSGVO:\u00a0Im Folgenden erhalten Sie eine \u00dcbersicht der Rechtsgrundlagen der DSGVO, auf deren Basis wir personenbezogene Daten verarbeiten. Bitte nehmen Sie zur Kenntnis, dass neben den Regelungen der DSGVO nationale Datenschutzvorgaben in Ihrem bzw. unserem Wohn- oder Sitzland gelten k\u00f6nnen. Sollten ferner im Einzelfall speziellere Rechtsgrundlagen ma\u00dfgeblich sein, teilen wir Ihnen diese in der Datenschutzerkl\u00e4rung mit.<\/p>\n\n\n\n<p class=\"has-open-sans-font-family has-custom-font has-custom-weight has-text-color has-link-color has-arial-font-family wp-elements-ee19f84b448e0c08ff35e0053a81a74c\" style=\"color:#1a2a2e;font-family:Arial;font-size:18px\">\u2013 <strong>Einwilligung (Art. 6 Abs. 1 S. 1 lit. a) DSGVO)\u00a0<\/strong>\u2013 Die betroffene Person hat ihre Einwilligung in die Verarbeitung der sie betreffenden personenbezogenen Daten f\u00fcr einen spezifischen Zweck oder mehrere bestimmte Zwecke gegeben.<\/p>\n\n\n\n<p class=\"has-open-sans-font-family has-custom-font has-custom-weight has-text-color has-link-color has-arial-font-family wp-elements-84b597052c9be9e00f8306793147f3a2\" style=\"color:#1a2a2e;font-family:Arial;font-size:18px\">\u2013 <strong>Rechtliche Verpflichtung (Art. 6 Abs. 1 S. 1 lit. c) DSGVO)<\/strong>\u00a0\u2013 Die Verarbeitung ist zur Erf\u00fcllung einer rechtlichen Verpflichtung erforderlich, der der Verantwortliche unterliegt.<\/p>\n\n\n\n<p class=\"has-open-sans-font-family has-custom-font has-custom-weight has-text-color has-link-color has-arial-font-family wp-elements-b6f4a3555d2e4164cf99b12855782b32\" style=\"color:#1a2a2e;font-family:Arial;font-size:18px\">\u2013 <strong>Berechtigte Interessen (Art. 6 Abs. 1 S. 1 lit. f) DSGVO)<\/strong>\u00a0\u2013 die Verarbeitung ist zur Wahrung der berechtigten Interessen des Verantwortlichen oder eines Dritten notwendig, vorausgesetzt, dass die Interessen, Grundrechte und Grundfreiheiten der betroffenen Person, die den Schutz personenbezogener Daten verlangen, nicht \u00fcberwiegen.<\/p>\n\n\n\n<p class=\"has-open-sans-font-family has-custom-font has-custom-weight has-text-color has-link-color has-arial-font-family wp-elements-f5f256c8ada375e1d77036df546f16b0\" style=\"color:#1a2a2e;font-family:Arial;font-size:18px\">\u2013\u00a0<strong>Bewerbungsverfahren als vorvertragliches bzw. vertragliches Verh\u00e4ltnis (Art. 6 Abs. 1 S. 1 lit. b) DSGVO)<\/strong>\u00a0\u2013 Soweit im Rahmen des Bewerbungsverfahrens besondere Kategorien von personenbezogenen Daten im Sinne des Art. 9 Abs. 1 DSGVO (z.\u00a0B. Gesundheitsdaten, wie Schwerbehinderteneigenschaft oder ethnische Herkunft) bei Bewerbern angefragt werden, damit der Verantwortliche oder die betroffene Person die ihm bzw. ihr aus dem Arbeitsrecht und dem Recht der sozialen Sicherheit und des Sozialschutzes erwachsenden Rechte aus\u00fcben und seinen bzw. ihren diesbez\u00fcglichen Pflichten nachkommen kann, erfolgt deren Verarbeitung nach Art. 9 Abs. 2 lit. b. DSGVO, im Fall des Schutzes lebenswichtiger Interessen der Bewerber oder anderer Personen gem. Art. 9 Abs. 2 lit. c. DSGVO oder f\u00fcr Zwecke der Gesundheitsvorsorge oder der Arbeitsmedizin, f\u00fcr die Beurteilung der Arbeitsf\u00e4higkeit des Besch\u00e4ftigten, f\u00fcr die medizinische Diagnostik, die Versorgung oder Behandlung im Gesundheits- oder Sozialbereich oder f\u00fcr die Verwaltung von Systemen und Diensten im Gesundheits- oder Sozialbereich gem. Art. 9 Abs. 2 lit. h. DSGVO. Im Fall einer auf freiwilliger Einwilligung beruhenden Mitteilung von besonderen Kategorien von Daten, erfolgt deren Verarbeitung auf Grundlage von Art. 9 Abs. 2 lit. a. DSGVO.<\/p>\n\n\n\n<p class=\"has-open-sans-font-family has-custom-font has-custom-weight has-text-color has-link-color has-arial-font-family wp-elements-85fb52629f01a4694d581ed2ac60a6c9\" style=\"color:#1a2a2e;font-family:Arial;font-size:18px\">\u2013\u00a0<strong>Verarbeitung besonderer Kategorien personenbezogener Daten in Bezug auf Gesundheitswesen, Beruf und soziale Sicherheit (Art. 9 Abs. 2 lit. h) DSGVO)<\/strong>\u00a0\u2013 Die Verarbeitung ist f\u00fcr Zwecke der Gesundheitsvorsorge oder der Arbeitsmedizin, f\u00fcr die Beurteilung der Arbeitsf\u00e4higkeit des Besch\u00e4ftigten, f\u00fcr die medizinische Diagnostik, die Versorgung oder Behandlung im Gesundheits- oder Sozialbereich oder f\u00fcr die Verwaltung von Systemen und Diensten im Gesundheits- oder Sozialbereich auf der Grundlage des Unionsrechts oder des Rechts eines Mitgliedstaats oder aufgrund eines Vertrags mit einem Angeh\u00f6rigen eines Gesundheitsberufs erforderlich.<\/p>\n\n\n\n<p class=\"has-open-sans-font-family has-custom-font has-custom-weight has-text-color has-link-color has-arial-font-family wp-elements-efb564190140113b3cc961452cfc2a45\" style=\"color:#1a2a2e;font-family:Arial;font-size:18px\">\u2013 <strong>Nationale Datenschutzregelungen in Deutschland:<\/strong>\u00a0Zus\u00e4tzlich zu den Datenschutzregelungen der DSGVO gelten nationale Regelungen zum Datenschutz in Deutschland. Hierzu geh\u00f6rt insbesondere das Gesetz zum Schutz vor Missbrauch personenbezogener Daten bei der Datenverarbeitung (Bundesdatenschutzgesetz \u2013 BDSG). Das BDSG enth\u00e4lt insbesondere Spezialregelungen zum Recht auf Auskunft, zum Recht auf L\u00f6schung, zum Widerspruchsrecht, zur Verarbeitung besonderer Kategorien personenbezogener Daten, zur Verarbeitung f\u00fcr andere Zwecke und zur \u00dcbermittlung sowie automatisierten Entscheidungsfindung im Einzelfall einschlie\u00dflich Profiling. Ferner k\u00f6nnen Landesdatenschutzgesetze der einzelnen Bundesl\u00e4nder zur Anwendung gelangen.<\/p>\n\n\n\n<p class=\"has-open-sans-font-family has-custom-font has-custom-weight has-text-color has-link-color has-arial-font-family wp-elements-9c863ecf960305238efb4687fa545c1d\" style=\"color:#1a2a2e;font-family:Arial;font-size:18px\">\u2013 <strong>Hinweis auf Geltung DSGVO und Schweizer DSG:<\/strong>\u00a0Diese Datenschutzhinweise dienen sowohl der Informationserteilung nach dem Schweizer DSG als auch nach der Datenschutzgrundverordnung (DSGVO). Aus diesem Grund bitten wir Sie zu beachten, dass aufgrund der breiteren r\u00e4umlichen Anwendung und Verst\u00e4ndlichkeit die Begriffe der DSGVO verwendet werden. Insbesondere statt der im Schweizer DSG verwendeten Begriffe \u201eBearbeitung\u201c von \u201ePersonendaten\u201c, \u201e\u00fcberwiegendes Interesse\u201c und \u201ebesonders sch\u00fctzenswerte Personendaten\u201c werden die in der DSGVO verwendeten Begriffe \u201eVerarbeitung\u201c von \u201epersonenbezogenen Daten\u201c sowie \u201eberechtigtes Interesse\u201c und \u201ebesondere Kategorien von Daten\u201c verwendet. Die gesetzliche Bedeutung der Begriffe wird jedoch im Rahmen der Geltung des Schweizer DSG weiterhin nach dem Schweizer DSG bestimmt.<\/p>\n\n\n\n<p class=\"has-open-sans-font-family has-custom-font has-custom-weight has-arial-font-family has-custom-font\" style=\"font-family:Arial;font-size:22px\"><strong>Sicherheitsma\u00dfnahmen<\/strong><\/p>\n\n\n\n<p class=\"has-open-sans-font-family has-custom-font has-custom-weight has-text-color has-link-color has-arial-font-family wp-elements-641068ff3b28c1adb5dee586497e0268\" style=\"color:#1a2a2e;font-family:Arial;font-size:18px\">Wir treffen nach Ma\u00dfgabe der gesetzlichen Vorgaben unter Ber\u00fccksichtigung des Stands der Technik, der Implementierungskosten und der Art, des Umfangs, der Umst\u00e4nde und der Zwecke der Verarbeitung sowie der unterschiedlichen Eintrittswahrscheinlichkeiten und des Ausma\u00dfes der Bedrohung der Rechte und Freiheiten nat\u00fcrlicher Personen geeignete technische und organisatorische Ma\u00dfnahmen, um ein dem Risiko angemessenes Schutzniveau zu gew\u00e4hrleisten.<\/p>\n\n\n\n<p class=\"has-open-sans-font-family has-custom-font has-custom-weight has-text-color has-link-color has-arial-font-family wp-elements-926ba459ec31c1d900af6e59d1d8c404\" style=\"color:#1a2a2e;font-family:Arial;font-size:18px\">Zu den Ma\u00dfnahmen geh\u00f6ren insbesondere die Sicherung der Vertraulichkeit, Integrit\u00e4t und Verf\u00fcgbarkeit von Daten durch Kontrolle des physischen und elektronischen Zugangs zu den Daten als auch des sie betreffenden Zugriffs, der Eingabe, der Weitergabe, der Sicherung der Verf\u00fcgbarkeit und ihrer Trennung. Des Weiteren haben wir Verfahren eingerichtet, die eine Wahrnehmung von Betroffenenrechten, die L\u00f6schung von Daten und Reaktionen auf die Gef\u00e4hrdung der Daten gew\u00e4hrleisten. Ferner ber\u00fccksichtigen wir den Schutz personenbezogener Daten bereits bei der Entwicklung bzw. Auswahl von Hardware, Software sowie Verfahren entsprechend dem Prinzip des Datenschutzes, durch Technikgestaltung und durch datenschutzfreundliche Voreinstellungen.<\/p>\n\n\n\n<p class=\"has-open-sans-font-family has-custom-font has-custom-weight has-text-color has-link-color has-arial-font-family wp-elements-76be6ca0e50185ccc5a4e195c715f19c\" style=\"color:#1a2a2e;font-family:Arial;font-size:18px\">Sicherung von Online-Verbindungen durch TLS-\/SSL-Verschl\u00fcsselungstechnologie (HTTPS): Um die Daten der Nutzer, die \u00fcber unsere Online-Dienste \u00fcbertragen werden, vor unerlaubten Zugriffen zu sch\u00fctzen, setzen wir auf die TLS-\/SSL-Verschl\u00fcsselungstechnologie. Secure Sockets Layer (SSL) und Transport Layer Security (TLS) sind die Eckpfeiler der sicheren Daten\u00fcbertragung im Internet. Diese Technologien verschl\u00fcsseln die Informationen, die zwischen der Website oder App und dem Browser des Nutzers (oder zwischen zwei Servern) \u00fcbertragen werden, wodurch die Daten vor unbefugtem Zugriff gesch\u00fctzt sind. TLS, als die weiterentwickelte und sicherere Version von SSL, gew\u00e4hrleistet, dass alle Daten\u00fcbertragungen den h\u00f6chsten Sicherheitsstandards entsprechen. Wenn eine Website durch ein SSL-\/TLS-Zertifikat gesichert ist, wird dies durch die Anzeige von HTTPS in der URL signalisiert. Dies dient als ein Indikator f\u00fcr die Nutzer, dass ihre Daten sicher und verschl\u00fcsselt \u00fcbertragen werden.<\/p>\n\n\n\n<p class=\"has-open-sans-font-family has-custom-font has-custom-weight has-arial-font-family has-custom-font\" style=\"font-family:Arial;font-size:22px\"><strong>\u00dcbermittlung von personenbezogenen Daten<\/strong><\/p>\n\n\n\n<p class=\"has-open-sans-font-family has-custom-font has-custom-weight has-text-color has-link-color has-arial-font-family wp-elements-6a1aed376e6d05833115c9b0cda65564\" style=\"color:#1a2a2e;font-family:Arial;font-size:18px\">Im Rahmen unserer Verarbeitung von personenbezogenen Daten kommt es vor, dass diese an andere Stellen, Unternehmen, rechtlich selbstst\u00e4ndige Organisationseinheiten oder Personen \u00fcbermittelt beziehungsweise ihnen gegen\u00fcber offengelegt werden. Zu den Empf\u00e4ngern dieser Daten k\u00f6nnen z.\u00a0B. mit IT-Aufgaben beauftragte Dienstleister geh\u00f6ren oder Anbieter von Diensten und Inhalten, die in eine Website eingebunden sind. In solchen F\u00e4llen beachten wir die gesetzlichen Vorgaben und schlie\u00dfen insbesondere entsprechende Vertr\u00e4ge bzw. Vereinbarungen, die dem Schutz Ihrer Daten dienen, mit den Empf\u00e4ngern Ihrer Daten ab.<\/p>\n\n\n\n<p class=\"has-open-sans-font-family has-custom-font has-custom-weight has-arial-font-family has-custom-font\" style=\"font-family:Arial;font-size:22px\"><strong>Internationale Datentransfers<\/strong><\/p>\n\n\n\n<p class=\"has-open-sans-font-family has-custom-font has-custom-weight has-text-color has-link-color has-arial-font-family wp-elements-f4e9967817e187bb6b4b3b07c6489be5\" style=\"color:#1a2a2e;font-family:Arial;font-size:18px\">Datenverarbeitung in Drittl\u00e4ndern: Sofern wir Daten in ein Drittland (d. h. au\u00dferhalb der Europ\u00e4ischen Union (EU) oder des Europ\u00e4ischen Wirtschaftsraums (EWR)) \u00fcbermitteln oder dies im Rahmen der Nutzung von Diensten Dritter oder der Offenlegung bzw. \u00dcbermittlung von Daten an andere Personen, Stellen oder Unternehmen geschieht (was erkennbar wird anhand der Postadresse des jeweiligen Anbieters oder wenn in der Datenschutzerkl\u00e4rung ausdr\u00fccklich auf den Datentransfer in Drittl\u00e4nder hingewiesen wird), erfolgt dies stets im Einklang mit den gesetzlichen Vorgaben.<\/p>\n\n\n\n<p class=\"has-open-sans-font-family has-custom-font has-custom-weight has-text-color has-link-color has-arial-font-family wp-elements-16bbf51a4dbac41936982defe66dfa19\" style=\"color:#1a2a2e;font-family:Arial;font-size:18px\">F\u00fcr Daten\u00fcbermittlungen in die USA st\u00fctzen wir uns vorrangig auf das Data Privacy Framework (DPF), welches durch einen Angemessenheitsbeschluss der EU-Kommission vom 10.07.2023 als sicherer Rechtsrahmen anerkannt wurde. Zus\u00e4tzlich haben wir mit den jeweiligen Anbietern Standardvertragsklauseln abgeschlossen, die den Vorgaben der EU-Kommission entsprechen und vertragliche Verpflichtungen zum Schutz Ihrer Daten festlegen.<\/p>\n\n\n\n<p class=\"has-open-sans-font-family has-custom-font has-custom-weight has-text-color has-link-color has-arial-font-family wp-elements-4033067181104c1fea656b4548996a0a\" style=\"color:#1a2a2e;font-family:Arial;font-size:18px\">Diese zweifache Absicherung gew\u00e4hrleistet einen umfassenden Schutz Ihrer Daten: Das DPF bildet die prim\u00e4re Schutzebene, w\u00e4hrend die Standardvertragsklauseln als zus\u00e4tzliche Sicherheit dienen. Sollten sich \u00c4nderungen im Rahmen des DPF ergeben, greifen die Standardvertragsklauseln als zuverl\u00e4ssige R\u00fcckfalloption ein. So stellen wir sicher, dass Ihre Daten auch bei etwaigen politischen oder rechtlichen Ver\u00e4nderungen stets angemessen gesch\u00fctzt bleiben.<\/p>\n\n\n\n<p class=\"has-open-sans-font-family has-custom-font has-custom-weight has-text-color has-link-color has-arial-font-family wp-elements-eb68b042ff97d872f8b72e0e6f410b58\" style=\"color:#1a2a2e;font-family:Arial;font-size:18px\">Bei den einzelnen Diensteanbietern informieren wir Sie dar\u00fcber, ob sie nach dem DPF zertifiziert sind und ob Standardvertragsklauseln vorliegen. Weitere Informationen zum DPF und eine Liste der zertifizierten Unternehmen finden Sie auf der Website des US-Handelsministeriums unter https:\/\/www.dataprivacyframework.gov\/ (in englischer Sprache).<\/p>\n\n\n\n<p class=\"has-open-sans-font-family has-custom-font has-custom-weight has-text-color has-link-color has-arial-font-family wp-elements-91ecf4176bee50a71f5a9d1c361ee14b\" style=\"color:#1a2a2e;font-family:Arial;font-size:18px\">F\u00fcr Daten\u00fcbermittlungen in andere Drittl\u00e4nder gelten entsprechende Sicherheitsma\u00dfnahmen, insbesondere Standardvertragsklauseln, ausdr\u00fcckliche Einwilligungen oder gesetzlich erforderliche \u00dcbermittlungen. Informationen zu Drittlandtransfers und geltenden Angemessenheitsbeschl\u00fcssen k\u00f6nnen Sie dem Informationsangebot der EU-Kommission entnehmen: https:\/\/commission.europa.eu\/law\/law-topic\/data-protection\/international-dimension-data-protection_en?prefLang=de.<\/p>\n\n\n\n<p class=\"has-open-sans-font-family has-custom-font has-custom-weight has-arial-font-family has-custom-font\" style=\"font-family:Arial;font-size:22px\"><strong>Allgemeine Informationen zur Datenspeicherung und L\u00f6schung<\/strong><\/p>\n\n\n\n<p class=\"has-open-sans-font-family has-custom-font has-custom-weight has-text-color has-link-color has-arial-font-family wp-elements-b2d1e440d22ecf6c9cffd33c7568cc6e\" style=\"color:#1a2a2e;font-family:Arial;font-size:18px\">Wir l\u00f6schen personenbezogene Daten, die wir verarbeiten, gem\u00e4\u00df den gesetzlichen Bestimmungen, sobald die zugrundeliegenden Einwilligungen widerrufen werden oder keine weiteren rechtlichen Grundlagen f\u00fcr die Verarbeitung bestehen. Dies betrifft F\u00e4lle, in denen der urspr\u00fcngliche Verarbeitungszweck entf\u00e4llt oder die Daten nicht mehr ben\u00f6tigt werden. Ausnahmen von dieser Regelung bestehen, wenn gesetzliche Pflichten oder besondere Interessen eine l\u00e4ngere Aufbewahrung oder Archivierung der Daten erfordern.<\/p>\n\n\n\n<p class=\"has-open-sans-font-family has-custom-font has-custom-weight has-text-color has-link-color has-arial-font-family wp-elements-681cf97d357cfd4c47d65b909f263cb5\" style=\"color:#1a2a2e;font-family:Arial;font-size:18px\">Insbesondere m\u00fcssen Daten, die aus handels- oder steuerrechtlichen Gr\u00fcnden aufbewahrt werden m\u00fcssen oder deren Speicherung notwendig ist zur Rechtsverfolgung oder zum Schutz der Rechte anderer nat\u00fcrlicher oder juristischer Personen, entsprechend archiviert werden.<\/p>\n\n\n\n<p class=\"has-open-sans-font-family has-custom-font has-custom-weight has-text-color has-link-color has-arial-font-family wp-elements-ba8a63d7c24d7fdc70e9fc8f1073cc0a\" style=\"color:#1a2a2e;font-family:Arial;font-size:18px\">Unsere Datenschutzhinweise enthalten zus\u00e4tzliche Informationen zur Aufbewahrung und L\u00f6schung von Daten, die speziell f\u00fcr bestimmte Verarbeitungsprozesse gelten.<\/p>\n\n\n\n<p class=\"has-open-sans-font-family has-custom-font has-custom-weight has-text-color has-link-color has-arial-font-family wp-elements-e198f86c70bdbc441386499c230a993b\" style=\"color:#1a2a2e;font-family:Arial;font-size:18px\">Bei mehreren Angaben zur Aufbewahrungsdauer oder L\u00f6schungsfristen eines Datums, ist stets die l\u00e4ngste Frist ma\u00dfgeblich.<\/p>\n\n\n\n<p class=\"has-open-sans-font-family has-custom-font has-custom-weight has-text-color has-link-color has-arial-font-family wp-elements-ac24a5bcd7dbb7b594ecdd8cb61fd1f1\" style=\"color:#1a2a2e;font-family:Arial;font-size:18px\">Beginnt eine Frist nicht ausdr\u00fccklich zu einem bestimmten Datum und betr\u00e4gt sie mindestens ein Jahr, so startet sie automatisch am Ende des Kalenderjahres, in dem das fristausl\u00f6sende Ereignis eingetreten ist. Im Fall laufender Vertragsverh\u00e4ltnisse, in deren Rahmen Daten gespeichert werden, ist das fristausl\u00f6sende Ereignis der Zeitpunkt des Wirksamwerdens der K\u00fcndigung oder sonstige Beendigung des Rechtsverh\u00e4ltnisses.<\/p>\n\n\n\n<p class=\"has-open-sans-font-family has-custom-font has-custom-weight has-text-color has-link-color has-arial-font-family wp-elements-850fa9f87e54827d71e57ff8ae33ce1a\" style=\"color:#1a2a2e;font-family:Arial;font-size:18px\">Daten, die nicht mehr f\u00fcr den urspr\u00fcnglich vorgesehenen Zweck, sondern aufgrund gesetzlicher Vorgaben oder anderer Gr\u00fcnde aufbewahrt werden, verarbeiten wir ausschlie\u00dflich zu den Gr\u00fcnden, die ihre Aufbewahrung rechtfertigen.<\/p>\n\n\n\n<p class=\"has-open-sans-font-family has-custom-font has-custom-weight has-arial-font-family has-custom-font\" style=\"font-family:Arial;font-size:22px\"><strong>Weitere Hinweise zu Verarbeitungsprozessen, Verfahren und Diensten:<\/strong><\/p>\n\n\n\n<p class=\"has-open-sans-font-family has-custom-font has-custom-weight has-text-color has-link-color has-arial-font-family wp-elements-1afe11e682db6b59420f9bd921724719\" style=\"color:#1a2a2e;font-family:Arial;font-size:18px\"><strong>Aufbewahrung und L\u00f6schung von Daten:<\/strong>&nbsp;Die folgenden allgemeinen Fristen gelten f\u00fcr die Aufbewahrung und Archivierung nach deutschem Recht:<\/p>\n\n\n\n<p class=\"has-open-sans-font-family has-custom-font has-custom-weight has-text-color has-link-color has-arial-font-family wp-elements-bc53c2b5a98ba73defd3afdc0e6f6195\" style=\"color:#1a2a2e;font-family:Arial;font-size:18px\"><strong>10 Jahre<\/strong>&nbsp;\u2013 Aufbewahrungsfrist f\u00fcr B\u00fccher und Aufzeichnungen, Jahresabschl\u00fcsse, Inventare, Lageberichte, Er\u00f6ffnungsbilanz sowie die zu ihrem Verst\u00e4ndnis erforderlichen Arbeitsanweisungen und sonstigen Organisationsunterlagen (\u00a7 147 Abs. 1 Nr. 1 i.V.m. Abs. 3 AO, \u00a7 14b Abs. 1 UStG, \u00a7 257 Abs. 1 Nr. 1 i.V.m. Abs. 4 HGB).<\/p>\n\n\n\n<p class=\"has-open-sans-font-family has-custom-font has-custom-weight has-text-color has-link-color has-arial-font-family wp-elements-bbb108f0829bf1ab44b5d3bcde99cf44\" style=\"color:#1a2a2e;font-family:Arial;font-size:18px\"><strong>8 Jahre<\/strong>&nbsp;\u2013 Buchungsbelege, wie z. B. Rechnungen und Kostenbelege (\u00a7 147 Abs. 1 Nr. 4 und 4a i.V.m. Abs. 3 Satz 1 AO sowie \u00a7 257 Abs. 1 Nr. 4 i.V.m. Abs. 4 HGB).<\/p>\n\n\n\n<p class=\"has-open-sans-font-family has-custom-font has-custom-weight has-text-color has-link-color has-arial-font-family wp-elements-0467812b8e389541379623a3d091407a\" style=\"color:#1a2a2e;font-family:Arial;font-size:18px\"><strong>6 Jahre&nbsp;<\/strong>\u2013 \u00dcbrige Gesch\u00e4ftsunterlagen: empfangene Handels- oder Gesch\u00e4ftsbriefe, Wiedergaben der abgesandten Handels- oder Gesch\u00e4ftsbriefe, sonstige Unterlagen, soweit sie f\u00fcr die Besteuerung von Bedeutung sind, z. B. Stundenlohnzettel, Betriebsabrechnungsb\u00f6gen, Kalkulationsunterlagen, Preisauszeichnungen, aber auch Lohnabrechnungsunterlagen, soweit sie nicht bereits Buchungsbelege sind und Kassenstreifen (\u00a7 147 Abs. 1 Nr. 2, 3, 5 i.V.m. Abs. 3 AO, \u00a7 257 Abs. 1 Nr. 2 u. 3 i.V.m. Abs. 4 HGB).<\/p>\n\n\n\n<p class=\"has-open-sans-font-family has-custom-font has-custom-weight has-text-color has-link-color has-arial-font-family wp-elements-ab7502de9522385ead5d85c169997398\" style=\"color:#1a2a2e;font-family:Arial;font-size:18px\"><strong>3 Jahre<\/strong>&nbsp;\u2013 Daten, die erforderlich sind, um potenzielle Gew\u00e4hrleistungs- und Schadensersatzanspr\u00fcche oder \u00e4hnliche vertragliche Anspr\u00fcche und Rechte zu ber\u00fccksichtigen sowie damit verbundene Anfragen zu bearbeiten, basierend auf fr\u00fcheren Gesch\u00e4ftserfahrungen und \u00fcblichen Branchenpraktiken, werden f\u00fcr die Dauer der regul\u00e4ren gesetzlichen Verj\u00e4hrungsfrist von drei Jahren gespeichert (\u00a7\u00a7 195, 199 BGB).<\/p>\n\n\n\n<p class=\"has-open-sans-font-family has-custom-font has-custom-weight has-text-color has-link-color has-arial-font-family wp-elements-0b9b8591a484ea5870f2376e3e3774a0\" style=\"color:#1a2a2e;font-family:Arial;font-size:18px\"><strong>Rechte der betroffenen Personen<\/strong><\/p>\n\n\n\n<p class=\"has-open-sans-font-family has-custom-font has-custom-weight has-text-color has-link-color has-arial-font-family wp-elements-652c086d3a2f88dc4c5487914b272a8a\" style=\"color:#1a2a2e;font-family:Arial;font-size:18px\"><strong>Rechte der betroffenen Personen aus der DSGVO:<\/strong>&nbsp;Ihnen stehen als Betroffene nach der DSGVO verschiedene Rechte zu, die sich insbesondere aus Art. 15 bis 21 DSGVO ergeben:<\/p>\n\n\n\n<p class=\"has-open-sans-font-family has-custom-font has-custom-weight has-text-color has-link-color has-arial-font-family wp-elements-77957802a90f60ab66c79c81a3ebcade\" style=\"color:#1a2a2e;font-family:Arial;font-size:18px\"><strong>Widerspruchsrecht:<\/strong>&nbsp;Sie haben das Recht, aus Gr\u00fcnden, die sich aus Ihrer besonderen Situation ergeben, jederzeit gegen die Verarbeitung der Sie betreffenden personenbezogenen Daten, die aufgrund von Art. 6 Abs. 1 lit. e oder f DSGVO erfolgt, Widerspruch einzulegen; dies gilt auch f\u00fcr ein auf diese Bestimmungen gest\u00fctztes Profiling. Werden die Sie betreffenden personenbezogenen Daten verarbeitet, um Direktwerbung zu betreiben, haben Sie das Recht, jederzeit Widerspruch gegen die Verarbeitung der Sie betreffenden personenbezogenen Daten zum Zwecke derartiger Werbung einzulegen; dies gilt auch f\u00fcr das Profiling, soweit es mit solcher Direktwerbung in Verbindung steht.<\/p>\n\n\n\n<p class=\"has-open-sans-font-family has-custom-font has-custom-weight has-text-color has-link-color has-arial-font-family wp-elements-26cf9722201e368a7aba442b0d09352c\" style=\"color:#1a2a2e;font-family:Arial;font-size:18px\"><strong>Widerrufsrecht bei Einwilligungen:&nbsp;<\/strong>Sie haben das Recht, erteilte Einwilligungen jederzeit zu widerrufen.<\/p>\n\n\n\n<p class=\"has-open-sans-font-family has-custom-font has-custom-weight has-text-color has-link-color has-arial-font-family wp-elements-435b792554ba458bce4164caf0aee3b5\" style=\"color:#1a2a2e;font-family:Arial;font-size:18px\"><strong>Auskunftsrecht:<\/strong>&nbsp;Sie haben das Recht, eine Best\u00e4tigung dar\u00fcber zu verlangen, ob betreffende Daten verarbeitet werden und auf Auskunft \u00fcber diese Daten sowie auf weitere Informationen und Kopie der Daten entsprechend den gesetzlichen Vorgaben.<\/p>\n\n\n\n<p class=\"has-open-sans-font-family has-custom-font has-custom-weight has-text-color has-link-color has-arial-font-family wp-elements-f49b40da73a9e49a1610ac24b82283d9\" style=\"color:#1a2a2e;font-family:Arial;font-size:18px\"><strong>Recht auf Berichtigung:<\/strong>&nbsp;Sie haben entsprechend den gesetzlichen Vorgaben das Recht, die Vervollst\u00e4ndigung der Sie betreffenden Daten oder die Berichtigung der Sie betreffenden unrichtigen Daten zu verlangen.<\/p>\n\n\n\n<p class=\"has-open-sans-font-family has-custom-font has-custom-weight has-text-color has-link-color has-arial-font-family wp-elements-d94976a8b25384ce1611fbb526be2f70\" style=\"color:#1a2a2e;font-family:Arial;font-size:18px\"><strong>Recht auf L\u00f6schung und Einschr\u00e4nkung der Verarbeitung:<\/strong>&nbsp;Sie haben nach Ma\u00dfgabe der gesetzlichen Vorgaben das Recht, zu verlangen, dass Sie betreffende Daten unverz\u00fcglich gel\u00f6scht werden, bzw. alternativ nach Ma\u00dfgabe der gesetzlichen Vorgaben eine Einschr\u00e4nkung der Verarbeitung der Daten zu verlangen.<\/p>\n\n\n\n<p class=\"has-open-sans-font-family has-custom-font has-custom-weight has-text-color has-link-color has-arial-font-family wp-elements-f0d9b50e7a937ea360405638240bc70e\" style=\"color:#1a2a2e;font-family:Arial;font-size:18px\"><strong>Recht auf Daten\u00fcbertragbarkeit:<\/strong>&nbsp;Sie haben das Recht, Sie betreffende Daten, die Sie uns bereitgestellt haben, nach Ma\u00dfgabe der gesetzlichen Vorgaben in einem strukturierten, g\u00e4ngigen und maschinenlesbaren Format zu erhalten oder deren \u00dcbermittlung an einen anderen Verantwortlichen zu fordern.<\/p>\n\n\n\n<p class=\"has-open-sans-font-family has-custom-font has-custom-weight has-text-color has-link-color has-arial-font-family wp-elements-5ad1939b5b6a481af83bf60a9ab0c09d\" style=\"color:#1a2a2e;font-family:Arial;font-size:18px\"><strong>Beschwerde bei Aufsichtsbeh\u00f6rde:<\/strong>&nbsp;Entsprechend den gesetzlichen Vorgaben und unbeschadet eines anderweitigen verwaltungsrechtlichen oder gerichtlichen Rechtsbehelfs, haben Sie ferner das Recht, bei einer Datenschutzaufsichtsbeh\u00f6rde, insbesondere einer Aufsichtsbeh\u00f6rde im Mitgliedstaat, in dem Sie sich gew\u00f6hnlich aufhalten, der Aufsichtsbeh\u00f6rde Ihres Arbeitsplatzes oder des Ortes des mutma\u00dflichen Versto\u00dfes, eine Beschwerde einzulegen, wenn Sie der Ansicht sei sollten, dass die Verarbeitung der Ihre Person betreffenden personenbezogenen Daten gegen die DSGVO verst\u00f6\u00dft.<\/p>\n\n\n\n<p class=\"has-open-sans-font-family has-custom-font has-custom-weight has-arial-font-family has-custom-font\" style=\"font-family:Arial;font-size:22px\"><strong>Gesch\u00e4ftliche Leistungen<\/strong><\/p>\n\n\n\n<p class=\"has-open-sans-font-family has-custom-font has-custom-weight has-text-color has-link-color has-arial-font-family wp-elements-6da1a9a94c3a53624ba3fb165b28b6ea\" style=\"color:#1a2a2e;font-family:Arial;font-size:18px\">Wir verarbeiten Daten unserer Vertrags- und Gesch\u00e4ftspartner, z.&nbsp;B. Kunden und Interessenten (zusammenfassend als \u201eVertragspartner\u201c bezeichnet), im Rahmen von vertraglichen und vergleichbaren Rechtsverh\u00e4ltnissen sowie damit verbundenen Ma\u00dfnahmen und im Hinblick auf die Kommunikation mit den Vertragspartnern (oder vorvertraglich), etwa zur Beantwortung von Anfragen.<\/p>\n\n\n\n<p class=\"has-open-sans-font-family has-custom-font has-custom-weight has-text-color has-link-color has-arial-font-family wp-elements-5dfaf43f81ba6dd69800b298539b198e\" style=\"color:#1a2a2e;font-family:Arial;font-size:18px\">Wir verwenden diese Daten, um unsere vertraglichen Verpflichtungen zu erf\u00fcllen. Dazu geh\u00f6ren insbesondere die Pflichten zur Erbringung der vereinbarten Leistungen, etwaige Aktualisierungspflichten und Abhilfe bei Gew\u00e4hrleistungs- und sonstigen Leistungsst\u00f6rungen. Dar\u00fcber hinaus verwenden wir die Daten zur Wahrung unserer Rechte und zum Zwecke der mit diesen Pflichten verbundenen Verwaltungsaufgaben sowie der Unternehmensorganisation. Zudem verarbeiten wir die Daten auf Grundlage unserer berechtigten Interessen sowohl an einer ordnungsgem\u00e4\u00dfen und betriebswirtschaftlichen Gesch\u00e4ftsf\u00fchrung als auch an Sicherheitsma\u00dfnahmen zum Schutz unserer Vertragspartner und unseres Gesch\u00e4ftsbetriebs vor Missbrauch, Gef\u00e4hrdung ihrer Daten, Geheimnisse, Informationen und Rechte (z.&nbsp;B. zur Beteiligung von Telekommunikations-, Transport- und sonstigen Hilfsdiensten sowie Subunternehmern, Banken, Steuer- und Rechtsberatern, Zahlungsdienstleistern oder Finanzbeh\u00f6rden). Im Rahmen des geltenden Rechts geben wir die Daten von Vertragspartnern nur insoweit an Dritte weiter, als dies f\u00fcr die vorgenannten Zwecke oder zur Erf\u00fcllung gesetzlicher Pflichten erforderlich ist. \u00dcber weitere Formen der Verarbeitung, etwa zu Marketingzwecken, werden die Vertragspartner im Rahmen dieser Datenschutzerkl\u00e4rung informiert.<\/p>\n\n\n\n<p class=\"has-open-sans-font-family has-custom-font has-custom-weight has-text-color has-link-color has-arial-font-family wp-elements-4012c200163d8a0518b3bfa9564e8739\" style=\"color:#1a2a2e;font-family:Arial;font-size:18px\"><strong>Welche Daten f\u00fcr die vorgenannten Zwecke erforderlich sind, teilen wir den Vertragspartnern vor oder im Rahmen der Datenerhebung, z.&nbsp;B. in Onlineformularen, durch besondere Kennzeichnung (z.&nbsp;B. Farben) bzw. Symbole (z.&nbsp;B. Sternchen o. \u00c4.), oder pers\u00f6nlich mit.<\/strong><\/p>\n\n\n\n<p class=\"has-open-sans-font-family has-custom-font has-custom-weight has-text-color has-link-color has-arial-font-family wp-elements-d2bb87383666e283660a21d2783e5700\" style=\"color:#1a2a2e;font-family:Arial;font-size:18px\">Wir l\u00f6schen die Daten nach Ablauf gesetzlicher Gew\u00e4hrleistungs- und vergleichbarer Pflichten, d. h. grunds\u00e4tzlich nach vier Jahren, es sei denn, dass die Daten in einem Kundenkonto gespeichert werden, z.&nbsp;B., solange sie aus gesetzlichen Gr\u00fcnden der Archivierung aufbewahrt werden m\u00fcssen (etwa f\u00fcr Steuerzwecke im Regelfall zehn Jahre). Daten, die uns im Rahmen eines Auftrags durch den Vertragspartner offengelegt wurden, l\u00f6schen wir entsprechend den Vorgaben und grunds\u00e4tzlich nach Ende des Auftrags.<\/p>\n\n\n\n<p class=\"has-open-sans-font-family has-custom-font has-custom-weight has-text-color has-link-color has-arial-font-family wp-elements-34ac77ebf969bf13952978d8b2ee23be\" style=\"color:#1a2a2e;font-family:Arial;font-size:18px\"><strong>Verarbeitete Datenarten:<\/strong>&nbsp;Bestandsdaten (z.&nbsp;B. der vollst\u00e4ndige Name, Wohnadresse, Kontaktinformationen, Kundennummer, etc.); Zahlungsdaten (z.&nbsp;B. Bankverbindungen, Rechnungen, Zahlungshistorie); Kontaktdaten (z.&nbsp;B. Post- und E-Mail-Adressen oder Telefonnummern); Vertragsdaten (z.&nbsp;B. Vertragsgegenstand, Laufzeit, Kundenkategorie); Bewerberdaten (z.&nbsp;B. Angaben zur Person, Post- und Kontaktadressen, die zur Bewerbung geh\u00f6renden Unterlagen und die darin enthaltenen Informationen, wie z.&nbsp;B. Anschreiben, Lebenslauf, Zeugnisse sowie weitere im Hinblick auf eine konkrete Stelle oder freiwillig von Bewerbern mitgeteilte Informationen zu deren Person oder Qualifikation). Besch\u00e4ftigtendaten (Informationen zu Mitarbeitern und anderen Personen in einem Besch\u00e4ftigungsverh\u00e4ltnis).<\/p>\n\n\n\n<p class=\"has-open-sans-font-family has-custom-font has-custom-weight has-text-color has-link-color has-arial-font-family wp-elements-a2003fed60ae65a3edabea571ecfaa90\" style=\"color:#1a2a2e;font-family:Arial;font-size:18px\"><strong>Betroffene Personen:<\/strong>&nbsp;Leistungsempf\u00e4nger und Auftraggeber; Interessenten; Gesch\u00e4fts- und Vertragspartner; Bildungs- und Kursteilnehmer; Bewerber. Besch\u00e4ftigte (z.&nbsp;B. Angestellte, Bewerber, Aushilfskr\u00e4fte und sonstige Mitarbeiter).<\/p>\n\n\n\n<p class=\"has-open-sans-font-family has-custom-font has-custom-weight has-text-color has-link-color has-arial-font-family wp-elements-b9c8bfefda46fa1ec00a77a0e5d0e4f6\" style=\"color:#1a2a2e;font-family:Arial;font-size:18px\"><strong>Zwecke der Verarbeitung:<\/strong>&nbsp;Erbringung vertraglicher Leistungen und Erf\u00fcllung vertraglicher Pflichten; Kommunikation; B\u00fcro- und Organisationsverfahren; Organisations- und Verwaltungsverfahren. Gesch\u00e4ftsprozesse und betriebswirtschaftliche Verfahren.<\/p>\n\n\n\n<p class=\"has-open-sans-font-family has-custom-font has-custom-weight has-text-color has-link-color has-arial-font-family wp-elements-a651cd2e3171be0d9c4bc88af0278000\" style=\"color:#1a2a2e;font-family:Arial;font-size:18px\"><strong>Aufbewahrung und L\u00f6schung:<\/strong>&nbsp;L\u00f6schung entsprechend Angaben im Abschnitt \u201eAllgemeine Informationen zur Datenspeicherung und L\u00f6schung\u201c.<\/p>\n\n\n\n<p class=\"has-open-sans-font-family has-custom-font has-custom-weight has-text-color has-link-color has-arial-font-family wp-elements-b0fbf4a6853bdad05ee0c7d68fe9d0dc\" style=\"color:#1a2a2e;font-family:Arial;font-size:18px\"><strong>Rechtsgrundlagen:<\/strong>&nbsp;Vertragserf\u00fcllung und vorvertragliche Anfragen (Art. 6 Abs. 1 S. 1 lit. b) DSGVO); Rechtliche Verpflichtung (Art. 6 Abs. 1 S. 1 lit. c) DSGVO). Berechtigte Interessen (Art. 6 Abs. 1 S. 1 lit. f) DSGVO).<\/p>\n\n\n\n<p class=\"has-open-sans-font-family has-custom-font has-custom-weight has-arial-font-family has-custom-font\" style=\"font-family:Arial;font-size:22px\"><strong>Weitere Hinweise zu Verarbeitungsprozessen, Verfahren und Diensten:<\/strong><\/p>\n\n\n\n<p class=\"has-open-sans-font-family has-custom-font has-custom-weight has-text-color has-link-color has-arial-font-family wp-elements-00fdcc3907cbfb8a707c84e2f4959497\" style=\"color:#1a2a2e;font-family:Arial;font-size:18px\"><strong>Personaldienstleistungen:<\/strong>&nbsp;Wir verarbeiten die Daten unserer Kunden und Kandidaten (einheitlich bezeichnet als \u201eKunden\u201c) zur Bereitstellung von Personaldienstleistungen, einschlie\u00dflich Personalvermittlung, Personalentwicklung und Gehaltsabrechnung. Die erforderlichen Angaben sind als solche im Rahmen der Auftragserteilung gekennzeichnet und umfassen die zur Leistungserbringung und Abrechnung ben\u00f6tigten Angaben sowie Kontaktinformationen, um etwaige R\u00fccksprachen halten zu k\u00f6nnen. Soweit wir Zugang zu Informationen der Endkunden, Mitarbeitern oder anderer Personen erhalten, verarbeiten wir diese im Einklang mit den gesetzlichen und vertraglichen Vorgaben.<br><br>Verfahren, die im Rahmen von Personaldienstleistungen erforderlich sind, umfassen die Rekrutierung von Fachkr\u00e4ften, die Entwicklung von Schulungs- und Weiterbildungsma\u00dfnahmen, die Verwaltung von Personalakten und Gehaltsabrechnungen sowie die Bereitstellung von HR-Beratung und -Support. Dar\u00fcber hinaus beinhalten sie die Durchf\u00fchrung von Bewerbungsprozessen und Vorstellungsgespr\u00e4chen, die Abstimmung von Anforderungen zwischen Kunden und Kandidaten, die Auswahl geeigneter Kandidaten f\u00fcr offene Stellen sowie die \u00dcberwachung von Arbeitszeit und Leistungsnachweisen;&nbsp;<strong>Rechtsgrundlagen:<\/strong>&nbsp;Vertragserf\u00fcllung und vorvertragliche Anfragen (Art. 6 Abs. 1 S. 1 lit. b) DSGVO), Rechtliche Verpflichtung (Art. 6 Abs. 1 S. 1 lit. c) DSGVO), Berechtigte Interessen (Art. 6 Abs. 1 S. 1 lit. f) DSGVO).<\/p>\n\n\n\n<p class=\"has-open-sans-font-family has-custom-font has-custom-weight has-text-color has-link-color has-arial-font-family wp-elements-011ca1594fa6203f5bb9f9339581183d\" style=\"color:#1a2a2e;font-family:Arial;font-size:18px\"><strong>Bildungs- und Schulungsleistungen:<\/strong>&nbsp;Wir verarbeiten die Daten der Teilnehmer unserer Bildungs- und Schulungsangebote (einheitlich bezeichnet als \u201eAus- und Fortzubildende\u201c), um ihnen gegen\u00fcber unsere Schulungsleistungen erbringen zu k\u00f6nnen. Die hierbei verarbeiteten Daten, die Art, der Umfang, der Zweck und die Erforderlichkeit ihrer Verarbeitung bestimmen sich nach dem zugrundeliegenden Vertrags- und Schulungsverh\u00e4ltnis. Zu den Verarbeitungsformen geh\u00f6ren auch die Leistungsbewertung und die Evaluation unserer Leistungen sowie jener der Lehrenden. In Rahmen unserer T\u00e4tigkeit k\u00f6nnen wir ferner besondere Kategorien von Daten, hier insbesondere Angaben zur Gesundheit der Aus- und Fortzubildenden sowie Daten, aus denen die ethnische Herkunft, politische Meinungen, religi\u00f6se oder weltanschauliche \u00dcberzeugungen hervorgehen, verarbeiten. Hierzu holen wir, sofern erforderlich, eine ausdr\u00fcckliche Einwilligung der Aus- und Fortzubildenden ein und verarbeiten die besonderen Kategorien von Daten ansonsten nur, wenn es zur Erbringung der Schulungsleistungen, zu Zwecken der Gesundheitsvorsorge, des Sozialschutzes oder des Schutzes lebensnotwendiger Interessen der Aus- und Fortzubildenden erforderlich ist;&nbsp;<strong>Rechtsgrundlagen:<\/strong>&nbsp;Vertragserf\u00fcllung und vorvertragliche Anfragen (Art. 6 Abs. 1 S. 1 lit. b) DSGVO).<\/p>\n\n\n\n<p class=\"has-open-sans-font-family has-custom-font has-custom-weight has-text-color has-link-color has-arial-font-family wp-elements-ac30c89b01bdb505b0ff5c6f6fa7396f\" style=\"color:#1a2a2e;font-family:Arial;font-size:18px\"><strong>Online-Kurse und Online-Schulungen:<\/strong>&nbsp;Wir verarbeiten die Daten der Teilnehmer unserer Online-Kurse und Online-Schulungen (einheitlich bezeichnet als \u201eTeilnehmer\u201c), um ihnen gegen\u00fcber unsere Kurs- und Schulungsleistungen erbringen zu k\u00f6nnen. Die hierbei verarbeiteten Daten, die Art, der Umfang, der Zweck und die Erforderlichkeit ihrer Verarbeitung bestimmen sich nach dem zugrundeliegenden Vertragsverh\u00e4ltnis. Zu den Daten geh\u00f6ren grunds\u00e4tzlich Angaben zu den in Anspruch genommenen Kursen sowie Leistungen und soweit Teil unseres Leistungsangebotes pers\u00f6nliche Vorgaben und Ergebnisse der Teilnehmer. Zu den Verarbeitungsformen geh\u00f6ren auch die Leistungsbewertung und die Evaluation unserer Leistungen sowie jener der Kurs- und Schulungsleiter. Zus\u00e4tzlich k\u00f6nnen je nach Ausstattung und Struktur der jeweiligen Kurse oder Lerninhalte weitere Verarbeitungsprozesse implementiert werden, wie die Anwesenheitsverfolgung zur Dokumentation der Teilnahme, die Fortschritts\u00fcberwachung zur Messung und Analyse der Lernfortschritte durch Sammeln von Pr\u00fcf- und Testergebnissen sowie die Analyse der Interaktionen in Lernplattformen, wie Forumsbeitr\u00e4ge und Aufgabeneinreichungen;&nbsp;<strong>Rechtsgrundlagen:<\/strong>&nbsp;Vertragserf\u00fcllung und vorvertragliche Anfragen (Art. 6 Abs. 1 S. 1 lit. b) DSGVO).<\/p>\n\n\n\n<p class=\"has-open-sans-font-family has-custom-font has-custom-weight has-text-color has-link-color has-arial-font-family wp-elements-7e6ba6e1d1b0b9b5783fbe94098b5b62\" style=\"color:#1a2a2e;font-family:Arial;font-size:18px\"><strong>Recruiting-Leistungen:<\/strong>&nbsp;Wir verarbeiten im Rahmen unserer Leistungen, zu denen insbesondere die Suche nach potentiellen Stellenkandidaten, die Kontaktaufnahme zu ihnen sowie deren Vermittlung geh\u00f6ren, die Daten der Stellenkandidaten und die personenbezogenen Daten der potentiellen Arbeitgeber bzw. ihrer Mitarbeiter.<br><br>Wir verarbeiten die von den Stellenkandidaten gemachten Angaben und Kontaktdaten f\u00fcr Zwecke der Begr\u00fcndung, Durchf\u00fchrung und ggf. Beendigung eines Vertrages zur Stellenvermittlung. Zudem k\u00f6nnen wir Interessenten zu einem sp\u00e4teren Zeitpunkt, im Einklang mit gesetzlichen Vorgaben, R\u00fcckfragen zum Erfolg unserer Vermittlungsleistung stellen.<br><br>Wir verarbeiten die Daten der Stellenkandidaten als auch der Arbeitgeber zur Erf\u00fcllung unserer Vertragspflichten, um die uns angetragenen Anfragen zur Vermittlung von Stellen zur Zufriedenheit der beteiligten Parteien bearbeiten zu k\u00f6nnen.<br><br>Wir k\u00f6nnen die Vermittlungsvorg\u00e4nge protokollieren, um das Bestehen des Vertragsverh\u00e4ltnisses und Einverst\u00e4ndnisse der Interessenten entsprechend den gesetzlichen Rechenschaftspflichten (Art. 5 Abs. 2 DSGVO) nachweisen zu k\u00f6nnen. Diese Angaben werden f\u00fcr einen Zeitraum von drei bis vier Jahren gespeichert, falls wir die urspr\u00fcngliche Anfrage nachweisen m\u00fcssen (z.&nbsp;B., um die Berechtigung zu einer Kontaktaufnahme mit den Stellenkandidaten belegen zu k\u00f6nnen);&nbsp;<strong>Rechtsgrundlagen:<\/strong>&nbsp;Vertragserf\u00fcllung und vorvertragliche Anfragen (Art. 6 Abs. 1 S. 1 lit. b) DSGVO).<\/p>\n\n\n\n<p class=\"has-open-sans-font-family has-custom-font has-custom-weight has-text-color has-link-color has-arial-font-family wp-elements-7e6ba6e1d1b0b9b5783fbe94098b5b62\" style=\"color:#1a2a2e;font-family:Arial;font-size:18px\"><strong>Recruiting-Leistungen:<\/strong>&nbsp;Wir verarbeiten im Rahmen unserer Leistungen, zu denen insbesondere die Suche nach potentiellen Stellenkandidaten, die Kontaktaufnahme zu ihnen sowie deren Vermittlung geh\u00f6ren, die Daten der Stellenkandidaten und die personenbezogenen Daten der potentiellen Arbeitgeber bzw. ihrer Mitarbeiter.<br><br>Wir verarbeiten die von den Stellenkandidaten gemachten Angaben und Kontaktdaten f\u00fcr Zwecke der Begr\u00fcndung, Durchf\u00fchrung und ggf. Beendigung eines Vertrages zur Stellenvermittlung. Zudem k\u00f6nnen wir Interessenten zu einem sp\u00e4teren Zeitpunkt, im Einklang mit gesetzlichen Vorgaben, R\u00fcckfragen zum Erfolg unserer Vermittlungsleistung stellen.<br><br>Wir verarbeiten die Daten der Stellenkandidaten als auch der Arbeitgeber zur Erf\u00fcllung unserer Vertragspflichten, um die uns angetragenen Anfragen zur Vermittlung von Stellen zur Zufriedenheit der beteiligten Parteien bearbeiten zu k\u00f6nnen.<br><br>Wir k\u00f6nnen die Vermittlungsvorg\u00e4nge protokollieren, um das Bestehen des Vertragsverh\u00e4ltnisses und Einverst\u00e4ndnisse der Interessenten entsprechend den gesetzlichen Rechenschaftspflichten (Art. 5 Abs. 2 DSGVO) nachweisen zu k\u00f6nnen. Diese Angaben werden f\u00fcr einen Zeitraum von drei bis vier Jahren gespeichert, falls wir die urspr\u00fcngliche Anfrage nachweisen m\u00fcssen (z.&nbsp;B., um die Berechtigung zu einer Kontaktaufnahme mit den Stellenkandidaten belegen zu k\u00f6nnen);&nbsp;<strong>Rechtsgrundlagen:<\/strong>&nbsp;Vertragserf\u00fcllung und vorvertragliche Anfragen (Art. 6 Abs. 1 S. 1 lit. b) DSGVO).<\/p>\n\n\n\n<p class=\"has-open-sans-font-family has-custom-font has-custom-weight has-text-color has-link-color has-arial-font-family wp-elements-ae79b9987943ffc946ae08664a590069\" style=\"color:#1a2a2e;font-family:Arial;font-size:18px\"><strong>Unternehmensberatung:<\/strong>\u00a0Wir verarbeiten die Daten unserer Kunden, Klienten sowie Interessenten und anderer Auftraggeber oder Vertragspartner (einheitlich bezeichnet als \u201eKunden\u201c), um ihnen gegen\u00fcber unsere vertraglichen oder vorvertraglichen Leistungen, insbesondere Beratungsleistungen, erbringen zu k\u00f6nnen. Die verarbeiteten Daten, die Art, der Umfang, der Zweck und die Erforderlichkeit ihrer Verarbeitung bestimmen sich nach dem zugrundeliegenden Vertrags- und Gesch\u00e4ftsverh\u00e4ltnis.<br><br>Sofern es f\u00fcr unsere Vertragserf\u00fcllung oder gesetzlich erforderlich ist, bzw. eine Einwilligung der Kunden vorliegt, offenbaren oder \u00fcbermitteln wir die Daten der Kunden unter Beachtung der berufsrechtlichen Vorgaben an Dritte oder Beauftragte, wie z.\u00a0B. Beh\u00f6rden, Gerichte oder im Bereich der IT, der B\u00fcro- oder vergleichbarer Dienstleistungen;\u00a0<strong>Rechtsgrundlagen:<\/strong>\u00a0Vertragserf\u00fcllung und vorvertragliche Anfragen (Art. 6 Abs. 1 S. 1 lit. b) DSGVO).<\/p>\n\n\n\n<p class=\"has-open-sans-font-family has-custom-font has-custom-weight has-arial-font-family has-custom-font\" style=\"font-family:Arial;font-size:22px\"><strong>Gesch\u00e4ftsprozesse und -verfahren<\/strong><\/p>\n\n\n\n<p class=\"has-open-sans-font-family has-custom-font has-custom-weight has-text-color has-link-color has-arial-font-family wp-elements-761344dba66df7f0010a1c18b0c2c036\" style=\"color:#1a2a2e;font-family:Arial;font-size:18px\">Personenbezogene Daten von Leistungsempf\u00e4ngern und Auftraggebern \u2013 darunter Kunden, Klienten oder in speziellen F\u00e4llen Mandanten, Patienten oder Gesch\u00e4ftspartner sowie weitere Dritte \u2013 werden im Rahmen vertraglicher sowie vergleichbarer Rechtsverh\u00e4ltnisse und vorvertraglicher Ma\u00dfnahmen wie der Anbahnung von Gesch\u00e4ftsbeziehungen verarbeitet. Diese Datenverarbeitung unterst\u00fctzt und erleichtert betriebswirtschaftliche Abl\u00e4ufe in Bereichen wie Kundenmanagement, Vertrieb, Zahlungsverkehr, Buchhaltung und Projektmanagement.<\/p>\n\n\n\n<p class=\"has-open-sans-font-family has-custom-font has-custom-weight has-text-color has-link-color has-arial-font-family wp-elements-582deee099198d5463d9a8e74106f65a\" style=\"color:#1a2a2e;font-family:Arial;font-size:18px\">Die erfassten Daten dienen dazu, vertragliche Verpflichtungen zu erf\u00fcllen und betriebliche Prozesse effizient zu gestalten. Hierzu geh\u00f6rt die Abwicklung von Gesch\u00e4ftstransaktionen, das Management von Kundenbeziehungen, die Optimierung von Vertriebsstrategien sowie die Gew\u00e4hrleistung interner Rechnungs- und Finanzprozesse. Zus\u00e4tzlich unterst\u00fctzen die Daten die Wahrung der Rechte des Verantwortlichen und f\u00f6rdern Verwaltungsaufgaben sowie die Organisation des Unternehmens.<\/p>\n\n\n\n<p class=\"has-open-sans-font-family has-custom-font has-custom-weight has-text-color has-link-color has-arial-font-family wp-elements-5e7f7b4b7167c3af3a504e4a78c97a21\" style=\"color:#1a2a2e;font-family:Arial;font-size:18px\">Personenbezogene Daten k\u00f6nnen an Dritte weitergegeben werden, sofern dies zur Erf\u00fcllung der genannten Zwecke oder gesetzlicher Verpflichtungen notwendig ist. Nach Ablauf gesetzlicher Aufbewahrungsfristen oder wenn der Zweck der Verarbeitung entf\u00e4llt, werden die Daten gel\u00f6scht. Dies umfasst auch Daten, die aufgrund von steuerrechtlichen und gesetzlichen Nachweispflichten l\u00e4nger gespeichert werden m\u00fcssen.<\/p>\n\n\n\n<p class=\"has-open-sans-font-family has-custom-font has-custom-weight has-text-color has-link-color has-arial-font-family wp-elements-1238b2b1ee18bcee47b7339059af1dc8\" style=\"color:#1a2a2e;font-family:Arial;font-size:18px\"><strong>Verarbeitete Datenarten:<\/strong>&nbsp;Bestandsdaten (z.&nbsp;B. der vollst\u00e4ndige Name, Wohnadresse, Kontaktinformationen, Kundennummer, etc.); Zahlungsdaten (z.&nbsp;B. Bankverbindungen, Rechnungen, Zahlungshistorie); Kontaktdaten (z.&nbsp;B. Post- und E-Mail-Adressen oder Telefonnummern); Inhaltsdaten (z. B. textliche oder bildliche Nachrichten und Beitr\u00e4ge sowie die sie betreffenden Informationen, wie z. B. Angaben zur Autorenschaft oder Zeitpunkt der Erstellung); Vertragsdaten (z.&nbsp;B. Vertragsgegenstand, Laufzeit, Kundenkategorie); Nutzungsdaten (z. B. Seitenaufrufe und Verweildauer, Klickpfade, Nutzungsintensit\u00e4t und -frequenz, verwendete Ger\u00e4tetypen und Betriebssysteme, Interaktionen mit Inhalten und Funktionen); Meta-, Kommunikations- und Verfahrensdaten (z. B. IP-Adressen, Zeitangaben, Identifikationsnummern, beteiligte Personen); Protokolldaten (z.&nbsp;B. Logfiles betreffend Logins oder den Abruf von Daten oder Zugriffszeiten.). Besch\u00e4ftigtendaten (Informationen zu Mitarbeitern und anderen Personen in einem Besch\u00e4ftigungsverh\u00e4ltnis).<\/p>\n\n\n\n<p class=\"has-open-sans-font-family has-custom-font has-custom-weight has-text-color has-link-color has-arial-font-family wp-elements-1238b2b1ee18bcee47b7339059af1dc8\" style=\"color:#1a2a2e;font-family:Arial;font-size:18px\"><strong>Verarbeitete Datenarten:<\/strong>&nbsp;Bestandsdaten (z.&nbsp;B. der vollst\u00e4ndige Name, Wohnadresse, Kontaktinformationen, Kundennummer, etc.); Zahlungsdaten (z.&nbsp;B. Bankverbindungen, Rechnungen, Zahlungshistorie); Kontaktdaten (z.&nbsp;B. Post- und E-Mail-Adressen oder Telefonnummern); Inhaltsdaten (z. B. textliche oder bildliche Nachrichten und Beitr\u00e4ge sowie die sie betreffenden Informationen, wie z. B. Angaben zur Autorenschaft oder Zeitpunkt der Erstellung); Vertragsdaten (z.&nbsp;B. Vertragsgegenstand, Laufzeit, Kundenkategorie); Nutzungsdaten (z. B. Seitenaufrufe und Verweildauer, Klickpfade, Nutzungsintensit\u00e4t und -frequenz, verwendete Ger\u00e4tetypen und Betriebssysteme, Interaktionen mit Inhalten und Funktionen); Meta-, Kommunikations- und Verfahrensdaten (z. B. IP-Adressen, Zeitangaben, Identifikationsnummern, beteiligte Personen); Protokolldaten (z.&nbsp;B. Logfiles betreffend Logins oder den Abruf von Daten oder Zugriffszeiten.). Besch\u00e4ftigtendaten (Informationen zu Mitarbeitern und anderen Personen in einem Besch\u00e4ftigungsverh\u00e4ltnis).<\/p>\n\n\n\n<p class=\"has-open-sans-font-family has-custom-font has-custom-weight has-text-color has-link-color has-arial-font-family wp-elements-4d9bb2549ed068a1e5031b000c89d62b\" style=\"color:#1a2a2e;font-family:Arial;font-size:18px\"><strong>Betroffene Personen:<\/strong>&nbsp;Leistungsempf\u00e4nger und Auftraggeber; Interessenten; Kommunikationspartner; Gesch\u00e4fts- und Vertragspartner; Dritte Personen; Nutzer (z.&nbsp;B. Webseitenbesucher, Nutzer von Onlinediensten); Besch\u00e4ftigte (z.&nbsp;B. Angestellte, Bewerber, Aushilfskr\u00e4fte und sonstige Mitarbeiter). Kunden.<\/p>\n\n\n\n<p class=\"has-open-sans-font-family has-custom-font has-custom-weight has-text-color has-link-color has-arial-font-family wp-elements-1050c15d19cad2d1495c10bc05d787ae\" style=\"color:#1a2a2e;font-family:Arial;font-size:18px\"><strong>Zwecke der Verarbeitung:<\/strong>&nbsp;Erbringung vertraglicher Leistungen und Erf\u00fcllung vertraglicher Pflichten; B\u00fcro- und Organisationsverfahren; Gesch\u00e4ftsprozesse und betriebswirtschaftliche Verfahren; Kommunikation; Marketing; Absatzf\u00f6rderung; \u00d6ffentlichkeitsarbeit; Finanz- und Zahlungsmanagement; Sicherheitsma\u00dfnahmen. Informationstechnische Infrastruktur (Betrieb und Bereitstellung von Informationssystemen und technischen Ger\u00e4ten (Computer, Server etc.)).<\/p>\n\n\n\n<p class=\"has-open-sans-font-family has-custom-font has-custom-weight has-text-color has-link-color has-arial-font-family wp-elements-a651cd2e3171be0d9c4bc88af0278000\" style=\"color:#1a2a2e;font-family:Arial;font-size:18px\"><strong>Aufbewahrung und L\u00f6schung:<\/strong>&nbsp;L\u00f6schung entsprechend Angaben im Abschnitt \u201eAllgemeine Informationen zur Datenspeicherung und L\u00f6schung\u201c.<\/p>\n\n\n\n<p class=\"has-open-sans-font-family has-custom-font has-custom-weight has-text-color has-link-color has-arial-font-family wp-elements-df686679d23d0206619955f65ea6dcd5\" style=\"color:#1a2a2e;font-family:Arial;font-size:18px\"><strong>Rechtsgrundlagen:<\/strong>&nbsp;Vertragserf\u00fcllung und vorvertragliche Anfragen (Art. 6 Abs. 1 S. 1 lit. b) DSGVO); Berechtigte Interessen (Art. 6 Abs. 1 S. 1 lit. f) DSGVO). Rechtliche Verpflichtung (Art. 6 Abs. 1 S. 1 lit. c) DSGVO).<\/p>\n\n\n\n<p class=\"has-open-sans-font-family has-custom-font has-custom-weight has-arial-font-family has-custom-font\" style=\"font-family:Arial;font-size:22px\"><strong><strong>Weitere Hinweise zu Verarbeitungsprozessen, Verfahren und Diensten:<\/strong><\/strong><\/p>\n\n\n\n<p class=\"has-open-sans-font-family has-custom-font has-custom-weight has-text-color has-link-color has-arial-font-family wp-elements-20ea81202cece43cff85c902e271d307\" style=\"color:#1a2a2e;font-family:Arial;font-size:18px\"><strong>Kundenmanagement und Customer-Relationship-Management (CRM):<\/strong>&nbsp;Verfahren, die im Rahmen des Kundenmanagements und Customer-Relationship-Managements (CRM) erforderlich sind (z.&nbsp;B. Kundenakquisition unter Einhaltung der Datenschutzvorgaben, Ma\u00dfnahmen zur F\u00f6rderung von Kundenbindung und -loyalit\u00e4t, effektive Kundenkommunikation, Beschwerdemanagement und Kundenservice mit Ber\u00fccksichtigung des Datenschutzes, Datenmanagement und -analyse zur Unterst\u00fctzung der Kundenbeziehung, Verwaltung von CRM-Systemen, sichere Kontoverwaltung, Kundensegmentierung und Zielgruppenbildung);&nbsp;<strong>Rechtsgrundlagen:<\/strong>&nbsp;Vertragserf\u00fcllung und vorvertragliche Anfragen (Art. 6 Abs. 1 S. 1 lit. b) DSGVO), Berechtigte Interessen (Art. 6 Abs. 1 S. 1 lit. f) DSGVO).<\/p>\n\n\n\n<p class=\"has-open-sans-font-family has-custom-font has-custom-weight has-text-color has-link-color has-arial-font-family wp-elements-dc35adb4f3c1c9e0efa610561377b8b1\" style=\"color:#1a2a2e;font-family:Arial;font-size:18px\"><strong>Kontaktverwaltung und Kontaktpflege:<\/strong>&nbsp;Verfahren, die im Rahmen der Organisation, Pflege und Sicherung von Kontaktinformationen erforderlich sind (z.&nbsp;B. die Einrichtung und Wartung einer zentralen Kontaktdatenbank, regelm\u00e4\u00dfige Aktualisierungen der Kontaktinformationen, \u00dcberwachung der Datenintegrit\u00e4t, Implementierung von Datenschutzma\u00dfnahmen, Sicherstellung der Zugriffskontrollen, Durchf\u00fchrung von Backups und Wiederherstellungen der Kontaktdaten, Schulung von Mitarbeitern im effektiven Umgang mit Kontaktmanagement-Software, regelm\u00e4\u00dfige \u00dcberpr\u00fcfung der Kommunikationshistorie und Anpassung der Kontaktstrategien);&nbsp;<strong>Rechtsgrundlagen:<\/strong>&nbsp;Vertragserf\u00fcllung und vorvertragliche Anfragen (Art. 6 Abs. 1 S. 1 lit. b) DSGVO), Berechtigte Interessen (Art. 6 Abs. 1 S. 1 lit. f) DSGVO).<\/p>\n\n\n\n<p class=\"has-open-sans-font-family has-custom-font has-custom-weight has-text-color has-link-color has-arial-font-family wp-elements-1aa6a2d9a09c13afe7243d791425523b\" style=\"color:#1a2a2e;font-family:Arial;font-size:18px\"><strong>Allgemeiner Zahlungsverkehr:<\/strong>&nbsp;Verfahren, die bei der Durchf\u00fchrung von Zahlungsvorg\u00e4ngen, der \u00dcberwachung von Bankkonten und der Kontrolle von Zahlungsstr\u00f6men erforderlich sind (z.&nbsp;B. Erstellung und Pr\u00fcfung von \u00dcberweisungen, Abwicklung des Lastschriftverkehrs, Kontrolle von Kontoausz\u00fcgen, \u00dcberwachung von Zahlungseing\u00e4ngen und -ausg\u00e4ngen, R\u00fccklastschriftmanagement, Kontenabstimmung, Cash-Management);&nbsp;<strong>Rechtsgrundlagen:<\/strong>&nbsp;Vertragserf\u00fcllung und vorvertragliche Anfragen (Art. 6 Abs. 1 S. 1 lit. b) DSGVO), Berechtigte Interessen (Art. 6 Abs. 1 S. 1 lit. f) DSGVO).<\/p>\n\n\n\n<p class=\"has-open-sans-font-family has-custom-font has-custom-weight has-text-color has-link-color has-arial-font-family wp-elements-d327fd372dfd2dddfcd63176621d73f0\" style=\"color:#1a2a2e;font-family:Arial;font-size:18px\"><strong>Buchhaltung, Kreditorenbuchhaltung, Debitorenbuchhaltung:<\/strong>&nbsp;Verfahren, die bei der Erfassung, Bearbeitung und Kontrolle von Gesch\u00e4ftsvorg\u00e4ngen im Bereich der Kreditoren- und Debitorenbuchhaltung erforderlich sind (z.&nbsp;B. Erstellung und Pr\u00fcfung von eingehenden und ausgehenden Rechnungen, \u00dcberwachung und Verwaltung von offenen Posten, Durchf\u00fchrung des Zahlungsverkehrs, Abwicklung des Mahnwesens, Kontenabstimmung im Rahmen von Forderungen und Verbindlichkeiten, Kreditorenbuchhaltung und Debitorenbuchhaltung);&nbsp;<strong>Rechtsgrundlagen:<\/strong>&nbsp;Vertragserf\u00fcllung und vorvertragliche Anfragen (Art. 6 Abs. 1 S. 1 lit. b) DSGVO), Rechtliche Verpflichtung (Art. 6 Abs. 1 S. 1 lit. c) DSGVO), Berechtigte Interessen (Art. 6 Abs. 1 S. 1 lit. f) DSGVO).<\/p>\n\n\n\n<p class=\"has-open-sans-font-family has-custom-font has-custom-weight has-text-color has-link-color has-arial-font-family wp-elements-f43383c75aab9ea24a592d8536fc5549\" style=\"color:#1a2a2e;font-family:Arial;font-size:18px\"><strong>Finanzbuchhaltung und Steuern:<\/strong>&nbsp;Verfahren, die bei der Erfassung, Verwaltung und Kontrolle von finanzrelevanten Gesch\u00e4ftsvorf\u00e4llen sowie bei der Berechnung, Meldung und Zahlung von Steuern erforderlich sind (z.&nbsp;B. Kontierung und Verbuchung von Gesch\u00e4ftsvorf\u00e4llen, Erstellung von Quartals- und Jahresabschl\u00fcssen, Durchf\u00fchrung des Zahlungsverkehrs, Abwicklung des Mahnwesens, Kontenabstimmung, steuerliche Beratung, Erstellung und Einreichung von Steuererkl\u00e4rungen, Abwicklung des Steuerwesens);&nbsp;<strong>Rechtsgrundlagen:<\/strong>&nbsp;Vertragserf\u00fcllung und vorvertragliche Anfragen (Art. 6 Abs. 1 S. 1 lit. b) DSGVO), Rechtliche Verpflichtung (Art. 6 Abs. 1 S. 1 lit. c) DSGVO), Berechtigte Interessen (Art. 6 Abs. 1 S. 1 lit. f) DSGVO).<\/p>\n\n\n\n<p class=\"has-open-sans-font-family has-custom-font has-custom-weight has-text-color has-link-color has-arial-font-family wp-elements-f43383c75aab9ea24a592d8536fc5549\" style=\"color:#1a2a2e;font-family:Arial;font-size:18px\"><strong>Finanzbuchhaltung und Steuern:<\/strong>&nbsp;Verfahren, die bei der Erfassung, Verwaltung und Kontrolle von finanzrelevanten Gesch\u00e4ftsvorf\u00e4llen sowie bei der Berechnung, Meldung und Zahlung von Steuern erforderlich sind (z.&nbsp;B. Kontierung und Verbuchung von Gesch\u00e4ftsvorf\u00e4llen, Erstellung von Quartals- und Jahresabschl\u00fcssen, Durchf\u00fchrung des Zahlungsverkehrs, Abwicklung des Mahnwesens, Kontenabstimmung, steuerliche Beratung, Erstellung und Einreichung von Steuererkl\u00e4rungen, Abwicklung des Steuerwesens);&nbsp;<strong>Rechtsgrundlagen:<\/strong>&nbsp;Vertragserf\u00fcllung und vorvertragliche Anfragen (Art. 6 Abs. 1 S. 1 lit. b) DSGVO), Rechtliche Verpflichtung (Art. 6 Abs. 1 S. 1 lit. c) DSGVO), Berechtigte Interessen (Art. 6 Abs. 1 S. 1 lit. f) DSGVO).<\/p>\n\n\n\n<p class=\"has-open-sans-font-family has-custom-font has-custom-weight has-text-color has-link-color has-arial-font-family wp-elements-0cdfa08ba118e98f617baf79f64c29dd\" style=\"color:#1a2a2e;font-family:Arial;font-size:18px\"><strong>Vertrieb:<\/strong>&nbsp;Verfahren, die bei der Planung, Durchf\u00fchrung und Kontrolle von Ma\u00dfnahmen zur Vermarktung und zum Verkauf von Produkten oder Dienstleistungen erforderlich sind (z.&nbsp;B. Kundenakquise, Angebotserstellung und -verfolgung, Auftragsabwicklung, Kundenberatung und -betreuung, Verkaufsf\u00f6rderung, Produktschulungen, Vertriebscontrolling und -analyse, Management von Vertriebskan\u00e4len);&nbsp;<strong>Rechtsgrundlagen:<\/strong>&nbsp;Vertragserf\u00fcllung und vorvertragliche Anfragen (Art. 6 Abs. 1 S. 1 lit. b) DSGVO), Berechtigte Interessen (Art. 6 Abs. 1 S. 1 lit. f) DSGVO).<\/p>\n\n\n\n<p class=\"has-open-sans-font-family has-custom-font has-custom-weight has-text-color has-link-color has-arial-font-family wp-elements-dd974887c0e7cdd418c95ff3a525ea5b\" style=\"color:#1a2a2e;font-family:Arial;font-size:18px\"><strong>Marketing, Werbung und Absatzf\u00f6rderung:<\/strong>&nbsp;Verfahren, die im Rahmen von Marketing, Werbung und Absatzf\u00f6rderung erforderlich sind (z.&nbsp;B. Marktanalyse und Zielgruppenbestimmung, Entwicklung von Marketingstrategien, Planung und Durchf\u00fchrung von Werbekampagnen, Gestaltung und Produktion von Werbematerialien, Online-Marketing einschlie\u00dflich SEO und Social Media Kampagnen, Eventmarketing und Messebeteiligungen, Kundenbindungsprogramme, Verkaufsf\u00f6rderungsma\u00dfnahmen, Performance-Messung und Optimierung der Marketingaktivit\u00e4ten, Budgetverwaltung und Kostenkontrolle);&nbsp;<strong>Rechtsgrundlagen:<\/strong>&nbsp;Berechtigte Interessen (Art. 6 Abs. 1 S. 1 lit. f) DSGVO).<\/p>\n\n\n\n<p class=\"has-open-sans-font-family has-custom-font has-custom-weight has-text-color has-link-color has-arial-font-family wp-elements-e9e7afa9c8c60273f95d0550e7234ff6\" style=\"color:#1a2a2e;font-family:Arial;font-size:18px\"><strong>Wirtschaftliche Analysen und Marktforschung:<\/strong>&nbsp;Zur Erf\u00fcllung betriebswirtschaftlicher Zwecke und zur Erkennung von Markttendenzen, W\u00fcnschen der Vertragspartner und Nutzern werden die vorliegenden Daten zu Gesch\u00e4ftsvorg\u00e4ngen, Vertr\u00e4gen, Anfragen etc. analysiert. In die Gruppe der betroffenen Personen k\u00f6nnen Vertragspartner, Interessenten, Kunden, Besucher und Nutzer des Onlineangebotes des Verantwortlichen fallen. Die Durchf\u00fchrung der Analysen dient den Zwecken der betriebswirtschaftlichen Auswertungen, des Marketings und der Marktforschung (z.&nbsp;B. zur Bestimmung von Kundengruppen mit unterschiedlichen Eigenschaften). Dabei werden, sofern vorhanden, Profile von registrierten Nutzern samt ihrer Angaben zu in Anspruch genommenen Leistungen ber\u00fccksichtigt. Die Analysen dienen ausschlie\u00dflich dem Verantwortlichen und werden nicht extern offenbart, au\u00dfer es handelt sich um anonyme Analysen mit zusammengefassten, also anonymisierten Werten. Zudem wird auf die Privatsph\u00e4re der Nutzer R\u00fccksicht genommen; die Daten werden f\u00fcr Analysezwecke m\u00f6glichst pseudonymisiert und, sofern machbar, anonymisiert verarbeitet (z.&nbsp;B. als zusammengefasste Daten);&nbsp;<strong>Rechtsgrundlagen:<\/strong>&nbsp;Berechtigte Interessen (Art. 6 Abs. 1 S. 1 lit. f) DSGVO).<\/p>\n\n\n\n<p class=\"has-open-sans-font-family has-custom-font has-custom-weight has-text-color has-link-color has-arial-font-family wp-elements-5e0de62015dd1a354f7fd12d3770f8de\" style=\"color:#1a2a2e;font-family:Arial;font-size:18px\"><strong>\u00d6ffentlichkeitsarbeit:<\/strong>&nbsp;Verfahren, die im Rahmen der \u00d6ffentlichkeitsarbeit und Public Relations erforderlich sind (z.&nbsp;B. Entwicklung und Umsetzung von Kommunikationsstrategien, Planung und Durchf\u00fchrung von PR-Kampagnen, Erstellung und Verbreitung von Pressemitteilungen, Pflege von Medienkontakten, Monitoring und Analyse der Medienresonanz, Organisation von Pressekonferenzen und \u00f6ffentlichen Veranstaltungen, Krisenkommunikation, Erstellung von Content f\u00fcr soziale Medien und Unternehmenswebseiten, Betreuung des Corporate Branding);&nbsp;<strong>Rechtsgrundlagen:<\/strong>&nbsp;Berechtigte Interessen (Art. 6 Abs. 1 S. 1 lit. f) DSGVO).<\/p>\n\n\n\n<p class=\"has-open-sans-font-family has-custom-font has-custom-weight has-text-color has-link-color has-arial-font-family wp-elements-437ea425a41c4c2bf06ad89c40c0f3f9\" style=\"color:#1a2a2e;font-family:Arial;font-size:18px\"><strong>G\u00e4ste-WLAN:<\/strong>&nbsp;Verfahren, die bei der Einrichtung, Betrieb, Wartung und \u00dcberwachung eines drahtlosen Netzwerks f\u00fcr G\u00e4ste erforderlich sind (z.&nbsp;B. Installation und Konfiguration von WLAN-Zugangspunkten, Erstellung und Verwaltung von Gastzug\u00e4ngen, \u00dcberwachung der Netzwerkverbindung, Sicherstellung der Netzwerksicherheit, Behebung von Verbindungsproblemen, Aktualisierung von Netzwerksoftware, Einhaltung von Datenschutzbestimmungen);&nbsp;<strong>Rechtsgrundlagen:<\/strong>&nbsp;Vertragserf\u00fcllung und vorvertragliche Anfragen (Art. 6 Abs. 1 S. 1 lit. b) DSGVO), Rechtliche Verpflichtung (Art. 6 Abs. 1 S. 1 lit. c) DSGVO), Berechtigte Interessen (Art. 6 Abs. 1 S. 1 lit. f) DSGVO).<\/p>\n\n\n\n<p class=\"has-open-sans-font-family has-custom-font has-custom-weight has-arial-font-family has-custom-font\" style=\"font-family:Arial;font-size:22px\"><strong><strong>Im Rahmen der Gesch\u00e4ftst\u00e4tigkeit eingesetzte Anbieter und Services<\/strong><\/strong><\/p>\n\n\n\n<p class=\"has-open-sans-font-family has-custom-font has-custom-weight has-text-color has-link-color has-arial-font-family wp-elements-f09c7eea5ab002c54a2dc401b8f314d7\" style=\"color:#1a2a2e;font-family:Arial;font-size:18px\">Im Rahmen unserer Gesch\u00e4ftst\u00e4tigkeit nutzen wir unter Beachtung der gesetzlichen Vorgaben zus\u00e4tzliche Dienste, Plattformen, Schnittstellen oder Plug-ins von Drittanbietern (kurz \u201eDienste\u201c). Deren Nutzung beruht auf unseren Interessen an einer ordnungsgem\u00e4\u00dfen, rechtm\u00e4\u00dfigen und wirtschaftlichen F\u00fchrung unseres Gesch\u00e4ftsbetriebs und unserer internen Organisation.<\/p>\n\n\n\n<p class=\"has-open-sans-font-family has-custom-font has-custom-weight has-text-color has-link-color has-arial-font-family wp-elements-7ab80c4b48de82e885b81ae63545a096\" style=\"color:#1a2a2e;font-family:Arial;font-size:18px\"><strong>Verarbeitete Datenarten:<\/strong>&nbsp;Bestandsdaten (z.&nbsp;B. der vollst\u00e4ndige Name, Wohnadresse, Kontaktinformationen, Kundennummer, etc.); Zahlungsdaten (z.&nbsp;B. Bankverbindungen, Rechnungen, Zahlungshistorie); Kontaktdaten (z.&nbsp;B. Post- und E-Mail-Adressen oder Telefonnummern); Inhaltsdaten (z. B. textliche oder bildliche Nachrichten und Beitr\u00e4ge sowie die sie betreffenden Informationen, wie z. B. Angaben zur Autorenschaft oder Zeitpunkt der Erstellung). Vertragsdaten (z.&nbsp;B. Vertragsgegenstand, Laufzeit, Kundenkategorie).<\/p>\n\n\n\n<p class=\"has-open-sans-font-family has-custom-font has-custom-weight has-text-color has-link-color has-arial-font-family wp-elements-aeccce168f4f3f8165c75bce091db742\" style=\"color:#1a2a2e;font-family:Arial;font-size:18px\"><strong>Betroffene Personen:<\/strong>&nbsp;Leistungsempf\u00e4nger und Auftraggeber; Interessenten; Gesch\u00e4fts- und Vertragspartner. Besch\u00e4ftigte (z.&nbsp;B. Angestellte, Bewerber, Aushilfskr\u00e4fte und sonstige Mitarbeiter).<\/p>\n\n\n\n<p class=\"has-open-sans-font-family has-custom-font has-custom-weight has-text-color has-link-color has-arial-font-family wp-elements-9e5f09d49f089669fd47207773062ea7\" style=\"color:#1a2a2e;font-family:Arial;font-size:18px\"><strong>Zwecke der Verarbeitung:<\/strong>&nbsp;Erbringung vertraglicher Leistungen und Erf\u00fcllung vertraglicher Pflichten; B\u00fcro- und Organisationsverfahren. Gesch\u00e4ftsprozesse und betriebswirtschaftliche Verfahren.<\/p>\n\n\n\n<p class=\"has-open-sans-font-family has-custom-font has-custom-weight has-text-color has-link-color has-arial-font-family wp-elements-a651cd2e3171be0d9c4bc88af0278000\" style=\"color:#1a2a2e;font-family:Arial;font-size:18px\"><strong>Aufbewahrung und L\u00f6schung:<\/strong>&nbsp;L\u00f6schung entsprechend Angaben im Abschnitt \u201eAllgemeine Informationen zur Datenspeicherung und L\u00f6schung\u201c.<\/p>\n\n\n\n<p class=\"has-open-sans-font-family has-custom-font has-custom-weight has-text-color has-link-color has-arial-font-family wp-elements-df042ed5d6fa5bc866118f402512c7fa\" style=\"color:#1a2a2e;font-family:Arial;font-size:18px\"><strong>Rechtsgrundlagen:<\/strong>&nbsp;Berechtigte Interessen (Art. 6 Abs. 1 S. 1 lit. f) DSGVO).<\/p>\n\n\n\n<p class=\"has-open-sans-font-family has-custom-font has-custom-weight has-arial-font-family has-custom-font\" style=\"font-family:Arial;font-size:22px\"><strong><strong><strong>Weitere Hinweise zu Verarbeitungsprozessen, Verfahren und Diensten:<\/strong><\/strong><\/strong><\/p>\n\n\n\n<p class=\"has-open-sans-font-family has-custom-font has-custom-weight has-text-color has-link-color has-arial-font-family wp-elements-2611c9dff0575b996701d4d6aa42f4ac\" style=\"color:#1a2a2e;font-family:Arial;font-size:18px\"><strong>DATEV:<\/strong>&nbsp;Software f\u00fcr Buchhaltung, Kommunikation mit Steuerberatern sowie Beh\u00f6rden und mit Belegspeicherung;&nbsp;<strong>Dienstanbieter:<\/strong>&nbsp;DATEV eG, Paumgartnerstr. 6 \u2013 14, 90429 N\u00fcrnberg, Deutschland;&nbsp;<strong>Rechtsgrundlagen:<\/strong>&nbsp;Berechtigte Interessen (Art. 6 Abs. 1 S. 1 lit. f) DSGVO);&nbsp;<strong>Website:<\/strong>&nbsp;https:\/\/www.datev.de\/web\/de\/mydatev\/datev-cloud-anwendungen\/;&nbsp;<strong>Datenschutzerkl\u00e4rung:<\/strong>&nbsp;https:\/\/www.datev.de\/web\/de\/m\/ueber-datev\/datenschutz\/.&nbsp;<strong>Auftragsverarbeitungsvertrag:<\/strong>&nbsp;Wird vom Dienstanbieter bereitgestellt.<\/p>\n\n\n\n<p class=\"has-open-sans-font-family has-custom-font has-custom-weight has-arial-font-family has-custom-font\" style=\"font-family:Arial;font-size:22px\"><strong><strong><strong><strong>Bonit\u00e4tspr\u00fcfung<\/strong><\/strong><\/strong><\/strong><\/p>\n\n\n\n<p class=\"has-open-sans-font-family has-custom-font has-custom-weight has-text-color has-link-color has-arial-font-family wp-elements-6e2b1e2400bb4056859b83a45786f59f\" style=\"color:#1a2a2e;font-family:Arial;font-size:18px\">Sofern wir in Vorleistung treten oder vergleichbare wirtschaftliche Risiken eingehen (z.&nbsp;B. beim Bestellung auf Rechnung), behalten wir uns vor, zur Wahrung der berechtigten Interessen eine Identit\u00e4ts- und Bonit\u00e4tsauskunft zwecks Beurteilung des Kreditrisikos auf Basis von mathematisch-statistischen Verfahren von hierauf spezialisierten Dienstleistungsunternehmen (Wirtschaftsauskunfteien) einzuholen.<\/p>\n\n\n\n<p class=\"has-open-sans-font-family has-custom-font has-custom-weight has-text-color has-link-color has-arial-font-family wp-elements-0959c652d25f346e393f7b256cbee3a8\" style=\"color:#1a2a2e;font-family:Arial;font-size:18px\">Die von den Wirtschaftsauskunfteien erhaltenen Informationen \u00fcber die statistische Wahrscheinlichkeit eines Zahlungsausfalls verarbeiten wir im Rahmen einer sachgerechten Ermessensentscheidung \u00fcber die Begr\u00fcndung, Durchf\u00fchrung und Beendigung des Vertragsverh\u00e4ltnisses. Wir behalten uns vor, im Fall eines negativen Ergebnisses der Bonit\u00e4tspr\u00fcfung, die Zahlung auf Rechnung oder eine andere Vorleistung zu verweigern.<\/p>\n\n\n\n<p class=\"has-open-sans-font-family has-custom-font has-custom-weight has-text-color has-link-color has-arial-font-family wp-elements-f587c1d0ea1314b33a21f86b76498329\" style=\"color:#1a2a2e;font-family:Arial;font-size:18px\">Die Entscheidung, ob wir in Vorleistung treten, erfolgt entsprechend den gesetzlichen Vorgaben alleine auf Grundlage einer automatisierten Entscheidung im Einzelfall, die unsere Software unter Zugrundelegung der Auskunft der Wirtschaftsauskunftei vornimmt.<\/p>\n\n\n\n<p class=\"has-open-sans-font-family has-custom-font has-custom-weight has-text-color has-link-color has-arial-font-family wp-elements-fe1a18e1ecfce85aba83198ebb5bb30f\" style=\"color:#1a2a2e;font-family:Arial;font-size:18px\">Sofern wir eine ausdr\u00fcckliche Einwilligung von Vertragspartnern einholen, ist die Rechtsgrundlage f\u00fcr die Bonit\u00e4tsauskunft und die \u00dcbermittlung der Daten des Kunden an die Auskunfteien die Einwilligung. Falls keine Einwilligung eingeholt wird, erfolgt die Bonit\u00e4tsauskunft auf Grundlage unserer berechtigten Interessen an der Ausfallsicherheit unserer Zahlungsforderungen.<\/p>\n\n\n\n<p class=\"has-open-sans-font-family has-custom-font has-custom-weight has-text-color has-link-color has-arial-font-family wp-elements-13e1d8bc0993bccd71092182ea96b54f\" style=\"color:#1a2a2e;font-family:Arial;font-size:18px\"><strong>Verarbeitete Datenarten:<\/strong>&nbsp;Bestandsdaten (z.&nbsp;B. der vollst\u00e4ndige Name, Wohnadresse, Kontaktinformationen, Kundennummer, etc.); Zahlungsdaten (z.&nbsp;B. Bankverbindungen, Rechnungen, Zahlungshistorie); Kontaktdaten (z.&nbsp;B. Post- und E-Mail-Adressen oder Telefonnummern); Vertragsdaten (z.&nbsp;B. Vertragsgegenstand, Laufzeit, Kundenkategorie). Bonit\u00e4tsdaten (z.B. erhaltener Bonit\u00e4tsscore, gesch\u00e4tzte Ausfallwahrscheinlichkeit, darauf basierende Risikoeinstufung, historisches Zahlungsverhalten).<\/p>\n\n\n\n<p class=\"has-open-sans-font-family has-custom-font has-custom-weight has-text-color has-link-color has-arial-font-family wp-elements-a6d8d51b1ce3b6480aa81ff2961b9d5b\" style=\"color:#1a2a2e;font-family:Arial;font-size:18px\"><strong>Betroffene Personen:<\/strong>&nbsp;Leistungsempf\u00e4nger und Auftraggeber; Interessenten. Gesch\u00e4fts- und Vertragspartner.<\/p>\n\n\n\n<p class=\"has-open-sans-font-family has-custom-font has-custom-weight has-text-color has-link-color has-arial-font-family wp-elements-1a1f73f663dd2229c3c77d914ad67a88\" style=\"color:#1a2a2e;font-family:Arial;font-size:18px\"><strong>Zwecke der Verarbeitung:<\/strong>&nbsp;Beurteilung der Bonit\u00e4t und Kreditw\u00fcrdigkeit.<\/p>\n\n\n\n<p class=\"has-open-sans-font-family has-custom-font has-custom-weight has-text-color has-link-color has-arial-font-family wp-elements-a651cd2e3171be0d9c4bc88af0278000\" style=\"color:#1a2a2e;font-family:Arial;font-size:18px\"><strong>Aufbewahrung und L\u00f6schung:<\/strong>&nbsp;L\u00f6schung entsprechend Angaben im Abschnitt \u201eAllgemeine Informationen zur Datenspeicherung und L\u00f6schung\u201c.<\/p>\n\n\n\n<p class=\"has-open-sans-font-family has-custom-font has-custom-weight has-text-color has-link-color has-arial-font-family wp-elements-e8c75a9153a39bb39123b0e8ffb9da61\" style=\"color:#1a2a2e;font-family:Arial;font-size:18px\"><strong>Rechtsgrundlagen:<\/strong>&nbsp;Einwilligung (Art. 6 Abs. 1 S. 1 lit. a) DSGVO). Berechtigte Interessen (Art. 6 Abs. 1 S. 1 lit. f) DSGVO).<\/p>\n\n\n\n<p class=\"has-open-sans-font-family has-custom-font has-custom-weight has-text-color has-link-color has-arial-font-family wp-elements-adfae0fc9892614e76dd98379b5a32dc\" style=\"color:#1a2a2e;font-family:Arial;font-size:18px\"><strong>Automatisierte Entscheidungen im Einzelfall:<\/strong>&nbsp;Bonit\u00e4tsauskunft (Entscheidung auf Grundlage einer Bonit\u00e4tspr\u00fcfung).<\/p>\n\n\n\n<p class=\"has-open-sans-font-family has-custom-font has-custom-weight has-arial-font-family has-custom-font\" style=\"font-family:Arial;font-size:22px\"><strong>Bereitstellung des Onlineangebots und Webhosting<\/strong><\/p>\n\n\n\n<p class=\"has-open-sans-font-family has-custom-font has-custom-weight has-text-color has-link-color has-arial-font-family wp-elements-2852ba2f3ef8790cd182608dd9ca93e8\" style=\"color:#1a2a2e;font-family:Arial;font-size:18px\">Wir verarbeiten die Daten der Nutzer, um ihnen unsere Online-Dienste zur Verf\u00fcgung stellen zu k\u00f6nnen. Zu diesem Zweck verarbeiten wir die IP-Adresse des Nutzers, die notwendig ist, um die Inhalte und Funktionen unserer Online-Dienste an den Browser oder das Endger\u00e4t der Nutzer zu \u00fcbermitteln.<\/p>\n\n\n\n<p class=\"has-open-sans-font-family has-custom-font has-custom-weight has-text-color has-link-color has-arial-font-family wp-elements-5d1df41a86ec0adde874af629196c6e9\" style=\"color:#1a2a2e;font-family:Arial;font-size:18px\"><strong>Verarbeitete Datenarten:<\/strong>&nbsp;Nutzungsdaten (z. B. Seitenaufrufe und Verweildauer, Klickpfade, Nutzungsintensit\u00e4t und -frequenz, verwendete Ger\u00e4tetypen und Betriebssysteme, Interaktionen mit Inhalten und Funktionen); Meta-, Kommunikations- und Verfahrensdaten (z. B. IP-Adressen, Zeitangaben, Identifikationsnummern, beteiligte Personen); Protokolldaten (z.&nbsp;B. Logfiles betreffend Logins oder den Abruf von Daten oder Zugriffszeiten.); Bestandsdaten (z.&nbsp;B. der vollst\u00e4ndige Name, Wohnadresse, Kontaktinformationen, Kundennummer, etc.); Kontaktdaten (z.&nbsp;B. Post- und E-Mail-Adressen oder Telefonnummern). Inhaltsdaten (z. B. textliche oder bildliche Nachrichten und Beitr\u00e4ge sowie die sie betreffenden Informationen, wie z. B. Angaben zur Autorenschaft oder Zeitpunkt der Erstellung).<\/p>\n\n\n\n<p class=\"has-open-sans-font-family has-custom-font has-custom-weight has-text-color has-link-color has-arial-font-family wp-elements-bec8d724b2cb6b7300d527b94f2c1cc4\" style=\"color:#1a2a2e;font-family:Arial;font-size:18px\"><strong>Betroffene Personen:<\/strong>&nbsp;Nutzer (z.&nbsp;B. Webseitenbesucher, Nutzer von Onlinediensten); Leistungsempf\u00e4nger und Auftraggeber; Kommunikationspartner. Gesch\u00e4fts- und Vertragspartner.<\/p>\n\n\n\n<p class=\"has-open-sans-font-family has-custom-font has-custom-weight has-text-color has-link-color has-arial-font-family wp-elements-797d77529bf374992275d1809c06c328\" style=\"color:#1a2a2e;font-family:Arial;font-size:18px\"><strong>Zwecke der Verarbeitung:<\/strong>&nbsp;Bereitstellung unseres Onlineangebotes und Nutzerfreundlichkeit; Informationstechnische Infrastruktur (Betrieb und Bereitstellung von Informationssystemen und technischen Ger\u00e4ten (Computer, Server etc.)); Sicherheitsma\u00dfnahmen; Kommunikation. Organisations- und Verwaltungsverfahren.<\/p>\n\n\n\n<p class=\"has-open-sans-font-family has-custom-font has-custom-weight has-text-color has-link-color has-arial-font-family wp-elements-a651cd2e3171be0d9c4bc88af0278000\" style=\"color:#1a2a2e;font-family:Arial;font-size:18px\"><strong>Aufbewahrung und L\u00f6schung:<\/strong>&nbsp;L\u00f6schung entsprechend Angaben im Abschnitt \u201eAllgemeine Informationen zur Datenspeicherung und L\u00f6schung\u201c.<\/p>\n\n\n\n<p class=\"has-open-sans-font-family has-custom-font has-custom-weight has-text-color has-link-color has-arial-font-family wp-elements-df042ed5d6fa5bc866118f402512c7fa\" style=\"color:#1a2a2e;font-family:Arial;font-size:18px\"><strong>Rechtsgrundlagen:<\/strong>&nbsp;Berechtigte Interessen (Art. 6 Abs. 1 S. 1 lit. f) DSGVO).<\/p>\n\n\n\n<p class=\"has-open-sans-font-family has-custom-font has-custom-weight has-arial-font-family has-custom-font\" style=\"font-family:Arial;font-size:22px\"><strong>Weitere Hinweise zu Verarbeitungsprozessen, Verfahren und Diensten:<\/strong><\/p>\n\n\n\n<p class=\"has-open-sans-font-family has-custom-font has-custom-weight has-text-color has-link-color has-arial-font-family wp-elements-e7b695ce1cf7d919b32324389ce2679b\" style=\"color:#1a2a2e;font-family:Arial;font-size:18px\"><strong>Bereitstellung Onlineangebot auf gemietetem Speicherplatz:<\/strong>&nbsp;F\u00fcr die Bereitstellung unseres Onlineangebotes nutzen wir Speicherplatz, Rechenkapazit\u00e4t und Software, die wir von einem entsprechenden Serveranbieter (auch \u201eWebhoster\u201c genannt) mieten oder anderweitig beziehen;&nbsp;<strong>Rechtsgrundlagen:<\/strong>&nbsp;Berechtigte Interessen (Art. 6 Abs. 1 S. 1 lit. f) DSGVO).<\/p>\n\n\n\n<p class=\"has-open-sans-font-family has-custom-font has-custom-weight has-text-color has-link-color has-arial-font-family wp-elements-7f2b7c66a58e95b70335caed9c55e237\" style=\"color:#1a2a2e;font-family:Arial;font-size:18px\"><strong>Erhebung von Zugriffsdaten und Logfiles:<\/strong>&nbsp;Der Zugriff auf unser Onlineangebot wird in Form von sogenannten \u201eServer-Logfiles\u201c protokolliert. Zu den Serverlogfiles k\u00f6nnen die Adresse und der Name der abgerufenen Webseiten und Dateien, Datum und Uhrzeit des Abrufs, \u00fcbertragene Datenmengen, Meldung \u00fcber erfolgreichen Abruf, Browsertyp nebst Version, das Betriebssystem des Nutzers, Referrer URL (die zuvor besuchte Seite) und im Regelfall IP-Adressen und der anfragende Provider geh\u00f6ren. Die Serverlogfiles k\u00f6nnen zum einen zu Sicherheitszwecken eingesetzt werden, z.&nbsp;B. um eine \u00dcberlastung der Server zu vermeiden (insbesondere im Fall von missbr\u00e4uchlichen Angriffen, sogenannten DDoS-Attacken), und zum anderen, um die Auslastung der Server und ihre Stabilit\u00e4t sicherzustellen;&nbsp;<strong>Rechtsgrundlagen:<\/strong>&nbsp;Berechtigte Interessen (Art. 6 Abs. 1 S. 1 lit. f) DSGVO).&nbsp;<strong>L\u00f6schung von Daten:<\/strong>&nbsp;Logfile-Informationen werden f\u00fcr die Dauer von maximal 30 Tagen gespeichert und danach gel\u00f6scht oder anonymisiert. Daten, deren weitere Aufbewahrung zu Beweiszwecken erforderlich ist, sind bis zur endg\u00fcltigen Kl\u00e4rung des jeweiligen Vorfalls von der L\u00f6schung ausgenommen.<\/p>\n\n\n\n<p class=\"has-open-sans-font-family has-custom-font has-custom-weight has-text-color has-link-color has-arial-font-family wp-elements-db52a6bcbe547bd6e78465629008f7c7\" style=\"color:#1a2a2e;font-family:Arial;font-size:18px\"><strong>Content-Delivery-Network:<\/strong>&nbsp;Wir setzen ein \u201eContent-Delivery-Network\u201c (CDN) ein. Ein CDN ist ein Dienst, mit dessen Hilfe Inhalte eines Onlineangebotes, insbesondere gro\u00dfe Mediendateien, wie Grafiken oder Programm-Skripte, mit Hilfe regional verteilter und \u00fcber das Internet verbundener Server schneller und sicherer ausgeliefert werden k\u00f6nnen;&nbsp;<strong>Rechtsgrundlagen:<\/strong>&nbsp;Berechtigte Interessen (Art. 6 Abs. 1 S. 1 lit. f) DSGVO).<\/p>\n\n\n\n<p class=\"has-open-sans-font-family has-custom-font has-custom-weight has-text-color has-link-color has-arial-font-family wp-elements-e4e5e76e8c427d399bda0c4c01cbd04e\" style=\"color:#1a2a2e;font-family:Arial;font-size:18px\"><strong>STRATO:<\/strong>&nbsp;Leistungen auf dem Gebiet der Bereitstellung von informationstechnischer Infrastruktur und verbundenen Dienstleistungen (z.&nbsp;B. Speicherplatz und\/oder Rechenkapazit\u00e4ten);&nbsp;<strong>Dienstanbieter:<\/strong>&nbsp;STRATO AG, Pascalstra\u00dfe 10,10587 Berlin, Deutschland;&nbsp;<strong>Rechtsgrundlagen:<\/strong>&nbsp;Berechtigte Interessen (Art. 6 Abs. 1 S. 1 lit. f) DSGVO);&nbsp;<strong>Website:<\/strong>&nbsp;https:\/\/www.strato.de;&nbsp;<strong>Datenschutzerkl\u00e4rung:<\/strong>&nbsp;https:\/\/www.strato.de\/datenschutz\/.&nbsp;<strong>Auftragsverarbeitungsvertrag:<\/strong>&nbsp;Wird vom Dienstanbieter bereitgestellt.<\/p>\n\n\n\n<p class=\"has-open-sans-font-family has-custom-font has-custom-weight has-text-color has-link-color has-arial-font-family wp-elements-e8f3973b12cd26b76190c196cd1ab467\" style=\"color:#1a2a2e;font-family:Arial;font-size:18px\"><strong>Hornetsecurity:<\/strong>&nbsp;E-Mail-Sicherheit, Spam-Filterung, Schutz vor Phishing-Angriffen, Archivierung von E-Mails, Verschl\u00fcsselung von Nachrichten, Sicherstellung der Compliance mit rechtlichen Anforderungen und Bereitstellung von Backup-L\u00f6sungen f\u00fcr E-Mail-Daten;&nbsp;<strong>Dienstanbieter:<\/strong>&nbsp;Hornetsecurity GmbH, Am Listholze 78, 30177 Hannover, Deutschland;&nbsp;<strong>Rechtsgrundlagen:<\/strong>&nbsp;Berechtigte Interessen (Art. 6 Abs. 1 S. 1 lit. f) DSGVO);&nbsp;<strong>Website:<\/strong>&nbsp;https:\/\/www.hornetsecurity.com\/de.&nbsp;<strong>Datenschutzerkl\u00e4rung:<\/strong>&nbsp;https:\/\/www.hornetsecurity.com\/de\/privacy\/.<\/p>\n\n\n\n<p class=\"has-open-sans-font-family has-custom-font has-custom-weight has-text-color has-link-color has-arial-font-family wp-elements-5583674e5446c33817479bf60f6aa95c\" style=\"color:#1a2a2e;font-family:Arial;font-size:18px\"><strong>Microsoft Azure:<\/strong>&nbsp;Leistungen auf dem Gebiet der Bereitstellung von informationstechnischer Infrastruktur und verbundenen Dienstleistungen (z.&nbsp;B. Speicherplatz und\/oder Rechenkapazit\u00e4ten);&nbsp;<strong>Dienstanbieter:<\/strong>&nbsp;Microsoft Irland Operations Limited, One Microsoft Place, South County Business Park, Leopardstown, Dublin 18, D18 P521, Irland;&nbsp;<strong>Rechtsgrundlagen:<\/strong>&nbsp;Berechtigte Interessen (Art. 6 Abs. 1 S. 1 lit. f) DSGVO);&nbsp;<strong>Website:<\/strong>&nbsp;https:\/\/azure.microsoft.com;&nbsp;<strong>Datenschutzerkl\u00e4rung:<\/strong>&nbsp;https:\/\/privacy.microsoft.com\/de-de\/privacystatement;&nbsp;<strong>Auftragsverarbeitungsvertrag:<\/strong>&nbsp;https:\/\/azure.microsoft.com\/de-de\/support\/legal\/.&nbsp;<strong>Grundlage Drittlandtransfers:<\/strong>&nbsp;Data Privacy Framework (DPF), Standardvertragsklauseln (https:\/\/azure.microsoft.com\/en-us\/support\/legal\/), Data Privacy Framework (DPF)Standardvertragsklauseln (https:\/\/azure.microsoft.com\/en-us\/support\/legal\/).<\/p>\n\n\n\n<p class=\"has-open-sans-font-family has-custom-font has-custom-weight has-arial-font-family has-custom-font\" style=\"font-family:Arial;font-size:22px\"><strong>Einsatz von Cookies<\/strong><\/p>\n\n\n\n<p class=\"has-open-sans-font-family has-custom-font has-custom-weight has-text-color has-link-color has-arial-font-family wp-elements-757c85927af9d9bbfc7dc8133dc87590\" style=\"color:#1a2a2e;font-family:Arial;font-size:18px\">Unter dem Begriff \u201eCookies\u201c werden Funktionen, die Informationen auf Endger\u00e4ten der Nutzer speichern und aus ihnen auslesen, verstanden. Cookies k\u00f6nnen ferner in Bezug auf unterschiedliche Anliegen Einsatz finden, etwa zu Zwecken der Funktionsf\u00e4higkeit, der Sicherheit und des Komforts von Onlineangeboten sowie der Erstellung von Analysen der Besucherstr\u00f6me. Wir verwenden Cookies gem\u00e4\u00df den gesetzlichen Vorschriften. Dazu holen wir, wenn erforderlich, vorab die Zustimmung der Nutzer ein. Ist eine Zustimmung nicht notwendig, setzen wir auf unsere berechtigten Interessen. Dies gilt, wenn das Speichern und Auslesen von Informationen unerl\u00e4sslich ist, um ausdr\u00fccklich angeforderte Inhalte und Funktionen bereitstellen zu k\u00f6nnen. Dazu z\u00e4hlen etwa die Speicherung von Einstellungen sowie die Sicherstellung der Funktionalit\u00e4t und Sicherheit unseres Onlineangebots. Die Einwilligung kann jederzeit widerrufen werden. Wir informieren klar \u00fcber deren Umfang und welche Cookies genutzt werden.<\/p>\n\n\n\n<p class=\"has-open-sans-font-family has-custom-font has-custom-weight has-text-color has-link-color has-arial-font-family wp-elements-0ef3bb3b24137a79261837ce653b4cfa\" style=\"color:#1a2a2e;font-family:Arial;font-size:18px\"><strong>Hinweise zu datenschutzrechtlichen Rechtsgrundlagen:<\/strong>&nbsp;Ob wir personenbezogene Daten mithilfe von Cookies verarbeiten, h\u00e4ngt von einer Einwilligung ab. Liegt eine Einwilligung vor, dient sie als Rechtsgrundlage. Ohne Einwilligung st\u00fctzen wir uns auf unsere berechtigten Interessen, die vorstehend in diesem Abschnitt und im Kontext der jeweiligen Dienste und Verfahren erl\u00e4utert sind.<\/p>\n\n\n\n<p class=\"has-open-sans-font-family has-custom-font has-custom-weight has-text-color has-link-color has-arial-font-family wp-elements-0da359d173b31ed13435845487807ba7\" style=\"color:#1a2a2e;font-family:Arial;font-size:18px\"><strong>Speicherdauer:&nbsp;<\/strong>Im Hinblick auf die Speicherdauer werden die folgenden Arten von Cookies unterschieden:<\/p>\n\n\n\n<p class=\"has-open-sans-font-family has-custom-font has-custom-weight has-text-color has-link-color has-arial-font-family wp-elements-57b1361ba03acb2591869370ba8dca02\" style=\"color:#1a2a2e;font-family:Arial;font-size:18px\"><strong>Tempor\u00e4re Cookies (auch: Session- oder Sitzungscookies):<\/strong>&nbsp;Tempor\u00e4re Cookies werden sp\u00e4testens gel\u00f6scht, nachdem ein Nutzer ein Onlineangebot verlassen und sein Endger\u00e4t (z.&nbsp;B. Browser oder mobile Applikation) geschlossen hat.<\/p>\n\n\n\n<p class=\"has-open-sans-font-family has-custom-font has-custom-weight has-text-color has-link-color has-arial-font-family wp-elements-68bf79997bde25a97c98a4bbbba12680\" style=\"color:#1a2a2e;font-family:Arial;font-size:18px\"><strong>Permanente Cookies:<\/strong>&nbsp;Permanente Cookies bleiben auch nach dem Schlie\u00dfen des Endger\u00e4ts gespeichert. So k\u00f6nnen beispielsweise der Log-in-Status gespeichert und bevorzugte Inhalte direkt angezeigt werden, wenn der Nutzer eine Website erneut besucht. Ebenso k\u00f6nnen die mithilfe von Cookies erhobenen Nutzerdaten zur Reichweitenmessung Verwendung finden. Sofern wir Nutzern keine expliziten Angaben zur Art und Speicherdauer von Cookies mitteilen (z.&nbsp;B. im Rahmen der Einholung der Einwilligung), sollten sie davon ausgehen, dass diese permanent sind und die Speicherdauer bis zu zwei Jahre betragen kann.<\/p>\n\n\n\n<p class=\"has-open-sans-font-family has-custom-font has-custom-weight has-text-color has-link-color has-arial-font-family wp-elements-744588f1b159c712e21316215b1c7aa8\" style=\"color:#1a2a2e;font-family:Arial;font-size:18px\"><strong>Allgemeine Hinweise zum Widerruf und Widerspruch (Opt-out):&nbsp;<\/strong>Nutzer k\u00f6nnen die von ihnen abgegebenen Einwilligungen jederzeit widerrufen und zudem einen Widerspruch gegen die Verarbeitung entsprechend den gesetzlichen Vorgaben, auch mittels der Privatsph\u00e4re-Einstellungen ihres Browsers, erkl\u00e4ren.<\/p>\n\n\n\n<p class=\"has-open-sans-font-family has-custom-font has-custom-weight has-text-color has-link-color has-arial-font-family wp-elements-db5e3d21f5bde2f77a914f805ad4d2eb\" style=\"color:#1a2a2e;font-family:Arial;font-size:18px\"><strong>Verarbeitete Datenarten:<\/strong>&nbsp;Meta-, Kommunikations- und Verfahrensdaten (z. B. IP-Adressen, Zeitangaben, Identifikationsnummern, beteiligte Personen).<\/p>\n\n\n\n<p class=\"has-open-sans-font-family has-custom-font has-custom-weight has-text-color has-link-color has-arial-font-family wp-elements-9cd3c1a0bf8b02450e62c69ccb60aed2\" style=\"color:#1a2a2e;font-family:Arial;font-size:18px\"><strong>Betroffene Personen:<\/strong>&nbsp;Nutzer (z.&nbsp;B. Webseitenbesucher, Nutzer von Onlinediensten).<\/p>\n\n\n\n<p class=\"has-open-sans-font-family has-custom-font has-custom-weight has-text-color has-link-color has-arial-font-family wp-elements-7c6c19be02eef79c93442e6f36bc59e2\" style=\"color:#1a2a2e;font-family:Arial;font-size:18px\"><strong>Rechtsgrundlagen:<\/strong>&nbsp;Berechtigte Interessen (Art. 6 Abs. 1 S. 1 lit. f) DSGVO). Einwilligung (Art. 6 Abs. 1 S. 1 lit. a) DSGVO).<\/p>\n\n\n\n<p class=\"has-open-sans-font-family has-custom-font has-custom-weight has-arial-font-family has-custom-font\" style=\"font-family:Arial;font-size:22px\"><strong>Weitere Hinweise zu Verarbeitungsprozessen, Verfahren und Diensten:<\/strong><\/p>\n\n\n\n<p class=\"has-open-sans-font-family has-custom-font has-custom-weight has-text-color has-link-color has-arial-font-family wp-elements-650e572c686c83e681b6da5b81e8f833\" style=\"color:#1a2a2e;font-family:Arial;font-size:18px\"><strong>Verarbeitung von Cookie-Daten auf Grundlage einer Einwilligung:<\/strong>\u00a0Wir setzen eine Einwilligungs-Management-L\u00f6sung ein, bei der die Einwilligung der Nutzer zur Verwendung von Cookies oder zu den im Rahmen der Einwilligungs-Management-L\u00f6sung genannten Verfahren und Anbietern eingeholt wird. Dieses Verfahren dient der Einholung, Protokollierung, Verwaltung und dem Widerruf von Einwilligungen, insbesondere bezogen auf den Einsatz von Cookies und vergleichbaren Technologien, die zur Speicherung, zum Auslesen und zur Verarbeitung von Informationen auf den Endger\u00e4ten der Nutzer eingesetzt werden. Im Rahmen dieses Verfahrens werden die Einwilligungen der Nutzer f\u00fcr die Nutzung von Cookies und die damit verbundenen Verarbeitungen von Informationen, einschlie\u00dflich der im Einwilligungs-Management-Verfahren genannten spezifischen Verarbeitungen und Anbieter, eingeholt. Die Nutzer haben zudem die M\u00f6glichkeit, ihre Einwilligungen zu verwalten und zu widerrufen. Die Einwilligungserkl\u00e4rungen werden gespeichert, um eine erneute Abfrage zu vermeiden und den Nachweis der Einwilligung gem\u00e4\u00df der gesetzlichen Anforderungen f\u00fchren zu k\u00f6nnen. Die Speicherung erfolgt serverseitig und\/oder in einem Cookie (sogenanntes Opt-In-Cookie) oder mittels vergleichbarer Technologien, um die Einwilligung einem spezifischen Nutzer oder dessen Ger\u00e4t zuordnen zu k\u00f6nnen. Sofern keine spezifischen Angaben zu den Anbietern von Einwilligungs-Management-Diensten vorliegen, gelten folgende allgemeine Hinweise: Die Dauer der Speicherung der Einwilligung betr\u00e4gt bis zu zwei Jahre. Dabei wird ein pseudonymer Nutzer-Identifikator erstellt, der zusammen mit dem Zeitpunkt der Einwilligung, den Angaben zum Umfang der Einwilligung (z.\u00a0B. betreffende Kategorien von Cookies und\/oder Diensteanbieter) sowie Informationen \u00fcber den Browser, das System und das verwendete Endger\u00e4t gespeichert wird;\u00a0<strong>Rechtsgrundlagen:<\/strong>\u00a0Einwilligung (Art. 6 Abs. 1 S. 1 lit. a) DSGVO).<\/p>\n\n\n\n<p class=\"has-open-sans-font-family has-custom-font has-custom-weight has-arial-font-family has-custom-font\" style=\"font-family:Arial;font-size:22px\"><strong>Registrierung, Anmeldung und Nutzerkonto<\/strong><\/p>\n\n\n\n<p class=\"has-open-sans-font-family has-custom-font has-custom-weight has-text-color has-link-color has-arial-font-family wp-elements-650e572c686c83e681b6da5b81e8f833\" style=\"color:#1a2a2e;font-family:Arial;font-size:18px\"><strong>Verarbeitung von Cookie-Daten auf Grundlage einer Einwilligung:<\/strong>\u00a0Wir setzen eine Einwilligungs-Management-L\u00f6sung ein, bei der die Einwilligung der Nutzer zur Verwendung von Cookies oder zu den im Rahmen der Einwilligungs-Management-L\u00f6sung genannten Verfahren und Anbietern eingeholt wird. Dieses Verfahren dient der Einholung, Protokollierung, Verwaltung und dem Widerruf von Einwilligungen, insbesondere bezogen auf den Einsatz von Cookies und vergleichbaren Technologien, die zur Speicherung, zum Auslesen und zur Verarbeitung von Informationen auf den Endger\u00e4ten der Nutzer eingesetzt werden. Im Rahmen dieses Verfahrens werden die Einwilligungen der Nutzer f\u00fcr die Nutzung von Cookies und die damit verbundenen Verarbeitungen von Informationen, einschlie\u00dflich der im Einwilligungs-Management-Verfahren genannten spezifischen Verarbeitungen und Anbieter, eingeholt. Die Nutzer haben zudem die M\u00f6glichkeit, ihre Einwilligungen zu verwalten und zu widerrufen. Die Einwilligungserkl\u00e4rungen werden gespeichert, um eine erneute Abfrage zu vermeiden und den Nachweis der Einwilligung gem\u00e4\u00df der gesetzlichen Anforderungen f\u00fchren zu k\u00f6nnen. Die Speicherung erfolgt serverseitig und\/oder in einem Cookie (sogenanntes Opt-In-Cookie) oder mittels vergleichbarer Technologien, um die Einwilligung einem spezifischen Nutzer oder dessen Ger\u00e4t zuordnen zu k\u00f6nnen. Sofern keine spezifischen Angaben zu den Anbietern von Einwilligungs-Management-Diensten vorliegen, gelten folgende allgemeine Hinweise: Die Dauer der Speicherung der Einwilligung betr\u00e4gt bis zu zwei Jahre. Dabei wird ein pseudonymer Nutzer-Identifikator erstellt, der zusammen mit dem Zeitpunkt der Einwilligung, den Angaben zum Umfang der Einwilligung (z.\u00a0B. betreffende Kategorien von Cookies und\/oder Diensteanbieter) sowie Informationen \u00fcber den Browser, das System und das verwendete Endger\u00e4t gespeichert wird;\u00a0<strong>Rechtsgrundlagen:<\/strong>\u00a0Einwilligung (Art. 6 Abs. 1 S. 1 lit. a) DSGVO).<\/p>\n\n\n\n<p class=\"has-open-sans-font-family has-custom-font has-custom-weight has-arial-font-family has-custom-font\" style=\"font-family:Arial;font-size:22px\"><strong>Registrierung, Anmeldung und Nutzerkonto<\/strong><\/p>\n\n\n\n<p class=\"has-open-sans-font-family has-custom-font has-custom-weight has-text-color has-link-color has-arial-font-family wp-elements-fdf659a625eb9c362827674156a19dab\" style=\"color:#1a2a2e;font-family:Arial;font-size:18px\">Nutzer k\u00f6nnen ein Nutzerkonto anlegen. Im Rahmen der Registrierung werden den Nutzern die erforderlichen Pflichtangaben mitgeteilt und zu Zwecken der Bereitstellung des Nutzerkontos auf Grundlage vertraglicher Pflichterf\u00fcllung verarbeitet. Zu den verarbeiteten Daten geh\u00f6ren insbesondere die Login-Informationen (Nutzername, Passwort sowie eine E-Mail-Adresse).<\/p>\n\n\n\n<p class=\"has-open-sans-font-family has-custom-font has-custom-weight has-text-color has-link-color has-arial-font-family wp-elements-4d882b513eabba765310ee0c30441a37\" style=\"color:#1a2a2e;font-family:Arial;font-size:18px\">Im Rahmen der Inanspruchnahme unserer Registrierungs- und Anmeldefunktionen sowie der Nutzung des Nutzerkontos speichern wir die IP-Adresse und den Zeitpunkt der jeweiligen Nutzerhandlung. Die Speicherung erfolgt auf Grundlage unserer berechtigten Interessen als auch jener der Nutzer an einem Schutz vor Missbrauch und sonstiger unbefugter Nutzung. Eine Weitergabe dieser Daten an Dritte erfolgt grunds\u00e4tzlich nicht, es sei denn, sie ist zur Verfolgung unserer Anspr\u00fcche erforderlich oder es besteht eine gesetzliche Verpflichtung hierzu.<\/p>\n\n\n\n<p class=\"has-open-sans-font-family has-custom-font has-custom-weight has-text-color has-link-color has-arial-font-family wp-elements-92e30973ded5e4211de2d2819af26827\" style=\"color:#1a2a2e;font-family:Arial;font-size:18px\">Die Nutzer k\u00f6nnen \u00fcber Vorg\u00e4nge, die f\u00fcr deren Nutzerkonto relevant sind, wie z.&nbsp;B. technische \u00c4nderungen, per E-Mail informiert werden.<\/p>\n\n\n\n<p class=\"has-open-sans-font-family has-custom-font has-custom-weight has-text-color has-link-color has-arial-font-family wp-elements-faf924a60ae10e0214e3f9e22bcd4a54\" style=\"color:#1a2a2e;font-family:Arial;font-size:18px\"><strong>Verarbeitete Datenarten:<\/strong>\u00a0Bestandsdaten (z.\u00a0B. der vollst\u00e4ndige Name, Wohnadresse, Kontaktinformationen, Kundennummer, etc.); Kontaktdaten (z.\u00a0B. Post- und E-Mail-Adressen oder Telefonnummern); Inhaltsdaten (z. B. textliche oder bildliche Nachrichten und Beitr\u00e4ge sowie die sie betreffenden Informationen, wie z. B. Angaben zur Autorenschaft oder Zeitpunkt der Erstellung); Nutzungsdaten (z. B. Seitenaufrufe und Verweildauer, Klickpfade, Nutzungsintensit\u00e4t und -frequenz, verwendete Ger\u00e4tetypen und Betriebssysteme, Interaktionen mit Inhalten und Funktionen). Protokolldaten (z.\u00a0B. Logfiles betreffend Logins oder den Abruf von Daten oder Zugriffszeiten.).<\/p>\n\n\n\n<p class=\"has-open-sans-font-family has-custom-font has-custom-weight has-text-color has-link-color has-arial-font-family wp-elements-980c9458f48d0cf65fe799ad71b6a96b\" style=\"color:#1a2a2e;font-family:Arial;font-size:18px\"><strong>Betroffene Personen:<\/strong>\u00a0Nutzer (z.\u00a0B. Webseitenbesucher, Nutzer von Onlinediensten).<\/p>\n\n\n\n<p class=\"has-open-sans-font-family has-custom-font has-custom-weight has-text-color has-link-color has-arial-font-family wp-elements-dc737113ed356273f2a0bc506e20eccd\" style=\"color:#1a2a2e;font-family:Arial;font-size:18px\"><strong>Zwecke der Verarbeitung:<\/strong>\u00a0Erbringung vertraglicher Leistungen und Erf\u00fcllung vertraglicher Pflichten; Sicherheitsma\u00dfnahmen; Organisations- und Verwaltungsverfahren. Bereitstellung unseres Onlineangebotes und Nutzerfreundlichkeit.<\/p>\n\n\n\n<p class=\"has-open-sans-font-family has-custom-font has-custom-weight has-text-color has-link-color has-arial-font-family wp-elements-c2d360eb214ff3d46bbb0ce856dcb084\" style=\"color:#1a2a2e;font-family:Arial;font-size:18px\"><strong>Aufbewahrung und L\u00f6schung:<\/strong>\u00a0L\u00f6schung entsprechend Angaben im Abschnitt \u201eAllgemeine Informationen zur Datenspeicherung und L\u00f6schung\u201c. L\u00f6schung nach K\u00fcndigung.<\/p>\n\n\n\n<p class=\"has-open-sans-font-family has-custom-font has-custom-weight has-text-color has-link-color has-arial-font-family wp-elements-4c321da96c1b8836f1c6697a4b021713\" style=\"color:#1a2a2e;font-family:Arial;font-size:18px\"><strong>Rechtsgrundlagen:<\/strong>\u00a0Vertragserf\u00fcllung und vorvertragliche Anfragen (Art. 6 Abs. 1 S. 1 lit. b) DSGVO). Berechtigte Interessen (Art. 6 Abs. 1 S. 1 lit. f) DSGVO).<\/p>\n\n\n\n<p class=\"has-open-sans-font-family has-custom-font has-custom-weight has-arial-font-family has-custom-font\" style=\"font-family:Arial;font-size:22px\"><strong>Weitere Hinweise zu Verarbeitungsprozessen, Verfahren und Diensten:<\/strong><\/p>\n\n\n\n<p class=\"has-open-sans-font-family has-custom-font has-custom-weight has-text-color has-link-color has-arial-font-family wp-elements-81a74491755c6eaf8488de24fa59c8ee\" style=\"color:#1a2a2e;font-family:Arial;font-size:18px\"><strong>Keine Aufbewahrungspflicht f\u00fcr Daten:<\/strong>\u00a0Es obliegt den Nutzern, ihre Daten bei erfolgter K\u00fcndigung vor dem Vertragsende zu sichern. Wir sind berechtigt, s\u00e4mtliche w\u00e4hrend der Vertragsdauer gespeicherte Daten des Nutzers unwiederbringlich zu l\u00f6schen;\u00a0<strong>Rechtsgrundlagen:<\/strong>\u00a0Vertragserf\u00fcllung und vorvertragliche Anfragen (Art. 6 Abs. 1 S. 1 lit. b) DSGVO).<\/p>\n\n\n\n<p class=\"has-open-sans-font-family has-custom-font has-custom-weight has-text-color has-link-color has-arial-font-family wp-elements-4ee0f64f10887a0f256d85f72369d4bc\" style=\"color:#1a2a2e;font-family:Arial;font-size:18px\"><strong>Registrierung mit Klarnamen:<\/strong>\u00a0Aufgrund der Natur unserer Community bitten wir die Nutzer unser Angebot nur unter Verwendung von Klarnamen zu nutzen. D.\u00a0h. die Nutzung von Pseudonymen ist nicht zul\u00e4ssig;\u00a0<strong>Rechtsgrundlagen:<\/strong>\u00a0Vertragserf\u00fcllung und vorvertragliche Anfragen (Art. 6 Abs. 1 S. 1 lit. b) DSGVO).<\/p>\n\n\n\n<p class=\"has-open-sans-font-family has-custom-font has-custom-weight has-text-color has-link-color has-arial-font-family wp-elements-545b7e86d4cc2e6b84740366ec5bc6ab\" style=\"color:#1a2a2e;font-family:Arial;font-size:18px\"><strong>L\u00f6schung von Daten nach K\u00fcndigung:<\/strong>\u00a0Wenn Nutzer ihr Nutzerkonto gek\u00fcndigt haben, werden deren Daten im Hinblick auf das Nutzerkonto, vorbehaltlich einer gesetzlichen Erlaubnis, Pflicht oder Einwilligung der Nutzer, gel\u00f6scht;\u00a0<strong>Rechtsgrundlagen:<\/strong>\u00a0Vertragserf\u00fcllung und vorvertragliche Anfragen (Art. 6 Abs. 1 S. 1 lit. b) DSGVO).<\/p>\n\n\n\n<p class=\"has-open-sans-font-family has-custom-font has-custom-weight has-arial-font-family has-custom-font\" style=\"font-family:Arial;font-size:22px\"><strong>Single-Sign-On-Anmeldung<\/strong><\/p>\n\n\n\n<p class=\"has-open-sans-font-family has-custom-font has-custom-weight has-text-color has-link-color has-arial-font-family wp-elements-ed41b649f3641b5655387e5ff196c8db\" style=\"color:#1a2a2e;font-family:Arial;font-size:18px\">Als \u201eSingle-Sign-On\u201c oder \u201eSingle-Sign-On-Anmeldung bzw. \u201e-Authentifizierung\u201c werden Verfahren bezeichnet, die es Nutzern erlauben, sich mit Hilfe eines Nutzerkontos bei einem Anbieter von Single-Sign-On-Verfahren (z.&nbsp;B. einem sozialen Netzwerk), auch bei unserem Onlineangebot, anzumelden. Voraussetzung der Single-Sign-On-Authentifizierung ist, dass die Nutzer bei dem jeweiligen Single-Sign-On-Anbieter registriert sind und die erforderlichen Zugangsdaten in dem daf\u00fcr vorgesehenen Onlineformular eingeben, bzw. schon bei dem Single-Sign-On-Anbieter angemeldet sind und die Single-Sign-On-Anmeldung via Schaltfl\u00e4che best\u00e4tigen.<\/p>\n\n\n\n<p class=\"has-open-sans-font-family has-custom-font has-custom-weight has-text-color has-link-color has-arial-font-family wp-elements-64f735bb9f64c087a8b00bccd30751b8\" style=\"color:#1a2a2e;font-family:Arial;font-size:18px\">Die Authentifizierung erfolgt direkt bei dem jeweiligen Single-Sign-On-Anbieter. Im Rahmen einer solchen Authentifizierung erhalten wir eine Nutzer-ID mit der Information, dass der Nutzer unter dieser Nutzer-ID beim jeweiligen Single-Sign-On-Anbieter eingeloggt ist und eine f\u00fcr uns f\u00fcr andere Zwecke nicht weiter nutzbare ID (sog \u201eUser Handle\u201c). Ob uns zus\u00e4tzliche Daten \u00fcbermittelt werden, h\u00e4ngt allein von dem genutzten Single-Sign-On-Verfahren ab, von den gew\u00e4hlten Datenfreigaben im Rahmen der Authentifizierung und zudem davon, welche Daten Nutzer in den Privatsph\u00e4re- oder sonstigen Einstellungen des Nutzerkontos beim Single-Sign-On-Anbieter freigegeben haben. Es k\u00f6nnen je nach Single-Sign-On-Anbieter und der Wahl der Nutzer verschiedene Daten sein, in der Regel sind es die E-Mail-Adresse und der Benutzername. Das im Rahmen des Single-Sign-On-Verfahrens eingegebene Passwort bei dem Single-Sign-On-Anbieter ist f\u00fcr uns weder einsehbar, noch wird es von uns gespeichert.<\/p>\n\n\n\n<p class=\"has-open-sans-font-family has-custom-font has-custom-weight has-text-color has-link-color has-arial-font-family wp-elements-ab1900f037f973919a4ca2fba0289d22\" style=\"color:#1a2a2e;font-family:Arial;font-size:18px\">Die Nutzer werden gebeten, zu beachten, dass deren bei uns gespeicherte Angaben automatisch mit ihrem Nutzerkonto beim Single-Sign-On-Anbieter abgeglichen werden k\u00f6nnen, dies jedoch nicht immer m\u00f6glich ist oder tats\u00e4chlich erfolgt. \u00c4ndern sich z.&nbsp;B. die E-Mail-Adressen der Nutzer, m\u00fcssen sie diese manuell in ihrem Nutzerkonto bei uns \u00e4ndern.<\/p>\n\n\n\n<p class=\"has-open-sans-font-family has-custom-font has-custom-weight has-text-color has-link-color has-arial-font-family wp-elements-abbad574113a3c22eadbc5685b2ad615\" style=\"color:#1a2a2e;font-family:Arial;font-size:18px\">Die Single-Sign-On-Anmeldung k\u00f6nnen wir, sofern mit den Nutzern vereinbart, im Rahmen der oder vor der Vertragserf\u00fcllung einsetzen, soweit die Nutzer darum gebeten wurden, im Rahmen einer Einwilligung verarbeiten und setzen sie ansonsten auf Grundlage der berechtigten Interessen unsererseits und der Interessen der Nutzer an einem effektiven und sicheren Anmeldesystem ein.<\/p>\n\n\n\n<p class=\"has-open-sans-font-family has-custom-font has-custom-weight has-text-color has-link-color has-arial-font-family wp-elements-5f7ebab6e81d83d92e6ff9c95f4b6031\" style=\"color:#1a2a2e;font-family:Arial;font-size:18px\">Sollten Nutzer sich einmal entscheiden, die Verkn\u00fcpfung ihres Nutzerkontos beim Single-Sign-On-Anbieter nicht mehr f\u00fcr das Single-Sign-On-Verfahren nutzen zu wollen, m\u00fcssen sie diese Verbindung innerhalb ihres Nutzerkontos beim Single-Sign-On-Anbieter aufheben. M\u00f6chten Nutzer deren Daten bei uns l\u00f6schen, m\u00fcssen sie ihre Registrierung bei uns k\u00fcndigen.<\/p>\n\n\n\n<p class=\"has-open-sans-font-family has-custom-font has-custom-weight has-text-color has-link-color has-arial-font-family has-heading-xl-font-size wp-elements-5e71f01cd4e25ced690467866687ab3f\" style=\"color:#1a2a2e;font-family:Arial;font-size:18px\"><strong>Verarbeitete Datenarten:<\/strong>\u00a0Bestandsdaten (z.\u00a0B. der vollst\u00e4ndige Name, Wohnadresse, Kontaktinformationen, Kundennummer, etc.); Kontaktdaten (z.\u00a0B. Post- und E-Mail-Adressen oder Telefonnummern); Nutzungsdaten (z. B. Seitenaufrufe und Verweildauer, Klickpfade, Nutzungsintensit\u00e4t und -frequenz, verwendete Ger\u00e4tetypen und Betriebssysteme, Interaktionen mit Inhalten und Funktionen). Meta-, Kommunikations- und Verfahrensdaten (z. B. IP-Adressen, Zeitangaben, Identifikationsnummern, beteiligte Personen).<\/p>\n\n\n\n<p class=\"has-open-sans-font-family has-custom-font has-custom-weight has-text-color has-link-color has-arial-font-family wp-elements-980c9458f48d0cf65fe799ad71b6a96b\" style=\"color:#1a2a2e;font-family:Arial;font-size:18px\"><strong>Betroffene Personen:<\/strong>\u00a0Nutzer (z.\u00a0B. Webseitenbesucher, Nutzer von Onlinediensten).<\/p>\n\n\n\n<p class=\"has-open-sans-font-family has-custom-font has-custom-weight has-text-color has-link-color has-arial-font-family wp-elements-db8a2ae80bde906be3e7d3502136c356\" style=\"color:#1a2a2e;font-family:Arial;font-size:18px\"><strong>Zwecke der Verarbeitung:<\/strong>\u00a0Erbringung vertraglicher Leistungen und Erf\u00fcllung vertraglicher Pflichten; Sicherheitsma\u00dfnahmen; Anmeldeverfahren. Bereitstellung unseres Onlineangebotes und Nutzerfreundlichkeit.<\/p>\n\n\n\n<p class=\"has-open-sans-font-family has-custom-font has-custom-weight has-text-color has-link-color has-arial-font-family wp-elements-c2d360eb214ff3d46bbb0ce856dcb084\" style=\"color:#1a2a2e;font-family:Arial;font-size:18px\"><strong>Aufbewahrung und L\u00f6schung:<\/strong>\u00a0L\u00f6schung entsprechend Angaben im Abschnitt \u201eAllgemeine Informationen zur Datenspeicherung und L\u00f6schung\u201c. L\u00f6schung nach K\u00fcndigung.<\/p>\n\n\n\n<p class=\"has-open-sans-font-family has-custom-font has-custom-weight has-text-color has-link-color has-arial-font-family wp-elements-4c321da96c1b8836f1c6697a4b021713\" style=\"color:#1a2a2e;font-family:Arial;font-size:18px\"><strong>Rechtsgrundlagen:<\/strong>\u00a0Vertragserf\u00fcllung und vorvertragliche Anfragen (Art. 6 Abs. 1 S. 1 lit. b) DSGVO). Berechtigte Interessen (Art. 6 Abs. 1 S. 1 lit. f) DSGVO).<\/p>\n\n\n\n<p class=\"has-open-sans-font-family has-custom-font has-custom-weight has-arial-font-family has-custom-font\" style=\"font-family:Arial;font-size:22px\"><strong>Weitere Hinweise zu Verarbeitungsprozessen, Verfahren und Diensten:<\/strong><\/p>\n\n\n\n<p class=\"has-open-sans-font-family has-custom-font has-custom-weight has-text-color has-link-color has-arial-font-family wp-elements-1e23f7884e501e64730a513277125bc2\" style=\"color:#1a2a2e;font-family:Arial;font-size:18px\"><strong>Auth0:<\/strong>\u00a0Authentifizierungsdienste f\u00fcr Nutzeranmeldungen, Bereitstellung von Single Sign-On-Funktionen, Verwaltung von Identit\u00e4tsinformationen und Anwendungsintegrationen;\u00a0<strong>Dienstanbieter:<\/strong>\u00a0Auth0, Inc, 10800 NE 8th Street, Suite 700, Bellevue, WA 98004, USA;\u00a0<strong>Rechtsgrundlagen:<\/strong>\u00a0Berechtigte Interessen (Art. 6 Abs. 1 S. 1 lit. f) DSGVO);\u00a0<strong>Website:<\/strong>\u00a0https:\/\/auth0.com\/;\u00a0<strong>Datenschutzerkl\u00e4rung:<\/strong>\u00a0https:\/\/www.okta.com\/privacy-policy\/.\u00a0<strong>Grundlage Drittlandtransfers:<\/strong>\u00a0Data Privacy Framework (DPF), Data Privacy Framework (DPF).<\/p>\n\n\n\n<p class=\"has-open-sans-font-family has-custom-font has-custom-weight has-arial-font-family has-custom-font\" style=\"font-family:Arial;font-size:22px\"><strong>K\u00fcnstliche Intelligenz (KI)<\/strong><\/p>\n\n\n\n<p class=\"has-open-sans-font-family has-custom-font has-custom-weight has-text-color has-link-color has-arial-font-family wp-elements-1f17f028f67a5d332d45bc61f7533bee\" style=\"color:#1a2a2e;font-family:Arial;font-size:18px\">Wir setzen K\u00fcnstliche Intelligenz (KI) ein, wobei personenbezogene Daten verarbeitet werden. Die spezifischen Zwecke und unser Interesse am Einsatz der KI werden nachfolgend genannt. Unter KI verstehen wir entsprechend dem Begriff eines \u201eKI-Systems\u201c gem\u00e4\u00df Artikel 3 Nr. 1 der KI-Verordnung ein maschinengest\u00fctztes System, das f\u00fcr einen in wechselndem Ma\u00dfe autonomen Betrieb ausgelegt ist, nach seiner Einf\u00fchrung anpassungsf\u00e4hig sein kann und aus den erhaltenen Eingaben Ergebnisse wie Vorhersagen, Inhalte, Empfehlungen oder Entscheidungen hervorbringt, die physische oder virtuelle Umgebungen beeinflussen k\u00f6nnen.<\/p>\n\n\n\n<p class=\"has-open-sans-font-family has-custom-font has-custom-weight has-text-color has-link-color has-arial-font-family wp-elements-c7554ccea502315f3033e6235cfc7738\" style=\"color:#1a2a2e;font-family:Arial;font-size:18px\">Unsere KI-Systeme werden unter strikter Beachtung der gesetzlichen Vorgaben eingesetzt. Diese umfassen sowohl spezifische Regelungen f\u00fcr K\u00fcnstliche Intelligenz als auch Datenschutzvorgaben. Dabei halten wir insbesondere die Prinzipien der Rechtm\u00e4\u00dfigkeit, Transparenz, Fairness, menschlichen Kontrolle, Zweckbindung, Datenminimierung und Integrit\u00e4t sowie Vertraulichkeit ein. Wir stellen sicher, dass die Verarbeitung personenbezogener Daten stets auf einer rechtlichen Grundlage erfolgt. Dies kann entweder die Einwilligung der betroffenen Personen oder eine gesetzliche Erlaubnis sein.<\/p>\n\n\n\n<p class=\"has-open-sans-font-family has-custom-font has-custom-weight has-text-color has-link-color has-arial-font-family wp-elements-b2ef3bdf5ff53a575948267f3e6c69a4\" style=\"color:#1a2a2e;font-family:Arial;font-size:18px\">Bei der Nutzung externer KI-Systeme w\u00e4hlen wir deren Anbieter (nachfolgend \u201eKI-Anbieter\u201c) sorgf\u00e4ltig aus. Entsprechend unseren gesetzlichen Pflichten stellen wir sicher, dass die KI-Anbieter die geltenden Bestimmungen einhalten. Ebenso beachten wir die uns obliegenden Pflichten bei Nutzung oder Betrieb der bezogenen KI-Leistungen. Die Verarbeitung personenbezogener Daten durch uns und die KI-Anbieter erfolgt ausschlie\u00dflich auf Grundlage einer Einwilligung oder gesetzlichen Berechtigung. Dabei legen wir besonderen Wert auf Transparenz, Fairness und die Wahrung der menschlichen Kontrolle \u00fcber KI-gest\u00fctzte Entscheidungsprozesse.<\/p>\n\n\n\n<p class=\"has-open-sans-font-family has-custom-font has-custom-weight has-text-color has-link-color has-arial-font-family wp-elements-8ad88285450e512f8591f1cdc99a5b9a\" style=\"color:#1a2a2e;font-family:Arial;font-size:18px\">Zum Schutz der verarbeiteten Daten implementieren wir angemessene und robuste technische sowie organisatorische Ma\u00dfnahmen. Diese gew\u00e4hrleisten die Integrit\u00e4t und Vertraulichkeit der verarbeiteten Daten und minimieren potenzielle Risiken. Durch regelm\u00e4\u00dfige \u00dcberpr\u00fcfungen der KI-Anbieter und ihrer Leistungen stellen wir die fortlaufende Einhaltung aktueller rechtlicher und ethischer Standards sicher.<\/p>\n\n\n\n<p class=\"has-open-sans-font-family has-custom-font has-custom-weight has-text-color has-link-color has-arial-font-family wp-elements-fbaf83403779c38c8d2c1850ab7e65ba\" style=\"color:#1a2a2e;font-family:Arial;font-size:18px\"><strong>Rechtsgrundlagen:<\/strong>\u00a0Berechtigte Interessen (Art. 6 Abs. 1 S. 1 lit. f) DSGVO).<\/p>\n\n\n\n<p class=\"has-open-sans-font-family has-custom-font has-custom-weight has-text-color has-link-color has-arial-font-family wp-elements-b7ca8ee7a802291ac85ea36765c3cfa5\" style=\"color:#1a2a2e;font-family:Arial;font-size:18px\"><strong>Verarbeitete Datenarten:<\/strong>\u00a0Inhaltsdaten (z. B. textliche oder bildliche Nachrichten und Beitr\u00e4ge sowie die sie betreffenden Informationen, wie z. B. Angaben zur Autorenschaft oder Zeitpunkt der Erstellung). Nutzungsdaten (z. B. Seitenaufrufe und Verweildauer, Klickpfade, Nutzungsintensit\u00e4t und -frequenz, verwendete Ger\u00e4tetypen und Betriebssysteme, Interaktionen mit Inhalten und Funktionen).<\/p>\n\n\n\n<p class=\"has-open-sans-font-family has-custom-font has-custom-weight has-text-color has-link-color has-arial-font-family wp-elements-580aa423d464a18cbd868ccdd8e2b21b\" style=\"color:#1a2a2e;font-family:Arial;font-size:18px\"><strong>Betroffene Personen:<\/strong>\u00a0Nutzer (z.\u00a0B. Webseitenbesucher, Nutzer von Onlinediensten). Dritte Personen.<\/p>\n\n\n\n<p class=\"has-open-sans-font-family has-custom-font has-custom-weight has-text-color has-link-color has-arial-font-family wp-elements-56a93946ebc5f1701ec0c9e9cf570968\" style=\"color:#1a2a2e;font-family:Arial;font-size:18px\"><strong>Zwecke der Verarbeitung:<\/strong>\u00a0K\u00fcnstliche Intelligenz (KI).<\/p>\n\n\n\n<p class=\"has-open-sans-font-family has-custom-font has-custom-weight has-text-color has-link-color has-arial-font-family wp-elements-d61ee68e5f061bd93eb0baf0d9036936\" style=\"color:#1a2a2e;font-family:Arial;font-size:18px\"><strong>Aufbewahrung und L\u00f6schung:<\/strong>\u00a0L\u00f6schung entsprechend Angaben im Abschnitt \u201eAllgemeine Informationen zur Datenspeicherung und L\u00f6schung\u201c.<\/p>\n\n\n\n<p class=\"has-open-sans-font-family has-custom-font has-custom-weight has-arial-font-family has-custom-font\" style=\"font-family:Arial;font-size:22px\"><strong>Weitere Hinweise zu Verarbeitungsprozessen, Verfahren und Diensten:<\/strong><\/p>\n\n\n\n<p class=\"has-open-sans-font-family has-custom-font has-custom-weight has-text-color has-link-color has-arial-font-family wp-elements-59c24eeec33d419a2bd6ba89edf4b4f4\" style=\"color:#1a2a2e;font-family:Arial;font-size:18px\"><strong>Microsoft Copilot:<\/strong>\u00a0Erm\u00f6glicht die Erstellung und Bearbeitung von Texten, Tabellen und Pr\u00e4sentationen. Bietet Unterst\u00fctzung bei der Analyse von Daten, Automatisierung von Aufgaben und Integration in verschiedene Microsoft Office-Anwendungen. Nutzt maschinelles Lernen zur Verbesserung von Arbeitsabl\u00e4ufen und zur Bereitstellung kontextbezogener Vorschl\u00e4ge;\u00a0<strong>Dienstanbieter:<\/strong>\u00a0Microsoft Irland Operations Limited, One Microsoft Place, South County Business Park, Leopardstown, Dublin 18, D18 P521, Irland;\u00a0<strong>Rechtsgrundlagen:<\/strong>\u00a0Berechtigte Interessen (Art. 6 Abs. 1 S. 1 lit. f) DSGVO);\u00a0<strong>Website:<\/strong>\u00a0https:\/\/www.microsoft.com\/de-de\/microsoft-copilot\/organizations;\u00a0<strong>Datenschutzerkl\u00e4rung:<\/strong>\u00a0https:\/\/www.microsoft.com\/de-de\/privacy\/privacystatement;\u00a0<strong>Auftragsverarbeitungsvertrag:<\/strong>\u00a0https:\/\/www.microsoft.com\/licensing\/docs\/view\/Microsoft-Products-and-Services-Data-Protection-Addendum-DPA.\u00a0<strong>Grundlage Drittlandtransfers:<\/strong>\u00a0Data Privacy Framework (DPF), Standardvertragsklauseln (https:\/\/www.microsoft.com\/licensing\/docs\/view\/Microsoft-Products-and-Services-Data-Protection-Addendum-DPA), Data Privacy Framework (DPF)Standardvertragsklauseln (https:\/\/www.microsoft.com\/licensing\/docs\/view\/Microsoft-Products-and-Services-Data-Protection-Addendum-DPA).<\/p>\n\n\n\n<p class=\"has-open-sans-font-family has-custom-font has-custom-weight has-arial-font-family has-custom-font\" style=\"font-family:Arial;font-size:22px\"><strong>Videokonferenzen, Onlinemeetings, Webinare und Bildschirm-Sharing<\/strong><\/p>\n\n\n\n<p class=\"has-open-sans-font-family has-custom-font has-custom-weight has-text-color has-link-color has-arial-font-family wp-elements-86cb129b90b4561caa43e034b669e4e4\" style=\"color:#1a2a2e;font-family:Arial;font-size:18px\">Wir setzen Plattformen und Anwendungen anderer Anbieter (nachfolgend bezeichnet als \u201eKonferenzplattformen\u201c) zu Zwecken der Durchf\u00fchrung von Video- und Audio-Konferenzen, Webinaren und sonstigen Arten von Video und Audio-Meetings (nachfolgend zusammenfassend bezeichnet als \u201eKonferenz\u201c) ein. Bei der Auswahl der Konferenzplattformen und ihrer Leistungen beachten wir die gesetzlichen Vorgaben.<\/p>\n\n\n\n<p class=\"has-open-sans-font-family has-custom-font has-custom-weight has-text-color has-link-color has-arial-font-family wp-elements-186d4fdd41b1359279fd8ee5c511aa96\" style=\"color:#1a2a2e;font-family:Arial;font-size:18px\"><strong>Durch Konferenzplattformen verarbeitete Daten:<\/strong>&nbsp;Im Rahmen der Teilnahme an einer Konferenz verarbeiten die Konferenzplattformen die im Folgenden genannten personenbezogene Daten der Teilnehmer. Der Umfang der Verarbeitung h\u00e4ngt zum einen davon ab, welche Daten im Rahmen einer konkreten Konferenz gefordert werden (z.&nbsp;B. Angabe von Zugangsdaten oder Klarnamen) und welche optionalen Angaben durch die Teilnehmer get\u00e4tigt werden. Neben der Verarbeitung zur Durchf\u00fchrung der Konferenz, k\u00f6nnen die Daten der Teilnehmer durch die Konferenzplattformen ebenfalls zu Sicherheitszwecken oder Serviceoptimierung verarbeitet werden. Zu den verarbeiteten Daten geh\u00f6ren Daten zur Person (Vorname, Nachname), Kontaktinformationen (E-Mail-Adresse, Telefonnummer), Zugangsdaten (Zugangscodes oder Passw\u00f6rter), Profilbilder, Angaben zur beruflichen Stellung\/Funktion, die IP-Adresse des Internetzugangs, Angaben zu den Endger\u00e4ten der Teilnehmer, deren Betriebssystem, dem Browser und dessen technischen und sprachlichen Einstellungen, Informationen zu den inhaltlichen Kommunikationsvorg\u00e4ngen, d.&nbsp;h. Eingaben in Chats sowie Audio- und Videodaten, als auch die Nutzung anderer zur Verf\u00fcgung stehender Funktionen (z.&nbsp;B. Umfragen). Inhalte der Kommunikationen werden in dem durch die Konferenzanbieter technisch bereitgestellten Umfang verschl\u00fcsselt. Wenn die Teilnehmer bei den Konferenzplattformen als Benutzer registriert sind, dann k\u00f6nnen weitere Daten entsprechend der Vereinbarung mit dem jeweiligen Konferenzanbieter verarbeitet werden.<\/p>\n\n\n\n<p class=\"has-open-sans-font-family has-custom-font has-custom-weight has-text-color has-link-color has-arial-font-family wp-elements-ab75bc763ad62445eb671ad4ef33eb02\" style=\"color:#1a2a2e;font-family:Arial;font-size:18px\"><strong>Protokollierung und Aufnahmen:<\/strong>&nbsp;Falls Texteingaben, Teilnahmeergebnisse (z.&nbsp;B. von Umfragen) sowie Video- oder Audioaufnahmen protokolliert werden, wird dies den Teilnehmern im Vorwege transparent mitgeteilt und sie werden \u2013 soweit erforderlich \u2013 um eine Zustimmung gebeten.<\/p>\n\n\n\n<p class=\"has-open-sans-font-family has-custom-font has-custom-weight has-text-color has-link-color has-arial-font-family wp-elements-ff18b1125e8431476514cf7f3052bd47\" style=\"color:#1a2a2e;font-family:Arial;font-size:18px\"><strong>Datenschutzma\u00dfnahmen der Teilnehmer:<\/strong>&nbsp;Bitte beachten Sie zu den Details der Verarbeitung Ihrer Daten durch die Konferenzplattformen deren Datenschutzhinweise und w\u00e4hlen im Rahmen der Einstellungen der Konferenzplattformen, die f\u00fcr Sie optimalen Sicherheits- und Datenschutzeinstellungen. Bitte sorgen Sie ferner f\u00fcr die Dauer einer Videokonferenz f\u00fcr den Daten- und Pers\u00f6nlichkeitsschutz im Hintergrund Ihrer Aufnahme (z.&nbsp;B. durch Hinweise an Mitbewohner, Abschlie\u00dfen von T\u00fcren und Nutzung, soweit technisch m\u00f6glich, der Funktion zur Unkenntlichmachung des Hintergrunds). Links zu den Konferenzr\u00e4umen sowie Zugangsdaten, d\u00fcrfen nicht an unberechtigte Dritte weitergegeben werden.<\/p>\n\n\n\n<p class=\"has-open-sans-font-family has-custom-font has-custom-weight has-text-color has-link-color has-arial-font-family wp-elements-0932f2ac846d47ee58e60d70954e8226\" style=\"color:#1a2a2e;font-family:Arial;font-size:18px\"><strong>Hinweise zu Rechtsgrundlagen:<\/strong>&nbsp;Sofern neben den Konferenzplattformen auch wir die Daten der Nutzer verarbeiten und die Nutzer um deren Einwilligung in den Einsatz der Konferenzplattformen oder bestimmter Funktionen bitten (z.&nbsp;B. Einverst\u00e4ndnis mit einer Aufzeichnung von Konferenzen), ist die Rechtsgrundlage der Verarbeitung diese Einwilligung. Ferner kann unsere Verarbeitung zur Erf\u00fcllung unserer vertraglichen Pflichten erforderlich sein (z.&nbsp;B. in Teilnehmerlisten, im Fall von Aufarbeitung von Gespr\u00e4chsergebnissen, etc.). Im \u00dcbrigen werden die Daten der Nutzer auf Grundlage unserer berechtigten Interessen an einer effizienten und sicheren Kommunikation mit unseren Kommunikationspartnern verarbeitet.<\/p>\n\n\n\n<p class=\"has-open-sans-font-family has-custom-font has-custom-weight has-text-color has-link-color has-arial-font-family wp-elements-eb6cbbff37eb894610bbf36c31beabb1\" style=\"color:#1a2a2e;font-family:Arial;font-size:18px\"><strong>Verarbeitete Datenarten:<\/strong>\u00a0Bestandsdaten (z.\u00a0B. der vollst\u00e4ndige Name, Wohnadresse, Kontaktinformationen, Kundennummer, etc.); Kontaktdaten (z.\u00a0B. Post- und E-Mail-Adressen oder Telefonnummern); Inhaltsdaten (z. B. textliche oder bildliche Nachrichten und Beitr\u00e4ge sowie die sie betreffenden Informationen, wie z. B. Angaben zur Autorenschaft oder Zeitpunkt der Erstellung); Nutzungsdaten (z. B. Seitenaufrufe und Verweildauer, Klickpfade, Nutzungsintensit\u00e4t und -frequenz, verwendete Ger\u00e4tetypen und Betriebssysteme, Interaktionen mit Inhalten und Funktionen); Bild- und\/ oder Videoaufnahmen (z.\u00a0B. Fotografien oder Videoaufnahmen einer Person); Tonaufnahmen. Protokolldaten (z.\u00a0B. Logfiles betreffend Logins oder den Abruf von Daten oder Zugriffszeiten.).<\/p>\n\n\n\n<p class=\"has-open-sans-font-family has-custom-font has-custom-weight has-text-color has-link-color has-arial-font-family wp-elements-6381b6c417ea4b769c4fcb6d222601ba\" style=\"color:#1a2a2e;font-family:Arial;font-size:18px\"><strong>Betroffene Personen:<\/strong>\u00a0Kommunikationspartner; Nutzer (z.\u00a0B. Webseitenbesucher, Nutzer von Onlinediensten). Abgebildete Personen.<\/p>\n\n\n\n<p class=\"has-open-sans-font-family has-custom-font has-custom-weight has-text-color has-link-color has-arial-font-family wp-elements-9ef53657dd1aceef75873d819454b265\" style=\"color:#1a2a2e;font-family:Arial;font-size:18px\"><strong>Zwecke der Verarbeitung:<\/strong>\u00a0Erbringung vertraglicher Leistungen und Erf\u00fcllung vertraglicher Pflichten; Kommunikation. B\u00fcro- und Organisationsverfahren.<\/p>\n\n\n\n<p class=\"has-open-sans-font-family has-custom-font has-custom-weight has-text-color has-link-color has-arial-font-family wp-elements-d61ee68e5f061bd93eb0baf0d9036936\" style=\"color:#1a2a2e;font-family:Arial;font-size:18px\"><strong>Aufbewahrung und L\u00f6schung:<\/strong>\u00a0L\u00f6schung entsprechend Angaben im Abschnitt \u201eAllgemeine Informationen zur Datenspeicherung und L\u00f6schung\u201c.<\/p>\n\n\n\n<p class=\"has-open-sans-font-family has-custom-font has-custom-weight has-text-color has-link-color has-arial-font-family wp-elements-fbaf83403779c38c8d2c1850ab7e65ba\" style=\"color:#1a2a2e;font-family:Arial;font-size:18px\"><strong>Rechtsgrundlagen:<\/strong>\u00a0Berechtigte Interessen (Art. 6 Abs. 1 S. 1 lit. f) DSGVO).<\/p>\n\n\n\n<p class=\"has-open-sans-font-family has-custom-font has-custom-weight has-arial-font-family has-custom-font\" style=\"font-family:Arial;font-size:22px\"><strong>Weitere Hinweise zu Verarbeitungsprozessen, Verfahren und Diensten:<\/strong><\/p>\n\n\n\n<p class=\"has-open-sans-font-family has-custom-font has-custom-weight has-text-color has-link-color has-arial-font-family wp-elements-67b460791684902d971a1f8cab42fc2d\" style=\"color:#1a2a2e;font-family:Arial;font-size:18px\"><strong>Microsoft Teams:<\/strong>\u00a0Audio- und Videokonferenzen, Chat, Dateifreigabe, Integration mit Office 365-Anwendungen, Echtzeit-Zusammenarbeit an Dokumenten, Kalenderfunktionen, Aufgabenverwaltung, Bildschirmfreigabe, optionale Aufzeichnung;\u00a0<strong>Dienstanbieter:<\/strong>\u00a0Microsoft Irland Operations Limited, One Microsoft Place, South County Business Park, Leopardstown, Dublin 18, D18 P521, Irland;\u00a0<strong>Rechtsgrundlagen:<\/strong>\u00a0Berechtigte Interessen (Art. 6 Abs. 1 S. 1 lit. f) DSGVO);\u00a0<strong>Website:<\/strong>\u00a0https:\/\/www.microsoft.com\/de-de\/microsoft-teams\/;\u00a0<strong>Datenschutzerkl\u00e4rung:<\/strong>\u00a0https:\/\/privacy.microsoft.com\/de-de\/privacystatement, Sicherheitshinweise: https:\/\/www.microsoft.com\/de-de\/trustcenter.\u00a0<strong>Grundlage Drittlandtransfers:<\/strong>\u00a0Data Privacy Framework (DPF), Standardvertragsklauseln (https:\/\/www.microsoft.com\/licensing\/docs\/view\/Microsoft-Products-and-Services-Data-Protection-Addendum-DPA), Data Privacy Framework (DPF)Standardvertragsklauseln (https:\/\/www.microsoft.com\/licensing\/docs\/view\/Microsoft-Products-and-Services-Data-Protection-Addendum-DPA).<\/p>\n\n\n\n<p class=\"has-open-sans-font-family has-custom-font has-custom-weight has-arial-font-family has-custom-font\" style=\"font-family:Arial;font-size:22px\"><strong>Cloud-Dienste<\/strong><\/p>\n\n\n\n<p class=\"has-open-sans-font-family has-custom-font has-custom-weight has-text-color has-link-color has-arial-font-family wp-elements-e082cff0285854df15ed16beaed8dea4\" style=\"color:#1a2a2e;font-family:Arial;font-size:18px\">Wir nutzen \u00fcber das Internet zug\u00e4ngliche und auf den Servern ihrer Anbieter ausgef\u00fchrte Softwaredienste (sogenannte \u201eCloud-Dienste\u201c, auch bezeichnet als \u201eSoftware as a Service\u201c) f\u00fcr die Speicherung und Verwaltung von Inhalten (z.&nbsp;B. Dokumentenspeicherung und -verwaltung, Austausch von Dokumenten, Inhalten und Informationen mit bestimmten Empf\u00e4ngern oder Ver\u00f6ffentlichung von Inhalten und Informationen).<\/p>\n\n\n\n<p class=\"has-open-sans-font-family has-custom-font has-custom-weight has-text-color has-link-color has-arial-font-family wp-elements-3872e191601aa401c6774af6221a8034\" style=\"color:#1a2a2e;font-family:Arial;font-size:18px\">In diesem Rahmen k\u00f6nnen personenbezogenen Daten verarbeitet und auf den Servern der Anbieter gespeichert werden, soweit diese Bestandteil von Kommunikationsvorg\u00e4ngen mit uns sind oder von uns sonst, wie im Rahmen dieser Datenschutzerkl\u00e4rung dargelegt, verarbeitet werden. Zu diesen Daten k\u00f6nnen insbesondere Stammdaten und Kontaktdaten der Nutzer, Daten zu Vorg\u00e4ngen, Vertr\u00e4gen, sonstigen Prozessen und deren Inhalte geh\u00f6ren. Die Anbieter der Cloud-Dienste verarbeiten ferner Nutzungsdaten und Metadaten, die von ihnen zu Sicherheitszwecken und zur Serviceoptimierung verwendet werden.<\/p>\n\n\n\n<p class=\"has-open-sans-font-family has-custom-font has-custom-weight has-text-color has-link-color has-arial-font-family wp-elements-1a02a360b94c681718e19446472198ee\" style=\"color:#1a2a2e;font-family:Arial;font-size:18px\">Sofern wir mit Hilfe der Cloud-Dienste f\u00fcr andere Nutzer oder \u00f6ffentlich zug\u00e4ngliche Webseiten Formulare o.a. Dokumente und Inhalte bereitstellen, k\u00f6nnen die Anbieter Cookies auf den Ger\u00e4ten der Nutzer f\u00fcr Zwecke der Webanalyse oder, um sich Einstellungen der Nutzer (z.&nbsp;B. im Fall der Mediensteuerung) zu merken, speichern.<\/p>\n\n\n\n<p class=\"has-open-sans-font-family has-custom-font has-custom-weight has-text-color has-link-color has-arial-font-family wp-elements-fbaf83403779c38c8d2c1850ab7e65ba\" style=\"color:#1a2a2e;font-family:Arial;font-size:18px\"><strong>Rechtsgrundlagen:<\/strong>\u00a0Berechtigte Interessen (Art. 6 Abs. 1 S. 1 lit. f) DSGVO).<\/p>\n\n\n\n<p class=\"has-open-sans-font-family has-custom-font has-custom-weight has-text-color has-link-color has-arial-font-family wp-elements-ee1d0d76d6d3ab5f1d08e2852705f25f\" style=\"color:#1a2a2e;font-family:Arial;font-size:18px\"><strong>Verarbeitete Datenarten:<\/strong>\u00a0Bestandsdaten (z.\u00a0B. der vollst\u00e4ndige Name, Wohnadresse, Kontaktinformationen, Kundennummer, etc.); Kontaktdaten (z.\u00a0B. Post- und E-Mail-Adressen oder Telefonnummern); Inhaltsdaten (z. B. textliche oder bildliche Nachrichten und Beitr\u00e4ge sowie die sie betreffenden Informationen, wie z. B. Angaben zur Autorenschaft oder Zeitpunkt der Erstellung). Nutzungsdaten (z. B. Seitenaufrufe und Verweildauer, Klickpfade, Nutzungsintensit\u00e4t und -frequenz, verwendete Ger\u00e4tetypen und Betriebssysteme, Interaktionen mit Inhalten und Funktionen).<\/p>\n\n\n\n<p class=\"has-open-sans-font-family has-custom-font has-custom-weight has-text-color has-link-color has-arial-font-family wp-elements-9af94539f594e5714fc4dd904d31fa58\" style=\"color:#1a2a2e;font-family:Arial;font-size:18px\"><strong>Betroffene Personen:<\/strong>\u00a0Interessenten; Kommunikationspartner. Gesch\u00e4fts- und Vertragspartner.<\/p>\n\n\n\n<p class=\"has-open-sans-font-family has-custom-font has-custom-weight has-text-color has-link-color has-arial-font-family wp-elements-e9647644caa4f1bc1f86062a48aadc13\" style=\"color:#1a2a2e;font-family:Arial;font-size:18px\"><strong>Zwecke der Verarbeitung:<\/strong>\u00a0B\u00fcro- und Organisationsverfahren. Informationstechnische Infrastruktur (Betrieb und Bereitstellung von Informationssystemen und technischen Ger\u00e4ten (Computer, Server etc.)).<\/p>\n\n\n\n<p class=\"has-open-sans-font-family has-custom-font has-custom-weight has-text-color has-link-color has-arial-font-family wp-elements-d61ee68e5f061bd93eb0baf0d9036936\" style=\"color:#1a2a2e;font-family:Arial;font-size:18px\"><strong>Aufbewahrung und L\u00f6schung:<\/strong>\u00a0L\u00f6schung entsprechend Angaben im Abschnitt \u201eAllgemeine Informationen zur Datenspeicherung und L\u00f6schung\u201c.<\/p>\n\n\n\n<p class=\"has-open-sans-font-family has-custom-font has-custom-weight has-arial-font-family has-custom-font\" style=\"font-family:Arial;font-size:22px\"><strong>Weitere Hinweise zu Verarbeitungsprozessen, Verfahren und Diensten:<\/strong><\/p>\n\n\n\n<p class=\"has-open-sans-font-family has-custom-font has-custom-weight has-text-color has-link-color has-arial-font-family wp-elements-326bc7380fb9634add6bd3fb5ae8ae76\" style=\"color:#1a2a2e;font-family:Arial;font-size:18px\"><strong>Microsoft Clouddienste:<\/strong>\u00a0Cloudspeicher, Cloudinfrastrukturdienste und cloudbasierte Anwendungssoftware;\u00a0<strong>Dienstanbieter:<\/strong>\u00a0Microsoft Irland Operations Limited, One Microsoft Place, South County Business Park, Leopardstown, Dublin 18, D18 P521, Irland;\u00a0<strong>Rechtsgrundlagen:<\/strong>\u00a0Berechtigte Interessen (Art. 6 Abs. 1 S. 1 lit. f) DSGVO);\u00a0<strong>Website:<\/strong>\u00a0https:\/\/microsoft.com\/de-de;\u00a0<strong>Datenschutzerkl\u00e4rung:<\/strong>\u00a0https:\/\/privacy.microsoft.com\/de-de\/privacystatement, Sicherheitshinweise: https:\/\/www.microsoft.com\/de-de\/trustcenter;\u00a0<strong>Auftragsverarbeitungsvertrag:<\/strong>\u00a0https:\/\/www.microsoft.com\/licensing\/docs\/view\/Microsoft-Products-and-Services-Data-Protection-Addendum-DPA.\u00a0<strong>Grundlage Drittlandtransfers:<\/strong>\u00a0Data Privacy Framework (DPF), Standardvertragsklauseln (https:\/\/www.microsoft.com\/licensing\/docs\/view\/Microsoft-Products-and-Services-Data-Protection-Addendum-DPA), Data Privacy Framework (DPF)Standardvertragsklauseln (https:\/\/www.microsoft.com\/licensing\/docs\/view\/Microsoft-Products-and-Services-Data-Protection-Addendum-DPA).<\/p>\n\n\n\n<p class=\"has-open-sans-font-family has-custom-font has-custom-weight has-arial-font-family has-custom-font\" style=\"font-family:Arial;font-size:22px\"><strong>Newsletter und elektronische Benachrichtigungen<\/strong><\/p>\n\n\n\n<p class=\"has-open-sans-font-family has-custom-font has-custom-weight has-text-color has-link-color has-arial-font-family wp-elements-e2014476317d387032c64235ecbdfef9\" style=\"color:#1a2a2e;font-family:Arial;font-size:18px\">Wir versenden Newsletter, E-Mails und weitere elektronische Benachrichtigungen (nachfolgend \u201eNewsletter\u201c) ausschlie\u00dflich mit der Einwilligung der Empf\u00e4nger oder aufgrund einer gesetzlichen Grundlage. Sofern im Rahmen einer Anmeldung zum Newsletter dessen Inhalte genannt werden, sind diese Inhalte f\u00fcr die Einwilligung der Nutzer ma\u00dfgeblich. F\u00fcr die Anmeldung zu unserem Newsletter ist normalerweise die Angabe Ihrer E-Mail-Adresse ausreichend. Um Ihnen jedoch einen personalisierten Service bieten zu k\u00f6nnen, bitten wir gegebenenfalls um die Angabe Ihres Namens f\u00fcr eine pers\u00f6nliche Ansprache im Newsletter oder um weitere Informationen, falls diese f\u00fcr den Zweck des Newsletters notwendig sind.<\/p>\n\n\n\n<p class=\"has-open-sans-font-family has-custom-font has-custom-weight has-text-color has-link-color has-arial-font-family wp-elements-90846f2f19b0b5411d268b699c47540e\" style=\"color:#1a2a2e;font-family:Arial;font-size:18px\">L\u00f6schung und Einschr\u00e4nkung der Verarbeitung: Wir k\u00f6nnen die ausgetragenen E-Mail-Adressen bis zu drei Jahren auf Grundlage unserer berechtigten Interessen speichern, bevor wir sie l\u00f6schen, um eine ehemals gegebene Einwilligung nachweisen zu k\u00f6nnen. Die Verarbeitung dieser Daten wird auf den Zweck einer potenziellen Abwehr von Anspr\u00fcchen beschr\u00e4nkt. Ein individueller L\u00f6schungsantrag ist jederzeit m\u00f6glich, sofern zugleich das ehemalige Bestehen einer Einwilligung best\u00e4tigt wird. Im Fall von Pflichten zur dauerhaften Beachtung von Widerspr\u00fcchen behalten wir uns die Speicherung der E-Mail-Adresse alleine zu diesem Zweck in einer Sperrliste (sogenannte \u201eBlocklist\u201c) vor.<\/p>\n\n\n\n<p class=\"has-open-sans-font-family has-custom-font has-custom-weight has-text-color has-link-color has-arial-font-family wp-elements-008625388c45391f350b237777c77706\" style=\"color:#1a2a2e;font-family:Arial;font-size:18px\">Die Protokollierung des Anmeldeverfahrens erfolgt auf Grundlage unserer berechtigten Interessen zum Zweck des Nachweises seines ordnungsgem\u00e4\u00dfen Ablaufs. Soweit wir einen Dienstleister mit dem Versand von E-Mails beauftragen, erfolgt dies auf Grundlage unserer berechtigten Interessen an einem effizienten und sicheren Versandsystem.<\/p>\n\n\n\n<p class=\"has-open-sans-font-family has-custom-font has-custom-weight has-arial-font-family has-custom-font\" style=\"font-family:Arial;font-size:22px\"><strong>Inhalte:<\/strong><\/p>\n\n\n\n<p class=\"has-open-sans-font-family has-custom-font has-custom-weight has-text-color has-link-color has-arial-font-family wp-elements-fbdc27e5d632c5b82d9e347b04397a3c\" style=\"color:#1a2a2e;font-family:Arial;font-size:18px\">Informationen zu uns, unseren Leistungen, Aktionen und Angeboten.<\/p>\n\n\n\n<p class=\"has-open-sans-font-family has-custom-font has-custom-weight has-text-color has-link-color has-arial-font-family wp-elements-756d99775c55c7007d18dc7e47b19b9c\" style=\"color:#1a2a2e;font-family:Arial;font-size:18px\"><strong>Widerspruchsm\u00f6glichkeit (Opt-Out):<\/strong>\u00a0Sie k\u00f6nnen den Empfang unseres Newsletters jederzeit k\u00fcndigen, d.\u00a0.h. Ihre Einwilligungen widerrufen, bzw. dem weiteren Empfang widersprechen. Einen Link zur K\u00fcndigung des Newsletters finden Sie entweder am Ende eines jeden Newsletters oder k\u00f6nnen sonst eine der oben angegebenen Kontaktm\u00f6glichkeiten, vorzugsw\u00fcrdig E-Mail, hierzu nutzen.<\/p>\n\n\n\n<p class=\"has-open-sans-font-family has-custom-font has-custom-weight has-text-color has-link-color has-arial-font-family wp-elements-82731d5e1c55dc3c6459e2cc2c1dc8ae\" style=\"color:#1a2a2e;font-family:Arial;font-size:18px\"><strong>Verarbeitete Datenarten:<\/strong>\u00a0Bestandsdaten (z.\u00a0B. der vollst\u00e4ndige Name, Wohnadresse, Kontaktinformationen, Kundennummer, etc.); Kontaktdaten (z.\u00a0B. Post- und E-Mail-Adressen oder Telefonnummern). Meta-, Kommunikations- und Verfahrensdaten (z. B. IP-Adressen, Zeitangaben, Identifikationsnummern, beteiligte Personen).<\/p>\n\n\n\n<p class=\"has-open-sans-font-family has-custom-font has-custom-weight has-text-color has-link-color has-arial-font-family wp-elements-b06f02ea352e060dfd8c172f9aceca2b\" style=\"color:#1a2a2e;font-family:Arial;font-size:18px\"><strong>Betroffene Personen:<\/strong>\u00a0Kommunikationspartner.<\/p>\n\n\n\n<p class=\"has-open-sans-font-family has-custom-font has-custom-weight has-text-color has-link-color has-arial-font-family wp-elements-421c94962726da715ee4c44c8b67ddf0\" style=\"color:#1a2a2e;font-family:Arial;font-size:18px\"><strong>Zwecke der Verarbeitung:<\/strong>\u00a0Direktmarketing (z.\u00a0B. per E-Mail oder postalisch).<\/p>\n\n\n\n<p class=\"has-open-sans-font-family has-custom-font has-custom-weight has-text-color has-link-color has-arial-font-family wp-elements-1de5bdc63b27c120d456e9a9fd1d2443\" style=\"color:#1a2a2e;font-family:Arial;font-size:18px\"><strong>Rechtsgrundlagen:<\/strong>\u00a0Einwilligung (Art. 6 Abs. 1 S. 1 lit. a) DSGVO).<\/p>\n\n\n\n<p class=\"has-open-sans-font-family has-custom-font has-custom-weight has-arial-font-family has-custom-font\" style=\"font-family:Arial;font-size:22px\"><strong>Werbliche Kommunikation via E-Mail, Post, Fax oder Telefon<\/strong><\/p>\n\n\n\n<p class=\"has-open-sans-font-family has-custom-font has-custom-weight has-text-color has-link-color has-arial-font-family wp-elements-8b6f484895628862959b5d3fbab2b57c\" style=\"color:#1a2a2e;font-family:Arial;font-size:18px\">Wir verarbeiten personenbezogene Daten zu Zwecken der werblichen Kommunikation, die \u00fcber diverse Kan\u00e4le, wie z.&nbsp;B. E-Mail, Telefon, Post oder Fax, entsprechend den gesetzlichen Vorgaben erfolgen kann.<\/p>\n\n\n\n<p class=\"has-open-sans-font-family has-custom-font has-custom-weight has-text-color has-link-color has-arial-font-family wp-elements-2a31fb1f4123bd8a74365eaf41a4ff24\" style=\"color:#1a2a2e;font-family:Arial;font-size:18px\">Die Empf\u00e4nger haben das Recht, erteilte Einwilligungen jederzeit zu widerrufen oder der werblichen Kommunikation jederzeit zu widersprechen.<\/p>\n\n\n\n<p class=\"has-open-sans-font-family has-custom-font has-custom-weight has-text-color has-link-color has-arial-font-family wp-elements-5d4eaf51b44a0224d070fb3aa5db76da\" style=\"color:#1a2a2e;font-family:Arial;font-size:18px\">Nach Widerruf oder Widerspruch speichern wir die zum Nachweis der bisherigen Berechtigung erforderlichen Daten zur Kontaktaufnahme oder Zusendung bis zu drei Jahre nach Ablauf des Jahres des Widerrufs oder Widerspruchs auf der Grundlage unserer berechtigten Interessen. Die Verarbeitung dieser Daten ist auf den Zweck einer m\u00f6glichen Abwehr von Anspr\u00fcchen beschr\u00e4nkt. Auf der Grundlage des berechtigten Interesses, den Widerruf bzw. Widerspruch der Nutzer dauerhaft zu beachten, speichern wir ferner die zur Vermeidung einer erneuten Kontaktaufnahme erforderlichen Daten (z.&nbsp;B. je nach Kommunikationskanal die E-Mail-Adresse, Telefonnummer, Name).<\/p>\n\n\n\n<p class=\"has-open-sans-font-family has-custom-font has-custom-weight has-text-color has-link-color has-arial-font-family wp-elements-0134b4dc53ebe5d7f2bc62a8ff888bd5\" style=\"color:#1a2a2e;font-family:Arial;font-size:18px\"><strong>Rechtsgrundlagen:<\/strong>\u00a0Einwilligung (Art. 6 Abs. 1 S. 1 lit. a) DSGVO). Berechtigte Interessen (Art. 6 Abs. 1 S. 1 lit. f) DSGVO).<\/p>\n\n\n\n<p class=\"has-open-sans-font-family has-custom-font has-custom-weight has-text-color has-link-color has-arial-font-family wp-elements-caaf5907b36a8f66fd9ebc5bb6c14b78\" style=\"color:#1a2a2e;font-family:Arial;font-size:18px\"><strong>Verarbeitete Datenarten:<\/strong>\u00a0Bestandsdaten (z.\u00a0B. der vollst\u00e4ndige Name, Wohnadresse, Kontaktinformationen, Kundennummer, etc.); Kontaktdaten (z.\u00a0B. Post- und E-Mail-Adressen oder Telefonnummern). Inhaltsdaten (z. B. textliche oder bildliche Nachrichten und Beitr\u00e4ge sowie die sie betreffenden Informationen, wie z. B. Angaben zur Autorenschaft oder Zeitpunkt der Erstellung).<\/p>\n\n\n\n<p class=\"has-open-sans-font-family has-custom-font has-custom-weight has-text-color has-link-color has-arial-font-family wp-elements-b06f02ea352e060dfd8c172f9aceca2b\" style=\"color:#1a2a2e;font-family:Arial;font-size:18px\"><strong>Betroffene Personen:<\/strong>\u00a0Kommunikationspartner.<\/p>\n\n\n\n<p class=\"has-open-sans-font-family has-custom-font has-custom-weight has-text-color has-link-color has-arial-font-family wp-elements-b119c9dc49c860e935264ec7e433a280\" style=\"color:#1a2a2e;font-family:Arial;font-size:18px\"><strong>Zwecke der Verarbeitung:<\/strong>\u00a0Direktmarketing (z.\u00a0B. per E-Mail oder postalisch); Marketing. Absatzf\u00f6rderung.<\/p>\n\n\n\n<p class=\"has-open-sans-font-family has-custom-font has-custom-weight has-text-color has-link-color has-arial-font-family wp-elements-d61ee68e5f061bd93eb0baf0d9036936\" style=\"color:#1a2a2e;font-family:Arial;font-size:18px\"><strong>Aufbewahrung und L\u00f6schung:<\/strong>\u00a0L\u00f6schung entsprechend Angaben im Abschnitt \u201eAllgemeine Informationen zur Datenspeicherung und L\u00f6schung\u201c.<\/p>\n\n\n\n<p class=\"has-open-sans-font-family has-custom-font has-custom-weight has-arial-font-family has-custom-font\" style=\"font-family:Arial;font-size:22px\"><strong>Umfragen und Befragungen<\/strong><\/p>\n\n\n\n<p class=\"has-open-sans-font-family has-custom-font has-custom-weight has-text-color has-link-color has-arial-font-family wp-elements-b8ed6ecb6419fcaee8c499152d7555c7\" style=\"color:#1a2a2e;font-family:Arial;font-size:18px\">Wir f\u00fchren Umfragen und Befragungen durch, um Informationen f\u00fcr den jeweils kommunizierten Umfrage- bzw. Befragungszweck, zu sammeln. Die von uns durchgef\u00fchrten Umfragen und Befragungen (nachfolgend \u201eBefragungen\u201c) werden anonym ausgewertet. Eine Verarbeitung personenbezogener Daten erfolgt nur insoweit, als dies zu Bereitstellung und technischen Durchf\u00fchrung der Umfragen erforderlich ist (z.\u00a0B. Verarbeitung der IP-Adresse, um die Umfrage im Browser des Nutzers darzustellen oder mithilfe eines Cookies eine Wiederaufnahme der Umfrage zu erm\u00f6glichen).<strong>Verarbeitete Datenarten:<\/strong>\u00a0Bestandsdaten (z.\u00a0B. der vollst\u00e4ndige Name, Wohnadresse, Kontaktinformationen, Kundennummer, etc.); Kontaktdaten (z.\u00a0B. Post- und E-Mail-Adressen oder Telefonnummern); Inhaltsdaten (z. B. textliche oder bildliche Nachrichten und Beitr\u00e4ge sowie die sie betreffenden Informationen, wie z. B. Angaben zur Autorenschaft oder Zeitpunkt der Erstellung). Nutzungsdaten (z. B. Seitenaufrufe und Verweildauer, Klickpfade, Nutzungsintensit\u00e4t und -frequenz, verwendete Ger\u00e4tetypen und Betriebssysteme, Interaktionen mit Inhalten und Funktionen).<\/p>\n\n\n\n<p class=\"has-open-sans-font-family has-custom-font has-custom-weight has-text-color has-link-color has-arial-font-family wp-elements-1669dc3cb1538d7d2dc999ce222089fb\" style=\"color:#1a2a2e;font-family:Arial;font-size:18px\"><strong>Betroffene Personen:<\/strong>\u00a0Teilnehmer.<\/p>\n\n\n\n<p class=\"has-open-sans-font-family has-custom-font has-custom-weight has-text-color has-link-color has-arial-font-family wp-elements-f76ca20f8fec3c6e9709259c9daade77\" style=\"color:#1a2a2e;font-family:Arial;font-size:18px\"><strong>Zwecke der Verarbeitung:<\/strong>\u00a0Feedback (z.\u00a0B. Sammeln von Feedback via Online-Formular). Umfragen und Frageb\u00f6gen (z.\u00a0B. Umfragen mit Eingabem\u00f6glichkeiten, Multiple-Choice-Fragen).<\/p>\n\n\n\n<p class=\"has-open-sans-font-family has-custom-font has-custom-weight has-text-color has-link-color has-arial-font-family wp-elements-d61ee68e5f061bd93eb0baf0d9036936\" style=\"color:#1a2a2e;font-family:Arial;font-size:18px\"><strong>Aufbewahrung und L\u00f6schung:<\/strong>\u00a0L\u00f6schung entsprechend Angaben im Abschnitt \u201eAllgemeine Informationen zur Datenspeicherung und L\u00f6schung\u201c.<\/p>\n\n\n\n<p class=\"has-open-sans-font-family has-custom-font has-custom-weight has-text-color has-link-color has-arial-font-family wp-elements-56381de72d2a64dd527974c9ad63bcae\" style=\"color:#1a2a2e;font-family:Arial;font-size:18px\"><strong>Rechtsgrundlagen:<\/strong>\u00a0Berechtigte Interessen (Art. 6 Abs. 1 S. 1 lit. f) DSGVO).<strong>Weitere Hinweise zu Verarbeitungsprozessen, Verfahren und Diensten:<\/strong><\/p>\n\n\n\n<p class=\"has-open-sans-font-family has-custom-font has-custom-weight has-text-color has-link-color has-arial-font-family wp-elements-326bc7380fb9634add6bd3fb5ae8ae76\" style=\"color:#1a2a2e;font-family:Arial;font-size:18px\"><strong>Microsoft Clouddienste:<\/strong>\u00a0Cloudspeicher, Cloudinfrastrukturdienste und cloudbasierte Anwendungssoftware;\u00a0<strong>Dienstanbieter:<\/strong>\u00a0Microsoft Irland Operations Limited, One Microsoft Place, South County Business Park, Leopardstown, Dublin 18, D18 P521, Irland;\u00a0<strong>Rechtsgrundlagen:<\/strong>\u00a0Berechtigte Interessen (Art. 6 Abs. 1 S. 1 lit. f) DSGVO);\u00a0<strong>Website:<\/strong>\u00a0https:\/\/microsoft.com\/de-de;\u00a0<strong>Datenschutzerkl\u00e4rung:<\/strong>\u00a0https:\/\/privacy.microsoft.com\/de-de\/privacystatement, Sicherheitshinweise: https:\/\/www.microsoft.com\/de-de\/trustcenter;\u00a0<strong>Auftragsverarbeitungsvertrag:<\/strong>\u00a0https:\/\/www.microsoft.com\/licensing\/docs\/view\/Microsoft-Products-and-Services-Data-Protection-Addendum-DPA.\u00a0<strong>Grundlage Drittlandtransfers:<\/strong>\u00a0Data Privacy Framework (DPF), Standardvertragsklauseln (https:\/\/www.microsoft.com\/licensing\/docs\/view\/Microsoft-Products-and-Services-Data-Protection-Addendum-DPA), Data Privacy Framework (DPF)Standardvertragsklauseln (https:\/\/www.microsoft.com\/licensing\/docs\/view\/Microsoft-Products-and-Services-Data-Protection-Addendum-DPA).<\/p>\n\n\n\n<p class=\"has-open-sans-font-family has-custom-font has-custom-weight has-arial-font-family has-custom-font\" style=\"font-family:Arial;font-size:22px\"><strong>Webanalyse, Monitoring und Optimierung<\/strong><\/p>\n\n\n\n<p class=\"has-open-sans-font-family has-custom-font has-custom-weight has-text-color has-link-color has-arial-font-family wp-elements-18b34c7f01900daf968acc71880b9e46\" style=\"color:#1a2a2e;font-family:Arial;font-size:18px\">Die Webanalyse (auch als \u201eReichweitenmessung\u201c bezeichnet) dient der Auswertung der Besucherstr\u00f6me unseres Onlineangebots und kann Verhalten, Interessen oder demografische Informationen zu den Besuchern, wie beispielsweise Alter oder Geschlecht, als pseudonyme Werte umfassen. Mithilfe der Reichweitenanalyse k\u00f6nnen wir zum Beispiel erkennen, zu welcher Zeit unser Onlineangebot oder dessen Funktionen beziehungsweise Inhalte am h\u00e4ufigsten genutzt werden, oder zur Wiederverwendung einladen. Ebenso ist es uns m\u00f6glich, nachzuvollziehen, welche Bereiche der Optimierung bed\u00fcrfen.<\/p>\n\n\n\n<p class=\"has-open-sans-font-family has-custom-font has-custom-weight has-text-color has-link-color has-arial-font-family wp-elements-504d02471a933c14b3c111729c77484b\" style=\"color:#1a2a2e;font-family:Arial;font-size:18px\">Neben der Webanalyse k\u00f6nnen wir auch Testverfahren einsetzen, um etwa unterschiedliche Versionen unseres Onlineangebots oder seiner Bestandteile zu testen und zu optimieren.<\/p>\n\n\n\n<p class=\"has-open-sans-font-family has-custom-font has-custom-weight has-text-color has-link-color has-arial-font-family wp-elements-aac0beb2a3bf968f9c87d732526b865b\" style=\"color:#1a2a2e;font-family:Arial;font-size:18px\">Sofern nachfolgend nicht anders angegeben, k\u00f6nnen zu diesen Zwecken Profile, also zu einem Nutzungsvorgang zusammengefasste Daten, angelegt und Informationen in einem Browser bzw. in einem Endger\u00e4t gespeichert und dann ausgelesen werden. Zu den erhobenen Angaben geh\u00f6ren insbesondere besuchte Websites und dort genutzte Elemente sowie technische Ausk\u00fcnfte, wie etwa der verwendete Browser, das benutzte Computersystem sowie Angaben zu Nutzungszeiten. Sofern sich Nutzer in die Erhebung ihrer Standortdaten uns gegen\u00fcber oder gegen\u00fcber den Anbietern der von uns eingesetzten Dienste einverstanden erkl\u00e4rt haben, ist auch die Verarbeitung von Standortdaten m\u00f6glich.<\/p>\n\n\n\n<p class=\"has-open-sans-font-family has-custom-font has-custom-weight has-text-color has-link-color has-arial-font-family wp-elements-28cf91638f753617b0eb4b8c761acf74\" style=\"color:#1a2a2e;font-family:Arial;font-size:18px\">Dar\u00fcber hinaus werden die IP-Adressen der Nutzer gespeichert. Jedoch nutzen wir ein IP-Masking-Verfahren (d. h. Pseudonymisierung durch K\u00fcrzung der IP-Adresse) zum Schutz der Nutzer. Generell werden die im Rahmen von Webanalyse, A\/B-Testings und Optimierung keine Klardaten der Nutzer (wie z.&nbsp;B. E-Mail-Adressen oder Namen) gespeichert, sondern Pseudonyme. Das hei\u00dft, wir als auch die Anbieter der eingesetzten Software kennen nicht die tats\u00e4chliche Identit\u00e4t der Nutzer, sondern nur die zum Zweck der jeweiligen Verfahren in deren Profilen gespeicherten Angaben.<\/p>\n\n\n\n<p class=\"has-open-sans-font-family has-custom-font has-custom-weight has-text-color has-link-color has-arial-font-family wp-elements-b4fb61da440a187611034e699591d957\" style=\"color:#1a2a2e;font-family:Arial;font-size:18px\">Hinweise zu Rechtsgrundlagen: Sofern wir die Nutzer um deren Einwilligung in den Einsatz der Drittanbieter bitten, stellt die Rechtsgrundlage der Datenverarbeitung die Einwilligung dar. Ansonsten werden die Nutzerdaten auf Grundlage unserer berechtigten Interessen (d. h. Interesse an effizienten, wirtschaftlichen und empf\u00e4ngerfreundlichen Leistungen) verarbeitet. In diesem Zusammenhang m\u00f6chten wir Sie auch auf die Informationen zur Verwendung von Cookies in dieser Datenschutzerkl\u00e4rung hinweisen.<\/p>\n\n\n\n<p class=\"has-open-sans-font-family has-custom-font has-custom-weight has-text-color has-link-color has-arial-font-family wp-elements-0134b4dc53ebe5d7f2bc62a8ff888bd5\" style=\"color:#1a2a2e;font-family:Arial;font-size:18px\"><strong>Rechtsgrundlagen:<\/strong>\u00a0Einwilligung (Art. 6 Abs. 1 S. 1 lit. a) DSGVO). Berechtigte Interessen (Art. 6 Abs. 1 S. 1 lit. f) DSGVO).<\/p>\n\n\n\n<p class=\"has-open-sans-font-family has-custom-font has-custom-weight has-text-color has-link-color has-arial-font-family wp-elements-b27ecb1dace47fa8e8a4383b7f3bd1c0\" style=\"color:#1a2a2e;font-family:Arial;font-size:18px\"><strong>Verarbeitete Datenarten:<\/strong>\u00a0Nutzungsdaten (z. B. Seitenaufrufe und Verweildauer, Klickpfade, Nutzungsintensit\u00e4t und -frequenz, verwendete Ger\u00e4tetypen und Betriebssysteme, Interaktionen mit Inhalten und Funktionen). Meta-, Kommunikations- und Verfahrensdaten (z. B. IP-Adressen, Zeitangaben, Identifikationsnummern, beteiligte Personen).<\/p>\n\n\n\n<p class=\"has-open-sans-font-family has-custom-font has-custom-weight has-text-color has-link-color has-arial-font-family wp-elements-980c9458f48d0cf65fe799ad71b6a96b\" style=\"color:#1a2a2e;font-family:Arial;font-size:18px\"><strong>Betroffene Personen:<\/strong>\u00a0Nutzer (z.\u00a0B. Webseitenbesucher, Nutzer von Onlinediensten).<\/p>\n\n\n\n<p class=\"has-open-sans-font-family has-custom-font has-custom-weight has-text-color has-link-color has-arial-font-family wp-elements-75e4f9924ef4541a4b832c433b33d979\" style=\"color:#1a2a2e;font-family:Arial;font-size:18px\"><strong>Zwecke der Verarbeitung:<\/strong>\u00a0Reichweitenmessung (z.\u00a0B. Zugriffsstatistiken, Erkennung wiederkehrender Besucher); Profile mit nutzerbezogenen Informationen (Erstellen von Nutzerprofilen). Bereitstellung unseres Onlineangebotes und Nutzerfreundlichkeit.<\/p>\n\n\n\n<p class=\"has-open-sans-font-family has-custom-font has-custom-weight has-text-color has-link-color has-arial-font-family wp-elements-b0501755bb74d2f6cb47508da79cad6d\" style=\"color:#1a2a2e;font-family:Arial;font-size:18px\"><strong>Aufbewahrung und L\u00f6schung:<\/strong>\u00a0L\u00f6schung entsprechend Angaben im Abschnitt \u201eAllgemeine Informationen zur Datenspeicherung und L\u00f6schung\u201c. Speicherung von Cookies von bis zu 2 Jahren (Sofern nicht anders angegeben, k\u00f6nnen Cookies und \u00e4hnliche Speichermethoden f\u00fcr einen Zeitraum von zwei Jahren auf den Ger\u00e4ten der Nutzer gespeichert werden.).<\/p>\n\n\n\n<p class=\"has-open-sans-font-family has-custom-font has-custom-weight has-text-color has-link-color has-arial-font-family wp-elements-cbc2770aabd6e07f6b91c67d306bfade\" style=\"color:#1a2a2e;font-family:Arial;font-size:18px\"><strong>Sicherheitsma\u00dfnahmen:<\/strong>\u00a0IP-Masking (Pseudonymisierung der IP-Adresse).<\/p>\n\n\n\n<p class=\"has-open-sans-font-family has-custom-font has-custom-weight has-arial-font-family has-custom-font\" style=\"font-family:Arial;font-size:22px\"><strong>Weitere Hinweise zu Verarbeitungsprozessen, Verfahren und Diensten:<\/strong><\/p>\n\n\n\n<p class=\"has-open-sans-font-family has-custom-font has-custom-weight has-text-color has-link-color has-arial-font-family wp-elements-9820ad5296513b91f8a0fc70273646a9\" style=\"color:#1a2a2e;font-family:Arial;font-size:18px\"><strong>Google Analytics:<\/strong>\u00a0Wir verwenden Google Analytics zur Messung und Analyse der Nutzung unseres Onlineangebotes auf der Grundlage einer pseudonymen Nutzeridentifikationsnummer. Diese Identifikationsnummer enth\u00e4lt keine eindeutigen Daten, wie Namen oder E-Mail-Adressen. Sie dient dazu, Analyseinformationen einem Endger\u00e4t zuzuordnen, um zu erkennen, welche Inhalte die Nutzer innerhalb eines oder verschiedener Nutzungsvorg\u00e4nge aufgerufen haben, welche Suchbegriffe sie verwendet haben, diese erneut aufgerufen haben oder mit unserem Onlineangebot interagiert haben. Ebenso werden der Zeitpunkt der Nutzung und deren Dauer gespeichert, sowie die Quellen der Nutzer, die auf unser Onlineangebot verweisen und technische Aspekte ihrer Endger\u00e4te und Browser.<br>Dabei werden pseudonyme Profile von Nutzern mit Informationen aus der Nutzung verschiedener Ger\u00e4te erstellt, wobei Cookies eingesetzt werden k\u00f6nnen. Google Analytics protokolliert und speichert keine individuellen IP-Adressen f\u00fcr EU-Nutzer. Analytics stellt jedoch grobe geografische Standortdaten bereit, indem es die folgenden Metadaten von IP-Adressen ableitet: Stadt (und der abgeleitete Breiten- und L\u00e4ngengrad der Stadt), Kontinent, Land, Region, Subkontinent (und ID-basierte Gegenst\u00fccke). Beim EU-Datenverkehr werden die IP-Adressdaten ausschlie\u00dflich f\u00fcr diese Ableitung von Geolokalisierungsdaten verwendet, bevor sie sofort gel\u00f6scht werden. Sie werden nicht protokolliert, sind nicht zug\u00e4nglich und werden nicht f\u00fcr weitere Verwendungszwecke genutzt. Wenn Google Analytics Messdaten sammelt, werden alle IP-Abfragen auf EU-basierten Servern durchgef\u00fchrt, bevor der Verkehr zur Verarbeitung an Analytics-Server weitergeleitet wird;\u00a0<strong>Dienstanbieter:<\/strong>\u00a0Google Ireland Limited, Gordon House, Barrow Street, Dublin 4, Irland;\u00a0<strong>Rechtsgrundlagen:<\/strong>\u00a0Einwilligung (Art. 6 Abs. 1 S. 1 lit. a) DSGVO);\u00a0<strong>Website:<\/strong>\u00a0https:\/\/marketingplatform.google.com\/intl\/de\/about\/analytics\/;\u00a0<strong>Sicherheitsma\u00dfnahmen:<\/strong>\u00a0IP-Masking (Pseudonymisierung der IP-Adresse);\u00a0<strong>Datenschutzerkl\u00e4rung:<\/strong>\u00a0https:\/\/policies.google.com\/privacy;\u00a0<strong>Auftragsverarbeitungsvertrag:<\/strong>\u00a0https:\/\/business.safety.google\/adsprocessorterms\/;\u00a0<strong>Grundlage Drittlandtransfers:<\/strong>\u00a0Data Privacy Framework (DPF), Standardvertragsklauseln (https:\/\/business.safety.google\/adsprocessorterms), Data Privacy Framework (DPF)Standardvertragsklauseln ( https:\/\/business.safety.google\/adsprocessorterms);\u00a0<strong>Widerspruchsm\u00f6glichkeit (Opt-Out):<\/strong>\u00a0Opt-Out-Plugin: https:\/\/tools.google.com\/dlpage\/gaoptout?hl=de, Einstellungen f\u00fcr die Darstellung von Werbeeinblendungen: https:\/\/myadcenter.google.com\/personalizationoff.\u00a0<strong>Weitere Informationen:<\/strong>\u00a0https:\/\/business.safety.google\/adsservices\/ (Arten der Verarbeitung sowie der verarbeiteten Daten).<\/p>\n\n\n\n<p class=\"has-open-sans-font-family has-custom-font has-custom-weight has-text-color has-link-color has-arial-font-family wp-elements-92666a07a538798e1517b6c47361503c\" style=\"color:#1a2a2e;font-family:Arial;font-size:18px\"><strong>Google Tag Manager:<\/strong>\u00a0Wir verwenden den Google Tag Manager, eine Software von Google, das es uns erm\u00f6glicht, sogenannte Website-Tags zentral \u00fcber eine Benutzeroberfl\u00e4che zu verwalten. Tags sind kleine Code-Elemente auf unserer Webseite, die dazu dienen, Besucheraktivit\u00e4ten zu erfassen und zu analysieren. Diese Technologie unterst\u00fctzt uns dabei, unsere Webseite und die darauf angebotenen Inhalte zu verbessern. Der Google Tag Manager selbst erstellt keine Nutzerprofile, speichert keine Cookies mit Nutzerprofilen und f\u00fchrt keine eigenst\u00e4ndigen Analysen durch. Seine Funktion beschr\u00e4nkt sich darauf, die Einbindung und Verwaltung von Tools und Diensten, die wir auf unserer Webseite nutzen, zu vereinfachen und effizienter zu gestalten. Trotzdem wird bei der Nutzung des Google Tag Managers die IP-Adresse der Nutzer an Google \u00fcbermittelt, was aus technischen Gr\u00fcnden erforderlich ist, um die von uns verwendeten Dienste zu implementieren. Auch k\u00f6nnen dabei Cookies gesetzt werden. Diese Datenverarbeitung erfolgt jedoch nur, wenn \u00fcber den Tag Manager Dienste eingebunden werden. F\u00fcr genauere Informationen zu diesen Diensten und ihrer Datenverarbeitung verweisen wir auf die weiterf\u00fchrenden Abschnitte dieser Datenschutzerkl\u00e4rung;\u00a0<strong>Dienstanbieter:<\/strong>\u00a0Google Ireland Limited, Gordon House, Barrow Street, Dublin 4, Irland;\u00a0<strong>Rechtsgrundlagen:<\/strong>\u00a0Einwilligung (Art. 6 Abs. 1 S. 1 lit. a) DSGVO);\u00a0<strong>Website:<\/strong>\u00a0https:\/\/marketingplatform.google.com;\u00a0<strong>Datenschutzerkl\u00e4rung:<\/strong>\u00a0https:\/\/policies.google.com\/privacy;\u00a0<strong>Auftragsverarbeitungsvertrag:<\/strong><br>https:\/\/business.safety.google\/adsprocessorterms.\u00a0<strong>Grundlage Drittlandtransfers:<\/strong>\u00a0Data Privacy Framework (DPF), Standardvertragsklauseln (https:\/\/business.safety.google\/adsprocessorterms), Data Privacy Framework (DPF)Standardvertragsklauseln ( https:\/\/business.safety.google\/adsprocessorterms).<\/p>\n\n\n\n<p class=\"has-open-sans-font-family has-custom-font has-custom-weight has-arial-font-family has-custom-font\" style=\"font-family:Arial;font-size:22px\"><strong><strong>Onlinemarketing<\/strong><\/strong><\/p>\n\n\n\n<p class=\"has-open-sans-font-family has-custom-font has-custom-weight has-text-color has-link-color has-arial-font-family wp-elements-3bf2bb3daaa67e8007c2f5de0b8cc657\" style=\"color:#1a2a2e;font-family:Arial;font-size:18px\">Wir verarbeiten personenbezogene Daten zum Zweck des Onlinemarketings, worunter insbesondere die Vermarktung von Werbefl\u00e4chen oder die Darstellung von werbenden und sonstigen Inhalten (zusammenfassend als \u201eInhalte\u201c bezeichnet) anhand potenzieller Interessen der Nutzer sowie die Messung ihrer Effektivit\u00e4t fallen k\u00f6nnen.<\/p>\n\n\n\n<p class=\"has-open-sans-font-family has-custom-font has-custom-weight has-text-color has-link-color has-arial-font-family wp-elements-319dc183a8a93c4464d1bc94051220e4\" style=\"color:#1a2a2e;font-family:Arial;font-size:18px\">Zu diesen Zwecken werden sogenannte Nutzerprofile angelegt und in einer Datei (der sogenannte \u201eCookie\u201c) gespeichert oder \u00e4hnliche Verfahren genutzt, mittels derer die f\u00fcr die Darstellung der vorgenannten Inhalte relevanten Angaben zum Nutzer gespeichert werden. Hierzu k\u00f6nnen beispielsweise betrachtete Inhalte, besuchte Websites, genutzte Onlinenetzwerke, aber auch Kommunikationspartner und technische Angaben geh\u00f6ren, wie etwa der verwendete Browser, das benutzte Computersystem sowie Ausk\u00fcnfte zu Nutzungszeiten und genutzten Funktionen. Sofern Nutzer in die Erhebung ihrer Standortdaten eingewilligt haben, k\u00f6nnen auch diese verarbeitet werden.<\/p>\n\n\n\n<p class=\"has-open-sans-font-family has-custom-font has-custom-weight has-text-color has-link-color has-arial-font-family wp-elements-4391353fbb441f12254cfc0a81e3c91f\" style=\"color:#1a2a2e;font-family:Arial;font-size:18px\">Zudem werden die IP-Adressen der Nutzer gespeichert. Jedoch nutzen wir zur Verf\u00fcgung stehende IP-Masking-Verfahren (d. h. Pseudonymisierung durch K\u00fcrzung der IP-Adresse) zum Nutzerschutz. Generell werden im Rahmen des Onlinemarketingverfahrens keine Klardaten der Nutzer (wie z.&nbsp;B. E-Mail-Adressen oder Namen) gespeichert, sondern Pseudonyme. Das hei\u00dft, wir als auch die Anbieter der Onlinemarketingverfahren kennen nicht die tats\u00e4chliche Nutzeridentit\u00e4t, sondern nur die in deren Profilen gespeicherten Angaben.<\/p>\n\n\n\n<p class=\"has-open-sans-font-family has-custom-font has-custom-weight has-text-color has-link-color has-arial-font-family wp-elements-54d8e2e08408f2e21c48226b46fd1c04\" style=\"color:#1a2a2e;font-family:Arial;font-size:18px\">Die Aussagen in den Profilen werden im Regelfall in den Cookies oder mittels \u00e4hnlicher Verfahren gespeichert. Diese Cookies k\u00f6nnen sp\u00e4ter generell auch auf anderen Websites, die dasselbe Onlinemarketingverfahren einsetzen, ausgelesen und zum Zweck der Darstellung von Inhalten analysiert sowie mit weiteren Daten erg\u00e4nzt und auf dem Server des Onlinemarketingverfahrensanbieters gespeichert werden.<\/p>\n\n\n\n<p class=\"has-open-sans-font-family has-custom-font has-custom-weight has-text-color has-link-color has-arial-font-family wp-elements-035008e4318e1a944df7b0de2dba20e6\" style=\"color:#1a2a2e;font-family:Arial;font-size:18px\">Ausnahmsweise ist es m\u00f6glich, Klardaten den Profilen zuzuordnen, vornehmlich dann, wenn die Nutzer zum Beispiel Mitglieder eines sozialen Netzwerks sind, dessen Onlinemarketingverfahren wir einsetzen und das Netzwerk die Nutzerprofile mit den vorgenannten Angaben verbindet. Wir bitten darum, zu beachten, dass Nutzer mit den Anbietern zus\u00e4tzliche Abreden treffen k\u00f6nnen, etwa durch Einwilligung im Rahmen der Registrierung.<\/p>\n\n\n\n<p class=\"has-open-sans-font-family has-custom-font has-custom-weight has-text-color has-link-color has-arial-font-family wp-elements-07d0595f881e123d93625a3c9115fedd\" style=\"color:#1a2a2e;font-family:Arial;font-size:18px\">Wir erhalten grunds\u00e4tzlich nur Zugang zu zusammengefassten Informationen \u00fcber den Erfolg unserer Werbeanzeigen. Jedoch k\u00f6nnen wir im Rahmen sogenannter Konversionsmessungen pr\u00fcfen, welche unserer Onlinemarketingverfahren zu einer sogenannten Konversion gef\u00fchrt haben, d. h. beispielsweise zu einem Vertragsschluss mit uns. Die Konversionsmessung wird alleine zur Erfolgsanalyse unserer Marketingma\u00dfnahmen verwendet.<\/p>\n\n\n\n<p class=\"has-open-sans-font-family has-custom-font has-custom-weight has-text-color has-link-color has-arial-font-family wp-elements-bc9de0ba0733d1ff010e8d6d24f859ad\" style=\"color:#1a2a2e;font-family:Arial;font-size:18px\">Solange nicht anders angegeben, bitten wir Sie, davon auszugehen, dass eingesetzte Cookies f\u00fcr einen Zeitraum von zwei Jahren gespeichert werden.<\/p>\n\n\n\n<p class=\"has-open-sans-font-family has-custom-font has-custom-weight has-text-color has-link-color has-arial-font-family wp-elements-7d3aee34b0f3b35a0e6bad76dc9c8607\" style=\"color:#1a2a2e;font-family:Arial;font-size:18px\"><strong>Hinweise zu Rechtsgrundlagen:<\/strong>&nbsp;Sofern wir die Nutzer um deren Einwilligung in den Einsatz der Drittanbieter bitten, stellt die Rechtsgrundlage der Datenverarbeitung die Erlaubnis dar. Ansonsten werden die Daten der Nutzer auf Grundlage unserer berechtigten Interessen (d. h. Interesse an effizienten, wirtschaftlichen und empf\u00e4ngerfreundlichen Leistungen) verarbeitet. In diesem Zusammenhang m\u00f6chten wir Sie auch auf die Informationen zur Verwendung von Cookies in dieser Datenschutzerkl\u00e4rung hinweisen.<\/p>\n\n\n\n<p class=\"has-open-sans-font-family has-custom-font has-custom-weight has-arial-font-family has-custom-font\" style=\"font-family:Arial;font-size:22px\"><strong>Hinweise zum Widerruf und Widerspruch:<\/strong><\/p>\n\n\n\n<p class=\"has-open-sans-font-family has-custom-font has-custom-weight has-text-color has-link-color has-arial-font-family wp-elements-5e4b4e049cae75bfb6517e48e50eb3a0\" style=\"color:#1a2a2e;font-family:Arial;font-size:18px\">Wir verweisen auf die Datenschutzhinweise der jeweiligen Anbieter und die zu den Anbietern angegebenen Widerspruchsm\u00f6glichkeiten (sog. \u201eOpt-Out\u201c). Sofern keine explizite Opt-Out-M\u00f6glichkeit angegeben wurde, besteht zum einen die M\u00f6glichkeit, dass Sie Cookies in den Einstellungen Ihres Browsers abschalten. Hierdurch k\u00f6nnen jedoch Funktionen unseres Onlineangebotes eingeschr\u00e4nkt werden. Wir empfehlen daher zus\u00e4tzlich die folgenden Opt-Out-M\u00f6glichkeiten, die zusammenfassend auf jeweilige Gebiete gerichtet angeboten werden:<\/p>\n\n\n\n<p class=\"has-open-sans-font-family has-custom-font has-custom-weight has-text-color has-link-color has-arial-font-family wp-elements-998d8cf478c7c78794968a2dc2b6a868\" style=\"color:#1a2a2e;font-family:Arial;font-size:18px\">a) Europa: <a href=\"https:\/\/www.youronlinechoices.eu\">https:\/\/www.youronlinechoices.eu<\/a>.<\/p>\n\n\n\n<p class=\"has-open-sans-font-family has-custom-font has-custom-weight has-text-color has-link-color has-arial-font-family wp-elements-2d6bc52bf61988dddda70a039888c810\" style=\"color:#1a2a2e;font-family:Arial;font-size:18px\">b) Kanada: <a href=\"https:\/\/www.youradchoices.ca\/choices\">https:\/\/www.youradchoices.ca\/choices<\/a>.<\/p>\n\n\n\n<p class=\"has-open-sans-font-family has-custom-font has-custom-weight has-text-color has-link-color has-arial-font-family wp-elements-f7f2b3fb6c2d6ae235eb0034b9ef3b0d\" style=\"color:#1a2a2e;font-family:Arial;font-size:18px\">c) USA: <a href=\"https:\/\/www.aboutads.info\/choices\">https:\/\/www.aboutads.info\/choices<\/a>.<\/p>\n\n\n\n<p class=\"has-open-sans-font-family has-custom-font has-custom-weight has-text-color has-link-color has-arial-font-family wp-elements-3baf30a88d01de870752d19e1fd4cac9\" style=\"color:#1a2a2e;font-family:Arial;font-size:18px\">d) Gebiets\u00fcbergreifend: <a href=\"https:\/\/optout.aboutads.info\">https:\/\/optout.aboutads.info<\/a>.<\/p>\n\n\n\n<p class=\"has-open-sans-font-family has-custom-font has-custom-weight has-text-color has-link-color has-arial-font-family wp-elements-1de5bdc63b27c120d456e9a9fd1d2443\" style=\"color:#1a2a2e;font-family:Arial;font-size:18px\"><strong>Rechtsgrundlagen:<\/strong>\u00a0Einwilligung (Art. 6 Abs. 1 S. 1 lit. a) DSGVO).<\/p>\n\n\n\n<p class=\"has-open-sans-font-family has-custom-font has-custom-weight has-text-color has-link-color has-arial-font-family wp-elements-45d7439690d32cc0f67eaf544a94c122\" style=\"color:#1a2a2e;font-family:Arial;font-size:18px\"><strong>Verarbeitete Datenarten:<\/strong>\u00a0Inhaltsdaten (z. B. textliche oder bildliche Nachrichten und Beitr\u00e4ge sowie die sie betreffenden Informationen, wie z. B. Angaben zur Autorenschaft oder Zeitpunkt der Erstellung); Nutzungsdaten (z. B. Seitenaufrufe und Verweildauer, Klickpfade, Nutzungsintensit\u00e4t und -frequenz, verwendete Ger\u00e4tetypen und Betriebssysteme, Interaktionen mit Inhalten und Funktionen); Meta-, Kommunikations- und Verfahrensdaten (z. B. IP-Adressen, Zeitangaben, Identifikationsnummern, beteiligte Personen). Event-Daten (Facebook) (\u201eEvent-Daten\u201c sind Informationen, die beispielsweise \u00fcber Meta-Pixel (sei es \u00fcber Apps oder andere Kan\u00e4le) an den Anbieter Meta gesendet werden und sich auf Personen oder deren Aktionen beziehen. Zu diesen Daten z\u00e4hlen etwa Details zu Website-Besuchen, Interaktionen mit Inhalten und Funktionen, App-Installationen sowie Produktk\u00e4ufe. Die Verarbeitung der Event-Daten erfolgt mit dem Ziel, Zielgruppen f\u00fcr Inhalte und Werbebotschaften (Custom Audiences) zu erstellen. Es ist wichtig zu beachten, dass Event-Daten keine tats\u00e4chlichen Inhalte wie verfasste Kommentare, keine Login-Informationen und keine Kontaktinformationen wie Namen, E-Mail-Adressen oder Telefonnummern umfassen. \u201eEvent-Daten\u201c werden von Meta nach maximal zwei Jahren gel\u00f6scht, und die daraus gebildeten Zielgruppen verschwinden mit der L\u00f6schung unserer Meta-Nutzer-Konten.).<\/p>\n\n\n\n<p class=\"has-open-sans-font-family has-custom-font has-custom-weight has-text-color has-link-color has-arial-font-family wp-elements-980c9458f48d0cf65fe799ad71b6a96b\" style=\"color:#1a2a2e;font-family:Arial;font-size:18px\"><strong>Betroffene Personen:<\/strong>\u00a0Nutzer (z.\u00a0B. Webseitenbesucher, Nutzer von Onlinediensten).<\/p>\n\n\n\n<p class=\"has-open-sans-font-family has-custom-font has-custom-weight has-text-color has-link-color has-arial-font-family wp-elements-303fe7f54f711ff51cb91fc870bc9fee\" style=\"color:#1a2a2e;font-family:Arial;font-size:18px\"><strong>Zwecke der Verarbeitung:<\/strong>\u00a0Reichweitenmessung (z.\u00a0B. Zugriffsstatistiken, Erkennung wiederkehrender Besucher); Tracking (z.\u00a0B. interessens-\/verhaltensbezogenes Profiling, Nutzung von Cookies); Konversionsmessung (Messung der Effektivit\u00e4t von Marketingma\u00dfnahmen); Zielgruppenbildung; Marketing; Profile mit nutzerbezogenen Informationen (Erstellen von Nutzerprofilen). Bereitstellung unseres Onlineangebotes und Nutzerfreundlichkeit.<\/p>\n\n\n\n<p class=\"has-open-sans-font-family has-custom-font has-custom-weight has-text-color has-link-color has-arial-font-family wp-elements-b0501755bb74d2f6cb47508da79cad6d\" style=\"color:#1a2a2e;font-family:Arial;font-size:18px\"><strong>Aufbewahrung und L\u00f6schung:<\/strong>\u00a0L\u00f6schung entsprechend Angaben im Abschnitt \u201eAllgemeine Informationen zur Datenspeicherung und L\u00f6schung\u201c. Speicherung von Cookies von bis zu 2 Jahren (Sofern nicht anders angegeben, k\u00f6nnen Cookies und \u00e4hnliche Speichermethoden f\u00fcr einen Zeitraum von zwei Jahren auf den Ger\u00e4ten der Nutzer gespeichert werden.).<\/p>\n\n\n\n<p class=\"has-open-sans-font-family has-custom-font has-custom-weight has-text-color has-link-color has-arial-font-family wp-elements-cbc2770aabd6e07f6b91c67d306bfade\" style=\"color:#1a2a2e;font-family:Arial;font-size:18px\"><strong>Sicherheitsma\u00dfnahmen:<\/strong>\u00a0IP-Masking (Pseudonymisierung der IP-Adresse).<\/p>\n\n\n\n<p class=\"has-open-sans-font-family has-custom-font has-custom-weight has-arial-font-family has-custom-font\" style=\"font-family:Arial;font-size:22px\"><strong>Weitere Hinweise zu Verarbeitungsprozessen, Verfahren und Diensten:<\/strong><\/p>\n\n\n\n<p class=\"has-open-sans-font-family has-custom-font has-custom-weight has-text-color has-link-color has-arial-font-family wp-elements-b4619668ac5977ec5890cf54289437ad\" style=\"color:#1a2a2e;font-family:Arial;font-size:18px\"><strong>Meta-Pixel und Zielgruppenbildung (Custom Audiences):<\/strong>\u00a0Mit Hilfe des Meta-Pixels (oder vergleichbarer Funktionen, zur \u00dcbermittlung von Event-Daten oder Kontaktinformationen mittels Schnittstellen in Apps) ist es dem Unternehmen Meta zum einen m\u00f6glich, die Besucher unseres Onlineangebotes als Zielgruppe f\u00fcr die Darstellung von Anzeigen (sogenannte \u201eMeta-Ads\u201c) zu bestimmen. Dementsprechend setzen wir das Meta-Pixel ein, um die durch uns geschalteten Meta-Ads nur solchen Nutzern auf Plattformen von Meta und innerhalb der Dienste der mit Meta kooperierenden Partner (so genanntes \u201eAudience Network\u201c https:\/\/www.facebook.com\/audiencenetwork\/ ) anzuzeigen, die auch ein Interesse an unserem Onlineangebot gezeigt haben oder die bestimmte Merkmale (z.\u00a0B. Interesse an bestimmten Themen oder Produkten, die anhand der besuchten Webseiten ersichtlich werden) aufweisen, die wir an Meta \u00fcbermitteln (sogenannte \u201eCustom Audiences\u201c). Mit Hilfe des Meta-Pixels m\u00f6chten wir auch sicherstellen, dass unsere Meta-Ads dem potentiellen Interesse der Nutzer entsprechen und nicht bel\u00e4stigend wirken. Mit Hilfe des Meta-Pixels k\u00f6nnen wir ferner die Wirksamkeit der Meta-Ads f\u00fcr statistische und Marktforschungszwecke nachvollziehen, indem wir sehen, ob Nutzer nach dem Klick auf eine Meta-Ad auf unsere Webseite weitergeleitet wurden (sogenannte \u201eKonversionsmessung\u201c);\u00a0<strong>Dienstanbieter:<\/strong>\u00a0Meta Platforms Ireland Limited, Merrion Road, Dublin 4, D04 X2K5, Irland;\u00a0<strong>Rechtsgrundlagen:<\/strong>\u00a0Einwilligung (Art. 6 Abs. 1 S. 1 lit. a) DSGVO);\u00a0<strong>Website:<\/strong>\u00a0https:\/\/www.facebook.com;\u00a0<strong>Datenschutzerkl\u00e4rung:<\/strong>\u00a0https:\/\/www.facebook.com\/privacy\/policy\/;\u00a0<strong>Auftragsverarbeitungsvertrag:<\/strong>\u00a0https:\/\/www.facebook.com\/legal\/terms\/dataprocessing;\u00a0<strong>Grundlage Drittlandtransfers:<\/strong>\u00a0Data Privacy Framework (DPF), Standardvertragsklauseln (https:\/\/www.facebook.com\/legal\/EU_data_transfer_addendum), Data Privacy Framework (DPF)Standardvertragsklauseln (https:\/\/www.facebook.com\/legal\/EU_data_transfer_addendum);\u00a0<strong>Weitere Informationen:<\/strong>\u00a0Event Daten der Nutzer, d.\u00a0.h. Verhaltens- und Interessensangaben, werden f\u00fcr die Zwecke der gezielten Werbung und der Zielgruppenbildung auf der Grundlage der Vereinbarung \u00fcber die gemeinsame Verantwortlichkeit (\u201eZusatz f\u00fcr Verantwortliche\u201c, https:\/\/www.facebook.com\/legal\/controller_addendum) verarbeitet. Die gemeinsame Verantwortlichkeit beschr\u00e4nkt sich auf die Erhebung durch und \u00dcbermittlung von Daten an Meta Platforms Ireland Limited, ein Unternehmen mit Sitz in der EU. Die weitere Verarbeitung der Daten liegt in der alleinigen Verantwortung von Meta Platforms Ireland Limited, was insbesondere die \u00dcbermittlung der Daten an die Muttergesellschaft Meta Platforms, Inc. in den USA betrifft (auf der Grundlage der zwischen Meta Platforms Ireland Limited und Meta Platforms, Inc. geschlossenen Standardvertragsklauseln).<\/p>\n\n\n\n<p class=\"has-open-sans-font-family has-custom-font has-custom-weight has-arial-font-family has-custom-font\" style=\"font-family:Arial;font-size:22px\"><strong>Pr\u00e4senzen in sozialen Netzwerken (Social Media)<\/strong><\/p>\n\n\n\n<p class=\"has-open-sans-font-family has-custom-font has-custom-weight has-text-color has-link-color has-arial-font-family wp-elements-00ef7fd39df9d3079ddc286d3f0e23c9\" style=\"color:#1a2a2e;font-family:Arial;font-size:18px\">Wir unterhalten Onlinepr\u00e4senzen innerhalb sozialer Netzwerke und verarbeiten in diesem Rahmen Nutzerdaten, um mit den dort aktiven Nutzern zu kommunizieren oder Informationen \u00fcber uns anzubieten.<\/p>\n\n\n\n<p class=\"has-open-sans-font-family has-custom-font has-custom-weight has-text-color has-link-color has-arial-font-family wp-elements-3b645bc66c6b5dcdcbf3ec45c19b6ff4\" style=\"color:#1a2a2e;font-family:Arial;font-size:18px\">Wir weisen darauf hin, dass dabei Nutzerdaten au\u00dferhalb des Raumes der Europ\u00e4ischen Union verarbeitet werden k\u00f6nnen. Hierdurch k\u00f6nnen sich f\u00fcr die Nutzer Risiken ergeben, weil so zum Beispiel die Durchsetzung der Nutzerrechte erschwert werden k\u00f6nnte.<\/p>\n\n\n\n<p class=\"has-open-sans-font-family has-custom-font has-custom-weight has-text-color has-link-color has-arial-font-family wp-elements-49de5fbd85b13620b5494bd7a44d6362\" style=\"color:#1a2a2e;font-family:Arial;font-size:18px\">Ferner werden die Daten der Nutzer innerhalb sozialer Netzwerke im Regelfall f\u00fcr Marktforschungs- und Werbezwecke verarbeitet. So k\u00f6nnen beispielsweise anhand des Nutzungsverhaltens und sich daraus ergebender Interessen der Nutzer Nutzungsprofile erstellt werden. Letztere finden m\u00f6glicherweise wiederum Verwendung, um etwa Werbeanzeigen innerhalb und au\u00dferhalb der Netzwerke zu schalten, die mutma\u00dflich den Interessen der Nutzer entsprechen. Daher werden im Regelfall Cookies auf den Rechnern der Nutzer gespeichert, in denen das Nutzungsverhalten und die Interessen der Nutzer gespeichert werden. Zudem k\u00f6nnen in den Nutzungsprofilen auch Daten unabh\u00e4ngig der von den Nutzern verwendeten Ger\u00e4ten gespeichert werden (insbesondere, wenn sie Mitglieder der jeweiligen Plattformen und dort eingeloggt sind).<\/p>\n\n\n\n<p class=\"has-open-sans-font-family has-custom-font has-custom-weight has-text-color has-link-color has-arial-font-family wp-elements-f3b01784fd2e6866acd18eb396e94e93\" style=\"color:#1a2a2e;font-family:Arial;font-size:18px\">F\u00fcr eine detaillierte Darstellung der jeweiligen Verarbeitungsformen und der Widerspruchsm\u00f6glichkeiten (Opt-out) verweisen wir auf die Datenschutzerkl\u00e4rungen und Angaben der Betreiber der jeweiligen Netzwerke.<\/p>\n\n\n\n<p class=\"has-open-sans-font-family has-custom-font has-custom-weight has-text-color has-link-color has-arial-font-family wp-elements-e677d4e13746ae2aea1e3d5a57363902\" style=\"color:#1a2a2e;font-family:Arial;font-size:18px\">Auch im Fall von Auskunftsanfragen und der Geltendmachung von Betroffenenrechten weisen wir darauf hin, dass diese am effektivsten bei den Anbietern geltend gemacht werden k\u00f6nnen. Nur Letztere haben jeweils Zugriff auf die Nutzerdaten und k\u00f6nnen direkt entsprechende Ma\u00dfnahmen ergreifen und Ausk\u00fcnfte geben. Sollten Sie dennoch Hilfe ben\u00f6tigen, dann k\u00f6nnen Sie sich an uns wenden.<\/p>\n\n\n\n<p class=\"has-open-sans-font-family has-custom-font has-custom-weight has-text-color has-link-color has-arial-font-family wp-elements-fbaf83403779c38c8d2c1850ab7e65ba\" style=\"color:#1a2a2e;font-family:Arial;font-size:18px\"><strong>Rechtsgrundlagen:<\/strong>\u00a0Berechtigte Interessen (Art. 6 Abs. 1 S. 1 lit. f) DSGVO).<\/p>\n\n\n\n<p class=\"has-open-sans-font-family has-custom-font has-custom-weight has-text-color has-link-color has-arial-font-family wp-elements-6f39968c5800b7e0b7b1436cd8bc0610\" style=\"color:#1a2a2e;font-family:Arial;font-size:18px\"><strong>Verarbeitete Datenarten:<\/strong>\u00a0Kontaktdaten (z.\u00a0B. Post- und E-Mail-Adressen oder Telefonnummern); Inhaltsdaten (z. B. textliche oder bildliche Nachrichten und Beitr\u00e4ge sowie die sie betreffenden Informationen, wie z. B. Angaben zur Autorenschaft oder Zeitpunkt der Erstellung). Nutzungsdaten (z. B. Seitenaufrufe und Verweildauer, Klickpfade, Nutzungsintensit\u00e4t und -frequenz, verwendete Ger\u00e4tetypen und Betriebssysteme, Interaktionen mit Inhalten und Funktionen).<\/p>\n\n\n\n<p class=\"has-open-sans-font-family has-custom-font has-custom-weight has-text-color has-link-color has-arial-font-family wp-elements-980c9458f48d0cf65fe799ad71b6a96b\" style=\"color:#1a2a2e;font-family:Arial;font-size:18px\"><strong>Betroffene Personen:<\/strong>\u00a0Nutzer (z.\u00a0B. Webseitenbesucher, Nutzer von Onlinediensten).<\/p>\n\n\n\n<p class=\"has-open-sans-font-family has-custom-font has-custom-weight has-text-color has-link-color has-arial-font-family wp-elements-1fc006da5ba0a85ef1f54b971b86a4cf\" style=\"color:#1a2a2e;font-family:Arial;font-size:18px\"><strong>Zwecke der Verarbeitung:<\/strong>\u00a0Kommunikation; Feedback (z.\u00a0B. Sammeln von Feedback via Online-Formular). \u00d6ffentlichkeitsarbeit.<\/p>\n\n\n\n<p class=\"has-open-sans-font-family has-custom-font has-custom-weight has-text-color has-link-color has-arial-font-family wp-elements-d61ee68e5f061bd93eb0baf0d9036936\" style=\"color:#1a2a2e;font-family:Arial;font-size:18px\"><strong>Aufbewahrung und L\u00f6schung:<\/strong>\u00a0L\u00f6schung entsprechend Angaben im Abschnitt \u201eAllgemeine Informationen zur Datenspeicherung und L\u00f6schung\u201c.<\/p>\n\n\n\n<p class=\"has-open-sans-font-family has-custom-font has-custom-weight has-arial-font-family has-custom-font\" style=\"font-family:Arial;font-size:22px\"><strong>Weitere Hinweise zu Verarbeitungsprozessen, Verfahren und Diensten:<\/strong><\/p>\n\n\n\n<p class=\"has-open-sans-font-family has-custom-font has-custom-weight has-text-color has-link-color has-arial-font-family wp-elements-4c46a6f68bd84a69e29a16a771cf3a1a\" style=\"color:#1a2a2e;font-family:Arial;font-size:18px\"><strong>Instagram:<\/strong>\u00a0Soziales Netzwerk, erm\u00f6glicht das Teilen von Fotos und Videos, das Kommentieren und Favorisieren von Beitr\u00e4gen, Nachrichtenversand, Abonnieren von Profilen und Seiten;\u00a0<strong>Dienstanbieter:<\/strong>\u00a0Meta Platforms Ireland Limited, Merrion Road, Dublin 4, D04 X2K5, Irland;\u00a0<strong>Rechtsgrundlagen:<\/strong>\u00a0Berechtigte Interessen (Art. 6 Abs. 1 S. 1 lit. f) DSGVO);\u00a0<strong>Website:<\/strong>\u00a0https:\/\/www.instagram.com;\u00a0<strong>Datenschutzerkl\u00e4rung:<\/strong>\u00a0https:\/\/privacycenter.instagram.com\/policy\/.\u00a0<strong>Grundlage Drittlandtransfers:<\/strong>\u00a0Data Privacy Framework (DPF), Data Privacy Framework (DPF).<\/p>\n\n\n\n<p class=\"has-open-sans-font-family has-custom-font has-custom-weight has-text-color has-link-color has-arial-font-family wp-elements-d0380047da7cdb65c3390f346bac4075\" style=\"color:#1a2a2e;font-family:Arial;font-size:18px\"><strong>Facebook-Seiten:<\/strong>\u00a0Profile innerhalb des sozialen Netzwerks Facebook \u2013 Wir sind gemeinsam mit Meta Platforms Ireland Limited f\u00fcr die Erhebung (jedoch nicht die weitere Verarbeitung) von Daten der Besucher unserer Facebook-Seite (sog. \u201eFanpage\u201c) verantwortlich. Zu diesen Daten geh\u00f6ren Informationen zu den Arten von Inhalten, die Nutzer sich ansehen oder mit denen sie interagieren, oder die von ihnen vorgenommenen Handlungen (siehe unter \u201eVon dir und anderen get\u00e4tigte und bereitgestellte Dinge\u201c in der Facebook-Datenrichtlinie: https:\/\/www.facebook.com\/privacy\/policy\/), sowie Informationen \u00fcber die von den Nutzern genutzten Ger\u00e4te (z.\u00a0B. IP-Adressen, Betriebssystem, Browsertyp, Spracheinstellungen, Cookie-Daten; siehe unter \u201eGer\u00e4teinformationen\u201c in der Facebook-Datenrichtlinie: https:\/\/www.facebook.com\/privacy\/policy\/). Wie in der Facebook-Datenrichtlinie unter \u201eWie verwenden wir diese Informationen?\u201c erl\u00e4utert, erhebt und verwendet Facebook Informationen auch, um Analysedienste, so genannte \u201eSeiten-Insights\u201c, f\u00fcr Seitenbetreiber bereitzustellen, damit diese Erkenntnisse dar\u00fcber erhalten, wie Personen mit ihren Seiten und mit den mit ihnen verbundenen Inhalten interagieren. Wir haben mit Facebook eine spezielle Vereinbarung abgeschlossen (\u201eInformationen zu Seiten-Insights\u201c, https:\/\/www.facebook.com\/legal\/terms\/page_controller_addendum), in der insbesondere geregelt wird, welche Sicherheitsma\u00dfnahmen Facebook beachten muss und in der Facebook sich bereit erkl\u00e4rt hat die Betroffenenrechte zu erf\u00fcllen (d.\u00a0h. Nutzer k\u00f6nnen z.\u00a0B. Ausk\u00fcnfte oder L\u00f6schungsanfragen direkt an Facebook richten). Die Rechte der Nutzer (insbesondere auf Auskunft, L\u00f6schung, Widerspruch und Beschwerde bei zust\u00e4ndiger Aufsichtsbeh\u00f6rde), werden durch die Vereinbarungen mit Facebook nicht eingeschr\u00e4nkt. Weitere Hinweise finden sich in den \u201eInformationen zu Seiten-Insights\u201c (https:\/\/www.facebook.com\/legal\/terms\/information_about_page_insights_data). Die gemeinsame Verantwortlichkeit beschr\u00e4nkt sich auf die Erhebung durch und \u00dcbermittlung von Daten an Meta Platforms Ireland Limited, ein Unternehmen mit Sitz in der EU. Die weitere Verarbeitung der Daten liegt in der alleinigen Verantwortung von Meta Platforms Ireland Limited, was insbesondere die \u00dcbermittlung der Daten an die Muttergesellschaft Meta Platforms, Inc. in den USA betrifft;\u00a0<strong>Dienstanbieter:<\/strong>\u00a0Meta Platforms Ireland Limited, Merrion Road, Dublin 4, D04 X2K5, Irland;\u00a0<strong>Rechtsgrundlagen:<\/strong>\u00a0Berechtigte Interessen (Art. 6 Abs. 1 S. 1 lit. f) DSGVO);\u00a0<strong>Website:<\/strong>\u00a0https:\/\/www.facebook.com;\u00a0<strong>Datenschutzerkl\u00e4rung:<\/strong>\u00a0https:\/\/www.facebook.com\/privacy\/policy\/.\u00a0<strong>Grundlage Drittlandtransfers:<\/strong>\u00a0Data Privacy Framework (DPF), Standardvertragsklauseln (https:\/\/www.facebook.com\/legal\/EU_data_transfer_addendum), Data Privacy Framework (DPF)Standardvertragsklauseln (https:\/\/www.facebook.com\/legal\/EU_data_transfer_addendum).<\/p>\n\n\n\n<p class=\"has-open-sans-font-family has-custom-font has-custom-weight has-text-color has-link-color has-arial-font-family wp-elements-d10a34a8b617d50adc3f1228f3337bf6\" style=\"color:#1a2a2e;font-family:Arial;font-size:18px\"><strong>LinkedIn:<\/strong>\u00a0Soziales Netzwerk \u2013 Wir sind gemeinsam mit LinkedIn Irland Unlimited Company f\u00fcr die Erhebung (jedoch nicht die weitere Verarbeitung) von Daten der Besucher verantwortlich, die zur Erstellung der \u201ePage-Insights\u201c (Statistiken) unserer LinkedIn-Profile genutzt werden. Zu diesen Daten geh\u00f6ren Informationen \u00fcber die Arten von Inhalten, die Nutzer sich ansehen oder mit denen sie interagieren, sowie die von ihnen vorgenommenen Handlungen. Au\u00dferdem werden Details \u00fcber die genutzten Ger\u00e4te erfasst, wie z.\u00a0B. IP-Adressen, Betriebssystem, Browsertyp, Spracheinstellungen und Cookie-Daten, sowie Angaben aus den Nutzerprofilen, wie Berufsfunktion, Land, Branche, Hierarchieebene, Unternehmensgr\u00f6\u00dfe und Besch\u00e4ftigungsstatus. Datenschutzinformationen zur Verarbeitung von Nutzerdaten durch LinkedIn k\u00f6nnen den Datenschutzhinweisen von LinkedIn entnommen werden: https:\/\/www.linkedin.com\/legal\/privacy-policy.<br>Wir haben mit LinkedIn Irland eine spezielle Vereinbarung geschlossen (\u201ePage Insights Joint Controller Addendum\u201c, https:\/\/legal.linkedin.com\/pages-joint-controller-addendum), in der insbesondere geregelt wird, welche Sicherheitsma\u00dfnahmen LinkedIn beachten muss und in der LinkedIn sich bereit erkl\u00e4rt hat, die Rechte der Betroffenen zu erf\u00fcllen (d. h. Nutzer k\u00f6nnen z.\u00a0B. Auskunfts- oder L\u00f6schungsanfragen direkt an LinkedIn richten). Die Rechte der Nutzer (insbesondere das Recht auf Auskunft, L\u00f6schung, Widerspruch und Beschwerde bei der zust\u00e4ndigen Aufsichtsbeh\u00f6rde) werden durch die Vereinbarungen mit LinkedIn nicht eingeschr\u00e4nkt. Die gemeinsame Verantwortlichkeit beschr\u00e4nkt sich auf die Erhebung und \u00dcbermittlung der Daten an LinkedIn Irland Unlimited Company, ein Unternehmen mit Sitz in der EU. Die weitere Verarbeitung der Daten obliegt ausschlie\u00dflich LinkedIn Irland Unlimited Company, insbesondere was die \u00dcbermittlung der Daten an die Muttergesellschaft LinkedIn Corporation in den USA betrifft;\u00a0<strong>Dienstanbieter:<\/strong>\u00a0LinkedIn Ireland Unlimited Company, Wilton Place, Dublin 2, Irland;\u00a0<strong>Rechtsgrundlagen:<\/strong>\u00a0Berechtigte Interessen (Art. 6 Abs. 1 S. 1 lit. f) DSGVO);\u00a0<strong>Website:<\/strong>\u00a0https:\/\/www.linkedin.com;\u00a0<strong>Datenschutzerkl\u00e4rung:<\/strong>\u00a0https:\/\/www.linkedin.com\/legal\/privacy-policy;\u00a0<strong>Grundlage Drittlandtransfers:<\/strong>\u00a0Data Privacy Framework (DPF), Standardvertragsklauseln (https:\/\/legal.linkedin.com\/dpa), Data Privacy Framework (DPF)Standardvertragsklauseln (https:\/\/legal.linkedin.com\/dpa).\u00a0<strong>Widerspruchsm\u00f6glichkeit (Opt-Out):<\/strong>\u00a0https:\/\/www.linkedin.com\/psettings\/guest-controls\/retargeting-opt-out.<\/p>\n\n\n\n<p class=\"has-open-sans-font-family has-custom-font has-custom-weight has-text-color has-link-color has-arial-font-family wp-elements-d128f6e69f0d1db510ed1fcc42529cb7\" style=\"color:#1a2a2e;font-family:Arial;font-size:18px\"><strong>Pinterest:<\/strong>\u00a0Soziales Netzwerk, erm\u00f6glicht das Teilen von Fotos, Kommentieren, Favorisieren und Kuratieren von Beitr\u00e4gen, Nachrichtenversand, Abonnieren von Profilen;\u00a0<strong>Dienstanbieter:<\/strong>\u00a0Pinterest Europe Limited, 2nd Floor, Palmerston House, Fenian Street, Dublin 2, Irland;\u00a0<strong>Rechtsgrundlagen:<\/strong>\u00a0Berechtigte Interessen (Art. 6 Abs. 1 S. 1 lit. f) DSGVO);\u00a0<strong>Website:<\/strong>\u00a0https:\/\/www.pinterest.com.\u00a0<strong>Datenschutzerkl\u00e4rung:<\/strong>\u00a0https:\/\/policy.pinterest.com\/de\/privacy-policy.<\/p>\n\n\n\n<p class=\"has-open-sans-font-family has-custom-font has-custom-weight has-arial-font-family has-custom-font\" style=\"font-family:Arial;font-size:22px\"><strong>Plug-ins und eingebettete Funktionen sowie Inhalte<\/strong><\/p>\n\n\n\n<p class=\"has-open-sans-font-family has-custom-font has-custom-weight has-text-color has-link-color has-arial-font-family wp-elements-04f686bf9b5995a9bc01a24696cfbfe0\" style=\"color:#1a2a2e;font-family:Arial;font-size:18px\">Wir binden Funktions- und Inhaltselemente in unser Onlineangebot ein, die von den Servern ihrer jeweiligen Anbieter (nachfolgend als \u201eDrittanbieter\u201c bezeichnet) bezogen werden. Dabei kann es sich zum Beispiel um Grafiken, Videos oder Stadtpl\u00e4ne handeln (nachfolgend einheitlich als \u201eInhalte\u201c bezeichnet).<\/p>\n\n\n\n<p class=\"has-open-sans-font-family has-custom-font has-custom-weight has-text-color has-link-color has-arial-font-family wp-elements-80e26251489b88bc02fd8022d74cfba9\" style=\"color:#1a2a2e;font-family:Arial;font-size:18px\">Die Einbindung setzt immer voraus, dass die Drittanbieter dieser Inhalte die IP-Adresse der Nutzer verarbeiten, da sie ohne IP-Adresse die Inhalte nicht an deren Browser senden k\u00f6nnten. Die IP-Adresse ist damit f\u00fcr die Darstellung dieser Inhalte oder Funktionen erforderlich. Wir bem\u00fchen uns, nur solche Inhalte zu verwenden, deren jeweilige Anbieter die IP-Adresse lediglich zur Auslieferung der Inhalte anzuwenden. Drittanbieter k\u00f6nnen ferner sogenannte Pixel-Tags (unsichtbare Grafiken, auch als \u201eWeb Beacons\u201c bezeichnet) f\u00fcr statistische oder Marketingzwecke einsetzen. Durch die \u201ePixel-Tags\u201c k\u00f6nnen Informationen, wie etwa der Besucherverkehr auf den Seiten dieser Website, ausgewertet werden. Die pseudonymen Informationen k\u00f6nnen dar\u00fcber hinaus in Cookies auf dem Ger\u00e4t der Nutzer gespeichert werden und unter anderem technische Ausk\u00fcnfte zum Browser und zum Betriebssystem, zu verweisenden Websites, zur Besuchszeit sowie weitere Angaben zur Nutzung unseres Onlineangebots enthalten, aber auch mit solchen Informationen aus anderen Quellen verbunden werden.<\/p>\n\n\n\n<p class=\"has-open-sans-font-family has-custom-font has-custom-weight has-text-color has-link-color has-arial-font-family wp-elements-7a4734b8df9fa9c119c3d9930e72108f\" style=\"color:#1a2a2e;font-family:Arial;font-size:18px\"><strong>Hinweise zu Rechtsgrundlagen:<\/strong>&nbsp;Sofern wir die Nutzer um ihre Einwilligung in den Einsatz der Drittanbieter bitten, stellt die Rechtsgrundlage der Datenverarbeitung die Erlaubnis dar. Ansonsten werden die Nutzerdaten auf Grundlage unserer berechtigten Interessen (d. h. Interesse an effizienten, wirtschaftlichen und empf\u00e4ngerfreundlichen Leistungen) verarbeitet. In diesem Zusammenhang m\u00f6chten wir Sie auch auf die Informationen zur Verwendung von Cookies in dieser Datenschutzerkl\u00e4rung hinweisen.<\/p>\n\n\n\n<p class=\"has-open-sans-font-family has-custom-font has-custom-weight has-text-color has-link-color has-arial-font-family wp-elements-0134b4dc53ebe5d7f2bc62a8ff888bd5\" style=\"color:#1a2a2e;font-family:Arial;font-size:18px\"><strong>Rechtsgrundlagen:<\/strong>\u00a0Einwilligung (Art. 6 Abs. 1 S. 1 lit. a) DSGVO). Berechtigte Interessen (Art. 6 Abs. 1 S. 1 lit. f) DSGVO).<\/p>\n\n\n\n<p class=\"has-open-sans-font-family has-custom-font has-custom-weight has-text-color has-link-color has-arial-font-family wp-elements-b27ecb1dace47fa8e8a4383b7f3bd1c0\" style=\"color:#1a2a2e;font-family:Arial;font-size:18px\"><strong>Verarbeitete Datenarten:<\/strong>\u00a0Nutzungsdaten (z. B. Seitenaufrufe und Verweildauer, Klickpfade, Nutzungsintensit\u00e4t und -frequenz, verwendete Ger\u00e4tetypen und Betriebssysteme, Interaktionen mit Inhalten und Funktionen). Meta-, Kommunikations- und Verfahrensdaten (z. B. IP-Adressen, Zeitangaben, Identifikationsnummern, beteiligte Personen).<\/p>\n\n\n\n<p class=\"has-open-sans-font-family has-custom-font has-custom-weight has-text-color has-link-color has-arial-font-family wp-elements-980c9458f48d0cf65fe799ad71b6a96b\" style=\"color:#1a2a2e;font-family:Arial;font-size:18px\"><strong>Betroffene Personen:<\/strong>\u00a0Nutzer (z.\u00a0B. Webseitenbesucher, Nutzer von Onlinediensten).<\/p>\n\n\n\n<p class=\"has-open-sans-font-family has-custom-font has-custom-weight has-text-color has-link-color has-arial-font-family wp-elements-a98287c0cfe3880eac7f0d955b333238\" style=\"color:#1a2a2e;font-family:Arial;font-size:18px\"><strong>Zwecke der Verarbeitung:<\/strong>\u00a0Bereitstellung unseres Onlineangebotes und Nutzerfreundlichkeit. Erbringung vertraglicher Leistungen und Erf\u00fcllung vertraglicher Pflichten.<\/p>\n\n\n\n<p class=\"has-open-sans-font-family has-custom-font has-custom-weight has-text-color has-link-color has-arial-font-family wp-elements-b0501755bb74d2f6cb47508da79cad6d\" style=\"color:#1a2a2e;font-family:Arial;font-size:18px\"><strong>Aufbewahrung und L\u00f6schung:<\/strong>\u00a0L\u00f6schung entsprechend Angaben im Abschnitt \u201eAllgemeine Informationen zur Datenspeicherung und L\u00f6schung\u201c. Speicherung von Cookies von bis zu 2 Jahren (Sofern nicht anders angegeben, k\u00f6nnen Cookies und \u00e4hnliche Speichermethoden f\u00fcr einen Zeitraum von zwei Jahren auf den Ger\u00e4ten der Nutzer gespeichert werden.).<\/p>\n\n\n\n<p class=\"has-open-sans-font-family has-custom-font has-custom-weight has-arial-font-family has-custom-font\" style=\"font-family:Arial;font-size:22px\"><strong>Weitere Hinweise zu Verarbeitungsprozessen, Verfahren und Diensten:<\/strong><\/p>\n\n\n\n<p class=\"has-open-sans-font-family has-custom-font has-custom-weight has-text-color has-link-color has-arial-font-family wp-elements-48c111d27597f756fd5b0b8106d23ef0\" style=\"color:#1a2a2e;font-family:Arial;font-size:18px\"><strong>Google Fonts (Bezug vom Google Server):<\/strong>\u00a0Bezug von Schriften (und Symbolen) zum Zwecke einer technisch sicheren, wartungsfreien und effizienten Nutzung von Schriften und Symbolen im Hinblick auf Aktualit\u00e4t und Ladezeiten, deren einheitliche Darstellung und Ber\u00fccksichtigung m\u00f6glicher lizenzrechtlicher Beschr\u00e4nkungen. Dem Anbieter der Schriftarten wird die IP-Adresse des Nutzers mitgeteilt, damit die Schriftarten im Browser des Nutzers zur Verf\u00fcgung gestellt werden k\u00f6nnen. Dar\u00fcber hinaus werden technische Daten (Spracheinstellungen, Bildschirmaufl\u00f6sung, Betriebssystem, verwendete Hardware) \u00fcbermittelt, die f\u00fcr die Bereitstellung der Schriften in Abh\u00e4ngigkeit von den verwendeten Ger\u00e4ten und der technischen Umgebung notwendig sind. Diese Daten k\u00f6nnen auf einem Server des Anbieters der Schriftarten in den USA verarbeitet werden \u2013 Beim Besuch unseres Onlineangebotes senden die Browser der Nutzer ihre Browser HTTP-Anfragen an die Google Fonts Web API (d.\u00a0h. eine Softwareschnittstelle f\u00fcr den Abruf der Schriftarten). Die Google Fonts Web API stellt den Nutzern die Cascading Style Sheets (CSS) von Google Fonts und danach die in der CCS angegebenen Schriftarten zur Verf\u00fcgung. Zu diesen HTTP-Anfragen geh\u00f6ren (1) die vom jeweiligen Nutzer f\u00fcr den Zugriff auf das Internet verwendete IP-Adresse, (2) die angeforderte URL auf dem Google-Server und (3) die HTTP-Header, einschlie\u00dflich des User-Agents, der die Browser- und Betriebssystemversionen der Websitebesucher beschreibt, sowie die Verweis-URL (d.\u00a0h. die Webseite, auf der die Google-Schriftart angezeigt werden soll). IP-Adressen werden weder auf Google-Servern protokolliert noch gespeichert und sie werden nicht analysiert. Die Google Fonts Web API protokolliert Details der HTTP-Anfragen (angeforderte URL, User-Agent und Verweis-URL). Der Zugriff auf diese Daten ist eingeschr\u00e4nkt und streng kontrolliert. Die angeforderte URL identifiziert die Schriftfamilien, f\u00fcr die der Nutzer Schriftarten laden m\u00f6chte. Diese Daten werden protokolliert, damit Google bestimmen kann, wie oft eine bestimmte Schriftfamilie angefordert wird. Bei der Google Fonts Web API muss der User-Agent die Schriftart anpassen, die f\u00fcr den jeweiligen Browsertyp generiert wird. Der User-Agent wird in erster Linie zum Debugging protokolliert und verwendet, um aggregierte Nutzungsstatistiken zu generieren, mit denen die Beliebtheit von Schriftfamilien gemessen wird. Diese zusammengefassten Nutzungsstatistiken werden auf der Seite \u201eAnalysen\u201c von Google Fonts ver\u00f6ffentlicht. Schlie\u00dflich wird die Verweis-URL protokolliert, sodass die Daten f\u00fcr die Wartung der Produktion verwendet und ein aggregierter Bericht zu den Top-Integrationen basierend auf der Anzahl der Schriftartenanfragen generiert werden kann. Google verwendet laut eigener Auskunft keine der von Google Fonts erfassten Informationen, um Profile von Endnutzern zu erstellen oder zielgerichtete Anzeigen zu schalten;\u00a0<strong>Dienstanbieter:<\/strong>\u00a0Google Ireland Limited, Gordon House, Barrow Street, Dublin 4, Irland;\u00a0<strong>Rechtsgrundlagen:<\/strong>\u00a0Berechtigte Interessen (Art. 6 Abs. 1 S. 1 lit. f) DSGVO);\u00a0<strong>Website:<\/strong>\u00a0https:\/\/fonts.google.com\/;\u00a0<strong>Datenschutzerkl\u00e4rung:<\/strong>\u00a0https:\/\/policies.google.com\/privacy;\u00a0<strong>Grundlage Drittlandtransfers:<\/strong>\u00a0Data Privacy Framework (DPF), Data Privacy Framework (DPF).\u00a0<strong>Weitere Informationen:<\/strong>\u00a0https:\/\/developers.google.com\/fonts\/faq\/privacy?hl=de.<\/p>\n\n\n\n<p class=\"has-open-sans-font-family has-custom-font has-custom-weight has-text-color has-link-color has-arial-font-family wp-elements-d09deb551df6167d255fa94e408b0005\" style=\"color:#1a2a2e;font-family:Arial;font-size:18px\"><strong>OpenStreetMap:<\/strong>\u00a0Wir binden die Landkarten des Dienstes \u201eOpenStreetMap\u201c ein, die auf Grundlage der Open Data Commons Open Database Lizenz (ODbL) durch die OpenStreetMap Foundation (OSMF) angeboten werden. Die Daten der Nutzer werden durch OpenStreetMap ausschlie\u00dflich zu Zwecken der Darstellung der Kartenfunktionen und zur Zwischenspeicherung der gew\u00e4hlten Einstellungen verwendet. Zu diesen Daten k\u00f6nnen insbesondere IP-Adressen und Standortdaten der Nutzer geh\u00f6ren, die jedoch nicht ohne deren Einwilligung (im Regelfall im Rahmen der Einstellungen ihrer Endger\u00e4te oder Browser vollzogen) erhoben werden;\u00a0<strong>Dienstanbieter:<\/strong>\u00a0OpenStreetMap Foundation (OSMF);\u00a0<strong>Rechtsgrundlagen:<\/strong>\u00a0Berechtigte Interessen (Art. 6 Abs. 1 S. 1 lit. f) DSGVO);\u00a0<strong>Website:<\/strong>\u00a0https:\/\/www.openstreetmap.de.\u00a0<strong>Datenschutzerkl\u00e4rung:<\/strong>\u00a0https:\/\/osmfoundation.org\/wiki\/Privacy_Policy.<\/p>\n\n\n\n<p class=\"has-open-sans-font-family has-custom-font has-custom-weight has-text-color has-link-color has-arial-font-family wp-elements-24511d93cae5948e4c08f3cb297a4006\" style=\"color:#1a2a2e;font-family:Arial;font-size:18px\"><strong>reCAPTCHA:<\/strong>\u00a0Wir binden die Funktion \u201ereCAPTCHA\u201c ein, um erkennen zu k\u00f6nnen, ob Eingaben (z.\u00a0B. in Onlineformularen) von Menschen und nicht von automatisch agierenden Maschinen (sogenannten \u201eBots\u201c) get\u00e4tigt werden. Zu den verarbeiteten Daten k\u00f6nnen IP-Adressen, Informationen zu Betriebssystemen, Ger\u00e4ten oder verwendeten Browsern, Spracheinstellungen, Standort, Mausbewegungen, Tastaturanschl\u00e4ge, Verweildauer auf Webseiten, zuvor besuchte Webseiten, Interaktionen mit ReCaptcha auf anderen Webseiten, unter Umst\u00e4nden Cookies sowie Ergebnisse von manuellen Erkennungsvorg\u00e4ngen (z.\u00a0B. Beantwortung von gestellten Fragen oder Auswahl von Objekten in Bildern) geh\u00f6ren. Die Datenverarbeitung erfolgt auf Grundlage unserer berechtigten Interesse, unser Onlineangebot vor missbr\u00e4uchlichem automatisiertem Crawling und Spam zu sch\u00fctzen;\u00a0<strong>Dienstanbieter:<\/strong>\u00a0Google Ireland Limited, Gordon House, Barrow Street, Dublin 4, Irland;\u00a0<strong>Rechtsgrundlagen:<\/strong>\u00a0Berechtigte Interessen (Art. 6 Abs. 1 S. 1 lit. f) DSGVO);\u00a0<strong>Website:<\/strong>\u00a0https:\/\/www.google.com\/recaptcha\/;\u00a0<strong>Datenschutzerkl\u00e4rung:<\/strong>\u00a0https:\/\/policies.google.com\/privacy;\u00a0<strong>Grundlage Drittlandtransfers:<\/strong>\u00a0Data Privacy Framework (DPF), Data Privacy Framework (DPF).\u00a0<strong>Widerspruchsm\u00f6glichkeit (Opt-Out):<\/strong>\u00a0Opt-Out-Plugin: https:\/\/tools.google.com\/dlpage\/gaoptout?hl=de, Einstellungen f\u00fcr die Darstellung von Werbeeinblendungen: https:\/\/myadcenter.google.com\/personalizationoff.<\/p>\n\n\n\n<p class=\"has-open-sans-font-family has-custom-font has-custom-weight has-arial-font-family has-custom-font\" style=\"font-family:Arial;font-size:22px\"><strong>Management, Organisation und Hilfswerkzeuge<\/strong><\/p>\n\n\n\n<p class=\"has-open-sans-font-family has-custom-font has-custom-weight has-text-color has-link-color has-arial-font-family wp-elements-597ef3e055bc259ca98fa131fae9886e\" style=\"color:#1a2a2e;font-family:Arial;font-size:18px\">Wir setzen Dienstleistungen, Plattformen und Software anderer Anbieter (nachfolgend bezeichnet als \u201eDrittanbieter\u201c) zu Zwecken der Organisation, Verwaltung, Planung sowie Erbringung unserer Leistungen ein. Bei der Auswahl der Drittanbieter und ihrer Leistungen beachten wir die gesetzlichen Vorgaben.<\/p>\n\n\n\n<p class=\"has-open-sans-font-family has-custom-font has-custom-weight has-text-color has-link-color has-arial-font-family wp-elements-b7df8ae5d948576ea66c34004013f659\" style=\"color:#1a2a2e;font-family:Arial;font-size:18px\">In diesem Rahmen k\u00f6nnen personenbezogenen Daten verarbeitet und auf den Servern der Drittanbieter gespeichert werden. Hiervon k\u00f6nnen diverse Daten betroffen sein, die wir entsprechend dieser Datenschutzerkl\u00e4rung verarbeiten. Zu diesen Daten k\u00f6nnen insbesondere Stammdaten und Kontaktdaten der Nutzer, Daten zu Vorg\u00e4ngen, Vertr\u00e4gen, sonstigen Prozessen und deren Inhalte geh\u00f6ren.<\/p>\n\n\n\n<p class=\"has-open-sans-font-family has-custom-font has-custom-weight has-text-color has-link-color has-arial-font-family wp-elements-0b3234d13b2f53a6e06a37de8a969f47\" style=\"color:#1a2a2e;font-family:Arial;font-size:18px\">Sofern Nutzer im Rahmen der Kommunikation, von Gesch\u00e4fts- oder anderen Beziehungen mit uns auf die Drittanbieter bzw. deren Software oder Plattformen verwiesen werden, k\u00f6nnen die Drittanbieter Nutzungsdaten und Metadaten zu Sicherheitszwecken, zur Serviceoptimierung oder zu Marketingzwecken verarbeiten. Wir bitten daher darum, die Datenschutzhinweise der jeweiligen Drittanbieter zu beachten.<\/p>\n\n\n\n<p class=\"has-open-sans-font-family has-custom-font has-custom-weight has-text-color has-link-color has-arial-font-family wp-elements-5bf34f13aca93ff5a062db973f1d5559\" style=\"color:#1a2a2e;font-family:Arial;font-size:18px\"><strong>Verarbeitete Datenarten:<\/strong>\u00a0Inhaltsdaten (z. B. textliche oder bildliche Nachrichten und Beitr\u00e4ge sowie die sie betreffenden Informationen, wie z. B. Angaben zur Autorenschaft oder Zeitpunkt der Erstellung); Nutzungsdaten (z. B. Seitenaufrufe und Verweildauer, Klickpfade, Nutzungsintensit\u00e4t und -frequenz, verwendete Ger\u00e4tetypen und Betriebssysteme, Interaktionen mit Inhalten und Funktionen). Meta-, Kommunikations- und Verfahrensdaten (z. B. IP-Adressen, Zeitangaben, Identifikationsnummern, beteiligte Personen).<\/p>\n\n\n\n<p class=\"has-open-sans-font-family has-custom-font has-custom-weight has-text-color has-link-color has-arial-font-family wp-elements-d225ec8f7fe42daaf1bc634ee942719e\" style=\"color:#1a2a2e;font-family:Arial;font-size:18px\"><strong>Betroffene Personen:<\/strong>\u00a0Kommunikationspartner; Nutzer (z.\u00a0B. Webseitenbesucher, Nutzer von Onlinediensten). Leistungsempf\u00e4nger und Auftraggeber.<\/p>\n\n\n\n<p class=\"has-open-sans-font-family has-custom-font has-custom-weight has-text-color has-link-color has-arial-font-family wp-elements-37f1777c74d94c9c85eeac70814a50cf\" style=\"color:#1a2a2e;font-family:Arial;font-size:18px\"><strong>Zwecke der Verarbeitung:<\/strong>\u00a0Erbringung vertraglicher Leistungen und Erf\u00fcllung vertraglicher Pflichten; B\u00fcro- und Organisationsverfahren. Bereitstellung unseres Onlineangebotes und Nutzerfreundlichkeit.<\/p>\n\n\n\n<p class=\"has-open-sans-font-family has-custom-font has-custom-weight has-text-color has-link-color has-arial-font-family wp-elements-d61ee68e5f061bd93eb0baf0d9036936\" style=\"color:#1a2a2e;font-family:Arial;font-size:18px\"><strong>Aufbewahrung und L\u00f6schung:<\/strong>\u00a0L\u00f6schung entsprechend Angaben im Abschnitt \u201eAllgemeine Informationen zur Datenspeicherung und L\u00f6schung\u201c.<\/p>\n\n\n\n<p class=\"has-open-sans-font-family has-custom-font has-custom-weight has-text-color has-link-color has-arial-font-family wp-elements-56381de72d2a64dd527974c9ad63bcae\" style=\"color:#1a2a2e;font-family:Arial;font-size:18px\"><strong>Rechtsgrundlagen:<\/strong>\u00a0Berechtigte Interessen (Art. 6 Abs. 1 S. 1 lit. f) DSGVO).<strong>Weitere Hinweise zu Verarbeitungsprozessen, Verfahren und Diensten:<\/strong><\/p>\n\n\n\n<p class=\"has-open-sans-font-family has-custom-font has-custom-weight has-text-color has-link-color has-arial-font-family wp-elements-0678ec413cdda84b10a64c4216cbfc2c\" style=\"color:#1a2a2e;font-family:Arial;font-size:18px\"><strong>Google Translate:<\/strong>\u00a0\u00dcbersetzung von Inhalten und Eingaben in andere Sprachen;\u00a0<strong>Dienstanbieter:<\/strong>\u00a0Google Ireland Limited, Gordon House, Barrow Street, Dublin 4, Irland;\u00a0<strong>Rechtsgrundlagen:<\/strong>\u00a0Berechtigte Interessen (Art. 6 Abs. 1 S. 1 lit. f) DSGVO);\u00a0<strong>Website:<\/strong>\u00a0https:\/\/translate.google.com\/;\u00a0<strong>Datenschutzerkl\u00e4rung:<\/strong>\u00a0https:\/\/policies.google.com\/privacy;\u00a0<strong>Auftragsverarbeitungsvertrag:<\/strong>\u00a0https:\/\/cloud.google.com\/terms\/data-processing-addendum.\u00a0<strong>Grundlage Drittlandtransfers:<\/strong>\u00a0Data Privacy Framework (DPF), Standardvertragsklauseln (https:\/\/cloud.google.com\/terms\/eu-model-contract-clause), Data Privacy Framework (DPF)Standardvertragsklauseln (https:\/\/cloud.google.com\/terms\/eu-model-contract-clause).<\/p>\n\n\n\n<p class=\"has-open-sans-font-family has-custom-font has-custom-weight has-arial-font-family has-custom-font\" style=\"font-family:Arial;font-size:22px\"><strong>Verarbeitung von Daten im Rahmen von Besch\u00e4ftigungsverh\u00e4ltnissen<\/strong><\/p>\n\n\n\n<p class=\"has-open-sans-font-family has-custom-font has-custom-weight has-text-color has-link-color has-arial-font-family wp-elements-3e6ab4735339d682027b3d3e070828c2\" style=\"color:#1a2a2e;font-family:Arial;font-size:18px\">Im Rahmen von Besch\u00e4ftigungsverh\u00e4ltnissen erfolgt die Verarbeitung personenbezogener Daten mit dem Ziel, die Begr\u00fcndung, Durchf\u00fchrung und Beendigung solcher Verh\u00e4ltnisse effektiv zu gestalten. Diese Datenverarbeitung unterst\u00fctzt diverse betriebliche und administrative Funktionen, die f\u00fcr das Management der Mitarbeiterbeziehungen erforderlich sind.<\/p>\n\n\n\n<p class=\"has-open-sans-font-family has-custom-font has-custom-weight has-text-color has-link-color has-arial-font-family wp-elements-e0f70d0259c44b1f28e049696d536689\" style=\"color:#1a2a2e;font-family:Arial;font-size:18px\">Dabei umfasst die Datenverarbeitung verschiedene Aspekte, die von der Vertragsanbahnung bis zur Vertragsaufl\u00f6sung reichen. Eingeschlossen sind die Organisation und Verwaltung der t\u00e4glichen Arbeitszeiten, die Verwaltung von Zugriffsrechten und Berechtigungen sowie die Handhabung von Personalentwicklungsma\u00dfnahmen und Mitarbeitergespr\u00e4chen. Die Verarbeitung dient auch der Abrechnung und der Verwaltung von Lohn- und Gehaltszahlungen, die kritische Aspekte der Vertragsdurchf\u00fchrung darstellen.<\/p>\n\n\n\n<p class=\"has-open-sans-font-family has-custom-font has-custom-weight has-text-color has-link-color has-arial-font-family wp-elements-31a893490551e4ac323282361f7e906f\" style=\"color:#1a2a2e;font-family:Arial;font-size:18px\">Zus\u00e4tzlich ber\u00fccksichtigt die Datenverarbeitung berechtigte Interessen des verantwortlichen Arbeitgebers, wie die Sicherstellung der Sicherheit am Arbeitsplatz oder das Erfassen von Leistungsdaten zur Bewertung und Optimierung betrieblicher Prozesse. Ferner beinhaltet die Datenverarbeitung die Bekanntgabe von Besch\u00e4ftigtendaten im Rahmen von externen Kommunikations- und Publikationsprozessen, wo dies f\u00fcr betriebliche oder rechtliche Zwecke erforderlich ist.<\/p>\n\n\n\n<p class=\"has-open-sans-font-family has-custom-font has-custom-weight has-text-color has-link-color has-arial-font-family wp-elements-0732d11548e34c9e57dd2c9d164f4598\" style=\"color:#1a2a2e;font-family:Arial;font-size:18px\">Die Verarbeitung dieser Daten erfolgt stets unter Beachtung der geltenden rechtlichen Rahmenbedingungen, wobei das Ziel stets die Schaffung und Aufrechterhaltung eines fairen und effizienten Arbeitsumfelds ist. Dies umfasst auch die Ber\u00fccksichtigung des Datenschutzes der betroffenen Besch\u00e4ftigten, die Anonymisierung oder L\u00f6schung von Daten nach Erf\u00fcllung des Verarbeitungszwecks oder gem\u00e4\u00df gesetzlicher Aufbewahrungsfristen.<\/p>\n\n\n\n<p class=\"has-open-sans-font-family has-custom-font has-custom-weight has-text-color has-link-color has-arial-font-family wp-elements-a58684c134c67315c29391b827fbc61b\" style=\"color:#1a2a2e;font-family:Arial;font-size:18px\"><strong>Rechtsgrundlagen:<\/strong>\u00a0Vertragserf\u00fcllung und vorvertragliche Anfragen (Art. 6 Abs. 1 S. 1 lit. b) DSGVO); Rechtliche Verpflichtung (Art. 6 Abs. 1 S. 1 lit. c) DSGVO); Berechtigte Interessen (Art. 6 Abs. 1 S. 1 lit. f) DSGVO). Verarbeitung besonderer Kategorien personenbezogener Daten in Bezug auf Gesundheitswesen, Beruf und soziale Sicherheit (Art. 9 Abs. 2 lit. h) DSGVO).<\/p>\n\n\n\n<p class=\"has-open-sans-font-family has-custom-font has-custom-weight has-text-color has-link-color has-arial-font-family wp-elements-705c579366ac21d1564001002c785f04\" style=\"color:#1a2a2e;font-family:Arial;font-size:18px\"><strong>Verarbeitete Datenarten:<\/strong>\u00a0Besch\u00e4ftigtendaten (Informationen zu Mitarbeitern und anderen Personen in einem Besch\u00e4ftigungsverh\u00e4ltnis); Zahlungsdaten (z.\u00a0B. Bankverbindungen, Rechnungen, Zahlungshistorie); Vertragsdaten (z.\u00a0B. Vertragsgegenstand, Laufzeit, Kundenkategorie); Bestandsdaten (z.\u00a0B. der vollst\u00e4ndige Name, Wohnadresse, Kontaktinformationen, Kundennummer, etc.); Kontaktdaten (z.\u00a0B. Post- und E-Mail-Adressen oder Telefonnummern); Inhaltsdaten (z. B. textliche oder bildliche Nachrichten und Beitr\u00e4ge sowie die sie betreffenden Informationen, wie z. B. Angaben zur Autorenschaft oder Zeitpunkt der Erstellung); Sozialdaten (Daten, die dem Sozialgeheimnis unterliegen und z.\u00a0B. von Sozialversicherungstr\u00e4gern, Sozialhilfetr\u00e4ger oder Versorgungsbeh\u00f6rden verarbeitet werden.); Protokolldaten (z.\u00a0B. Logfiles betreffend Logins oder den Abruf von Daten oder Zugriffszeiten.); Leistung- und Verhaltensdaten (z.\u00a0B. Leistungs- und Verhaltensaspekte wie Leistungsbewertungen, Feedback von Vorgesetzten, Schulungsteilnahmen, Einhaltung von Unternehmensrichtlinien, Selbstbewertungen und Verhaltensbewertungen.); Arbeitszeitdaten (z.B. Beginn der Arbeitszeit, Ende der Arbeitszeit, Ist-Arbeitszeit, Soll-Arbeitszeit, Pausenzeiten, \u00dcberstunden, Urlaubstage, Sonderurlaubstage, Krankheitstage, Fehlzeiten, Home-Office-Tage, Dienstreisen); Gehaltsdaten (z.B. Grundgehalt, Bonuszahlungen, Pr\u00e4mien, Steuerklasseninformation, Zuschl\u00e4ge f\u00fcr Nachtarbeit\/\u00dcberstunden, Steuerabz\u00fcge, Sozialversicherungsbeitr\u00e4ge, Nettoauszahlungsbetrag); Bild- und\/ oder Videoaufnahmen (z.\u00a0B. Fotografien oder Videoaufnahmen einer Person); Nutzungsdaten (z. B. Seitenaufrufe und Verweildauer, Klickpfade, Nutzungsintensit\u00e4t und -frequenz, verwendete Ger\u00e4tetypen und Betriebssysteme, Interaktionen mit Inhalten und Funktionen). Meta-, Kommunikations- und Verfahrensdaten (z. B. IP-Adressen, Zeitangaben, Identifikationsnummern, beteiligte Personen).<\/p>\n\n\n\n<p class=\"has-open-sans-font-family has-custom-font has-custom-weight has-text-color has-link-color has-arial-font-family wp-elements-8ba6ac02c074b4f13ae50361ad07962e\" style=\"color:#1a2a2e;font-family:Arial;font-size:18px\"><strong>Besondere Kategorien personenbezogener Daten:<\/strong>\u00a0Gesundheitsdaten; Religi\u00f6se oder weltanschauliche \u00dcberzeugungen. Gewerkschaftszugeh\u00f6rigkeit.<\/p>\n\n\n\n<p class=\"has-open-sans-font-family has-custom-font has-custom-weight has-text-color has-link-color has-arial-font-family wp-elements-e58e3a1ef1380287e5fe9f0cc55c1ecc\" style=\"color:#1a2a2e;font-family:Arial;font-size:18px\"><strong>Betroffene Personen:<\/strong>\u00a0Besch\u00e4ftigte (z.\u00a0B. Angestellte, Bewerber, Aushilfskr\u00e4fte und sonstige Mitarbeiter).<\/p>\n\n\n\n<p class=\"has-open-sans-font-family has-custom-font has-custom-weight has-text-color has-link-color has-arial-font-family wp-elements-e174bc89ecb988a5c353d1502ff0e1b4\" style=\"color:#1a2a2e;font-family:Arial;font-size:18px\"><strong>Zwecke der Verarbeitung:<\/strong>\u00a0Begr\u00fcndung und Durchf\u00fchrung von Besch\u00e4ftigungsverh\u00e4ltnissen (Verarbeitung von Arbeitnehmerdaten im Rahmen der Begr\u00fcndung und Durchf\u00fchrung von Besch\u00e4ftigungsverh\u00e4ltnissen); Gesch\u00e4ftsprozesse und betriebswirtschaftliche Verfahren; Erbringung vertraglicher Leistungen und Erf\u00fcllung vertraglicher Pflichten; \u00d6ffentlichkeitsarbeit; Sicherheitsma\u00dfnahmen. B\u00fcro- und Organisationsverfahren.<\/p>\n\n\n\n<p class=\"has-open-sans-font-family has-custom-font has-custom-weight has-arial-font-family has-custom-font\" style=\"font-family:Arial;font-size:22px\"><strong>Weitere Hinweise zu Verarbeitungsprozessen, Verfahren und Diensten:<\/strong><\/p>\n\n\n\n<p class=\"has-open-sans-font-family has-custom-font has-custom-weight has-text-color has-link-color has-arial-font-family wp-elements-a5bc66ce5204851a06d356114972ef83\" style=\"color:#1a2a2e;font-family:Arial;font-size:18px\"><strong>Arbeitszeiterfassung:<\/strong>\u00a0Verfahren zur Erfassung der Arbeitszeiten der Besch\u00e4ftigten umfassen sowohl manuelle als auch automatisierte Methoden, wie die Nutzung von Stempeluhren, Zeiterfassungssoftware oder mobilen Apps. Dabei werden Aktivit\u00e4ten wie die Eingabe von Kommen- und Gehen-Zeiten, Pausenzeiten, \u00dcberstunden und Abwesenheiten durchgef\u00fchrt. Zur \u00dcberpr\u00fcfung und Validierung der erfassten Arbeitszeiten geh\u00f6ren der Abgleich mit Einsatz-, bzw. Schichtpl\u00e4nen, die \u00dcberpr\u00fcfung von Fehlzeiten und die Genehmigung von \u00dcberstunden durch Vorgesetzte. Berichte und Analysen werden auf Basis der erfassten Arbeitszeiten erstellt, um Arbeitszeitnachweise, \u00dcberstundenberichte und Abwesenheitsstatistiken f\u00fcr das Management und die Personalabteilung bereitzustellen;\u00a0<strong>Rechtsgrundlagen:<\/strong>\u00a0Vertragserf\u00fcllung und vorvertragliche Anfragen (Art. 6 Abs. 1 S. 1 lit. b) DSGVO), Berechtigte Interessen (Art. 6 Abs. 1 S. 1 lit. f) DSGVO).<\/p>\n\n\n\n<p class=\"has-open-sans-font-family has-custom-font has-custom-weight has-text-color has-link-color has-arial-font-family wp-elements-ffcf487d2341fc553c7fb2b3446a6df2\" style=\"color:#1a2a2e;font-family:Arial;font-size:18px\"><strong>Berechtigungsmanagement:<\/strong>\u00a0Verfahren, die bei der Definition, Verwaltung und Kontrolle von Zugriffsrechten und Benutzerrollen innerhalb eines Systems oder einer Organisation erforderlich sind (z.\u00a0B. Erstellung von Berechtigungsprofilen, Rollen- und zugriffsbasierte Kontrolle, Pr\u00fcfung und Genehmigung von Zugangsantr\u00e4gen, regelm\u00e4\u00dfige \u00dcberpr\u00fcfung der Zugriffsrechte, Nachverfolgung und Auditierung der Benutzeraktivit\u00e4ten, Erstellung von Sicherheitsrichtlinien und -verfahren);\u00a0<strong>Rechtsgrundlagen:<\/strong>\u00a0Vertragserf\u00fcllung und vorvertragliche Anfragen (Art. 6 Abs. 1 S. 1 lit. b) DSGVO), Rechtliche Verpflichtung (Art. 6 Abs. 1 S. 1 lit. c) DSGVO), Berechtigte Interessen (Art. 6 Abs. 1 S. 1 lit. f) DSGVO).<\/p>\n\n\n\n<p class=\"has-open-sans-font-family has-custom-font has-custom-weight has-text-color has-link-color has-arial-font-family wp-elements-5fbfaac394f56b2df39ef1f091e8334e\" style=\"color:#1a2a2e;font-family:Arial;font-size:18px\"><strong>Besondere Kategorien von personenbezogenen Daten:<\/strong>\u00a0Es werden besondere Kategorien personenbezogener Daten im Rahmen des Besch\u00e4ftigungsverh\u00e4ltnisses oder zur Erf\u00fcllung rechtlicher Verpflichtungen verarbeitet. Die verarbeiteten besonderen Kategorien von personenbezogenen umfassen Daten betreffend die Gesundheit, die Gewerkschaftszugeh\u00f6rigkeit oder die Religionszugeh\u00f6rigkeit der Besch\u00e4ftigten. Diese Daten k\u00f6nnen etwa an die Krankenkassen weitergegeben werden oder zur Beurteilung der Arbeitsf\u00e4higkeit der Besch\u00e4ftigten oder f\u00fcr das betriebliche Gesundheitsmanagement oder f\u00fcr Angaben gegen\u00fcber dem Finanzamt verarbeitet werden;\u00a0<strong>Rechtsgrundlagen:<\/strong>\u00a0Vertragserf\u00fcllung und vorvertragliche Anfragen (Art. 6 Abs. 1 S. 1 lit. b) DSGVO), Rechtliche Verpflichtung (Art. 6 Abs. 1 S. 1 lit. c) DSGVO), Berechtigte Interessen (Art. 6 Abs. 1 S. 1 lit. f) DSGVO).<\/p>\n\n\n\n<p class=\"has-open-sans-font-family has-custom-font has-custom-weight has-text-color has-link-color has-arial-font-family wp-elements-55eb1f33de75df61aa5fa0dad25eb573\" style=\"color:#1a2a2e;font-family:Arial;font-size:18px\"><strong>Quellen der verarbeiteten Daten:<\/strong>\u00a0Es werden personenbezogene Daten verarbeitet, die im Rahmen der Bewerbung und\/oder des Besch\u00e4ftigungsverh\u00e4ltnisses der Besch\u00e4ftigten erhalten wurden. Zudem werden, wenn gesetzlich vorgeschrieben, personenbezogene Daten aus anderen Quellen erhoben. Diese k\u00f6nnen Finanzbeh\u00f6rden f\u00fcr steuerrelevante Informationen, die jeweilige Krankenkasse f\u00fcr Informationen \u00fcber Arbeitsunf\u00e4higkeiten, Dritte wie Arbeitsagenturen oder \u00f6ffentlich zug\u00e4ngliche Quellen wie professionelle soziale Netzwerke im Rahmen von Bewerbungsverfahren sein;\u00a0<strong>Rechtsgrundlagen:<\/strong>\u00a0Rechtliche Verpflichtung (Art. 6 Abs. 1 S. 1 lit. c) DSGVO), Berechtigte Interessen (Art. 6 Abs. 1 S. 1 lit. f) DSGVO).<\/p>\n\n\n\n<p class=\"has-open-sans-font-family has-custom-font has-custom-weight has-text-color has-link-color has-arial-font-family wp-elements-6779c3c0c85cbe75074509853b432652\" style=\"color:#1a2a2e;font-family:Arial;font-size:18px\"><strong>Zwecke der Datenverarbeitung:<\/strong>\u00a0Die personenbezogenen Daten der Besch\u00e4ftigten werden in erster Linie zur Begr\u00fcndung, Durchf\u00fchrung und Beendigung des Besch\u00e4ftigungsverh\u00e4ltnisses verarbeitet. Dar\u00fcber hinaus ist die Verarbeitung dieser Daten notwendig, um gesetzliche Verpflichtungen im Bereich des Steuer- und Sozialversicherungsrechts zu erf\u00fcllen. Neben diesen prim\u00e4ren Zwecken finden die Daten der Besch\u00e4ftigten auch Verwendung zur Erf\u00fcllung regulatorischer und aufsichtsrechtlicher Anforderungen, zur Optimierung der Prozesse der elektronischen Datenverarbeitung und zur Zusammenstellung von unternehmensinternen oder unternehmens\u00fcbergreifenden Daten, eventuell einschlie\u00dflich statistischer Daten. Des Weiteren k\u00f6nnen die Daten der Besch\u00e4ftigten zur Geltendmachung von Rechtsanspr\u00fcchen und zur Verteidigung in rechtlichen Streitigkeiten verarbeitet werden;\u00a0<strong>Rechtsgrundlagen:<\/strong>\u00a0Vertragserf\u00fcllung und vorvertragliche Anfragen (Art. 6 Abs. 1 S. 1 lit. b) DSGVO), Rechtliche Verpflichtung (Art. 6 Abs. 1 S. 1 lit. c) DSGVO), Berechtigte Interessen (Art. 6 Abs. 1 S. 1 lit. f) DSGVO).<\/p>\n\n\n\n<p class=\"has-open-sans-font-family has-custom-font has-custom-weight has-text-color has-link-color has-arial-font-family wp-elements-3e140ef937b71f7cf9fe7c008b3f6dec\" style=\"color:#1a2a2e;font-family:Arial;font-size:18px\"><strong>\u00dcbermittlung von Mitarbeiterdaten:<\/strong>\u00a0Die Daten der Besch\u00e4ftigten werden intern nur von denjenigen Stellen verarbeitet, die diese zur Erf\u00fcllung der betrieblichen, vertraglichen und gesetzlichen Pflichten ben\u00f6tigen.<br>Die Weitergabe von Daten an externe Empf\u00e4nger erfolgt nur, wenn dies gesetzlich vorgeschrieben ist, oder wenn die betroffenen Besch\u00e4ftigten ihre Einwilligung gegeben haben. M\u00f6gliche Szenarien daf\u00fcr k\u00f6nnen Auskunftsersuchen von Beh\u00f6rden sein oder beim Vorliegen von Verm\u00f6gensbildungsleistungen. Des Weiteren kann der Verantwortliche personenbezogene Daten an weitere Empf\u00e4nger weiterleiten, soweit dies zur Erf\u00fcllung seiner vertraglichen und gesetzlichen Pflichten als Arbeitgeber notwendig ist. Diese Empf\u00e4nger k\u00f6nnen beinhalten: a) Banken b) Krankenkassen, Rentenversicherungstr\u00e4ger, Tr\u00e4ger der Altersvorsorge und sonstige Sozialversicherungstr\u00e4ger c) Beh\u00f6rden, Gerichte (z.\u00a0B. Finanzbeh\u00f6rden, Arbeitsgerichte, weitere Aufsichtsbeh\u00f6rden im Rahmen der Erf\u00fcllung von Melde- und Auskunftspflichten) d) Steuer- und Rechtsberater e) Drittschuldner im Falle von Lohn- und Gehaltspf\u00e4ndungen f) Weitere Stellen, gegen\u00fcber denen gesetzlich verpflichtende Erkl\u00e4rungen abzugeben sind.<br>Dar\u00fcber hinaus k\u00f6nnen Daten an Dritte weitergegeben werden, falls dies f\u00fcr die Kommunikation mit Gesch\u00e4ftspartnern, Lieferanten oder sonstigen Dienstleistern notwendig ist. Beispiele daf\u00fcr sind Angaben im Absenderbereich von E-Mails oder Briefkopf sowie das Anlegen von Profilen auf externen Plattformen;\u00a0<strong>Rechtsgrundlagen:<\/strong>\u00a0Vertragserf\u00fcllung und vorvertragliche Anfragen (Art. 6 Abs. 1 S. 1 lit. b) DSGVO), Berechtigte Interessen (Art. 6 Abs. 1 S. 1 lit. f) DSGVO).<\/p>\n\n\n\n<p class=\"has-open-sans-font-family has-custom-font has-custom-weight has-text-color has-link-color has-arial-font-family wp-elements-92b75eb5a485952a162d8d9b0ff14aac\" style=\"color:#1a2a2e;font-family:Arial;font-size:18px\"><strong>\u00dcbermittlung von Besch\u00e4ftigtendaten in Drittstaaten:<\/strong>\u00a0Die \u00dcbermittlung von Besch\u00e4ftigtendaten in Drittstaaten, also L\u00e4nder au\u00dferhalb der Europ\u00e4ischen Union (EU) und des Europ\u00e4ischen Wirtschaftsraums (EWR), erfolgt nur, wenn dies f\u00fcr die Erf\u00fcllung des Besch\u00e4ftigungsverh\u00e4ltnisses erforderlich ist, gesetzlich vorgeschrieben ist oder wenn Besch\u00e4ftigte hierzu ihre Einwilligung gegeben haben. \u00dcber die Einzelheiten werden Besch\u00e4ftigte, soweit gesetzlich vorgeschrieben, gesondert informiert;\u00a0<strong>Rechtsgrundlagen:<\/strong>\u00a0Berechtigte Interessen (Art. 6 Abs. 1 S. 1 lit. f) DSGVO).<\/p>\n\n\n\n<p class=\"has-open-sans-font-family has-custom-font has-custom-weight has-text-color has-link-color has-arial-font-family wp-elements-fc93fdc64f3887e4eb6831cbd28911f2\" style=\"color:#1a2a2e;font-family:Arial;font-size:18px\"><strong>Dienstreisen und Reisekostenabrechnung:<\/strong>\u00a0Verfahren, die bei der Planung, Durchf\u00fchrung und Abrechnung von Gesch\u00e4ftsreisen erforderlich sind (z.\u00a0B. Buchung von Reisen, Organisation von Unterk\u00fcnften und Transportmitteln, Verwaltung von Reisekostenvorsch\u00fcssen, Einreichung und Pr\u00fcfung von Reisekostenabrechnungen, Kontrolle und Verbuchung der entstandenen Kosten, Einhaltung von Reiserichtlinien, Abwicklung des Reisekostenmanagements);\u00a0<strong>Rechtsgrundlagen:<\/strong>\u00a0Vertragserf\u00fcllung und vorvertragliche Anfragen (Art. 6 Abs. 1 S. 1 lit. b) DSGVO), Rechtliche Verpflichtung (Art. 6 Abs. 1 S. 1 lit. c) DSGVO), Berechtigte Interessen (Art. 6 Abs. 1 S. 1 lit. f) DSGVO).<\/p>\n\n\n\n<p class=\"has-open-sans-font-family has-custom-font has-custom-weight has-text-color has-link-color has-arial-font-family wp-elements-0499911be3d1f5ccf212a007f2159427\" style=\"color:#1a2a2e;font-family:Arial;font-size:18px\"><strong>Entgeltabrechnung und Lohnbuchhaltung:<\/strong>\u00a0Verfahren, die bei der Berechnung, Auszahlung und Dokumentation von L\u00f6hnen, Geh\u00e4ltern und sonstigen Bez\u00fcgen von Mitarbeitern erforderlich sind (z.\u00a0B. Erfassung von Arbeitszeiten, Berechnung von Abz\u00fcgen und Zuschl\u00e4gen, Abf\u00fchrung von Steuern und Sozialversicherungsbeitr\u00e4gen, Erstellung von Lohn- und Gehaltsabrechnungen, F\u00fchrung der Lohnkonten, Meldewesen gegen\u00fcber Finanzamt und Sozialversicherungstr\u00e4gern);\u00a0<strong>Rechtsgrundlagen:<\/strong>\u00a0Vertragserf\u00fcllung und vorvertragliche Anfragen (Art. 6 Abs. 1 S. 1 lit. b) DSGVO), Rechtliche Verpflichtung (Art. 6 Abs. 1 S. 1 lit. c) DSGVO).<\/p>\n\n\n\n<p class=\"has-open-sans-font-family has-custom-font has-custom-weight has-text-color has-link-color has-arial-font-family wp-elements-0f3730849f2f80c55b9ac4f9ade97702\" style=\"color:#1a2a2e;font-family:Arial;font-size:18px\"><strong>L\u00f6schung von Besch\u00e4ftigtendaten:<\/strong>\u00a0Besch\u00e4ftigtendaten werden nach deutschem Recht gel\u00f6scht, wenn Sie f\u00fcr den Zweck f\u00fcr den sie erhoben wurden nicht erforderlich sind, es sei denn sie m\u00fcssen aufgrund gesetzlicher Pflichten oder aufgrund der Interessen des Arbeitgebers aufbewahrt oder archiviert bleiben. Hierbei werden die folgenden Aufbewahrungs- und Archivierungspflichten beachtet:<\/p>\n\n\n\n<p class=\"has-open-sans-font-family has-custom-font has-custom-weight has-text-color has-link-color has-arial-font-family wp-elements-14819058fe3a4b6c5b21f798657857ba\" style=\"color:#1a2a2e;font-family:Arial;font-size:18px\">Allgemeine Personalunterlagen \u2013 Allgemeine Personalunterlagen (wie Arbeitsvertrag, Arbeitszeugnis, Zusatzvereinbarungen) werden bis zu drei Jahre nach Beendigung des Arbeitsverh\u00e4ltnisses aufbewahrt (\u00a7 195 BGB).<br>Steuerrelevante Dokumente \u2013 Steuerrelevante Dokumente in der Personalakte werden sechs Jahre lang aufbewahrt (\u00a7 147 AO, \u00a7 257 HGB).<br>Informationen \u00fcber Arbeitsentgelte und Arbeitsstunden \u2013 Informationen \u00fcber Arbeitsentgelte und Arbeitsstunden f\u00fcr (Unfall-)Versicherte mit Lohnnachweis werden f\u00fcnf Jahre aufbewahrt (\u00a7 165 I 1, IV 2 SGB VII).<\/p>\n\n\n\n<p class=\"has-open-sans-font-family has-custom-font has-custom-weight has-text-color has-link-color has-arial-font-family wp-elements-f02c6d20da47177b3a3d7db7607d1337\" style=\"color:#1a2a2e;font-family:Arial;font-size:18px\">Gehaltslisten einschlie\u00dflich Listen f\u00fcr Sonderzahlungen \u2013 Gehaltslisten einschlie\u00dflich Listen f\u00fcr Sonderzahlungen, sofern ein Buchungsbeleg vorhanden ist, werden zehn Jahre aufbewahrt (\u00a7 147 AO, \u00a7 257 HGB).<\/p>\n\n\n\n<p class=\"has-open-sans-font-family has-custom-font has-custom-weight has-text-color has-link-color has-arial-font-family wp-elements-59f11ecbb031610ed7db9601f8b9fc2f\" style=\"color:#1a2a2e;font-family:Arial;font-size:18px\">Lohnlisten f\u00fcr Zwischen-, End- und Sonderzahlungen \u2013 Lohnlisten f\u00fcr Zwischen-, End- und Sonderzahlungen werden sechs Jahre aufbewahrt (\u00a7 147 AO, \u00a7 257 HGB).<\/p>\n\n\n\n<p class=\"has-open-sans-font-family has-custom-font has-custom-weight has-text-color has-link-color has-arial-font-family wp-elements-bce39c3e5bb3e67bc9a536ac6a3659e8\" style=\"color:#1a2a2e;font-family:Arial;font-size:18px\">Unterlagen zur Angestelltenversicherung \u2013 Unterlagen zur Angestelltenversicherung, sofern Buchungsbelege vorhanden sind, werden zehn Jahre aufbewahrt (\u00a7 147 AO, \u00a7 257 HGB).<\/p>\n\n\n\n<p class=\"has-open-sans-font-family has-custom-font has-custom-weight has-text-color has-link-color has-arial-font-family wp-elements-146e9a7e503419045766a854ce8508d8\" style=\"color:#1a2a2e;font-family:Arial;font-size:18px\">Beitragsabrechnungen zu Sozialversicherungstr\u00e4gern \u2013 Beitragsabrechnungen zu Sozialversicherungstr\u00e4gern werden zehn Jahre aufbewahrt (\u00a7 165 SGB VII).<br>Lohnkonten \u2013 Lohnkonten werden sechs Jahre aufbewahrt (\u00a7 41 I 9 EStG).<\/p>\n\n\n\n<p class=\"has-open-sans-font-family has-custom-font has-custom-weight has-text-color has-link-color has-arial-font-family wp-elements-e70fc0ef77f7015848b1c014c4337e2d\" style=\"color:#1a2a2e;font-family:Arial;font-size:18px\">Bewerberdaten \u2013 Werden bis maximal sechs Monate ab Zugang der Ablehnung aufbewahrt.<\/p>\n\n\n\n<p class=\"has-open-sans-font-family has-custom-font has-custom-weight has-text-color has-link-color has-arial-font-family wp-elements-7cf418752958631bc2ef29d3cff283e8\" style=\"color:#1a2a2e;font-family:Arial;font-size:18px\">Arbeitszeitaufzeichnungen (bei mehr als 8 Stunden werktags) \u2013 Werden zwei Jahre aufbewahrt (\u00a7 16 II Arbeitszeitgesetz (ArbZG)).<\/p>\n\n\n\n<p class=\"has-open-sans-font-family has-custom-font has-custom-weight has-text-color has-link-color has-arial-font-family wp-elements-856b3c5d7cc58b20ff01a01205910b4c\" style=\"color:#1a2a2e;font-family:Arial;font-size:18px\">Bewerbungsunterlagen (nach Online-Stellenanzeige) \u2013 Werden drei bis maximal sechs Monate nach Zugang der Ablehnung aufbewahrt (\u00a7 26<\/p>\n\n\n\n<p class=\"has-open-sans-font-family has-custom-font has-custom-weight has-text-color has-link-color has-arial-font-family wp-elements-17717be3c3fca4c880a71060e3825e17\" style=\"color:#1a2a2e;font-family:Arial;font-size:18px\">Bundesdatenschutzgesetz (BDSG) n.F., \u00a7 15 IV Allgemeines Gleichbehandlungsgesetz (AGG)).<\/p>\n\n\n\n<p class=\"has-open-sans-font-family has-custom-font has-custom-weight has-text-color has-link-color has-arial-font-family wp-elements-ff1144524a84402a81b047f9dc3bcaaa\" style=\"color:#1a2a2e;font-family:Arial;font-size:18px\">Arbeitsunf\u00e4higkeits-Bescheinigungen (AU) \u2013 Werden bis zu f\u00fcnf Jahre aufbewahrt (\u00a7 6 I Aufwendungsausgleichsgesetz (AAG)).<\/p>\n\n\n\n<p class=\"has-open-sans-font-family has-custom-font has-custom-weight has-text-color has-link-color has-arial-font-family wp-elements-95a31ee2818a53308bec92a9474a2625\" style=\"color:#1a2a2e;font-family:Arial;font-size:18px\">Dokumente zu betrieblicher Altersvorsorge \u2013 Werden 30 Jahre aufbewahrt (\u00a7 18a Gesetz zur Verbesserung der betrieblichen Altersversorgung (BetrAVG)).<\/p>\n\n\n\n<p class=\"has-open-sans-font-family has-custom-font has-custom-weight has-text-color has-link-color has-arial-font-family wp-elements-0931d730e930ddc8a8e86844812b748c\" style=\"color:#1a2a2e;font-family:Arial;font-size:18px\">Krankheitsdaten von Arbeitnehmern \u2013 Werden zw\u00f6lf Monate nach Beginn der Erkrankung aufbewahrt, wenn die Fehlzeiten in einem Jahr sechs Wochen nicht \u00fcbersteigen.<\/p>\n\n\n\n<p class=\"has-open-sans-font-family has-custom-font has-custom-weight has-text-color has-link-color has-arial-font-family wp-elements-03114a3d3f54d7faaed21d554b2afa44\" style=\"color:#1a2a2e;font-family:Arial;font-size:18px\">Unterlagen zum Mutterschutz \u2013 Werden zwei Jahre aufbewahrt (\u00a7 27 Abs. 5 MuSchG).<\/p>\n\n\n\n<p class=\"has-open-sans-font-family has-custom-font has-custom-weight has-text-color has-link-color has-arial-font-family wp-elements-dbdff10c8bff06f33346a7f4708c895d\" style=\"color:#1a2a2e;font-family:Arial;font-size:18px\"><strong>Rechtsgrundlagen:<\/strong>&nbsp;Vertragserf\u00fcllung und vorvertragliche Anfragen (Art. 6 Abs. 1 S. 1 lit. b) DSGVO), Rechtliche Verpflichtung (Art. 6 Abs. 1 S. 1 lit. c) DSGVO), Berechtigte Interessen (Art. 6 Abs. 1 S. 1 lit. f) DSGVO), Verarbeitung besonderer Kategorien personenbezogener Daten in Bezug auf Gesundheitswesen, Beruf und soziale Sicherheit (Art. 9 Abs. 2 lit. h) DSGVO).<\/p>\n\n\n\n<p class=\"has-open-sans-font-family has-custom-font has-custom-weight has-text-color has-link-color has-arial-font-family wp-elements-9f77941909f508419ac09a1aa9035494\" style=\"color:#1a2a2e;font-family:Arial;font-size:18px\"><strong>Publikation und Bekanntgabe von Daten der Besch\u00e4ftigten:<\/strong>\u00a0Die Daten der Besch\u00e4ftigten werden nur dann publiziert oder an Dritte bekanntgegeben, wenn dies zum einen zur Wahrnehmung der Arbeitsaufgaben entsprechend dem Arbeitsvertrag erforderlich ist. Dies gilt beispielsweise, wenn Besch\u00e4ftigte nach Absprache oder vereinbarter Aufgabenbeschreibung als Ansprechpersonen in Korrespondenzen, auf der Website oder in \u00f6ffentlichen Registern genannt werden oder das Aufgabenfeld repr\u00e4sentative Funktionen enth\u00e4lt. Ebenso kann dies der Fall sein, wenn im Rahmen der Aufgabenwahrnehmung eine Darstellung oder Kommunikation mit der \u00d6ffentlichkeit erfolgt, wie zum Beispiel Bildaufnahmen im Rahmen der \u00d6ffentlichkeitsarbeit. Ansonsten erfolgt eine Ver\u00f6ffentlichung der Daten der Mitarbeiter nur mit deren Einwilligung oder auf Grundlage berechtigter Interessen des Arbeitgebers, zum Beispiel bei B\u00fchnen- oder Gruppenbildaufnahmen im Rahmen einer \u00f6ffentlichen Veranstaltung;\u00a0<strong>Rechtsgrundlagen:<\/strong>\u00a0Vertragserf\u00fcllung und vorvertragliche Anfragen (Art. 6 Abs. 1 S. 1 lit. b) DSGVO), Berechtigte Interessen (Art. 6 Abs. 1 S. 1 lit. f) DSGVO).<\/p>\n\n\n\n<p class=\"has-open-sans-font-family has-custom-font has-custom-weight has-text-color has-link-color has-arial-font-family wp-elements-75554fd7b585610b3c689c975fc7a12b\" style=\"color:#1a2a2e;font-family:Arial;font-size:18px\"><strong>Personalaktenf\u00fchrung:<\/strong>\u00a0Verfahren, die bei der Organisation, Aktualisierung und Verwaltung von Mitarbeiterdaten und -unterlagen erforderlich sind (z.\u00a0B. Erfassung von Personalstammdaten, Aufbewahrung von Arbeitsvertr\u00e4gen, Zeugnissen und Bescheinigungen, Aktualisierung von Daten bei \u00c4nderungen, Zusammenstellung von Unterlagen f\u00fcr Mitarbeitergespr\u00e4che, Archivierung von Personalakten, Einhaltung von Datenschutzbestimmungen);\u00a0<strong>Rechtsgrundlagen:<\/strong>\u00a0Vertragserf\u00fcllung und vorvertragliche Anfragen (Art. 6 Abs. 1 S. 1 lit. b) DSGVO), Rechtliche Verpflichtung (Art. 6 Abs. 1 S. 1 lit. c) DSGVO), Berechtigte Interessen (Art. 6 Abs. 1 S. 1 lit. f) DSGVO), Verarbeitung besonderer Kategorien personenbezogener Daten in Bezug auf Gesundheitswesen, Beruf und soziale Sicherheit (Art. 9 Abs. 2 lit. h) DSGVO).<\/p>\n\n\n\n<p class=\"has-open-sans-font-family has-custom-font has-custom-weight has-text-color has-link-color has-arial-font-family wp-elements-a74ef87e97c043d10e2097983ffa9266\" style=\"color:#1a2a2e;font-family:Arial;font-size:18px\"><strong>Personalentwicklung, Leistungsbewertung und Mitarbeitergespr\u00e4che:<\/strong>\u00a0Verfahren, die im Bereich der F\u00f6rderung und Weiterentwicklung von Mitarbeitern sowie bei der Beurteilung ihrer Leistung und im Rahmen von Mitarbeitergespr\u00e4chen erforderlich sind (z.\u00a0B. Bedarfsanalyse f\u00fcr Weiterbildung, Planung und Durchf\u00fchrung von Schulungsma\u00dfnahmen, Erstellung von Leistungsbewertungen, Durchf\u00fchrung von Zielvereinbarungs- und Feedbackgespr\u00e4chen, Karriereplanung und Talentmanagement, Nachfolgeplanung);\u00a0<strong>Rechtsgrundlagen:<\/strong>\u00a0Vertragserf\u00fcllung und vorvertragliche Anfragen (Art. 6 Abs. 1 S. 1 lit. b) DSGVO), Rechtliche Verpflichtung (Art. 6 Abs. 1 S. 1 lit. c) DSGVO), Berechtigte Interessen (Art. 6 Abs. 1 S. 1 lit. f) DSGVO), Verarbeitung besonderer Kategorien personenbezogener Daten in Bezug auf Gesundheitswesen, Beruf und soziale Sicherheit (Art. 9 Abs. 2 lit. h) DSGVO).<\/p>\n\n\n\n<p class=\"has-open-sans-font-family has-custom-font has-custom-weight has-text-color has-link-color has-arial-font-family wp-elements-7bda82928f4216d469ad98afb48b0245\" style=\"color:#1a2a2e;font-family:Arial;font-size:18px\"><strong>Pflicht zur Bereitstellung von Daten:<\/strong>\u00a0Der Verantwortliche weist die Besch\u00e4ftigten darauf hin, dass die Angabe ihrer Daten erforderlich ist. Dies ist grunds\u00e4tzlich der Fall, wenn die Daten f\u00fcr die Begr\u00fcndung und Durchf\u00fchrung des Arbeitsverh\u00e4ltnisses erforderlich sind oder deren Erhebung gesetzlich vorgeschrieben ist. Die Angabe von Daten kann auch dann erforderlich sein, wenn Besch\u00e4ftigte Anspr\u00fcche geltend machen oder Anspr\u00fcche den Besch\u00e4ftigten zustehen. Die Durchf\u00fchrung dieser Ma\u00dfnahmen oder Erf\u00fcllung von Leistungen ist von der Angabe dieser Daten abh\u00e4ngig (zum Beispiel die Angabe von Daten zwecks Empfangs von Arbeitslohn);\u00a0<strong>Rechtsgrundlagen:<\/strong>\u00a0Vertragserf\u00fcllung und vorvertragliche Anfragen (Art. 6 Abs. 1 S. 1 lit. b) DSGVO), Rechtliche Verpflichtung (Art. 6 Abs. 1 S. 1 lit. c) DSGVO), Berechtigte Interessen (Art. 6 Abs. 1 S. 1 lit. f) DSGVO).<\/p>\n\n\n\n<p class=\"has-open-sans-font-family has-custom-font has-custom-weight has-arial-font-family has-custom-font\" style=\"font-family:Arial;font-size:22px\"><strong><strong>Bewerbungsverfahren<\/strong><\/strong><\/p>\n\n\n\n<p class=\"has-open-sans-font-family has-custom-font has-custom-weight has-text-color has-link-color has-arial-font-family wp-elements-884483e8839c15e018609f1b35baaf36\" style=\"color:#1a2a2e;font-family:Arial;font-size:18px\">Das Bewerbungsverfahren setzt voraus, dass Bewerber uns die f\u00fcr deren Beurteilung und Auswahl erforderlichen Daten mitteilen. Welche Informationen erforderlich sind, ergibt sich aus der Stellenbeschreibung oder im Fall von Onlineformularen aus den dortigen Angaben.<\/p>\n\n\n\n<p class=\"has-open-sans-font-family has-custom-font has-custom-weight has-text-color has-link-color has-arial-font-family wp-elements-446ae6ee39448bea69d9aecceb1a9571\" style=\"color:#1a2a2e;font-family:Arial;font-size:18px\">Grunds\u00e4tzlich geh\u00f6ren zu den erforderlichen Angaben, die Informationen zur Person, wie der Name, die Adresse, eine Kontaktm\u00f6glichkeit sowie die Nachweise \u00fcber die f\u00fcr eine Stelle notwendigen Qualifikationen. Auf Anfragen teilen wir zus\u00e4tzlich gerne mit, welche Angaben ben\u00f6tigt werden.<\/p>\n\n\n\n<p class=\"has-open-sans-font-family has-custom-font has-custom-weight has-text-color has-link-color has-arial-font-family wp-elements-88a65047d9ee5acff35d1dc77c3056ba\" style=\"color:#1a2a2e;font-family:Arial;font-size:18px\">Sofern verf\u00fcgbar, k\u00f6nnen Bewerber ihre Bewerbungen gerne \u00fcber unser Onlineformular einreichen, welches nach dem neuesten Stand der Technik verschl\u00fcsselt ist. Alternativ ist es auch m\u00f6glich, Bewerbungen per E-Mail an uns zu senden. Wir m\u00f6chten Sie jedoch darauf hinweisen, dass E-Mails im Internet grunds\u00e4tzlich nicht verschl\u00fcsselt versendet werden. Obwohl E-Mails auf dem Transportweg in der Regel verschl\u00fcsselt werden, erfolgt dies nicht auf den Servern, von denen sie gesendet und empfangen werden. Daher k\u00f6nnen wir keine Verantwortung f\u00fcr die Sicherheit der Bewerbung auf ihrem \u00dcbertragungsweg zwischen dem Absender und unserem Server \u00fcbernehmen.<\/p>\n\n\n\n<p class=\"has-open-sans-font-family has-custom-font has-custom-weight has-text-color has-link-color has-arial-font-family wp-elements-7756689772bd0e8ad325ef26c3e8d331\" style=\"color:#1a2a2e;font-family:Arial;font-size:18px\">F\u00fcr Zwecke der Bewerbersuche, Einreichung von Bewerbungen und Auswahl von Bewerbern k\u00f6nnen wir unter Beachtung der gesetzlichen Vorgaben, Bewerbermanagement-, bzw. Recruitment-Software und Plattformen und Leistungen von Drittanbietern in Anspruch nehmen.<\/p>\n\n\n\n<p class=\"has-open-sans-font-family has-custom-font has-custom-weight has-text-color has-link-color has-arial-font-family wp-elements-9fb8bf0dfb9ab18cd472c78f246ea8fd\" style=\"color:#1a2a2e;font-family:Arial;font-size:18px\">Bewerber k\u00f6nnen uns gerne zur Art der Einreichung der Bewerbung kontaktieren oder uns die Bewerbung auf dem Postweg zuzusenden.<\/p>\n\n\n\n<p class=\"has-open-sans-font-family has-custom-font has-custom-weight has-text-color has-link-color has-arial-font-family wp-elements-8a75903666e850dde229526e8140896f\" style=\"color:#1a2a2e;font-family:Arial;font-size:18px\"><strong>Verarbeitung besonderer Kategorien von Daten:<\/strong>&nbsp;Soweit im Rahmen des Bewerbungsverfahrens besondere Kategorien von personenbezogenen Daten (Art. 9 Abs. 1 DSGVO, z.&nbsp;B. Gesundheitsdaten, wie z.&nbsp;B. Schwerbehinderteneigenschaft oder ethnische Herkunft) bei Bewerbern angefragt oder von diesen mitgeteilt werden, erfolgt deren Verarbeitung damit der Verantwortliche oder die betroffene Person die ihm bzw. ihr aus dem Arbeitsrecht und dem Recht der sozialen Sicherheit und des Sozialschutzes erwachsenden Rechte aus\u00fcben und seinen bzw. ihren diesbez\u00fcglichen Pflichten nachkommen kann, im Fall des Schutzes lebenswichtiger Interessen der Bewerber oder anderer Personen oder f\u00fcr Zwecke der Gesundheitsvorsorge oder der Arbeitsmedizin, f\u00fcr die Beurteilung der Arbeitsf\u00e4higkeit des Besch\u00e4ftigten, f\u00fcr die medizinische Diagnostik, f\u00fcr die Versorgung oder Behandlung im Gesundheits- oder Sozialbereich oder f\u00fcr die Verwaltung von Systemen und Diensten im Gesundheits- oder Sozialbereich.<\/p>\n\n\n\n<p class=\"has-open-sans-font-family has-custom-font has-custom-weight has-text-color has-link-color has-arial-font-family wp-elements-88db264b3a3851cc7c68286c5f0621a1\" style=\"color:#1a2a2e;font-family:Arial;font-size:18px\"><strong>L\u00f6schung von Daten:<\/strong>&nbsp;Die von den Bewerbern zur Verf\u00fcgung gestellten Daten k\u00f6nnen im Fall einer erfolgreichen Bewerbung f\u00fcr die Zwecke des Besch\u00e4ftigungsverh\u00e4ltnisses von uns weiterverarbeitet werden. Andernfalls, sofern die Bewerbung auf ein Stellenangebot nicht erfolgreich ist, werden die Daten der Bewerber gel\u00f6scht. Die Daten der Bewerber werden ebenfalls gel\u00f6scht, wenn eine Bewerbung zur\u00fcckgezogen wird, wozu die Bewerber jederzeit berechtigt sind. Die L\u00f6schung erfolgt, vorbehaltlich eines berechtigten Widerrufs der Bewerber, sp\u00e4testens nach dem Ablauf eines Zeitraums von sechs Monaten, damit wir etwaige Anschlussfragen zu der Bewerbung beantworten und unseren Nachweispflichten aus den Vorschriften zur Gleichbehandlung von Bewerbern nachkommen k\u00f6nnen. Rechnungen \u00fcber etwaige Reisekostenerstattung werden entsprechend den steuerrechtlichen Vorgaben archiviert.<\/p>\n\n\n\n<p class=\"has-open-sans-font-family has-custom-font has-custom-weight has-text-color has-link-color has-arial-font-family wp-elements-8b9c5e84510aeadc2cea2e9c7e500c9d\" style=\"color:#1a2a2e;font-family:Arial;font-size:18px\"><strong>Aufnahme in einen Bewerberpool:<\/strong>&nbsp;Die Aufnahme in einen Bewerber-Pool, sofern angeboten, erfolgt auf Grundlage einer Einwilligung. Die Bewerber werden dar\u00fcber belehrt, dass ihre Zustimmung zur Aufnahme in den Talentpool freiwillig ist, keinen Einfluss auf das laufende Bewerbungsverfahren hat und sie ihre Einwilligung jederzeit f\u00fcr die Zukunft widerrufen k\u00f6nnen.<\/p>\n\n\n\n<p class=\"has-open-sans-font-family has-custom-font has-custom-weight has-text-color has-link-color has-arial-font-family wp-elements-e22cd735829ef0eb020b69ef5274f7c3\" style=\"color:#1a2a2e;font-family:Arial;font-size:18px\"><strong>Verarbeitete Datenarten:<\/strong>\u00a0Bestandsdaten (z.\u00a0B. der vollst\u00e4ndige Name, Wohnadresse, Kontaktinformationen, Kundennummer, etc.); Kontaktdaten (z.\u00a0B. Post- und E-Mail-Adressen oder Telefonnummern); Inhaltsdaten (z. B. textliche oder bildliche Nachrichten und Beitr\u00e4ge sowie die sie betreffenden Informationen, wie z. B. Angaben zur Autorenschaft oder Zeitpunkt der Erstellung). Bewerberdaten (z.\u00a0B. Angaben zur Person, Post- und Kontaktadressen, die zur Bewerbung geh\u00f6renden Unterlagen und die darin enthaltenen Informationen, wie z.\u00a0B. Anschreiben, Lebenslauf, Zeugnisse sowie weitere im Hinblick auf eine konkrete Stelle oder freiwillig von Bewerbern mitgeteilte Informationen zu deren Person oder Qualifikation).<\/p>\n\n\n\n<p class=\"has-open-sans-font-family has-custom-font has-custom-weight has-text-color has-link-color has-arial-font-family wp-elements-59a261601ac34ff0f658b295bd57d028\" style=\"color:#1a2a2e;font-family:Arial;font-size:18px\"><strong>Betroffene Personen:<\/strong>\u00a0Bewerber.<\/p>\n\n\n\n<p class=\"has-open-sans-font-family has-custom-font has-custom-weight has-text-color has-link-color has-arial-font-family wp-elements-2bc0cb8140a45beb20ceb8460cb74070\" style=\"color:#1a2a2e;font-family:Arial;font-size:18px\"><strong>Zwecke der Verarbeitung:<\/strong>\u00a0Bewerbungsverfahren (Begr\u00fcndung und etwaige sp\u00e4tere Durchf\u00fchrung sowie m\u00f6gliche sp\u00e4tere Beendigung des Besch\u00e4ftigungsverh\u00e4ltnisses).<\/p>\n\n\n\n<p class=\"has-open-sans-font-family has-custom-font has-custom-weight has-text-color has-link-color has-arial-font-family wp-elements-d61ee68e5f061bd93eb0baf0d9036936\" style=\"color:#1a2a2e;font-family:Arial;font-size:18px\"><strong>Aufbewahrung und L\u00f6schung:<\/strong>\u00a0L\u00f6schung entsprechend Angaben im Abschnitt \u201eAllgemeine Informationen zur Datenspeicherung und L\u00f6schung\u201c.<\/p>\n\n\n\n<p class=\"has-open-sans-font-family has-custom-font has-custom-weight has-text-color has-link-color has-arial-font-family wp-elements-cc75d5e9a0d30c4940292e4d7cf88291\" style=\"color:#1a2a2e;font-family:Arial;font-size:18px\"><strong>Rechtsgrundlagen:<\/strong>\u00a0Bewerbungsverfahren als vorvertragliches bzw. vertragliches Verh\u00e4ltnis (Art. 6 Abs. 1 S. 1 lit. b) DSGVO).<strong>Weitere Hinweise zu Verarbeitungsprozessen, Verfahren und Diensten:Hello Nurse:<\/strong>\u00a0Unterst\u00fctzung bei der Jobsuche, dem Spracherwerb, der Berufsanerkennung und wenn sie noch nicht in Deutschland befinden, auch Relocation Services (Onboarding), Verwaltung von Bewerbungsprozessen, Erfassung und Analyse von Bewerberdaten, Erstellung von Stellenanzeigen, Verwaltung von Mitarbeiterdaten, Durchf\u00fchrung von Mitarbeitergespr\u00e4chen, Leistungsbeurteilungen und Zielvereinbarungen, Weiterbildungsmanagement, Nachfolgeplanung und Talentmanagement; Rechtsgrundlagen: Berechtigte Interessen (Art. 6 Abs. 1 S. 1 lit. f) DSGVO);\u00a0<strong>Dienstanbieter:<\/strong>\u00a0Ankaadia GmbH, Holzweg-Passage 1, 61440 Oberursel (Taunus);\u00a0<strong>Website:<\/strong>\u00a0https:\/\/www.ankaadia.com\/.\u00a0<strong>Datenschutzerkl\u00e4rung:<\/strong>\u00a0https:\/\/www.ankaadia.com\/dataprivacy\/.<\/p>\n\n\n\n<p class=\"has-open-sans-font-family has-custom-font has-custom-weight has-arial-font-family has-custom-font\" style=\"font-family:Arial;font-size:22px\"><strong>\u00c4nderung und Aktualisierung<\/strong><\/p>\n\n\n\n<p class=\"has-open-sans-font-family has-custom-font has-custom-weight has-text-color has-link-color has-arial-font-family wp-elements-2af8a38e81a4d01ba11d41dca4f16e2d\" style=\"color:#1a2a2e;font-family:Arial;font-size:18px\">Wir bitten Sie, sich regelm\u00e4\u00dfig \u00fcber den Inhalt unserer Datenschutzerkl\u00e4rung zu informieren. Wir passen die Datenschutzerkl\u00e4rung an, sobald die \u00c4nderungen der von uns durchgef\u00fchrten Datenverarbeitungen dies erforderlich machen. Wir informieren Sie, sobald durch die \u00c4nderungen eine Mitwirkungshandlung Ihrerseits (z.&nbsp;B. Einwilligung) oder eine sonstige individuelle Benachrichtigung erforderlich wird.<\/p>\n\n\n\n<p class=\"has-open-sans-font-family has-custom-font has-custom-weight has-text-color has-link-color has-arial-font-family wp-elements-6cba82a8e6bd1a0f9f68edc5361b7251\" style=\"color:#1a2a2e;font-family:Arial;font-size:18px\">Sofern wir in dieser Datenschutzerkl\u00e4rung Adressen und Kontaktinformationen von Unternehmen und Organisationen angeben, bitten wir zu beachten, dass die Adressen sich \u00fcber die Zeit \u00e4ndern k\u00f6nnen und bitten die Angaben vor Kontaktaufnahme zu pr\u00fcfen.<\/p>\n\n\n\n<p class=\"has-open-sans-font-family has-custom-font has-custom-weight has-arial-font-family has-custom-font\" style=\"font-family:Arial;font-size:22px\"><strong>Begriffsdefinitionen<\/strong><\/p>\n\n\n\n<p class=\"has-open-sans-font-family has-custom-font has-custom-weight has-text-color has-link-color has-arial-font-family wp-elements-5e75b4a747db996b7060a6d360754544\" style=\"color:#1a2a2e;font-family:Arial;font-size:18px\">In diesem Abschnitt erhalten Sie eine \u00dcbersicht \u00fcber die in dieser Datenschutzerkl\u00e4rung verwendeten Begrifflichkeiten. Soweit die Begrifflichkeiten gesetzlich definiert sind, gelten deren gesetzliche Definitionen. Die nachfolgenden Erl\u00e4uterungen sollen dagegen vor allem dem Verst\u00e4ndnis dienen.<\/p>\n\n\n\n<p class=\"has-open-sans-font-family has-custom-font has-custom-weight has-text-color has-link-color has-arial-font-family wp-elements-22c66c5ce7d8328f562b32fc5cbe7db3\" style=\"color:#1a2a2e;font-family:Arial;font-size:18px\"><strong>Zielgruppenbildung:<\/strong>&nbsp;Von Zielgruppenbildung (englisch \u201eCustom Audiences\u201c) spricht man, wenn Zielgruppen f\u00fcr Werbezwecke, z.&nbsp;B. Einblendung von Werbeanzeigen bestimmt werden. So kann z.&nbsp;B. anhand des Interesses eines Nutzers an bestimmten Produkten oder Themen im Internet geschlussfolgert werden, dass dieser Nutzer sich f\u00fcr Werbeanzeigen f\u00fcr \u00e4hnliche Produkte oder den Onlineshop, in dem er die Produkte betrachtet hat, interessiert. Von \u201eLookalike Audiences\u201c (bzw. \u00e4hnlichen Zielgruppen) spricht man wiederum, wenn die als geeignet eingesch\u00e4tzten Inhalte Nutzern angezeigt werden, deren Profile, bzw. Interessen mutma\u00dflich den Nutzern zu denen die Profile gebildet wurden, entsprechen. Zur Zwecken der Bildung von Custom Audiences und Lookalike Audiences werden im Regelfall Cookies und Web-Beacons eingesetzt.<\/p>\n\n\n\n<p class=\"has-open-sans-font-family has-custom-font has-custom-weight has-text-color has-link-color has-arial-font-family wp-elements-0d07d5351b6de0b8858654b7f9541194\" style=\"color:#1a2a2e;font-family:Arial;font-size:18px\"><strong>Besch\u00e4ftigte:<\/strong>&nbsp;Als Besch\u00e4ftigte werden Personen bezeichnet, die in einem Besch\u00e4ftigungsverh\u00e4ltnis stehen, sei es als Mitarbeiter, Angestellte oder in \u00e4hnlichen Positionen. Ein Besch\u00e4ftigungsverh\u00e4ltnis ist eine rechtliche Beziehung zwischen einem Arbeitgeber und einem Arbeitnehmer, die durch einen Arbeitsvertrag oder eine Vereinbarung festgelegt wird. Es beinhaltet die Verpflichtung des Arbeitgebers, dem Arbeitnehmer eine Verg\u00fctung zu zahlen, w\u00e4hrend der Arbeitnehmer seine Arbeitsleistung erbringt. Das Besch\u00e4ftigungsverh\u00e4ltnis umfasst verschiedene Phasen, darunter die Begr\u00fcndung, in der der Arbeitsvertrag geschlossen wird, die Durchf\u00fchrung, in der der Arbeitnehmer seine Arbeitst\u00e4tigkeit aus\u00fcbt, und die Beendigung, wenn das Besch\u00e4ftigungsverh\u00e4ltnis endet, sei es durch K\u00fcndigung, Aufhebungsvertrag oder anderweitig. Besch\u00e4ftigtendaten sind alle Informationen, die sich auf diese Personen beziehen und im Kontext ihrer Besch\u00e4ftigung stehen. Dies umfasst Aspekte wie pers\u00f6nliche Identifikationsdaten, Identifikationsnummern, Gehalts- und Bankdaten, Arbeitszeiten, Urlaubsanspr\u00fcche, Gesundheitsdaten und Leistungsbeurteilungen.<\/p>\n\n\n\n<p class=\"has-open-sans-font-family has-custom-font has-custom-weight has-text-color has-link-color has-arial-font-family wp-elements-2ee03227e3d00b337e8eeb38cc2c8c9d\" style=\"color:#1a2a2e;font-family:Arial;font-size:18px\"><strong>Bestandsdaten:<\/strong>&nbsp;Bestandsdaten umfassen wesentliche Informationen, die f\u00fcr die Identifikation und Verwaltung von Vertragspartnern, Benutzerkonten, Profilen und \u00e4hnlichen Zuordnungen notwendig sind. Diese Daten k\u00f6nnen u.a. pers\u00f6nliche und demografische Angaben wie Namen, Kontaktinformationen (Adressen, Telefonnummern, E-Mail-Adressen), Geburtsdaten und spezifische Identifikatoren (Benutzer-IDs) beinhalten. Bestandsdaten bilden die Grundlage f\u00fcr jegliche formelle Interaktion zwischen Personen und Diensten, Einrichtungen oder Systemen, indem sie eine eindeutige Zuordnung und Kommunikation erm\u00f6glichen.<\/p>\n\n\n\n<p class=\"has-open-sans-font-family has-custom-font has-custom-weight has-text-color has-link-color has-arial-font-family wp-elements-565a961e47e4a2fc958812b65a9214a6\" style=\"color:#1a2a2e;font-family:Arial;font-size:18px\"><strong>Bonit\u00e4tsauskunft:<\/strong>&nbsp;Automatisierte Entscheidungen beruhen auf einer automatischen Datenverarbeitung ohne menschliches Zutun (z.&nbsp;B. im Fall einer automatische Ablehnung eines Kaufs auf Rechnung, eines Online-Kreditantrags oder ein Online-Bewerbungsverfahren ohne jegliches menschliche Eingreifen). Derartige automatisierten Entscheidungen sind nach Art. 22 DSGVO nur zul\u00e4ssig, wenn Betroffene einwilligen, wenn sie f\u00fcr eine Vertragserf\u00fcllung erforderlich sind oder wenn nationale Gesetze diese Entscheidungen erlauben.<\/p>\n\n\n\n<p class=\"has-open-sans-font-family has-custom-font has-custom-weight has-text-color has-link-color has-arial-font-family wp-elements-be5d63a7a0b178f355c58a6f6a7e16c1\" style=\"color:#1a2a2e;font-family:Arial;font-size:18px\"><strong>Inhaltsdaten:<\/strong>&nbsp;Inhaltsdaten umfassen Informationen, die im Zuge der Erstellung, Bearbeitung und Ver\u00f6ffentlichung von Inhalten aller Art generiert werden. Diese Kategorie von Daten kann Texte, Bilder, Videos, Audiodateien und andere multimediale Inhalte einschlie\u00dfen, die auf verschiedenen Plattformen und Medien ver\u00f6ffentlicht werden. Inhaltsdaten sind nicht nur auf den eigentlichen Inhalt beschr\u00e4nkt, sondern beinhalten auch Metadaten, die Informationen \u00fcber den Inhalt selbst liefern, wie Tags, Beschreibungen, Autoreninformationen und Ver\u00f6ffentlichungsdaten<\/p>\n\n\n\n<p class=\"has-open-sans-font-family has-custom-font has-custom-weight has-text-color has-link-color has-arial-font-family wp-elements-95a60d59674443f29fbc4d53d6be5c19\" style=\"color:#1a2a2e;font-family:Arial;font-size:18px\"><strong>Kontaktdaten:<\/strong>&nbsp;Kontaktdaten sind essentielle Informationen, die die Kommunikation mit Personen oder Organisationen erm\u00f6glichen. Sie umfassen u.a. Telefonnummern, postalische Adressen und E-Mail-Adressen, sowie Kommunikationsmittel wie soziale Medien-Handles und Instant-Messaging-Identifikatoren.<\/p>\n\n\n\n<p class=\"has-open-sans-font-family has-custom-font has-custom-weight has-text-color has-link-color has-arial-font-family wp-elements-3e474fe68dc3528604d163571d45b3c5\" style=\"color:#1a2a2e;font-family:Arial;font-size:18px\"><strong>Konversionsmessung:<\/strong>&nbsp;Die Konversionsmessung (auch als \u201eBesuchsaktionsauswertung\u201c bezeichnet) ist ein Verfahren, mit dem die Wirksamkeit von Marketingma\u00dfnahmen festgestellt werden kann. Dazu wird im Regelfall ein Cookie auf den Ger\u00e4ten der Nutzer innerhalb der Webseiten, auf denen die Marketingma\u00dfnahmen erfolgen, gespeichert und dann erneut auf der Zielwebseite abgerufen. Beispielsweise k\u00f6nnen wir so nachvollziehen, ob die von uns auf anderen Webseiten geschalteten Anzeigen erfolgreich waren.<\/p>\n\n\n\n<p class=\"has-open-sans-font-family has-custom-font has-custom-weight has-text-color has-link-color has-arial-font-family wp-elements-78008ad8445eb1fd81f71689050c4d72\" style=\"color:#1a2a2e;font-family:Arial;font-size:18px\"><strong>K\u00fcnstliche Intelligenz (KI):<\/strong>&nbsp;Der Zweck der Verarbeitung von Daten durch K\u00fcnstliche Intelligenz (KI) umfasst die automatisierte Analyse und Verarbeitung von Nutzerdaten, um Muster zu erkennen, Vorhersagen zu treffen und die Effizienz sowie die Qualit\u00e4t unserer Dienstleistungen zu verbessern. Dies beinhaltet die Sammlung, Bereinigung und Strukturierung der Daten, das Training und die Anwendung von KI-Modellen sowie die kontinuierliche \u00dcberpr\u00fcfung und Optimierung der Ergebnisse und erfolgt ausschlie\u00dflich mit Einwilligung der Nutzer oder aufgrund gesetzlicher Erlaubnisgrundlagen.<\/p>\n\n\n\n<p class=\"has-open-sans-font-family has-custom-font has-custom-weight has-text-color has-link-color has-arial-font-family wp-elements-c29be11e06c76161eb997a81d8b14c65\" style=\"color:#1a2a2e;font-family:Arial;font-size:18px\"><strong>Leistung- und Verhaltensdaten:<\/strong>&nbsp;Leistungs- und Verhaltensdaten beziehen sich auf Informationen, die damit zusammenh\u00e4ngen, wie Personen Aufgaben erf\u00fcllen oder sich in einem bestimmten Kontext verhalten, wie beispielsweise in einem Bildungs-, Arbeits- oder sozialen Umfeld. Diese Daten k\u00f6nnen Kennzahlen wie Produktivit\u00e4t, Effizienz, Arbeitsqualit\u00e4t, Anwesenheit und Einhaltung von Richtlinien oder Verfahren umfassen. Verhaltensdaten k\u00f6nnten Interaktionen mit Kollegen, Kommunikationsstile, Entscheidungsprozesse und Reaktionen auf verschiedene Situationen umfassen. Diese Arten von Daten werden oft f\u00fcr Leistungsbewertungen, Schulungs- und Entwicklungsma\u00dfnahmen sowie Entscheidungsfindungen innerhalb von Organisationen verwendet.<\/p>\n\n\n\n<p class=\"has-open-sans-font-family has-custom-font has-custom-weight has-text-color has-link-color has-arial-font-family wp-elements-5c8c5aefa0ca0b4604ca798261e5913b\" style=\"color:#1a2a2e;font-family:Arial;font-size:18px\"><strong>Meta-, Kommunikations- und Verfahrensdaten:<\/strong>&nbsp;Meta-, Kommunikations- und Verfahrensdaten sind Kategorien, die Informationen \u00fcber die Art und Weise enthalten, wie Daten verarbeitet, \u00fcbermittelt und verwaltet werden. Meta-Daten, auch bekannt als Daten \u00fcber Daten, umfassen Informationen, die den Kontext, die Herkunft und die Struktur anderer Daten beschreiben. Sie k\u00f6nnen Angaben zur Dateigr\u00f6\u00dfe, dem Erstellungsdatum, dem Autor eines Dokuments und den \u00c4nderungshistorien beinhalten. Kommunikationsdaten erfassen den Austausch von Informationen zwischen Nutzern \u00fcber verschiedene Kan\u00e4le, wie E-Mail-Verkehr, Anrufprotokolle, Nachrichten in sozialen Netzwerken und Chat-Verl\u00e4ufe, inklusive der beteiligten Personen, Zeitstempel und \u00dcbertragungswege. Verfahrensdaten beschreiben die Prozesse und Abl\u00e4ufe innerhalb von Systemen oder Organisationen, einschlie\u00dflich Workflow-Dokumentationen, Protokolle von Transaktionen und Aktivit\u00e4ten, sowie Audit-Logs, die zur Nachverfolgung und \u00dcberpr\u00fcfung von Vorg\u00e4ngen verwendet werden.<\/p>\n\n\n\n<p class=\"has-open-sans-font-family has-custom-font has-custom-weight has-text-color has-link-color has-arial-font-family wp-elements-90085b94f714ee10334477fda172675d\" style=\"color:#1a2a2e;font-family:Arial;font-size:18px\"><strong>Nutzungsdaten:<\/strong>&nbsp;Nutzungsdaten beziehen sich auf Informationen, die erfassen, wie Nutzer mit digitalen Produkten, Dienstleistungen oder Plattformen interagieren. Diese Daten umfassen eine breite Palette von Informationen, die aufzeigen, wie Nutzer Anwendungen nutzen, welche Funktionen sie bevorzugen, wie lange sie auf bestimmten Seiten verweilen und \u00fcber welche Pfade sie durch eine Anwendung navigieren. Nutzungsdaten k\u00f6nnen auch die H\u00e4ufigkeit der Nutzung, Zeitstempel von Aktivit\u00e4ten, IP-Adressen, Ger\u00e4teinformationen und Standortdaten einschlie\u00dfen. Sie sind besonders wertvoll f\u00fcr die Analyse des Nutzerverhaltens, die Optimierung von Benutzererfahrungen, das Personalisieren von Inhalten und das Verbessern von Produkten oder Dienstleistungen. Dar\u00fcber hinaus spielen Nutzungsdaten eine entscheidende Rolle beim Erkennen von Trends, Vorlieben und m\u00f6glichen Problembereichen innerhalb digitaler Angebote<\/p>\n\n\n\n<p class=\"has-open-sans-font-family has-custom-font has-custom-weight has-text-color has-link-color has-arial-font-family wp-elements-7abba682e972e59b4170ad29d924812c\" style=\"color:#1a2a2e;font-family:Arial;font-size:18px\"><strong>Personenbezogene Daten:<\/strong>&nbsp;\u201ePersonenbezogene Daten\u201c sind alle Informationen, die sich auf eine identifizierte oder identifizierbare nat\u00fcrliche Person (im Folgenden \u201ebetroffene Person\u201c) beziehen; als identifizierbar wird eine nat\u00fcrliche Person angesehen, die direkt oder indirekt, insbesondere mittels Zuordnung zu einer Kennung wie einem Namen, zu einer Kennnummer, zu Standortdaten, zu einer Online-Kennung (z.&nbsp;B. Cookie) oder zu einem oder mehreren besonderen Merkmalen identifiziert werden kann, die Ausdruck der physischen, physiologischen, genetischen, psychischen, wirtschaftlichen, kulturellen oder sozialen Identit\u00e4t dieser nat\u00fcrlichen Person sind.<\/p>\n\n\n\n<p class=\"has-open-sans-font-family has-custom-font has-custom-weight has-text-color has-link-color has-arial-font-family wp-elements-846add7b9392d9867be070c15faa84ec\" style=\"color:#1a2a2e;font-family:Arial;font-size:18px\"><strong>Profile mit nutzerbezogenen Informationen:<\/strong>&nbsp;Die Verarbeitung von \u201eProfilen mit nutzerbezogenen Informationen\u201c, bzw. kurz \u201eProfilen\u201c umfasst jede Art der automatisierten Verarbeitung personenbezogener Daten, die darin besteht, dass diese personenbezogenen Daten verwendet werden, um bestimmte pers\u00f6nliche Aspekte, die sich auf eine nat\u00fcrliche Person beziehen (je nach Art der Profilbildung k\u00f6nnen dazu unterschiedliche Informationen betreffend die Demographie, Verhalten und Interessen, wie z.&nbsp;B. die Interaktion mit Webseiten und deren Inhalten, etc.) zu analysieren, zu bewerten oder, um sie vorherzusagen (z.&nbsp;B. die Interessen an bestimmten Inhalten oder Produkten, das Klickverhalten auf einer Webseite oder den Aufenthaltsort). Zu Zwecken des Profilings werden h\u00e4ufig Cookies und Web-Beacons eingesetzt.<\/p>\n\n\n\n<p class=\"has-open-sans-font-family has-custom-font has-custom-weight has-text-color has-link-color has-arial-font-family wp-elements-6aa3c258ef967873a04aae1b1651b50f\" style=\"color:#1a2a2e;font-family:Arial;font-size:18px\"><strong>Protokolldaten:<\/strong>&nbsp;Protokolldaten sind Informationen \u00fcber Ereignisse oder Aktivit\u00e4ten, die in einem System oder Netzwerk protokolliert wurden. Diese Daten enthalten typischerweise Informationen wie Zeitstempel, IP-Adressen, Benutzeraktionen, Fehlermeldungen und andere Details \u00fcber die Nutzung oder den Betrieb eines Systems. Protokolldaten werden oft zur Analyse von Systemproblemen, zur Sicherheits\u00fcberwachung oder zur Erstellung von Leistungsberichten verwendet.<\/p>\n\n\n\n<p class=\"has-open-sans-font-family has-custom-font has-custom-weight has-text-color has-link-color has-arial-font-family wp-elements-7d87f876d044a5ce37a19d4c05374ac3\" style=\"color:#1a2a2e;font-family:Arial;font-size:18px\"><strong>Reichweitenmessung:<\/strong>&nbsp;Die Reichweitenmessung (auch als Web Analytics bezeichnet) dient der Auswertung der Besucherstr\u00f6me eines Onlineangebotes und kann das Verhalten oder Interessen der Besucher an bestimmten Informationen, wie z.&nbsp;B. Inhalten von Webseiten, umfassen. Mit Hilfe der Reichweitenanalyse k\u00f6nnen Betreiber von Onlineangeboten z.&nbsp;B. erkennen, zu welcher Zeit Nutzer ihre Webseiten besuchen und f\u00fcr welche Inhalte sie sich interessieren. Dadurch k\u00f6nnen sie z.&nbsp;B. die Inhalte der Webseiten besser an die Bed\u00fcrfnisse ihrer Besucher anpassen. Zu Zwecken der Reichweitenanalyse werden h\u00e4ufig pseudonyme Cookies und Web-Beacons eingesetzt, um wiederkehrende Besucher zu erkennen und so genauere Analysen zur Nutzung eines Onlineangebotes zu erhalten.<\/p>\n\n\n\n<p class=\"has-open-sans-font-family has-custom-font has-custom-weight has-text-color has-link-color has-arial-font-family wp-elements-a523af258e1d576224175813e86c4189\" style=\"color:#1a2a2e;font-family:Arial;font-size:18px\"><strong>Tracking:<\/strong>&nbsp;Vom \u201eTracking\u201c spricht man, wenn das Verhalten von Nutzern \u00fcber mehrere Onlineangebote hinweg nachvollzogen werden kann. Im Regelfall werden im Hinblick auf die genutzten Onlineangebote Verhaltens- und Interessensinformationen in Cookies oder auf Servern der Anbieter der Trackingtechnologien gespeichert (sogenanntes Profiling). Diese Informationen k\u00f6nnen anschlie\u00dfend z.&nbsp;B. eingesetzt werden, um den Nutzern Werbeanzeigen anzuzeigen, die voraussichtlich deren Interessen entsprechen.<\/p>\n\n\n\n<p class=\"has-open-sans-font-family has-custom-font has-custom-weight has-text-color has-link-color has-arial-font-family wp-elements-0dc11842212161b219c048139e9da77d\" style=\"color:#1a2a2e;font-family:Arial;font-size:18px\"><strong>Verantwortlicher:<\/strong>&nbsp;Als \u201eVerantwortlicher\u201c wird die nat\u00fcrliche oder juristische Person, Beh\u00f6rde, Einrichtung oder andere Stelle, die allein oder gemeinsam mit anderen \u00fcber die Zwecke und Mittel der Verarbeitung von personenbezogenen Daten entscheidet, bezeichnet.<\/p>\n\n\n\n<p class=\"has-open-sans-font-family has-custom-font has-custom-weight has-text-color has-link-color has-arial-font-family wp-elements-a3cdb7199452abd29254060e4d818210\" style=\"color:#1a2a2e;font-family:Arial;font-size:18px\"><strong>Verarbeitung:<\/strong>&nbsp;\u201eVerarbeitung\u201c ist jeder mit oder ohne Hilfe automatisierter Verfahren ausgef\u00fchrte Vorgang oder jede solche Vorgangsreihe im Zusammenhang mit personenbezogenen Daten. Der Begriff reicht weit und umfasst praktisch jeden Umgang mit Daten, sei es das Erheben, das Auswerten, das Speichern, das \u00dcbermitteln oder das L\u00f6schen.<\/p>\n\n\n\n<p class=\"has-open-sans-font-family has-custom-font has-custom-weight has-text-color has-link-color has-arial-font-family wp-elements-67b593f521bda551eb877adad95ddfed\" style=\"color:#1a2a2e;font-family:Arial;font-size:18px\"><strong>Vertragsdaten:<\/strong>&nbsp;Vertragsdaten sind spezifische Informationen, die sich auf die Formalisierung einer Vereinbarung zwischen zwei oder mehr Parteien beziehen. Sie dokumentieren die Bedingungen, unter denen Dienstleistungen oder Produkte bereitgestellt, getauscht oder verkauft werden. Diese Datenkategorie ist wesentlich f\u00fcr die Verwaltung und Erf\u00fcllung vertraglicher Verpflichtungen und umfasst sowohl die Identifikation der Vertragsparteien als auch die spezifischen Bedingungen und Konditionen der Vereinbarung. Vertragsdaten k\u00f6nnen Start- und Enddaten des Vertrages, die Art der vereinbarten Leistungen oder Produkte, Preisvereinbarungen, Zahlungsbedingungen, K\u00fcndigungsrechte, Verl\u00e4ngerungsoptionen und spezielle Bedingungen oder Klauseln umfassen. Sie dienen als rechtliche Grundlage f\u00fcr die Beziehung zwischen den Parteien und sind entscheidend f\u00fcr die Kl\u00e4rung von Rechten und Pflichten, die Durchsetzung von Anspr\u00fcchen und die L\u00f6sung von Streitigkeiten.<\/p>\n\n\n\n<p class=\"has-open-sans-font-family has-custom-font has-custom-weight has-text-color has-link-color has-arial-font-family wp-elements-ac5bfa8aeb6eeccc6dda3278e36ee896\" style=\"color:#1a2a2e;font-family:Arial;font-size:18px\"><strong>Zahlungsdaten:<\/strong>\u00a0Zahlungsdaten umfassen s\u00e4mtliche Informationen, die zur Abwicklung von Zahlungstransaktionen zwischen K\u00e4ufern und Verk\u00e4ufern ben\u00f6tigt werden. Diese Daten sind von entscheidender Bedeutung f\u00fcr den elektronischen Handel, das Online-Banking und jede andere Form der finanziellen Transaktion. Sie beinhalten Details wie Kreditkartennummern, Bankverbindungen, Zahlungsbetr\u00e4ge, Transaktionsdaten, Verifizierungsnummern und Rechnungsinformationen. Zahlungsdaten k\u00f6nnen auch Informationen \u00fcber den Zahlungsstatus, R\u00fcckbuchungen, Autorisierungen und Geb\u00fchren enthalten.<\/p>\n\n\n\n<p class=\"has-open-sans-font-family has-custom-font has-custom-weight has-arial-font-family has-custom-font\" style=\"font-family:Arial;font-size:22px\"><\/p>\n\n\n\n<p class=\"has-open-sans-font-family has-custom-font has-custom-weight has-arial-font-family has-custom-font\" style=\"font-family:Arial;font-size:22px\"><\/p>\n\n\n\n<p class=\"has-open-sans-font-family has-custom-font has-custom-weight has-arial-font-family has-custom-font\" style=\"font-family:Arial;font-size:22px\"><\/p>\n\n\n\n<p class=\"has-open-sans-font-family has-custom-font has-custom-weight has-text-color has-link-color has-arial-font-family wp-elements-c67184d09c44f7ec7a32f6ed0db8e839\" style=\"color:#1a2a2e;font-family:Arial;font-size:18px\"><\/p>\n\n\n\n<p class=\"has-open-sans-font-family has-custom-font has-custom-weight has-arial-font-family has-custom-font\" style=\"font-family:Arial;font-size:22px\"><\/p>\n\n\n\n<p class=\"has-open-sans-font-family has-custom-font has-custom-weight has-arial-font-family has-custom-font\" style=\"font-family:Arial;font-size:22px\"><\/p>\n\n\n\n<p class=\"has-open-sans-font-family has-custom-font has-custom-weight has-arial-font-family has-custom-font\" style=\"font-family:Arial;font-size:22px\"><\/p>\n<\/div><\/div>\n <\/div><\/section>\n \n    <div class=\"xs_social_share_widget xs_share_url after_content \t\tmain_content  wslu-style-1 wslu-share-box-shaped wslu-fill-colored wslu-none wslu-share-horizontal wslu-theme-font-no wslu-main_content\">\n\n\t\t\n        <ul>\n\t\t\t        <\/ul>\n    <\/div> \n<div class=\"social-share-buttons\"><a class=\"wirawp-stack-small\" href=\"https:\/\/www.facebook.com\/sharer\/sharer.php?u=https:\/\/hello-nurse.de\/en\/datenschutz\/\" target=\"_blank\" rel=\"noopener\">\uf39e<\/a><a class=\"wirawp-stack-small\" href=\"https:\/\/twitter.com\/intent\/tweet?url=https:\/\/hello-nurse.de\/en\/datenschutz\/&text=Datenschutz\" target=\"_blank\" rel=\"noopener\">\uf099<\/a><a class=\"wirawp-stack-small\" href=\"https:\/\/www.linkedin.com\/shareArticle?url=https:\/\/hello-nurse.de\/en\/datenschutz\/&title=Datenschutz\" target=\"_blank\" rel=\"noopener\">\uf0e1<\/a><a class=\"wirawp-stack-small\" href=\"https:\/\/pinterest.com\/pin\/create\/button\/?url=https:\/\/hello-nurse.de\/en\/datenschutz\/&description=Datenschutz\" target=\"_blank\" rel=\"noopener\">\uf231<\/a><\/div>","protected":false},"excerpt":{"rendered":"<p>\uf39e\uf099\uf0e1\uf231<\/p>","protected":false},"author":1,"featured_media":0,"parent":0,"menu_order":0,"comment_status":"closed","ping_status":"closed","template":"page-full-width-no-title","meta":{"_coblocks_attr":"","_coblocks_dimensions":"","_coblocks_responsive_height":"","_coblocks_accordion_ie_support":"","_eb_attr":"","_uag_custom_page_level_css":"","postBodyCss":"","postBodyMargin":[],"postBodyPadding":[],"postBodyBackground":{"backgroundType":"classic","gradient":""},"enableOnePageScrollInPage":false,"onePageScrollCss":"","onePageScrollSpeed":1000,"onePageScrollAnimation":"easeInOutQuad","onePageScrollShowDotNavigation":true,"onePageScrollNavigation":"scaleUp","onePageScrollNavigationPosition":"right","onePageScrollNavigationHorizontal":[],"onePageScrollNavigationVertical":[],"onePageScrollNavigationSpacing":[],"onePageScrollNavigationColor":"#00ff0d","onePageScrollNavigationColorHover":"#00ff0d","onePageScrollNavigationColorActive":"#00ff0d","onePageScrollNavigationIcon":[],"onePageScrollNavigationWidth":[],"onePageScrollNavigationWidthHover":[],"onePageScrollNavigationWidthActive":[],"onePageScrollNavigationHeight":[],"onePageScrollNavigationHeightHover":[],"onePageScrollNavigationHeightActive":[],"onePageScrollNavigationBorder":[],"onePageScrollNavigationBorderHover":[],"onePageScrollNavigationBorderActive":[],"onePageScrollNavigationBorderRadius":[],"onePageScrollNavigationBorderRadiusHover":[],"onePageScrollNavigationBorderRadiusActive":[],"onePageScrollNavigationTooltipTypography":[],"onePageScrollNavigationTooltipColor":"#ffffff","onePageScrollNavigationTooltipColorHover":"","onePageScrollNavigationTooltipBgColor":"#00ff0d","onePageScrollNavigationTooltipBgColorHover":"","onePageScrollNavigationTooltipPadding":[],"onePageScrollNavigationTooltipPaddingHover":[],"onePageScrollNavigationTooltipBorderRadius":[],"onePageScrollNavigationTooltipBorderRadiusHover":[],"pageSettingsCustomCss":"","_themeisle_gutenberg_block_has_review":false,"footnotes":""},"class_list":["post-3259","page","type-page","status-publish","hentry"],"uagb_featured_image_src":{"full":false,"thumbnail":false,"medium":false,"medium_large":false,"large":false,"1536x1536":false,"2048x2048":false,"trp-custom-language-flag":false,"sow-carousel-default":false},"uagb_author_info":{"display_name":"admin","author_link":"https:\/\/hello-nurse.de\/en\/author\/admin\/"},"uagb_comment_info":0,"uagb_excerpt":"\uf39e\uf099\uf0e1\uf231","_links":{"self":[{"href":"https:\/\/hello-nurse.de\/en\/wp-json\/wp\/v2\/pages\/3259","targetHints":{"allow":["GET"]}}],"collection":[{"href":"https:\/\/hello-nurse.de\/en\/wp-json\/wp\/v2\/pages"}],"about":[{"href":"https:\/\/hello-nurse.de\/en\/wp-json\/wp\/v2\/types\/page"}],"author":[{"embeddable":true,"href":"https:\/\/hello-nurse.de\/en\/wp-json\/wp\/v2\/users\/1"}],"replies":[{"embeddable":true,"href":"https:\/\/hello-nurse.de\/en\/wp-json\/wp\/v2\/comments?post=3259"}],"version-history":[{"count":79,"href":"https:\/\/hello-nurse.de\/en\/wp-json\/wp\/v2\/pages\/3259\/revisions"}],"predecessor-version":[{"id":3801,"href":"https:\/\/hello-nurse.de\/en\/wp-json\/wp\/v2\/pages\/3259\/revisions\/3801"}],"wp:attachment":[{"href":"https:\/\/hello-nurse.de\/en\/wp-json\/wp\/v2\/media?parent=3259"}],"curies":[{"name":"wp","href":"https:\/\/api.w.org\/{rel}","templated":true}]}}